
{"version":"1.0","provider_name":"africaatual.com.br","provider_url":"https:\/\/africaatual.com.br","title":"Contribui\u00e7\u00f5es Africanas para a Educa\u00e7\u00e3o - africaatual.com.br","type":"rich","width":600,"height":338,"html":"<blockquote class=\"wp-embedded-content\" data-secret=\"o4wnPVQjqw\"><a href=\"https:\/\/africaatual.com.br\/index.php\/2020\/06\/12\/contribuicoes-africanas-para-a-educacao\/\">Contribui\u00e7\u00f5es Africanas para a Educa\u00e7\u00e3o<\/a><\/blockquote><iframe sandbox=\"allow-scripts\" security=\"restricted\" src=\"https:\/\/africaatual.com.br\/index.php\/2020\/06\/12\/contribuicoes-africanas-para-a-educacao\/embed\/#?secret=o4wnPVQjqw\" width=\"600\" height=\"338\" title=\"&#8220;Contribui\u00e7\u00f5es Africanas para a Educa\u00e7\u00e3o&#8221; &#8212; africaatual.com.br\" data-secret=\"o4wnPVQjqw\" frameborder=\"0\" marginwidth=\"0\" marginheight=\"0\" scrolling=\"no\" class=\"wp-embedded-content\"><\/iframe><script>\n\/*! This file is auto-generated *\/\n!function(d,l){\"use strict\";l.querySelector&&d.addEventListener&&\"undefined\"!=typeof URL&&(d.wp=d.wp||{},d.wp.receiveEmbedMessage||(d.wp.receiveEmbedMessage=function(e){var t=e.data;if((t||t.secret||t.message||t.value)&&!\/[^a-zA-Z0-9]\/.test(t.secret)){for(var s,r,n,a=l.querySelectorAll('iframe[data-secret=\"'+t.secret+'\"]'),o=l.querySelectorAll('blockquote[data-secret=\"'+t.secret+'\"]'),c=new RegExp(\"^https?:$\",\"i\"),i=0;i<o.length;i++)o[i].style.display=\"none\";for(i=0;i<a.length;i++)s=a[i],e.source===s.contentWindow&&(s.removeAttribute(\"style\"),\"height\"===t.message?(1e3<(r=parseInt(t.value,10))?r=1e3:~~r<200&&(r=200),s.height=r):\"link\"===t.message&&(r=new URL(s.getAttribute(\"src\")),n=new URL(t.value),c.test(n.protocol))&&n.host===r.host&&l.activeElement===s&&(d.top.location.href=t.value))}},d.addEventListener(\"message\",d.wp.receiveEmbedMessage,!1),l.addEventListener(\"DOMContentLoaded\",function(){for(var e,t,s=l.querySelectorAll(\"iframe.wp-embedded-content\"),r=0;r<s.length;r++)(t=(e=s[r]).getAttribute(\"data-secret\"))||(t=Math.random().toString(36).substring(2,12),e.src+=\"#?secret=\"+t,e.setAttribute(\"data-secret\",t)),e.contentWindow.postMessage({message:\"ready\",secret:t},\"*\")},!1)))}(window,document);\n<\/script>\n","thumbnail_url":"https:\/\/africaatual.com.br\/wp-content\/uploads\/2020\/06\/convite-ufrn-600x600.jpg","thumbnail_width":600,"thumbnail_height":600,"description":"ConviteI Jornada Online de Educa\u00e7\u00e3o do DEDUC &#8211; UFRN.Participe em Mesa Redonda. Ter\u00e7a-feira, 15hs.Contribui\u00e7\u00f5es Africanas para a Educa\u00e7\u00e3o.link httpsss:\/\/youtu.be\/rhUO5YPOa9g &nbsp;O Departamento de Educa\u00e7\u00e3o &#8211; DEDUC, do Centro de Ensino Superior do Serid\u00f3-CERES, institu\u00eddo pela Resolu\u00e7\u00e3o de n\u00ba 005\/2008-CONSUNI, de 29 de agosto de 2008, \u00e9 respons\u00e1vel pelas atividades de ensino, pesquisa e extens\u00e3o, ligadas ao Curso de Pedagogia, bem como, aquelas atividades que envolvem os demais cursos do Centro, particularmente no que diz respeito \u00e0 oferta de disciplinas pedag\u00f3gicas e\/ou espec\u00edficas, relativas \u00e0s licenciaturas. Desde a cria\u00e7\u00e3o do DEDUC milhares de alunos receberam uma forma\u00e7\u00e3o humana e de qualidade. Nosso corpo docente conta com pesquisadores que se precupam em estar constantemente em processo de forma\u00e7\u00e3o e apredizagem. E isso \u00e9 refletido nas pesquisas realizadas que englobam diversas \u00e1reas do conhecimento. Conhe\u00e7a mais as nossas linhas de pesquisa! fonte: httpsss:\/\/sigaa.ufrn.br\/sigaa\/public\/departamento\/portal.jsf?id=4880"}