
{"version":"1.0","provider_name":"africaatual.com.br","provider_url":"https:\/\/africaatual.com.br","title":"Projetos Escolares - africaatual.com.br","type":"rich","width":600,"height":338,"html":"<blockquote class=\"wp-embedded-content\" data-secret=\"8VkXAUGmT4\"><a href=\"https:\/\/africaatual.com.br\/index.php\/projetos-escolares\/\">Projetos Escolares<\/a><\/blockquote><iframe sandbox=\"allow-scripts\" security=\"restricted\" src=\"https:\/\/africaatual.com.br\/index.php\/projetos-escolares\/embed\/#?secret=8VkXAUGmT4\" width=\"600\" height=\"338\" title=\"&#8220;Projetos Escolares&#8221; &#8212; africaatual.com.br\" data-secret=\"8VkXAUGmT4\" frameborder=\"0\" marginwidth=\"0\" marginheight=\"0\" scrolling=\"no\" class=\"wp-embedded-content\"><\/iframe><script>\n\/*! This file is auto-generated *\/\n!function(d,l){\"use strict\";l.querySelector&&d.addEventListener&&\"undefined\"!=typeof URL&&(d.wp=d.wp||{},d.wp.receiveEmbedMessage||(d.wp.receiveEmbedMessage=function(e){var t=e.data;if((t||t.secret||t.message||t.value)&&!\/[^a-zA-Z0-9]\/.test(t.secret)){for(var s,r,n,a=l.querySelectorAll('iframe[data-secret=\"'+t.secret+'\"]'),o=l.querySelectorAll('blockquote[data-secret=\"'+t.secret+'\"]'),c=new RegExp(\"^https?:$\",\"i\"),i=0;i<o.length;i++)o[i].style.display=\"none\";for(i=0;i<a.length;i++)s=a[i],e.source===s.contentWindow&&(s.removeAttribute(\"style\"),\"height\"===t.message?(1e3<(r=parseInt(t.value,10))?r=1e3:~~r<200&&(r=200),s.height=r):\"link\"===t.message&&(r=new URL(s.getAttribute(\"src\")),n=new URL(t.value),c.test(n.protocol))&&n.host===r.host&&l.activeElement===s&&(d.top.location.href=t.value))}},d.addEventListener(\"message\",d.wp.receiveEmbedMessage,!1),l.addEventListener(\"DOMContentLoaded\",function(){for(var e,t,s=l.querySelectorAll(\"iframe.wp-embedded-content\"),r=0;r<s.length;r++)(t=(e=s[r]).getAttribute(\"data-secret\"))||(t=Math.random().toString(36).substring(2,12),e.src+=\"#?secret=\"+t,e.setAttribute(\"data-secret\",t)),e.contentWindow.postMessage({message:\"ready\",secret:t},\"*\")},!1)))}(window,document);\n<\/script>\n","description":"Projetos Escolares Not\u00edcias Lan\u00e7amento do livro Afrifuturismo e Afriotimismo Novidade: ou\u00e7a o programa Atlas Geocultural da \u00c1frica, na r\u00e1dio Kalimba Senado Federal realiza audi\u00eancia p\u00fablica sobre contribui\u00e7\u00f5es africanas e direitos de crian\u00e7as quilombolas Not\u00edcias Africanas #34 Curso de Did\u00e1tica da Literatura abre inscri\u00e7\u00f5es com forma\u00e7\u00e3o presencial \ud83d\udcd7 A \u00c1frica que Algu\u00e9m te Conta Organizadores: Cintia da Silva Ribeiro Santiago, Edilene Maria da Silva, Irandi Gomes da Silva, Jana\u00cdna Farias de Souza Ferreira e Odair Marques da Silva https:\/\/www.youtube.com\/watch?si=wz-6dbGAWAKSCAZh&#038;v=5CYVxGLEdg0&#038;feature=youtu.be Escola leva escritor para conversar com as crian\u00e7as Not\u00edcia da TV C\u00e2mara Campinas, em\u00a0 16\/04\/2026 Projeto Imprensa Jovem da Secretaria Municipal de Educa\u00e7\u00e3o de S\u00e3o Paulo Projeto Imprensa Jovem da Secretaria Municipal de Educa\u00e7\u00e3o de S\u00e3o Paulo entrevista o Prof. Odair Marques da Silva em stand da Educomunica\u00e7\u00e3o, dentro das atividades da Bienal do livro\/2024PodConversar entrevista com escritor Odair Marques \ud83d\udcd7 Pol\u00edticas de Educa\u00e7\u00e3o para as Rela\u00e7\u00f5es \u00c9tnico-raciais na cidade de S\u00e3o Paulo: aspectos do Estado neocolonial Este livro \u00e9 desdobramento da pesquisa de p\u00f3s-doutorado realizada na Faculdade de Educa\u00e7\u00e3o da Universidade de S\u00e3o Paulo, sob orienta\u00e7\u00e3o do ent\u00e3o Professor Roberto da Silva; esse ingresso ocorreu logo ap\u00f3s a conclus\u00e3o do doutoramento de Eduardo Janu\u00e1rio, autor do livro, no departamento de Hist\u00f3ria da mesma universidade, no Programa de P\u00f3s-gradua\u00e7\u00e3o em Hist\u00f3ria Econ\u00f4mica, sob orienta\u00e7\u00e3o Professor Wilson Barbosa. \ud83d\udcd7 A \u00c1frica que Ningu\u00e9m te Conta Este livro \u00e9 resultado de um trabalho coletivo, cujo objetivo \u00e9 reafirmar a escola como um espa\u00e7o de organiza\u00e7\u00e3o resultante de uma constru\u00e7\u00e3o social, na qual todos os saberes s\u00e3o trazidos pelos sujeitos, que cotidianamente se interrelacionam e constroem as identidades \u00e9tnico-raciais, a partir do olhar do outro, da linguagem e da cultura. https:\/\/www.youtube.com\/watch?v=ml_-ll5F-cg Lei 10.639\/2003: Avalia\u00e7\u00e3o da implementa\u00e7\u00e3o em redes municipais Secretaria de Educa\u00e7\u00e3o de Osasco realiza \u201cExposi\u00e7\u00e3o cultural Afrofuturista\u201d e projeto \u201c\u00c1frica Atual\u201d Prof. Claudio Piteri, secret\u00e1rio municipal de educa\u00e7\u00e3o de Osasco comenta o Projeto \u201c\u00c1frica Atual\u201d Projeto \u201c\u00c1frica Atual\u201d esteve inserido no conte\u00fado curricular de 2023 junto \u00e0s escolas da Rede Municipal de Educa\u00e7\u00e3o de Amparo As \u00c1fricas como tema nas salas de EJA (Voc\u00ea encontra a exposi\u00e7\u00e3o completa na p\u00e1gina de CURSOS, com o t\u00edtulo: As novidades da \u00c1frica Contempor\u00e2nea na Escola). https:\/\/youtu.be\/lRdFbMu-A4Q Apresentando as \u00c1fricas para as crian\u00e7as Crie uma FILMOTECA AFRICANA na Escola. Conhe\u00e7a o Projeto Educacional Municipal de Guaratinguet\u00e1! Legisla\u00e7\u00e3o Municipal vinculada \u00e0 Secretaria Municipal de Educa\u00e7\u00e3o no contexto de Combate ao Racismo e ao Preconceito Apresentando as \u00c1fricas para Ensino Fundamental I (Voc\u00ea encontra a exposi\u00e7\u00e3o completa na p\u00e1gina de CURSOS, com o t\u00edtulo: As novidades da \u00c1frica Contempor\u00e2nea na Escola) Projeto Pedag\u00f3gico desenvolvido na Secretaria Municipal de Educa\u00e7\u00e3o de Osasco Ideologia e imagin\u00e1rio: Rela\u00e7\u00e3o \u00c1frica e Brasil &#8211; Desconstru\u00e7\u00e3o do imagin\u00e1rio colonizador Bloco 1 https:\/\/www.youtube.com\/watch?v=lHoeccwNWjg Bloco 2 https:\/\/www.youtube.com\/watch?v=BNcljTVw0t4 Bloco 3 https:\/\/www.youtube.com\/watch?v=M5hlFRBngFc Alfabetiza\u00e7\u00e3o Cartogr\u00e1fica e o Atlas Geocultural da \u00c1frica Bloco 1 https:\/\/www.youtube.com\/watch?v=mehxFoXUM50&#038;t=3s Bloco 2 https:\/\/www.youtube.com\/watch?v=IaS2xhxYQjI&#038;t=7s Bloco 3 https:\/\/www.youtube.com\/watch?v=QiKKleruORA&#038;t=5s","thumbnail_url":"https:\/\/africaatual.com.br\/wp-content\/uploads\/2025\/11\/O-BNDES-Garagem-e-o-programa-do-Banco-Nacional-de-Desenvolvimento-Economico-e-Social-BNDES-de-incentivo-a-startups-que-promove-e-incentiva-acoes-empreendedoras-em-todo-o-Brasil.-A-iniciativa-e-u-5.jpg","thumbnail_width":1080,"thumbnail_height":1080}