
{"id":2,"date":"2023-06-19T23:46:51","date_gmt":"2023-06-20T02:46:51","guid":{"rendered":"http:\/\/africaatual.com.br\/?page_id=2"},"modified":"2023-08-30T16:51:36","modified_gmt":"2023-08-30T19:51:36","slug":"biblioteca","status":"publish","type":"page","link":"https:\/\/africaatual.com.br\/index.php\/biblioteca\/","title":{"rendered":"Biblioteca"},"content":{"rendered":"\t\t<div data-elementor-type=\"wp-page\" data-elementor-id=\"2\" class=\"elementor elementor-2\">\n\t\t\t\t<div class=\"elementor-element elementor-element-ad11da2 e-flex e-con-boxed wpr-particle-no wpr-jarallax-no wpr-parallax-no wpr-sticky-section-no wpr-equal-height-no e-con e-parent\" data-id=\"ad11da2\" data-element_type=\"container\" data-e-type=\"container\">\n\t\t\t\t\t<div class=\"e-con-inner\">\n\t\t<div class=\"elementor-element elementor-element-a1549a1 e-flex e-con-boxed wpr-particle-no wpr-jarallax-no wpr-parallax-no wpr-sticky-section-no wpr-equal-height-no e-con e-child\" data-id=\"a1549a1\" data-element_type=\"container\" data-e-type=\"container\" data-settings=\"{&quot;background_background&quot;:&quot;classic&quot;}\">\n\t\t\t\t\t<div class=\"e-con-inner\">\n\t\t\t\t<div class=\"elementor-element elementor-element-f0ac1f2 elementor-widget__width-inherit elementor-widget elementor-widget-heading\" data-id=\"f0ac1f2\" data-element_type=\"widget\" data-e-type=\"widget\" data-widget_type=\"heading.default\">\n\t\t\t\t<div class=\"elementor-widget-container\">\n\t\t\t\t\t<h1 class=\"elementor-heading-title elementor-size-default\">Bibliografia sobre a \u00c1frica Contempor\u00e2nea<\/h1>\t\t\t\t<\/div>\n\t\t\t\t<\/div>\n\t\t\t\t<div class=\"elementor-element elementor-element-4ff0403 elementor-widget__width-initial elementor-widget elementor-widget-text-editor\" data-id=\"4ff0403\" data-element_type=\"widget\" data-e-type=\"widget\" data-widget_type=\"text-editor.default\">\n\t\t\t\t<div class=\"elementor-widget-container\">\n\t\t\t\t\t\t\t\t\t<p>Literatura sobre \u00c1frica em diferentes \u00e1reas do conhecimento<\/p>\t\t\t\t\t\t\t\t<\/div>\n\t\t\t\t<\/div>\n\t\t\t\t\t<\/div>\n\t\t\t\t<\/div>\n\t\t\t\t\t<\/div>\n\t\t\t\t<\/div>\n\t\t<div class=\"elementor-element elementor-element-5004c1b e-flex e-con-boxed wpr-particle-no wpr-jarallax-no wpr-parallax-no wpr-sticky-section-no wpr-equal-height-no e-con e-parent\" data-id=\"5004c1b\" data-element_type=\"container\" data-e-type=\"container\">\n\t\t\t\t\t<div class=\"e-con-inner\">\n\t\t<div class=\"elementor-element elementor-element-a97d389 e-flex e-con-boxed wpr-particle-no wpr-jarallax-no wpr-parallax-no wpr-sticky-section-no wpr-equal-height-no e-con e-child\" data-id=\"a97d389\" data-element_type=\"container\" data-e-type=\"container\">\n\t\t\t\t\t<div class=\"e-con-inner\">\n\t\t<div class=\"elementor-element elementor-element-7e82c4c e-flex e-con-boxed wpr-particle-no wpr-jarallax-no wpr-parallax-no wpr-sticky-section-no wpr-equal-height-no e-con e-child\" data-id=\"7e82c4c\" data-element_type=\"container\" data-e-type=\"container\" data-settings=\"{&quot;background_background&quot;:&quot;classic&quot;}\">\n\t\t\t\t\t<div class=\"e-con-inner\">\n\t\t<div class=\"elementor-element elementor-element-0927d9b e-flex e-con-boxed wpr-particle-no wpr-jarallax-no wpr-parallax-no wpr-sticky-section-no wpr-equal-height-no e-con e-child\" data-id=\"0927d9b\" data-element_type=\"container\" data-e-type=\"container\">\n\t\t\t\t\t<div class=\"e-con-inner\">\n\t\t<div class=\"elementor-element elementor-element-adc2d7b e-flex e-con-boxed wpr-particle-no wpr-jarallax-no wpr-parallax-no wpr-sticky-section-no wpr-equal-height-no e-con e-child\" data-id=\"adc2d7b\" data-element_type=\"container\" data-e-type=\"container\">\n\t\t\t\t\t<div class=\"e-con-inner\">\n\t\t<div class=\"elementor-element elementor-element-6f7ded9 e-flex e-con-boxed wpr-particle-no wpr-jarallax-no wpr-parallax-no wpr-sticky-section-no wpr-equal-height-no e-con e-child\" data-id=\"6f7ded9\" data-element_type=\"container\" data-e-type=\"container\">\n\t\t\t\t\t<div class=\"e-con-inner\">\n\t\t\t\t<div class=\"elementor-element elementor-element-36987fe elementor-widget__width-inherit elementor-widget elementor-widget-upk-news-ticker\" data-id=\"36987fe\" data-element_type=\"widget\" data-e-type=\"widget\" data-widget_type=\"upk-news-ticker.default\">\n\t\t\t\t<div class=\"elementor-widget-container\">\n\t\t\t\t\t\t\t<div id=\"newsTicker1\" class=\"upk-news-ticker\" data-settings=\"{&quot;effect&quot;:&quot;slide-right&quot;,&quot;autoPlay&quot;:true,&quot;interval&quot;:6000,&quot;pauseOnHover&quot;:true,&quot;scrollSpeed&quot;:1}\">\n\t\t\t\t\t    \t<div class=\"upk-news-ticker-label\">\n\t\t\t\t\t<div class=\"upk-news-ticker-label-inner\">\n\t\t\t\t\t\tNot\u00edcias\t    \t\t\t<\/div>\n\t    \t\t<\/div>\n\t\t    \t\t    <div class=\"upk-news-ticker-content\">\n\t\t        <ul>\n\t\t\t\t<li class=\"upk-news-ticker-item\">\n\t\t\t\n\n\t\t\t\t\t\t\t\t\t\n\t\t<a href=\"https:\/\/africaatual.com.br\/index.php\/2026\/04\/14\/lancamento-do-livro-afrifuturismo-e-afriotimismo\/\">\n\t\t\t\n\t\t\t\n\t\t\tLan\u00e7amento  do livro Afrifuturismo e Afriotimismo\t\t<\/a>\n\t\t\t\t\t\t\n\t\t\t\t\n\t\t\t\n\t\t<\/li>\n\t\t\t\t<li class=\"upk-news-ticker-item\">\n\t\t\t\n\n\t\t\t\t\t\t\t\t\t\n\t\t<a href=\"https:\/\/africaatual.com.br\/index.php\/2026\/04\/14\/novidade-ouca-o-programa-atlas-geocultural-da-africa-na-radio-kalimba\/\">\n\t\t\t\n\t\t\t\n\t\t\tNovidade: ou\u00e7a o programa Atlas Geocultural da \u00c1frica, na r\u00e1dio Kalimba\t\t<\/a>\n\t\t\t\t\t\t\n\t\t\t\t\n\t\t\t\n\t\t<\/li>\n\t\t\t\t<li class=\"upk-news-ticker-item\">\n\t\t\t\n\n\t\t\t\t\t\t\t\t\t\n\t\t<a href=\"https:\/\/africaatual.com.br\/index.php\/2026\/03\/23\/senado-federal-realiza-audiencia-publica-sobre-contribuicoes-africanas-e-direitos-de-criancas-quilombolas\/\">\n\t\t\t\n\t\t\t\n\t\t\tSenado Federal realiza audi\u00eancia p\u00fablica sobre contribui\u00e7\u00f5es africanas e direitos de crian\u00e7as quilombolas\t\t<\/a>\n\t\t\t\t\t\t\n\t\t\t\t\n\t\t\t\n\t\t<\/li>\n\t\t\t\t<li class=\"upk-news-ticker-item\">\n\t\t\t\n\n\t\t\t\t\t\t\t\t\t\n\t\t<a href=\"https:\/\/africaatual.com.br\/index.php\/2026\/02\/19\/noticias-africanas-34\/\">\n\t\t\t\n\t\t\t\n\t\t\tNot\u00edcias Africanas #34\t\t<\/a>\n\t\t\t\t\t\t\n\t\t\t\t\n\t\t\t\n\t\t<\/li>\n\t\t\t\t<li class=\"upk-news-ticker-item\">\n\t\t\t\n\n\t\t\t\t\t\t\t\t\t\n\t\t<a href=\"https:\/\/africaatual.com.br\/index.php\/2026\/02\/19\/curso-de-didatica-da-literatura-angola\/\">\n\t\t\t\n\t\t\t\n\t\t\tCurso de Did\u00e1tica da Literatura abre inscri\u00e7\u00f5es com forma\u00e7\u00e3o presencial\t\t<\/a>\n\t\t\t\t\t\t\n\t\t\t\t\n\t\t\t\n\t\t<\/li>\n\t\t\n\n\t\t        <\/ul>\n\t\t    <\/div>\n\t\t    \t\t    <div class=\"upk-news-ticker-controls upk-news-ticker-navigation\">\n\n\t\t        <button class=\"bdt-visible@m\">\n\t\t        \t<span class=\"upk-news-ticker-arrow upk-news-ticker-prev bdt-icon\">\n\t\t        \t\t<svg width=\"20\" height=\"20\" viewBox=\"0 0 20 20\" xmlns=\"http:\/\/www.w3.org\/2000\/svg\" data-svg=\"chevron-left\">\n\t\t        \t\t\t<polyline fill=\"none\" stroke=\"#000\" stroke-width=\"1.03\" points=\"13 16 7 10 13 4\"><\/polyline>\n\t\t        \t\t<\/svg>\n\t\t        \t<\/span>\n\t\t        <\/button>\n\n\t\t        \t\t        \n\t\t        <button>\n\t\t        \t<span class=\"upk-news-ticker-arrow upk-news-ticker-next bdt-icon\">\n\t\t        \t\t<svg width=\"20\" height=\"20\" viewBox=\"0 0 20 20\" xmlns=\"http:\/\/www.w3.org\/2000\/svg\" data-svg=\"chevron-right\">\n\t\t        \t\t\t<polyline fill=\"none\" stroke=\"#000\" stroke-width=\"1.03\" points=\"7 4 13 10 7 16\"><\/polyline>\n\t\t        \t\t<\/svg>\n\t\t        \t<\/span>\n\t\t        <\/button>\n\n\t\t    <\/div>\n\n\t\t\t\t\t<\/div>\n\t\t\n\t\t\t\t\t\t<\/div>\n\t\t\t\t<\/div>\n\t\t\t\t\t<\/div>\n\t\t\t\t<\/div>\n\t\t\t\t\t<\/div>\n\t\t\t\t<\/div>\n\t\t\t\t\t<\/div>\n\t\t\t\t<\/div>\n\t\t\t\t\t<\/div>\n\t\t\t\t<\/div>\n\t\t\t\t\t<\/div>\n\t\t\t\t<\/div>\n\t\t\t\t\t<\/div>\n\t\t\t\t<\/div>\n\t\t\t\t<section class=\"elementor-section elementor-top-section elementor-element elementor-element-189431fd elementor-section-content-top elementor-section-boxed elementor-section-height-default elementor-section-height-default wpr-particle-no wpr-jarallax-no wpr-parallax-no wpr-sticky-section-no wpr-equal-height-no\" data-id=\"189431fd\" data-element_type=\"section\" data-e-type=\"section\">\n\t\t\t\t\t\t\t<div class=\"elementor-background-overlay\"><\/div>\n\t\t\t\t\t\t\t<div class=\"elementor-container elementor-column-gap-default\">\n\t\t\t\t\t<div class=\"elementor-column elementor-col-100 elementor-top-column elementor-element elementor-element-1a7c0d16\" data-id=\"1a7c0d16\" data-element_type=\"column\" data-e-type=\"column\">\n\t\t\t<div class=\"elementor-widget-wrap elementor-element-populated\">\n\t\t\t\t\t\t<div class=\"elementor-element elementor-element-72d38a4d elementor-widget elementor-widget-text-editor\" data-id=\"72d38a4d\" data-element_type=\"widget\" data-e-type=\"widget\" data-widget_type=\"text-editor.default\">\n\t\t\t\t<div class=\"elementor-widget-container\">\n\t\t\t\t\t\t\t\t\t<p><\/p>\n<p>&nbsp;<\/p>\n<table>\n<tbody>\n<tr>\n<td colspan=\"5\">\n<p><b>Bibliografia&nbsp;<\/b><span style=\"font-size: 14px; font-weight: normal; color: var( --e-global-color-text );\">Sobre a \u00c1frica contempor\u00e2nea.<\/span><\/p>\n<\/td>\n<\/tr>\n<tr>\n<td colspan=\"5\">\n<p>&nbsp;<\/p>\n<\/td>\n<\/tr>\n<tr>\n<td>\n<p><b>T\u00edtulo<\/b><\/p>\n<\/td>\n<td>\n<p><b>Autoria<\/b><\/p>\n<\/td>\n<td>\n<p><b>\u00c1rea de concentra\u00e7\u00e3o<\/b><\/p>\n<\/td>\n<td>\n<p><b>Palavra-chave<\/b><\/p>\n<\/td>\n<td>\n<p><b>Ano de publica\u00e7\u00e3o<\/b><\/p>\n<\/td>\n<\/tr>\n<tr>\n<td>\n<p><span style=\"font-weight: 400;\">\u00c1frica: um passeio pelo antigo continente<\/span><\/p>\n<\/td>\n<td>\n<p><span style=\"font-weight: 400;\">Odair Marques da Silva<\/span><\/p>\n<\/td>\n<td>\n<p><span style=\"font-weight: 400;\">Educa\u00e7\u00e3o\/Escola<\/span><\/p>\n<\/td>\n<td>\n<p><span style=\"font-weight: 400;\">\u00c1frica. Pr\u00e1ticas escolares. Cultura africana. Racismo. Preconceito<\/span><\/p>\n<\/td>\n<td>\n<p><span style=\"font-weight: 400;\">2023<\/span><\/p>\n<\/td>\n<\/tr>\n<tr>\n<td>\n<p><span style=\"font-weight: 400;\">Atlas Geocultural da \u00c1frica<\/span><\/p>\n<\/td>\n<td>\n<p><span style=\"font-weight: 400;\">Odair Marques da Silva<\/span><\/p>\n<\/td>\n<td>\n<p><span style=\"font-weight: 400;\">Educa\u00e7\u00e3o\/Escola<\/span><\/p>\n<\/td>\n<td>\n<p><span style=\"font-weight: 400;\">\u00c1frica. Pr\u00e1ticas escolares. Cultura africana. Racismo. Preconceito<\/span><\/p>\n<\/td>\n<td>\n<p><span style=\"font-weight: 400;\">2020<\/span><\/p>\n<\/td>\n<\/tr>\n<tr>\n<td>\n<p><span style=\"font-weight: 400;\">As Dan\u00e7as Negras ou as Veleidades para uma Redefini\u00e7\u00e3o das Pr\u00e1ticas das Dan\u00e7as da \u00c1frica<\/span><\/p>\n<\/td>\n<td>\n<p><span style=\"font-weight: 400;\">Patrick Acogny<\/span><\/p>\n<\/td>\n<td>\n<p><span style=\"font-weight: 400;\">Dan\u00e7a<\/span><\/p>\n<\/td>\n<td>\n<p><span style=\"font-weight: 400;\">Dan\u00e7a africana. Pr\u00e1ticas coreogr\u00e1ficas. Culturas da \u00c1frica. Est\u00e9ticas africanas. Di\u00e1spora negra.<\/span><\/p>\n<\/td>\n<td>\n<p><span style=\"font-weight: 400;\">2017<\/span><\/p>\n<\/td>\n<\/tr>\n<tr>\n<td>\n<p>&nbsp;<\/p>\n<p><span style=\"font-weight: 400;\">Sociologias ind\u00edgenas iorub\u00e1: a \u00c1frica, o desconcerto e ontologias na sociologia contempor\u00e2nea<\/span><\/p>\n<\/td>\n<td>\n<p><span style=\"font-weight: 400;\">Marcelo C. Rosa<\/span><\/p>\n<\/td>\n<td>\n<p><span style=\"font-weight: 400;\">Sociologia<\/span><\/p>\n<\/td>\n<td>\n<p><span style=\"font-weight: 400;\">Teoria social. Sociologias ind\u00edgenas. Teorias do sul. Sociologia africana. Ioruba.<\/span><\/p>\n<\/td>\n<td>\n<p><span style=\"font-weight: 400;\">2019<\/span><\/p>\n<\/td>\n<\/tr>\n<tr>\n<td>\n<p>&nbsp;<\/p>\n<p><span style=\"font-weight: 400;\">Sair da grande noite: ensaio sobre a \u00c1frica descolonizada<\/span><\/p>\n<\/td>\n<td>\n<p>&nbsp;<\/p>\n<p><span style=\"font-weight: 400;\">Achille Mbembe<\/span><\/p>\n<\/td>\n<td>\n<p>&nbsp;<\/p>\n<p><span style=\"font-weight: 400;\">Ci\u00eancia Pol\u00edtica<\/span><\/p>\n<\/td>\n<td>\n<p><span style=\"font-weight: 400;\">Pol\u00edtica e governo. Descoloniza\u00e7\u00e3o.<\/span><\/p>\n<p><span style=\"font-weight: 400;\">Hist\u00f3ria. P\u00f3s- colonialismo.<\/span><\/p>\n<\/td>\n<td>\n<p>&nbsp;<\/p>\n<p><span style=\"font-weight: 400;\">2010<\/span><\/p>\n<\/td>\n<\/tr>\n<tr>\n<td>\n<p>&nbsp;<\/p>\n<p><span style=\"font-weight: 400;\">Democracia e estado de exce\u00e7\u00e3o: transi\u00e7\u00e3o e mem\u00f3ria pol\u00edtica no Brasil e na \u00c1frica do Sul<\/span><\/p>\n<\/td>\n<td>\n<p>&nbsp;<\/p>\n<p><span style=\"font-weight: 400;\">Edson Teles<\/span><\/p>\n<\/td>\n<td>\n<p>&nbsp;<\/p>\n<p><span style=\"font-weight: 400;\">Filosofia<\/span><\/p>\n<\/td>\n<td>\n<p><span style=\"font-weight: 400;\">Pol\u00edtica e governo. Mem\u00f3ria. Anistia. Ditadura. Pol\u00edtica Econ\u00f4mica.<\/span><\/p>\n<\/td>\n<td>\n<p>&nbsp;<\/p>\n<p><span style=\"font-weight: 400;\">2021<\/span><\/p>\n<\/td>\n<\/tr>\n<tr>\n<td>\n<p>&nbsp;<\/p>\n<p><span style=\"font-weight: 400;\">&#8220;Do pensar para o melhor agir&#8221;: Que \u00c1frica os africanos querem?<\/span><\/p>\n<\/td>\n<td>\n<p>&nbsp;<\/p>\n<p><span style=\"font-weight: 400;\">Patr\u00edcia Godinho Gomes<\/span><\/p>\n<\/td>\n<td>\n<p>&nbsp;<\/p>\n<p><span style=\"font-weight: 400;\">Ci\u00eancias Sociais<\/span><\/p>\n<\/td>\n<td>\n<p><span style=\"font-weight: 400;\">Produ\u00e7\u00e3o de conhecimento. Independ\u00eancias. G\u00eanero.<\/span><\/p>\n<\/td>\n<td>\n<p>&nbsp;<\/p>\n<p><span style=\"font-weight: 400;\">2018<\/span><\/p>\n<\/td>\n<\/tr>\n<tr>\n<td>\n<p>&nbsp;<\/p>\n<p><span style=\"font-weight: 400;\">No centro da etnia: Etnias, tribalismo e Estado na \u00c1frica<\/span><\/p>\n<\/td>\n<td>\n<p><span style=\"font-weight: 400;\">Jean-Loup Amselle, Elikia M&#8217;Bokolo (orgs.)<\/span><\/p>\n<\/td>\n<td>\n<p>&nbsp;<\/p>\n<p><span style=\"font-weight: 400;\">Sociologia<\/span><\/p>\n<\/td>\n<td>\n<p><span style=\"font-weight: 400;\">Antropologia. Etnologia. Hist\u00f3ria. Grupos \u00e9tnicos.<\/span><\/p>\n<\/td>\n<td>\n<p>&nbsp;<\/p>\n<p><span style=\"font-weight: 400;\">1999<\/span><\/p>\n<\/td>\n<\/tr>\n<\/tbody>\n<\/table>\n<p><span style=\"font-weight: 400;\">&nbsp;<\/span><\/p>\n<table>\n<tbody>\n<tr>\n<td>\n<p>&nbsp;<\/p>\n<p><span style=\"font-weight: 400;\">A estrat\u00e9gia do Brasil na \u00c1frica: fundamentos geopol\u00edticos e mecanismos de financiamento no ciclo recente de expans\u00e3o econ\u00f4mica (2003-2014)<\/span><\/p>\n<\/td>\n<td>\n<p><span style=\"font-weight: 400;\">H\u00e9lio Caetano Farias<\/span><\/p>\n<\/td>\n<td>\n<p><span style=\"font-weight: 400;\">Economia Pol\u00edtica<\/span><\/p>\n<\/td>\n<td>\n<p><span style=\"font-weight: 400;\">Brasil. Geopol\u00edtica. Finan\u00e7as. Sistema Interestatal Capitalista.<\/span><\/p>\n<p><span style=\"font-weight: 400;\">Economia Internacional.<\/span><\/p>\n<\/td>\n<td>\n<p><span style=\"font-weight: 400;\">2017<\/span><\/p>\n<\/td>\n<\/tr>\n<tr>\n<td>\n<p>&nbsp;<\/p>\n<p><span style=\"font-weight: 400;\">A raz\u00e3o africana: Breve hist\u00f3ria do pensamento africano contempor\u00e2neo<\/span><\/p>\n<\/td>\n<td>\n<p>&nbsp;<\/p>\n<p><span style=\"font-weight: 400;\">Muryatan S. Barbosa<\/span><\/p>\n<\/td>\n<td>\n<p>&nbsp;<\/p>\n<p><span style=\"font-weight: 400;\">Hist\u00f3ria<\/span><\/p>\n<\/td>\n<td>\n<p><span style=\"font-weight: 400;\">Na\u00e7\u00e3o. Autonomia cultural. Racismo. Identidade negra. Intelectuais.<\/span><\/p>\n<\/td>\n<td>\n<p>&nbsp;<\/p>\n<p><span style=\"font-weight: 400;\">2020<\/span><\/p>\n<\/td>\n<\/tr>\n<tr>\n<td>\n<p>&nbsp;<\/p>\n<p><i><span style=\"font-weight: 400;\">Sugar relationships<\/span><\/i><span style=\"font-weight: 400;\">: sexo, afeto e consumo na \u00c1frica do Sul e no Brasil<\/span><\/p>\n<\/td>\n<td>\n<p>&nbsp;<\/p>\n<p><span style=\"font-weight: 400;\">Thais Henriques Tiriba<\/span><\/p>\n<\/td>\n<td>\n<p><span style=\"font-weight: 400;\">Antropologia<\/span><\/p>\n<\/td>\n<td>\n<p><span style=\"font-weight: 400;\">Sexualidade. \u00c1frica do Sul. Marcadores sociais da diferen\u00e7a. M\u00eddias digitais.<\/span><\/p>\n<p><span style=\"font-weight: 400;\">Economias sexuais.<\/span><\/p>\n<\/td>\n<td>\n<p><span style=\"font-weight: 400;\">2019<\/span><\/p>\n<\/td>\n<\/tr>\n<tr>\n<td>\n<p><span style=\"font-weight: 400;\">De escravos a \u201cservi\u00e7ais\u201d, de \u201cservi\u00e7ais\u201d a \u201ccontratados\u201d: Omiss\u00f5es, perce\u00e7\u00f5es e equ\u00edvocos na hist\u00f3ria do trabalho africano na Angola colonial<\/span><\/p>\n<\/td>\n<td>\n<p><span style=\"font-weight: 400;\">Maria da Concei\u00e7\u00e3o Neto<\/span><\/p>\n<\/td>\n<td>\n<p>&nbsp;<\/p>\n<p><span style=\"font-weight: 400;\">Hist\u00f3ria<\/span><\/p>\n<\/td>\n<td>\n<p><span style=\"font-weight: 400;\">Angola. Aboli\u00e7\u00e3o da escravatura.<\/span><\/p>\n<p><span style=\"font-weight: 400;\">Trabalho for\u00e7ado.<\/span><\/p>\n<\/td>\n<td>\n<p>&nbsp;<\/p>\n<p><span style=\"font-weight: 400;\">2017<\/span><\/p>\n<\/td>\n<\/tr>\n<tr>\n<td>\n<p>&nbsp;<\/p>\n<p><i><span style=\"font-weight: 400;\">Very Rural Background<\/span><\/i><span style=\"font-weight: 400;\">: os desafios da <\/span><i><span style=\"font-weight: 400;\">composi\u00e7\u00e3o-terra <\/span><\/i><span style=\"font-weight: 400;\">da \u00c1frica do Sul e do Zimb\u00e1bue \u00e0 chamada Educa\u00e7\u00e3o Superior<\/span><\/p>\n<\/td>\n<td>\n<p>&nbsp;<\/p>\n<p><span style=\"font-weight: 400;\">Anton\u00e1dia Borges<\/span><\/p>\n<\/td>\n<td>\n<p>&nbsp;<\/p>\n<p><span style=\"font-weight: 400;\">Antropologia<\/span><\/p>\n<\/td>\n<td>\n<p><span style=\"font-weight: 400;\">Tsitsi Dangarembga. Educa\u00e7\u00e3o superior. Plantation.<\/span><\/p>\n<p><span style=\"font-weight: 400;\">Terra. <\/span><i><span style=\"font-weight: 400;\">fallism<\/span><\/i><span style=\"font-weight: 400;\">.<\/span><\/p>\n<\/td>\n<td>\n<p>&nbsp;<\/p>\n<p><span style=\"font-weight: 400;\">2020<\/span><\/p>\n<\/td>\n<\/tr>\n<tr>\n<td>\n<p><span style=\"font-weight: 400;\">\u00c1frica: um continente no cinema<\/span><\/p>\n<\/td>\n<td>\n<p><span style=\"font-weight: 400;\">Carolin Ferreira<\/span><\/p>\n<\/td>\n<td>\n<p><span style=\"font-weight: 400;\">Audiovisual<\/span><\/p>\n<\/td>\n<td>\n<p><span style=\"font-weight: 400;\">Cinema Africano.<\/span><\/p>\n<\/td>\n<td>\n<p><span style=\"font-weight: 400;\">2021<\/span><\/p>\n<\/td>\n<\/tr>\n<tr>\n<td>\n<p><span style=\"font-weight: 400;\">A Homossexualidade no Continente Africano: Hist\u00f3ria, coloniza\u00e7\u00e3o e debates contempor\u00e2neos<\/span><\/p>\n<\/td>\n<td>\n<p><span style=\"font-weight: 400;\">Erc\u00edlio Neves Brand\u00e3o Langa<\/span><\/p>\n<\/td>\n<td>\n<p>&nbsp;<\/p>\n<p><span style=\"font-weight: 400;\">Ci\u00eancias Sociais<\/span><\/p>\n<\/td>\n<td>\n<p><span style=\"font-weight: 400;\">Homossexualidade. Coloniza\u00e7\u00e3o.<\/span><\/p>\n<p><span style=\"font-weight: 400;\">Debates.<\/span><\/p>\n<\/td>\n<td>\n<p>&nbsp;<\/p>\n<p><span style=\"font-weight: 400;\">2018<\/span><\/p>\n<\/td>\n<\/tr>\n<tr>\n<td>\n<p><span style=\"font-weight: 400;\">C\u00e3es e preconceito na \u00c1frica do Sul: um di\u00e1logo entre literatura e etnografia<\/span><\/p>\n<\/td>\n<td>\n<p>&nbsp;<\/p>\n<p><span style=\"font-weight: 400;\">Anton\u00e1dia Borges<\/span><\/p>\n<\/td>\n<td>\n<p>&nbsp;<\/p>\n<p><span style=\"font-weight: 400;\">Antropologia<\/span><\/p>\n<\/td>\n<td>\n<p><span style=\"font-weight: 400;\">Humanos e animais. John Maxwell Coetzee. Racismo.<\/span><\/p>\n<\/td>\n<td>\n<p>&nbsp;<\/p>\n<p><span style=\"font-weight: 400;\">2017<\/span><\/p>\n<\/td>\n<\/tr>\n<tr>\n<td>\n<p>&nbsp;<\/p>\n<p><span style=\"font-weight: 400;\">Hist\u00f3rias de \u00c1frica &#8211; Capitalismo, modernidade e globaliza\u00e7\u00e3o<\/span><\/p>\n<\/td>\n<td>\n<p>&nbsp;<\/p>\n<p><span style=\"font-weight: 400;\">Frederick Cooper<\/span><\/p>\n<\/td>\n<td>\n<p><span style=\"font-weight: 400;\">Hist\u00f3ria<\/span><\/p>\n<\/td>\n<td>\n<p><span style=\"font-weight: 400;\">Hist\u00f3ria global. Moderniza\u00e7\u00e3o. Desenvolvimento. Descoloniza\u00e7\u00e3o. Cidadania.<\/span><\/p>\n<\/td>\n<td>\n<p><span style=\"font-weight: 400;\">2016<\/span><\/p>\n<\/td>\n<\/tr>\n<\/tbody>\n<\/table>\n<p><span style=\"font-weight: 400;\">&nbsp;<\/span><\/p>\n<table>\n<tbody>\n<tr>\n<td>\n<p>&nbsp;<\/p>\n<p><span style=\"font-weight: 400;\">Um produto de tempos passados? Portugal e \u00c1frica no dom\u00ednio pol\u00edtico-diplom\u00e1tico<\/span><\/p>\n<\/td>\n<td>\n<p>&nbsp;<\/p>\n<p><span style=\"font-weight: 400;\">Pedro Seabra<\/span><\/p>\n<\/td>\n<td>\n<p>&nbsp;<\/p>\n<p><span style=\"font-weight: 400;\">Rela\u00e7\u00f5es Internacionais<\/span><\/p>\n<\/td>\n<td>\n<p><span style=\"font-weight: 400;\">Portugal. \u00c1frica Subsariana. PALOP. Pol\u00edtica externa.<\/span><\/p>\n<p><span style=\"font-weight: 400;\">Diplomacia.<\/span><\/p>\n<\/td>\n<td>\n<p>&nbsp;<\/p>\n<p><span style=\"font-weight: 400;\">2019<\/span><\/p>\n<\/td>\n<\/tr>\n<tr>\n<td>\n<p>&nbsp;<\/p>\n<p><span style=\"font-weight: 400;\">\u00c1frica, margens e oceanos: perspectivas de hist\u00f3ria social<\/span><\/p>\n<\/td>\n<td>\n<p><span style=\"font-weight: 400;\">Lucilene Reginaldo, Roquinaldo Ferreira<\/span><\/p>\n<\/td>\n<td>\n<p>&nbsp;<\/p>\n<p><span style=\"font-weight: 400;\">Hist\u00f3ria<\/span><\/p>\n<\/td>\n<td>\n<p><span style=\"font-weight: 400;\">\u00c1frica Oriental. \u00c1frica Atl\u00e2ntica. Historiografia. Racismo.<\/span><\/p>\n<\/td>\n<td>\n<p>&nbsp;<\/p>\n<p><span style=\"font-weight: 400;\">2021<\/span><\/p>\n<\/td>\n<\/tr>\n<tr>\n<td>\n<p>&nbsp;<\/p>\n<p><span style=\"font-weight: 400;\">African Union, State-building and the Challenges of State Fragility in Africa<\/span><\/p>\n<\/td>\n<td>\n<p>&nbsp;<\/p>\n<p><span style=\"font-weight: 400;\">Agaptus Nwozor<\/span><\/p>\n<\/td>\n<td>\n<p>&nbsp;<\/p>\n<p><span style=\"font-weight: 400;\">Ci\u00eancia Pol\u00edtica<\/span><\/p>\n<\/td>\n<td>\n<p><span style=\"font-weight: 400;\">Crisis of statehood. Ethno-identity.<\/span><\/p>\n<p><span style=\"font-weight: 400;\">Fragile statehood. Nation-building.<\/span><\/p>\n<\/td>\n<td>\n<p>&nbsp;<\/p>\n<p><span style=\"font-weight: 400;\">2018<\/span><\/p>\n<\/td>\n<\/tr>\n<tr>\n<td>\n<p><span style=\"font-weight: 400;\">Discurso Nacional e Etnicidade em \u00c1frica: O Caso da Guin\u00e9- Bissau (1959-1994)<\/span><\/p>\n<\/td>\n<td>\n<p><span style=\"font-weight: 400;\">Artemisa Odila Cande Monteiro<\/span><\/p>\n<\/td>\n<td>\n<p>&nbsp;<\/p>\n<p><span style=\"font-weight: 400;\">Ci\u00eancias Sociais<\/span><\/p>\n<\/td>\n<td>\n<p><span style=\"font-weight: 400;\">Hist\u00f3ria Pol\u00edtica. Luta de liberta\u00e7\u00e3o nacional.<\/span><\/p>\n<\/td>\n<td>\n<p>&nbsp;<\/p>\n<p><span style=\"font-weight: 400;\">2019<\/span><\/p>\n<\/td>\n<\/tr>\n<tr>\n<td>\n<p><span style=\"font-weight: 400;\">O quilombismo das dramaturgias afrocontempor\u00e2neas franc\u00f3fonas<\/span><\/p>\n<\/td>\n<td>\n<p>&nbsp;<\/p>\n<p><span style=\"font-weight: 400;\">Sylvie Chalaye<\/span><\/p>\n<\/td>\n<td>\n<p>&nbsp;<\/p>\n<p><span style=\"font-weight: 400;\">Teatro<\/span><\/p>\n<\/td>\n<td>\n<p><span style=\"font-weight: 400;\">Teatro franc\u00f3fono. Dramaturgias.<\/span><\/p>\n<p><span style=\"font-weight: 400;\">Quilombola. Corpo.<\/span><\/p>\n<\/td>\n<td>\n<p>&nbsp;<\/p>\n<p><span style=\"font-weight: 400;\">2017<\/span><\/p>\n<\/td>\n<\/tr>\n<tr>\n<td>\n<p><span style=\"font-weight: 400;\">Defici\u00eancia como categoria do Sul Global: primeiras aproxima\u00e7\u00f5es com a \u00c1frica do Sul<\/span><\/p>\n<\/td>\n<td>\n<p>&nbsp;<\/p>\n<p><span style=\"font-weight: 400;\">Pedro Lopes<\/span><\/p>\n<\/td>\n<td>\n<p>&nbsp;<\/p>\n<p><span style=\"font-weight: 400;\">Antropologia<\/span><\/p>\n<\/td>\n<td>\n<p><span style=\"font-weight: 400;\">Defici\u00eancia. Marcadores sociais da diferen\u00e7a.<\/span><\/p>\n<\/td>\n<td>\n<p>&nbsp;<\/p>\n<p><span style=\"font-weight: 400;\">2019<\/span><\/p>\n<\/td>\n<\/tr>\n<tr>\n<td>\n<p><span style=\"font-weight: 400;\">Pelos caminhos da diversidade sociocultural: di\u00e1logos entre Terapia Ocupacional, \u00c1frica e Etnografia<\/span><\/p>\n<\/td>\n<td>\n<p><span style=\"font-weight: 400;\">Marina Di Napoli Pastore, Miki Takao Sato<\/span><\/p>\n<\/td>\n<td>\n<p>&nbsp;<\/p>\n<p><span style=\"font-weight: 400;\">Terapia Ocupacional<\/span><\/p>\n<\/td>\n<td>\n<p><span style=\"font-weight: 400;\">Terapia Ocupacional Social. Diversidade Sociocultural.<\/span><\/p>\n<\/td>\n<td>\n<p>&nbsp;<\/p>\n<p><span style=\"font-weight: 400;\">2018<\/span><\/p>\n<\/td>\n<\/tr>\n<tr>\n<td>\n<p>&nbsp;<\/p>\n<p><span style=\"font-weight: 400;\">Descoloniza\u00e7\u00e3o, feminismos e condi\u00e7\u00e3o queer em contextos africanos<\/span><\/p>\n<\/td>\n<td>\n<p>&nbsp;<\/p>\n<p><span style=\"font-weight: 400;\">Caterina Alessandra Rea<\/span><\/p>\n<\/td>\n<td>\n<p>&nbsp;<\/p>\n<p><span style=\"font-weight: 400;\">Filosofia<\/span><\/p>\n<\/td>\n<td>\n<p><span style=\"font-weight: 400;\">Descoloniza\u00e7\u00e3o. Dissid\u00eancia sexual. Interseccionalidade. Queer of Colour.<\/span><\/p>\n<\/td>\n<td>\n<p>&nbsp;<\/p>\n<p><span style=\"font-weight: 400;\">2018<\/span><\/p>\n<\/td>\n<\/tr>\n<tr>\n<td>\n<p><span style=\"font-weight: 400;\">Ataques Terroristas em Cabo Delgado (2017-2020): as causas do fen\u00f3meno pela boca da popula\u00e7\u00e3o de Moc\u00edmboa da Praia<\/span><\/p>\n<\/td>\n<td>\n<p><span style=\"font-weight: 400;\">Geraldo L. Macalane, Jafar<\/span><\/p>\n<p><span style=\"font-weight: 400;\">S. Jafar (coord.)<\/span><\/p>\n<\/td>\n<td>\n<p>&nbsp;<\/p>\n<p><span style=\"font-weight: 400;\">Estudos Interdisciplinares<\/span><\/p>\n<\/td>\n<td>\n<p><span style=\"font-weight: 400;\">Terrorismo. Cabo Delagado.<\/span><\/p>\n<p><span style=\"font-weight: 400;\">Resili\u00eancia.<\/span><\/p>\n<\/td>\n<td>\n<p>&nbsp;<\/p>\n<p><span style=\"font-weight: 400;\">2021<\/span><\/p>\n<\/td>\n<\/tr>\n<tr>\n<td>\n<p><span style=\"font-weight: 400;\">Rela\u00e7\u00f5es \u00c1frica-Brasil: O que seria?<\/span><\/p>\n<\/td>\n<td>\n<p>&nbsp;<\/p>\n<p><span style=\"font-weight: 400;\">Kabengele Munanga<\/span><\/p>\n<\/td>\n<td>\n<p><span style=\"font-weight: 400;\">Ci\u00eancias Sociais<\/span><\/p>\n<\/td>\n<td>\n<p><span style=\"font-weight: 400;\">Tr\u00e1fico. Escravid\u00e3o. Diplomacia.<\/span><\/p>\n<p><span style=\"font-weight: 400;\">Coopera\u00e7\u00e3o. Solidariedade. Identidade.<\/span><\/p>\n<\/td>\n<td>\n<p><span style=\"font-weight: 400;\">2018<\/span><\/p>\n<\/td>\n<\/tr>\n<\/tbody>\n<\/table>\n<p><span style=\"font-weight: 400;\">&nbsp;<\/span><\/p>\n<table>\n<tbody>\n<tr>\n<td>\n<p>&nbsp;<\/p>\n<p><span style=\"font-weight: 400;\">Limites e fronteiras na \u00c1frica Austral: Mo\u00e7ambique e processo de delimita\u00e7\u00e3o e desafios da reafirma\u00e7\u00e3o fronteiri\u00e7a na regi\u00e3o<\/span><\/p>\n<\/td>\n<td>\n<p>&nbsp;<\/p>\n<p><span style=\"font-weight: 400;\">Em\u00edlio Jovando Zeca<\/span><\/p>\n<\/td>\n<td>\n<p><span style=\"font-weight: 400;\">Rela\u00e7\u00f5es Internacionais<\/span><\/p>\n<\/td>\n<td>\n<p><span style=\"font-weight: 400;\">Limites. Fronteira. Delimita\u00e7\u00e3o de Fronteira.<\/span><\/p>\n<p><span style=\"font-weight: 400;\">Reafirma\u00e7\u00e3o de Fronteira.<\/span><\/p>\n<\/td>\n<td>\n<p><span style=\"font-weight: 400;\">2017<\/span><\/p>\n<\/td>\n<\/tr>\n<tr>\n<td>\n<p>&nbsp;<\/p>\n<p><span style=\"font-weight: 400;\">Griots, cantadores e rappers: do fundamento do verbo \u00e0s performances da palavra<\/span><\/p>\n<\/td>\n<td>\n<p>&nbsp;<\/p>\n<p><span style=\"font-weight: 400;\">Amarino Oliveira de Queiroz<\/span><\/p>\n<\/td>\n<td>\n<p>&nbsp;<\/p>\n<p><span style=\"font-weight: 400;\">Literatura<\/span><\/p>\n<\/td>\n<td>\n<p><span style=\"font-weight: 400;\">Oralidade. Escritura. Performance.<\/span><\/p>\n<p><span style=\"font-weight: 400;\">Literaturas luso- africanas.<\/span><\/p>\n<\/td>\n<td>\n<p>&nbsp;<\/p>\n<p><span style=\"font-weight: 400;\">2019<\/span><\/p>\n<\/td>\n<\/tr>\n<tr>\n<td>\n<p><span style=\"font-weight: 400;\">Nascida do desastre: cr\u00edtica da etnofilosofia, pensamento social e africanidades<\/span><\/p>\n<\/td>\n<td>\n<p><span style=\"font-weight: 400;\">Norman Ajari, Cleber Daniel Lambert da Silva<\/span><\/p>\n<\/td>\n<td>\n<p>&nbsp;<\/p>\n<p><span style=\"font-weight: 400;\">Filosofia<\/span><\/p>\n<\/td>\n<td>\n<p><span style=\"font-weight: 400;\">Ubuntu. Etnofilosofia. Filosofias Africanas.<\/span><\/p>\n<\/td>\n<td>\n<p>&nbsp;<\/p>\n<p><span style=\"font-weight: 400;\">2018<\/span><\/p>\n<\/td>\n<\/tr>\n<tr>\n<td>\n<p>&nbsp;<\/p>\n<p><span style=\"font-weight: 400;\">G\u00eanero e feminismos em \u00c1frica: temas, problemas e perspectivas anal\u00edticas<\/span><\/p>\n<\/td>\n<td>\n<p><span style=\"font-weight: 400;\">Vera F\u00e1tima Gasparetto, H\u00e9lder Pires Am\u00e2ncio<\/span><\/p>\n<\/td>\n<td>\n<p>&nbsp;<\/p>\n<p><span style=\"font-weight: 400;\">Ci\u00eancias Humanas<\/span><\/p>\n<\/td>\n<td>\n<p><span style=\"font-weight: 400;\">Estudos de G\u00eanero. Estudos Africanos. Feminismos em \u00c1frica.<\/span><\/p>\n<\/td>\n<td>\n<p>&nbsp;<\/p>\n<p><span style=\"font-weight: 400;\">2017<\/span><\/p>\n<\/td>\n<\/tr>\n<tr>\n<td>\n<p><span style=\"font-weight: 400;\">A \u00c1frica enquanto constru\u00e7\u00e3o discursiva e midi\u00e1tica: a propaganda colonial e a \u201cInven\u00e7\u00e3o\u201d do \u201cOutro\u201d<\/span><\/p>\n<\/td>\n<td>\n<p><span style=\"font-weight: 400;\">Jonas Nascimento<\/span><\/p>\n<\/td>\n<td>\n<p>&nbsp;<\/p>\n<p><span style=\"font-weight: 400;\">Sociologia<\/span><\/p>\n<\/td>\n<td>\n<p><span style=\"font-weight: 400;\">Propaganda Colonial. Discurso. Cinema.<\/span><\/p>\n<\/td>\n<td>\n<p>&nbsp;<\/p>\n<p><span style=\"font-weight: 400;\">2017<\/span><\/p>\n<\/td>\n<\/tr>\n<tr>\n<td>\n<p>&nbsp;<\/p>\n<p><span style=\"font-weight: 400;\">Cultura, Patrimonializa\u00e7\u00e3o e Desigualdade no Brasil e na \u00c1frica Austral<\/span><\/p>\n<\/td>\n<td>\n<p>&nbsp;<\/p>\n<p><span style=\"font-weight: 400;\">Antonio Evaldo Almeida Barros<\/span><\/p>\n<\/td>\n<td>\n<p>&nbsp;<\/p>\n<p><span style=\"font-weight: 400;\">Pol\u00edticas P\u00fablicas<\/span><\/p>\n<\/td>\n<td>\n<p><span style=\"font-weight: 400;\">Cultura. Patrim\u00f4nio. Pol\u00edticas culturais. Educa\u00e7\u00e3o.<\/span><\/p>\n<p><span style=\"font-weight: 400;\">Cidadania.<\/span><\/p>\n<\/td>\n<td>\n<p>&nbsp;<\/p>\n<p><span style=\"font-weight: 400;\">2018<\/span><\/p>\n<\/td>\n<\/tr>\n<tr>\n<td>\n<p><span style=\"font-weight: 400;\">\u00c1frica Contempor\u00e2nea: Representa\u00e7\u00f5es, problemas e perspectivas<\/span><\/p>\n<\/td>\n<td>\n<p><span style=\"font-weight: 400;\">Ivaldo Marciano Lima<\/span><\/p>\n<\/td>\n<td>\n<p><span style=\"font-weight: 400;\">Hist\u00f3ria<\/span><\/p>\n<\/td>\n<td>\n<p><span style=\"font-weight: 400;\">Homogeneidade. Diversidade.<\/span><\/p>\n<\/td>\n<td>\n<p><span style=\"font-weight: 400;\">2018<\/span><\/p>\n<\/td>\n<\/tr>\n<tr>\n<td>\n<p><span style=\"font-weight: 400;\">A transforma\u00e7\u00e3o de um jovem continente: dimens\u00f5es da \u00c1frica em ascens\u00e3o<\/span><\/p>\n<\/td>\n<td>\n<p>&nbsp;<\/p>\n<p><span style=\"font-weight: 400;\">Wanjiru M Gitau<\/span><\/p>\n<\/td>\n<td>\n<p>&nbsp;<\/p>\n<p><span style=\"font-weight: 400;\">Sociologia<\/span><\/p>\n<\/td>\n<td>\n<p><span style=\"font-weight: 400;\">Mudan\u00e7a social. Juventude.<\/span><\/p>\n<p><span style=\"font-weight: 400;\">Tecnologia.<\/span><\/p>\n<\/td>\n<td>\n<p>&nbsp;<\/p>\n<p><span style=\"font-weight: 400;\">2019<\/span><\/p>\n<\/td>\n<\/tr>\n<tr>\n<td>\n<p>&nbsp;<\/p>\n<p><span style=\"font-weight: 400;\">O Leitorado Brasileiro da Universidade da Cidade do Cabo, \u00c1frica do Sul: uma experi\u00eancia com o ensino de Portugu\u00eas como L\u00edngua Adicional em um contexto p\u00f3s-colonial<\/span><\/p>\n<\/td>\n<td>\n<p>&nbsp;<\/p>\n<p><span style=\"font-weight: 400;\">Alan Silvio Ribeiro Carneiro<\/span><\/p>\n<\/td>\n<td>\n<p><span style=\"font-weight: 400;\">Lingu\u00edstica Aplicada<\/span><\/p>\n<\/td>\n<td>\n<p><span style=\"font-weight: 400;\">Compet\u00eancia simb\u00f3lica. Ensino superior. Estudos p\u00f3s-coloniais.<\/span><\/p>\n<p><span style=\"font-weight: 400;\">L\u00edngua adicional.<\/span><\/p>\n<\/td>\n<td>\n<p><span style=\"font-weight: 400;\">2019<\/span><\/p>\n<\/td>\n<\/tr>\n<tr>\n<td>\n<p><span style=\"font-weight: 400;\">Imp\u00e9rios ao Sol: A luta pelo dom\u00ednio de \u00c1frica<\/span><\/p>\n<\/td>\n<td>\n<p><span style=\"font-weight: 400;\">Lawrence James<\/span><\/p>\n<\/td>\n<td>\n<p><span style=\"font-weight: 400;\">Hist\u00f3ria<\/span><\/p>\n<\/td>\n<td>\n<p><span style=\"font-weight: 400;\">Descoloniza\u00e7\u00e3o.<\/span><\/p>\n<\/td>\n<td>\n<p><span style=\"font-weight: 400;\">2020<\/span><\/p>\n<\/td>\n<\/tr>\n<\/tbody>\n<\/table>\n<p><span style=\"font-weight: 400;\">&nbsp;<\/span><\/p>\n<table>\n<tbody>\n<tr>\n<td>\n<p>&nbsp;<\/p>\n<p><span style=\"font-weight: 400;\">Imp\u00e9rio, mito e miopia: Mo\u00e7ambique como inven\u00e7\u00e3o liter\u00e1ria<\/span><\/p>\n<\/td>\n<td>\n<p>&nbsp;<\/p>\n<p><span style=\"font-weight: 400;\">Francisco Noa<\/span><\/p>\n<\/td>\n<td>\n<p>&nbsp;<\/p>\n<p><span style=\"font-weight: 400;\">Literatura<\/span><\/p>\n<\/td>\n<td>\n<p><span style=\"font-weight: 400;\">Imperialismo na literatura. Literatura mo\u00e7ambicana.<\/span><\/p>\n<p><span style=\"font-weight: 400;\">Hist\u00f3ria e cr\u00edtica.<\/span><\/p>\n<\/td>\n<td>\n<p>&nbsp;<\/p>\n<p><span style=\"font-weight: 400;\">2019<\/span><\/p>\n<\/td>\n<\/tr>\n<tr>\n<td>\n<p>&nbsp;<\/p>\n<p><span style=\"font-weight: 400;\">Identidades em territ\u00f3rios de fronteira: Os casos de Ceuta e Gibraltar na fronteira entre a \u00c1frica e a Europa<\/span><\/p>\n<\/td>\n<td>\n<p><span style=\"font-weight: 400;\">Jos\u00e9 Lindomar Coelho Albuquerque<\/span><\/p>\n<\/td>\n<td>\n<p>&nbsp;<\/p>\n<p><span style=\"font-weight: 400;\">Ci\u00eancias Sociais<\/span><\/p>\n<\/td>\n<td>\n<p><span style=\"font-weight: 400;\">Fronteira. Identidade. Territ\u00f3rio. Autonomia e soberania.<\/span><\/p>\n<\/td>\n<td>\n<p>&nbsp;<\/p>\n<p><span style=\"font-weight: 400;\">2018<\/span><\/p>\n<\/td>\n<\/tr>\n<tr>\n<td>\n<p>&nbsp;<\/p>\n<p><span style=\"font-weight: 400;\">Heran\u00e7a colonial confrontada: reflex\u00f5es sobre \u00c1frica do Sul, Brasil e Estados Unidos<\/span><\/p>\n<\/td>\n<td>\n<p>&nbsp;<\/p>\n<p><span style=\"font-weight: 400;\">Paulo Neves, Laura Moutinho, Lilia Schwarcz<\/span><\/p>\n<\/td>\n<td>\n<p><span style=\"font-weight: 400;\">Ci\u00eancias Humanas<\/span><\/p>\n<\/td>\n<td>\n<p><span style=\"font-weight: 400;\">Na\u00e7\u00e3o. Mem\u00f3ria. Decoloniza\u00e7\u00e3o. Universidades.<\/span><\/p>\n<p><span style=\"font-weight: 400;\">Marcadores sociais da diferen\u00e7a.<\/span><\/p>\n<\/td>\n<td>\n<p><span style=\"font-weight: 400;\">2019<\/span><\/p>\n<\/td>\n<\/tr>\n<tr>\n<td>\n<p><span style=\"font-weight: 400;\">O Continente Demasiado Grande: Reflex\u00f5es sobre Tem\u00e1ticas Africanas Contempor\u00e2neas<\/span><\/p>\n<\/td>\n<td>\n<p><span style=\"font-weight: 400;\">Colin Darch<\/span><\/p>\n<\/td>\n<td>\n<p><span style=\"font-weight: 400;\">Hist\u00f3ria<\/span><\/p>\n<\/td>\n<td>\n<p><span style=\"font-weight: 400;\">Apartheid. Propriedade intelectual. Aspectos pol\u00edtico. Direito \u00e0 informa\u00e7\u00e3o.<\/span><\/p>\n<\/td>\n<td>\n<p><span style=\"font-weight: 400;\">2016<\/span><\/p>\n<\/td>\n<\/tr>\n<tr>\n<td>\n<p>&nbsp;<\/p>\n<p><span style=\"font-weight: 400;\">O Programa Brasil-\u00c1frica na Constru\u00e7\u00e3o da Ideia de Di\u00e1spora Africana<\/span><\/p>\n<\/td>\n<td>\n<p>&nbsp;<\/p>\n<p><span style=\"font-weight: 400;\">Valter Roberto Silv\u00e9rio<\/span><\/p>\n<\/td>\n<td>\n<p><span style=\"font-weight: 400;\">Ci\u00eancias Sociais<\/span><\/p>\n<\/td>\n<td>\n<p><span style=\"font-weight: 400;\">Di\u00e1spora. Racializa\u00e7\u00e3o. Rela\u00e7\u00f5es Raciais. Diretrizes.<\/span><\/p>\n<p><span style=\"font-weight: 400;\">Curriculum.<\/span><\/p>\n<\/td>\n<td>\n<p><span style=\"font-weight: 400;\">2018<\/span><\/p>\n<\/td>\n<\/tr>\n<tr>\n<td>\n<p><span style=\"font-weight: 400;\">Fontes de Informa\u00e7\u00e3o Especializada em Africanidades<\/span><\/p>\n<\/td>\n<td>\n<p><span style=\"font-weight: 400;\">Wellington Carvalho, Angerl\u00e2nia Rezende, Gracielle Gomes<\/span><\/p>\n<\/td>\n<td>\n<p><span style=\"font-weight: 400;\">Biblioteconomia<\/span><\/p>\n<\/td>\n<td>\n<p><span style=\"font-weight: 400;\">Fontes de Informa\u00e7\u00e3o Especializada. Guia de Fontes de Informa\u00e7\u00e3o. Ci\u00eancia da Informa\u00e7\u00e3o.<\/span><\/p>\n<\/td>\n<td>\n<p><span style=\"font-weight: 400;\">2019<\/span><\/p>\n<\/td>\n<\/tr>\n<tr>\n<td>\n<p>&nbsp;<\/p>\n<p><span style=\"font-weight: 400;\">Li\u00e7\u00f5es da M\u00e3e \u00c1frica: O Exemplo das Mobiliza\u00e7\u00f5es Ambientalistas<\/span><\/p>\n<\/td>\n<td>\n<p>&nbsp;<\/p>\n<p><span style=\"font-weight: 400;\">Maur\u00edcio Waldman<\/span><\/p>\n<\/td>\n<td>\n<p>&nbsp;<\/p>\n<p><span style=\"font-weight: 400;\">Meio Ambiente<\/span><\/p>\n<\/td>\n<td>\n<p><span style=\"font-weight: 400;\">Preserva\u00e7\u00e3o do meio ambiente. Reflorestamento. Aquecimento global.<\/span><\/p>\n<\/td>\n<td>\n<p>&nbsp;<\/p>\n<p><span style=\"font-weight: 400;\">2019<\/span><\/p>\n<\/td>\n<\/tr>\n<\/tbody>\n<\/table>\n<p><span style=\"font-weight: 400;\">&nbsp;<\/span><\/p>\n<table>\n<tbody>\n<tr>\n<td>\n<p>&nbsp;<\/p>\n<p><span style=\"font-weight: 400;\">Reeduca\u00e7\u00e3o das rela\u00e7\u00f5es \u00e9tnico-raciais e ensino de \u00c1fricas: forma\u00e7\u00e3o continuada de professores (NEAB-UDESC\/SC, 2014)<\/span><\/p>\n<\/td>\n<td>\n<p><span style=\"font-weight: 400;\">Karla Rascke, Paulino Cardoso, Graziela Lima, Ana Pacheco<\/span><\/p>\n<\/td>\n<td>\n<p><span style=\"font-weight: 400;\">Educa\u00e7\u00e3o<\/span><\/p>\n<\/td>\n<td>\n<p><span style=\"font-weight: 400;\">Ensino e forma\u00e7\u00e3o continuada.<\/span><\/p>\n<p><span style=\"font-weight: 400;\">Educa\u00e7\u00e3o das rela\u00e7\u00f5es \u00e9tnico- raciais.<\/span><\/p>\n<\/td>\n<td>\n<p><span style=\"font-weight: 400;\">2018<\/span><\/p>\n<\/td>\n<\/tr>\n<tr>\n<td>\n<p><span style=\"font-weight: 400;\">Espa\u00e7os das Migra\u00e7\u00f5es Transnacionais: perfil sociodemogr\u00e1fico de imigrantes da \u00c1frica para o Brasil no s\u00e9culo XXI<\/span><\/p>\n<\/td>\n<td>\n<p><span style=\"font-weight: 400;\">Rosana Baeninger, Nat\u00e1lia Dem\u00e9trio, J\u00f3ice Domeniconi<\/span><\/p>\n<\/td>\n<td>\n<p>&nbsp;<\/p>\n<p><span style=\"font-weight: 400;\">Demografia<\/span><\/p>\n<\/td>\n<td>\n<p><span style=\"font-weight: 400;\">Migra\u00e7\u00e3o internacional. Transnacionalismo.<\/span><\/p>\n<\/td>\n<td>\n<p>&nbsp;<\/p>\n<p><span style=\"font-weight: 400;\">2019<\/span><\/p>\n<\/td>\n<\/tr>\n<tr>\n<td>\n<p><span style=\"font-weight: 400;\">Rumo a uma f\u00e9 global: hist\u00f3ria do movimento evang\u00e9lico na Guin\u00e9-Bissau<\/span><\/p>\n<\/td>\n<td>\n<p><span style=\"font-weight: 400;\">Ambra Formenti<\/span><\/p>\n<\/td>\n<td>\n<p><span style=\"font-weight: 400;\">Antropologia<\/span><\/p>\n<\/td>\n<td>\n<p><span style=\"font-weight: 400;\">Religi\u00e3o. Cristianismo evang\u00e9lico. Estado p\u00f3s-colonial.<\/span><\/p>\n<p><span style=\"font-weight: 400;\">Modernidade. Mobilidade.<\/span><\/p>\n<\/td>\n<td>\n<p><span style=\"font-weight: 400;\">2017<\/span><\/p>\n<\/td>\n<\/tr>\n<\/tbody>\n<\/table>\n<p><\/p>\t\t\t\t\t\t\t\t<\/div>\n\t\t\t\t<\/div>\n\t\t\t\t\t<\/div>\n\t\t<\/div>\n\t\t\t\t\t<\/div>\n\t\t<\/section>\n\t\t\t\t<\/div>\n\t\t","protected":false},"excerpt":{"rendered":"<p>Bibliografia sobre a \u00c1frica Contempor\u00e2nea Literatura sobre \u00c1frica em diferentes \u00e1reas do conhecimento Not\u00edcias Qual a import\u00e2ncia da viagem do Presidente Lula \u00e0 \u00c1frica em 2023? XIV Confer\u00eancia de Chefes de Estado e de Governo da CPLP Puc-Campinas: Lan\u00e7amento de Centro de Estudos Africanos e Afro-brasileiros &#8220;Dra Nic\u00e9a Quintino Amauro&#8221; Programa Kalimba entrevistar\u00e1 Odair Marques Nova pe\u00e7a da Mostra Cultural Afrofuturista &nbsp; Bibliografia&nbsp;Sobre a \u00c1frica contempor\u00e2nea. &nbsp; T\u00edtulo Autoria \u00c1rea de concentra\u00e7\u00e3o Palavra-chave Ano de publica\u00e7\u00e3o \u00c1frica: um passeio pelo antigo continente Odair Marques da Silva Educa\u00e7\u00e3o\/Escola \u00c1frica. Pr\u00e1ticas escolares. Cultura africana. Racismo. Preconceito 2023 Atlas Geocultural da \u00c1frica Odair Marques da Silva Educa\u00e7\u00e3o\/Escola \u00c1frica. Pr\u00e1ticas escolares. Cultura africana. Racismo. Preconceito 2020 As Dan\u00e7as Negras ou as Veleidades para uma Redefini\u00e7\u00e3o das Pr\u00e1ticas das Dan\u00e7as da \u00c1frica Patrick Acogny Dan\u00e7a Dan\u00e7a africana. Pr\u00e1ticas coreogr\u00e1ficas. Culturas da \u00c1frica. Est\u00e9ticas africanas. Di\u00e1spora negra. 2017 &nbsp; Sociologias ind\u00edgenas iorub\u00e1: a \u00c1frica, o desconcerto e ontologias na sociologia contempor\u00e2nea Marcelo C. Rosa Sociologia Teoria social. Sociologias ind\u00edgenas. Teorias do sul. Sociologia africana. Ioruba. 2019 &nbsp; Sair da grande noite: ensaio sobre a \u00c1frica descolonizada &nbsp; Achille Mbembe &nbsp; Ci\u00eancia Pol\u00edtica Pol\u00edtica e governo. Descoloniza\u00e7\u00e3o. Hist\u00f3ria. P\u00f3s- colonialismo. &nbsp; 2010 &nbsp; Democracia e estado de exce\u00e7\u00e3o: transi\u00e7\u00e3o e mem\u00f3ria pol\u00edtica no Brasil e na \u00c1frica do Sul &nbsp; Edson Teles &nbsp; Filosofia Pol\u00edtica e governo. Mem\u00f3ria. Anistia. Ditadura. Pol\u00edtica Econ\u00f4mica. &nbsp; 2021 &nbsp; &#8220;Do pensar para o melhor agir&#8221;: Que \u00c1frica os africanos querem? &nbsp; Patr\u00edcia Godinho Gomes &nbsp; Ci\u00eancias Sociais Produ\u00e7\u00e3o de conhecimento. Independ\u00eancias. G\u00eanero. &nbsp; 2018 &nbsp; No centro da etnia: Etnias, tribalismo e Estado na \u00c1frica Jean-Loup Amselle, Elikia M&#8217;Bokolo (orgs.) &nbsp; Sociologia Antropologia. Etnologia. Hist\u00f3ria. Grupos \u00e9tnicos. &nbsp; 1999 &nbsp; &nbsp; A estrat\u00e9gia do Brasil na \u00c1frica: fundamentos geopol\u00edticos e mecanismos de financiamento no ciclo recente de expans\u00e3o econ\u00f4mica (2003-2014) H\u00e9lio Caetano Farias Economia Pol\u00edtica Brasil. Geopol\u00edtica. Finan\u00e7as. Sistema Interestatal Capitalista. Economia Internacional. 2017 &nbsp; A raz\u00e3o africana: Breve hist\u00f3ria do pensamento africano contempor\u00e2neo &nbsp; Muryatan S. Barbosa &nbsp; Hist\u00f3ria Na\u00e7\u00e3o. Autonomia cultural. Racismo. Identidade negra. Intelectuais. &nbsp; 2020 &nbsp; Sugar relationships: sexo, afeto e consumo na \u00c1frica do Sul e no Brasil &nbsp; Thais Henriques Tiriba Antropologia Sexualidade. \u00c1frica do Sul. Marcadores sociais da diferen\u00e7a. M\u00eddias digitais. Economias sexuais. 2019 De escravos a \u201cservi\u00e7ais\u201d, de \u201cservi\u00e7ais\u201d a \u201ccontratados\u201d: Omiss\u00f5es, perce\u00e7\u00f5es e equ\u00edvocos na hist\u00f3ria do trabalho africano na Angola colonial Maria da Concei\u00e7\u00e3o Neto &nbsp; Hist\u00f3ria Angola. Aboli\u00e7\u00e3o da escravatura. Trabalho for\u00e7ado. &nbsp; 2017 &nbsp; Very Rural Background: os desafios da composi\u00e7\u00e3o-terra da \u00c1frica do Sul e do Zimb\u00e1bue \u00e0 chamada Educa\u00e7\u00e3o Superior &nbsp; Anton\u00e1dia Borges &nbsp; Antropologia Tsitsi Dangarembga. Educa\u00e7\u00e3o superior. Plantation. Terra. fallism. &nbsp; 2020 \u00c1frica: um continente no cinema Carolin Ferreira Audiovisual Cinema Africano. 2021 A Homossexualidade no Continente Africano: Hist\u00f3ria, coloniza\u00e7\u00e3o e debates contempor\u00e2neos Erc\u00edlio Neves Brand\u00e3o Langa &nbsp; Ci\u00eancias Sociais Homossexualidade. Coloniza\u00e7\u00e3o. Debates. &nbsp; 2018 C\u00e3es e preconceito na \u00c1frica do Sul: um di\u00e1logo entre literatura e etnografia &nbsp; Anton\u00e1dia Borges &nbsp; Antropologia Humanos e animais. John Maxwell Coetzee. Racismo. &nbsp; 2017 &nbsp; Hist\u00f3rias de \u00c1frica &#8211; Capitalismo, modernidade e globaliza\u00e7\u00e3o &nbsp; Frederick Cooper Hist\u00f3ria Hist\u00f3ria global. Moderniza\u00e7\u00e3o. Desenvolvimento. Descoloniza\u00e7\u00e3o. Cidadania. 2016 &nbsp; &nbsp; Um produto de tempos passados? Portugal e \u00c1frica no dom\u00ednio pol\u00edtico-diplom\u00e1tico &nbsp; Pedro Seabra &nbsp; Rela\u00e7\u00f5es Internacionais Portugal. \u00c1frica Subsariana. PALOP. Pol\u00edtica externa. Diplomacia. &nbsp; 2019 &nbsp; \u00c1frica, margens e oceanos: perspectivas de hist\u00f3ria social Lucilene Reginaldo, Roquinaldo Ferreira &nbsp; Hist\u00f3ria \u00c1frica Oriental. \u00c1frica Atl\u00e2ntica. Historiografia. Racismo. &nbsp; 2021 &nbsp; African Union, State-building and the Challenges of State Fragility in Africa &nbsp; Agaptus Nwozor &nbsp; Ci\u00eancia Pol\u00edtica Crisis of statehood. Ethno-identity. Fragile statehood. Nation-building. &nbsp; 2018 Discurso Nacional e Etnicidade em \u00c1frica: O Caso da Guin\u00e9- Bissau (1959-1994) Artemisa Odila Cande Monteiro &nbsp; Ci\u00eancias Sociais Hist\u00f3ria Pol\u00edtica. Luta de liberta\u00e7\u00e3o nacional. &nbsp; 2019 O quilombismo das dramaturgias afrocontempor\u00e2neas franc\u00f3fonas &nbsp; Sylvie Chalaye &nbsp; Teatro Teatro franc\u00f3fono. Dramaturgias. Quilombola. Corpo. &nbsp; 2017 Defici\u00eancia como categoria do Sul Global: primeiras aproxima\u00e7\u00f5es com a \u00c1frica do Sul &nbsp; Pedro Lopes &nbsp; Antropologia Defici\u00eancia. Marcadores sociais da diferen\u00e7a. &nbsp; 2019 Pelos caminhos da diversidade sociocultural: di\u00e1logos entre Terapia Ocupacional, \u00c1frica e Etnografia Marina Di Napoli Pastore, Miki Takao Sato &nbsp; Terapia Ocupacional Terapia Ocupacional Social. Diversidade Sociocultural. &nbsp; 2018 &nbsp; Descoloniza\u00e7\u00e3o, feminismos e condi\u00e7\u00e3o queer em contextos africanos &nbsp; Caterina Alessandra Rea &nbsp; Filosofia Descoloniza\u00e7\u00e3o. Dissid\u00eancia sexual. Interseccionalidade. Queer of Colour. &nbsp; 2018 Ataques Terroristas em Cabo Delgado (2017-2020): as causas do fen\u00f3meno pela boca da popula\u00e7\u00e3o de Moc\u00edmboa da Praia Geraldo L. Macalane, Jafar S. Jafar (coord.) &nbsp; Estudos Interdisciplinares Terrorismo. Cabo Delagado. Resili\u00eancia. &nbsp; 2021 Rela\u00e7\u00f5es \u00c1frica-Brasil: O que seria? &nbsp; Kabengele Munanga Ci\u00eancias Sociais Tr\u00e1fico. Escravid\u00e3o. Diplomacia. Coopera\u00e7\u00e3o. Solidariedade. Identidade. 2018 &nbsp; &nbsp; Limites e fronteiras na \u00c1frica Austral: Mo\u00e7ambique e processo de delimita\u00e7\u00e3o e desafios da reafirma\u00e7\u00e3o fronteiri\u00e7a na regi\u00e3o &nbsp; Em\u00edlio Jovando Zeca Rela\u00e7\u00f5es Internacionais Limites. Fronteira. Delimita\u00e7\u00e3o de Fronteira. Reafirma\u00e7\u00e3o de Fronteira. 2017 &nbsp; Griots, cantadores e rappers: do fundamento do verbo \u00e0s performances da palavra &nbsp; Amarino Oliveira de Queiroz &nbsp; Literatura Oralidade. Escritura. Performance. Literaturas luso- africanas. &nbsp; 2019 Nascida do desastre: cr\u00edtica da etnofilosofia, pensamento social e africanidades Norman Ajari, Cleber Daniel Lambert da Silva &nbsp; Filosofia Ubuntu. Etnofilosofia. Filosofias Africanas. &nbsp; 2018 &nbsp; G\u00eanero e feminismos em \u00c1frica: temas, problemas e perspectivas anal\u00edticas Vera F\u00e1tima Gasparetto, H\u00e9lder Pires Am\u00e2ncio &nbsp; Ci\u00eancias Humanas Estudos de G\u00eanero. Estudos Africanos. Feminismos em \u00c1frica. &nbsp; 2017 A \u00c1frica enquanto constru\u00e7\u00e3o discursiva e midi\u00e1tica: a propaganda colonial e a \u201cInven\u00e7\u00e3o\u201d do \u201cOutro\u201d Jonas Nascimento &nbsp; Sociologia Propaganda Colonial. Discurso. Cinema. &nbsp; 2017 &nbsp; Cultura, Patrimonializa\u00e7\u00e3o e Desigualdade no Brasil e na \u00c1frica Austral &nbsp; Antonio Evaldo Almeida Barros &nbsp; Pol\u00edticas P\u00fablicas Cultura. Patrim\u00f4nio. Pol\u00edticas culturais. Educa\u00e7\u00e3o. Cidadania. &nbsp; 2018 \u00c1frica Contempor\u00e2nea: Representa\u00e7\u00f5es, problemas e perspectivas Ivaldo Marciano Lima Hist\u00f3ria Homogeneidade. Diversidade. 2018 A transforma\u00e7\u00e3o de um jovem continente: dimens\u00f5es da \u00c1frica em ascens\u00e3o &nbsp; Wanjiru M Gitau &nbsp; Sociologia Mudan\u00e7a social. Juventude. Tecnologia. &nbsp; 2019 &nbsp; O Leitorado Brasileiro da Universidade da Cidade do Cabo, \u00c1frica do Sul: uma experi\u00eancia com o ensino de Portugu\u00eas como L\u00edngua Adicional em<\/p>\n","protected":false},"author":1,"featured_media":0,"parent":0,"menu_order":0,"comment_status":"closed","ping_status":"closed","template":"","meta":{"inline_featured_image":false,"ocean_post_layout":"","ocean_both_sidebars_style":"","ocean_both_sidebars_content_width":0,"ocean_both_sidebars_sidebars_width":0,"ocean_sidebar":"","ocean_second_sidebar":"","ocean_disable_margins":"enable","ocean_add_body_class":"","ocean_shortcode_before_top_bar":"","ocean_shortcode_after_top_bar":"","ocean_shortcode_before_header":"","ocean_shortcode_after_header":"","ocean_has_shortcode":"","ocean_shortcode_after_title":"","ocean_shortcode_before_footer_widgets":"","ocean_shortcode_after_footer_widgets":"","ocean_shortcode_before_footer_bottom":"","ocean_shortcode_after_footer_bottom":"","ocean_display_top_bar":"default","ocean_display_header":"default","ocean_header_style":"","ocean_center_header_left_menu":"","ocean_custom_header_template":"","ocean_custom_logo":0,"ocean_custom_retina_logo":0,"ocean_custom_logo_max_width":0,"ocean_custom_logo_tablet_max_width":0,"ocean_custom_logo_mobile_max_width":0,"ocean_custom_logo_max_height":0,"ocean_custom_logo_tablet_max_height":0,"ocean_custom_logo_mobile_max_height":0,"ocean_header_custom_menu":"","ocean_menu_typo_font_family":"","ocean_menu_typo_font_subset":"","ocean_menu_typo_font_size":0,"ocean_menu_typo_font_size_tablet":0,"ocean_menu_typo_font_size_mobile":0,"ocean_menu_typo_font_size_unit":"px","ocean_menu_typo_font_weight":"","ocean_menu_typo_font_weight_tablet":"","ocean_menu_typo_font_weight_mobile":"","ocean_menu_typo_transform":"","ocean_menu_typo_transform_tablet":"","ocean_menu_typo_transform_mobile":"","ocean_menu_typo_line_height":0,"ocean_menu_typo_line_height_tablet":0,"ocean_menu_typo_line_height_mobile":0,"ocean_menu_typo_line_height_unit":"","ocean_menu_typo_spacing":0,"ocean_menu_typo_spacing_tablet":0,"ocean_menu_typo_spacing_mobile":0,"ocean_menu_typo_spacing_unit":"","ocean_menu_link_color":"","ocean_menu_link_color_hover":"","ocean_menu_link_color_active":"","ocean_menu_link_background":"","ocean_menu_link_hover_background":"","ocean_menu_link_active_background":"","ocean_menu_social_links_bg":"","ocean_menu_social_hover_links_bg":"","ocean_menu_social_links_color":"","ocean_menu_social_hover_links_color":"","ocean_disable_title":"default","ocean_disable_heading":"default","ocean_post_title":"","ocean_post_subheading":"","ocean_post_title_style":"","ocean_post_title_background_color":"","ocean_post_title_background":0,"ocean_post_title_bg_image_position":"","ocean_post_title_bg_image_attachment":"","ocean_post_title_bg_image_repeat":"","ocean_post_title_bg_image_size":"","ocean_post_title_height":0,"ocean_post_title_bg_overlay":0.5,"ocean_post_title_bg_overlay_color":"","ocean_disable_breadcrumbs":"default","ocean_breadcrumbs_color":"","ocean_breadcrumbs_separator_color":"","ocean_breadcrumbs_links_color":"","ocean_breadcrumbs_links_hover_color":"","ocean_display_footer_widgets":"default","ocean_display_footer_bottom":"default","ocean_custom_footer_template":"","omw_enable_modal_window":"enable","footnotes":""},"palavra-chave":[],"class_list":["post-2","page","type-page","status-publish","hentry","entry","has-media"],"yoast_head":"<!-- This site is optimized with the Yoast SEO plugin v27.3 - https:\/\/yoast.com\/product\/yoast-seo-wordpress\/ -->\n<title>Biblioteca - africaatual.com.br<\/title>\n<meta name=\"robots\" content=\"index, follow, max-snippet:-1, max-image-preview:large, max-video-preview:-1\" \/>\n<link rel=\"canonical\" href=\"https:\/\/africaatual.com.br\/index.php\/biblioteca\/\" \/>\n<meta property=\"og:locale\" content=\"pt_BR\" \/>\n<meta property=\"og:type\" content=\"article\" \/>\n<meta property=\"og:title\" content=\"Biblioteca - africaatual.com.br\" \/>\n<meta property=\"og:description\" content=\"Bibliografia sobre a \u00c1frica Contempor\u00e2nea Literatura sobre \u00c1frica em diferentes \u00e1reas do conhecimento Not\u00edcias Qual a import\u00e2ncia da viagem do Presidente Lula \u00e0 \u00c1frica em 2023? XIV Confer\u00eancia de Chefes de Estado e de Governo da CPLP Puc-Campinas: Lan\u00e7amento de Centro de Estudos Africanos e Afro-brasileiros &#8220;Dra Nic\u00e9a Quintino Amauro&#8221; Programa Kalimba entrevistar\u00e1 Odair Marques Nova pe\u00e7a da Mostra Cultural Afrofuturista &nbsp; Bibliografia&nbsp;Sobre a \u00c1frica contempor\u00e2nea. &nbsp; T\u00edtulo Autoria \u00c1rea de concentra\u00e7\u00e3o Palavra-chave Ano de publica\u00e7\u00e3o \u00c1frica: um passeio pelo antigo continente Odair Marques da Silva Educa\u00e7\u00e3o\/Escola \u00c1frica. Pr\u00e1ticas escolares. Cultura africana. Racismo. Preconceito 2023 Atlas Geocultural da \u00c1frica Odair Marques da Silva Educa\u00e7\u00e3o\/Escola \u00c1frica. Pr\u00e1ticas escolares. Cultura africana. Racismo. Preconceito 2020 As Dan\u00e7as Negras ou as Veleidades para uma Redefini\u00e7\u00e3o das Pr\u00e1ticas das Dan\u00e7as da \u00c1frica Patrick Acogny Dan\u00e7a Dan\u00e7a africana. Pr\u00e1ticas coreogr\u00e1ficas. Culturas da \u00c1frica. Est\u00e9ticas africanas. Di\u00e1spora negra. 2017 &nbsp; Sociologias ind\u00edgenas iorub\u00e1: a \u00c1frica, o desconcerto e ontologias na sociologia contempor\u00e2nea Marcelo C. Rosa Sociologia Teoria social. Sociologias ind\u00edgenas. Teorias do sul. Sociologia africana. Ioruba. 2019 &nbsp; Sair da grande noite: ensaio sobre a \u00c1frica descolonizada &nbsp; Achille Mbembe &nbsp; Ci\u00eancia Pol\u00edtica Pol\u00edtica e governo. Descoloniza\u00e7\u00e3o. Hist\u00f3ria. P\u00f3s- colonialismo. &nbsp; 2010 &nbsp; Democracia e estado de exce\u00e7\u00e3o: transi\u00e7\u00e3o e mem\u00f3ria pol\u00edtica no Brasil e na \u00c1frica do Sul &nbsp; Edson Teles &nbsp; Filosofia Pol\u00edtica e governo. Mem\u00f3ria. Anistia. Ditadura. Pol\u00edtica Econ\u00f4mica. &nbsp; 2021 &nbsp; &#8220;Do pensar para o melhor agir&#8221;: Que \u00c1frica os africanos querem? &nbsp; Patr\u00edcia Godinho Gomes &nbsp; Ci\u00eancias Sociais Produ\u00e7\u00e3o de conhecimento. Independ\u00eancias. G\u00eanero. &nbsp; 2018 &nbsp; No centro da etnia: Etnias, tribalismo e Estado na \u00c1frica Jean-Loup Amselle, Elikia M&#8217;Bokolo (orgs.) &nbsp; Sociologia Antropologia. Etnologia. Hist\u00f3ria. Grupos \u00e9tnicos. &nbsp; 1999 &nbsp; &nbsp; A estrat\u00e9gia do Brasil na \u00c1frica: fundamentos geopol\u00edticos e mecanismos de financiamento no ciclo recente de expans\u00e3o econ\u00f4mica (2003-2014) H\u00e9lio Caetano Farias Economia Pol\u00edtica Brasil. Geopol\u00edtica. Finan\u00e7as. Sistema Interestatal Capitalista. Economia Internacional. 2017 &nbsp; A raz\u00e3o africana: Breve hist\u00f3ria do pensamento africano contempor\u00e2neo &nbsp; Muryatan S. Barbosa &nbsp; Hist\u00f3ria Na\u00e7\u00e3o. Autonomia cultural. Racismo. Identidade negra. Intelectuais. &nbsp; 2020 &nbsp; Sugar relationships: sexo, afeto e consumo na \u00c1frica do Sul e no Brasil &nbsp; Thais Henriques Tiriba Antropologia Sexualidade. \u00c1frica do Sul. Marcadores sociais da diferen\u00e7a. M\u00eddias digitais. Economias sexuais. 2019 De escravos a \u201cservi\u00e7ais\u201d, de \u201cservi\u00e7ais\u201d a \u201ccontratados\u201d: Omiss\u00f5es, perce\u00e7\u00f5es e equ\u00edvocos na hist\u00f3ria do trabalho africano na Angola colonial Maria da Concei\u00e7\u00e3o Neto &nbsp; Hist\u00f3ria Angola. Aboli\u00e7\u00e3o da escravatura. Trabalho for\u00e7ado. &nbsp; 2017 &nbsp; Very Rural Background: os desafios da composi\u00e7\u00e3o-terra da \u00c1frica do Sul e do Zimb\u00e1bue \u00e0 chamada Educa\u00e7\u00e3o Superior &nbsp; Anton\u00e1dia Borges &nbsp; Antropologia Tsitsi Dangarembga. Educa\u00e7\u00e3o superior. Plantation. Terra. fallism. &nbsp; 2020 \u00c1frica: um continente no cinema Carolin Ferreira Audiovisual Cinema Africano. 2021 A Homossexualidade no Continente Africano: Hist\u00f3ria, coloniza\u00e7\u00e3o e debates contempor\u00e2neos Erc\u00edlio Neves Brand\u00e3o Langa &nbsp; Ci\u00eancias Sociais Homossexualidade. Coloniza\u00e7\u00e3o. Debates. &nbsp; 2018 C\u00e3es e preconceito na \u00c1frica do Sul: um di\u00e1logo entre literatura e etnografia &nbsp; Anton\u00e1dia Borges &nbsp; Antropologia Humanos e animais. John Maxwell Coetzee. Racismo. &nbsp; 2017 &nbsp; Hist\u00f3rias de \u00c1frica &#8211; Capitalismo, modernidade e globaliza\u00e7\u00e3o &nbsp; Frederick Cooper Hist\u00f3ria Hist\u00f3ria global. Moderniza\u00e7\u00e3o. Desenvolvimento. Descoloniza\u00e7\u00e3o. Cidadania. 2016 &nbsp; &nbsp; Um produto de tempos passados? Portugal e \u00c1frica no dom\u00ednio pol\u00edtico-diplom\u00e1tico &nbsp; Pedro Seabra &nbsp; Rela\u00e7\u00f5es Internacionais Portugal. \u00c1frica Subsariana. PALOP. Pol\u00edtica externa. Diplomacia. &nbsp; 2019 &nbsp; \u00c1frica, margens e oceanos: perspectivas de hist\u00f3ria social Lucilene Reginaldo, Roquinaldo Ferreira &nbsp; Hist\u00f3ria \u00c1frica Oriental. \u00c1frica Atl\u00e2ntica. Historiografia. Racismo. &nbsp; 2021 &nbsp; African Union, State-building and the Challenges of State Fragility in Africa &nbsp; Agaptus Nwozor &nbsp; Ci\u00eancia Pol\u00edtica Crisis of statehood. Ethno-identity. Fragile statehood. Nation-building. &nbsp; 2018 Discurso Nacional e Etnicidade em \u00c1frica: O Caso da Guin\u00e9- Bissau (1959-1994) Artemisa Odila Cande Monteiro &nbsp; Ci\u00eancias Sociais Hist\u00f3ria Pol\u00edtica. Luta de liberta\u00e7\u00e3o nacional. &nbsp; 2019 O quilombismo das dramaturgias afrocontempor\u00e2neas franc\u00f3fonas &nbsp; Sylvie Chalaye &nbsp; Teatro Teatro franc\u00f3fono. Dramaturgias. Quilombola. Corpo. &nbsp; 2017 Defici\u00eancia como categoria do Sul Global: primeiras aproxima\u00e7\u00f5es com a \u00c1frica do Sul &nbsp; Pedro Lopes &nbsp; Antropologia Defici\u00eancia. Marcadores sociais da diferen\u00e7a. &nbsp; 2019 Pelos caminhos da diversidade sociocultural: di\u00e1logos entre Terapia Ocupacional, \u00c1frica e Etnografia Marina Di Napoli Pastore, Miki Takao Sato &nbsp; Terapia Ocupacional Terapia Ocupacional Social. Diversidade Sociocultural. &nbsp; 2018 &nbsp; Descoloniza\u00e7\u00e3o, feminismos e condi\u00e7\u00e3o queer em contextos africanos &nbsp; Caterina Alessandra Rea &nbsp; Filosofia Descoloniza\u00e7\u00e3o. Dissid\u00eancia sexual. Interseccionalidade. Queer of Colour. &nbsp; 2018 Ataques Terroristas em Cabo Delgado (2017-2020): as causas do fen\u00f3meno pela boca da popula\u00e7\u00e3o de Moc\u00edmboa da Praia Geraldo L. Macalane, Jafar S. Jafar (coord.) &nbsp; Estudos Interdisciplinares Terrorismo. Cabo Delagado. Resili\u00eancia. &nbsp; 2021 Rela\u00e7\u00f5es \u00c1frica-Brasil: O que seria? &nbsp; Kabengele Munanga Ci\u00eancias Sociais Tr\u00e1fico. Escravid\u00e3o. Diplomacia. Coopera\u00e7\u00e3o. Solidariedade. Identidade. 2018 &nbsp; &nbsp; Limites e fronteiras na \u00c1frica Austral: Mo\u00e7ambique e processo de delimita\u00e7\u00e3o e desafios da reafirma\u00e7\u00e3o fronteiri\u00e7a na regi\u00e3o &nbsp; Em\u00edlio Jovando Zeca Rela\u00e7\u00f5es Internacionais Limites. Fronteira. Delimita\u00e7\u00e3o de Fronteira. Reafirma\u00e7\u00e3o de Fronteira. 2017 &nbsp; Griots, cantadores e rappers: do fundamento do verbo \u00e0s performances da palavra &nbsp; Amarino Oliveira de Queiroz &nbsp; Literatura Oralidade. Escritura. Performance. Literaturas luso- africanas. &nbsp; 2019 Nascida do desastre: cr\u00edtica da etnofilosofia, pensamento social e africanidades Norman Ajari, Cleber Daniel Lambert da Silva &nbsp; Filosofia Ubuntu. Etnofilosofia. Filosofias Africanas. &nbsp; 2018 &nbsp; G\u00eanero e feminismos em \u00c1frica: temas, problemas e perspectivas anal\u00edticas Vera F\u00e1tima Gasparetto, H\u00e9lder Pires Am\u00e2ncio &nbsp; Ci\u00eancias Humanas Estudos de G\u00eanero. Estudos Africanos. Feminismos em \u00c1frica. &nbsp; 2017 A \u00c1frica enquanto constru\u00e7\u00e3o discursiva e midi\u00e1tica: a propaganda colonial e a \u201cInven\u00e7\u00e3o\u201d do \u201cOutro\u201d Jonas Nascimento &nbsp; Sociologia Propaganda Colonial. Discurso. Cinema. &nbsp; 2017 &nbsp; Cultura, Patrimonializa\u00e7\u00e3o e Desigualdade no Brasil e na \u00c1frica Austral &nbsp; Antonio Evaldo Almeida Barros &nbsp; Pol\u00edticas P\u00fablicas Cultura. Patrim\u00f4nio. Pol\u00edticas culturais. Educa\u00e7\u00e3o. Cidadania. &nbsp; 2018 \u00c1frica Contempor\u00e2nea: Representa\u00e7\u00f5es, problemas e perspectivas Ivaldo Marciano Lima Hist\u00f3ria Homogeneidade. Diversidade. 2018 A transforma\u00e7\u00e3o de um jovem continente: dimens\u00f5es da \u00c1frica em ascens\u00e3o &nbsp; Wanjiru M Gitau &nbsp; Sociologia Mudan\u00e7a social. Juventude. Tecnologia. &nbsp; 2019 &nbsp; O Leitorado Brasileiro da Universidade da Cidade do Cabo, \u00c1frica do Sul: uma experi\u00eancia com o ensino de Portugu\u00eas como L\u00edngua Adicional em\" \/>\n<meta property=\"og:url\" content=\"https:\/\/africaatual.com.br\/index.php\/biblioteca\/\" \/>\n<meta property=\"og:site_name\" content=\"africaatual.com.br\" \/>\n<meta property=\"article:modified_time\" content=\"2023-08-30T19:51:36+00:00\" \/>\n<meta name=\"twitter:card\" content=\"summary_large_image\" \/>\n<meta name=\"twitter:label1\" content=\"Est. tempo de leitura\" \/>\n\t<meta name=\"twitter:data1\" content=\"7 minutos\" \/>\n<script type=\"application\/ld+json\" class=\"yoast-schema-graph\">{\"@context\":\"https:\\\/\\\/schema.org\",\"@graph\":[{\"@type\":\"WebPage\",\"@id\":\"https:\\\/\\\/africaatual.com.br\\\/index.php\\\/biblioteca\\\/\",\"url\":\"https:\\\/\\\/africaatual.com.br\\\/index.php\\\/biblioteca\\\/\",\"name\":\"Biblioteca - africaatual.com.br\",\"isPartOf\":{\"@id\":\"https:\\\/\\\/africaatual.com.br\\\/#website\"},\"datePublished\":\"2023-06-20T02:46:51+00:00\",\"dateModified\":\"2023-08-30T19:51:36+00:00\",\"breadcrumb\":{\"@id\":\"https:\\\/\\\/africaatual.com.br\\\/index.php\\\/biblioteca\\\/#breadcrumb\"},\"inLanguage\":\"pt-BR\",\"potentialAction\":[{\"@type\":\"ReadAction\",\"target\":[\"https:\\\/\\\/africaatual.com.br\\\/index.php\\\/biblioteca\\\/\"]}]},{\"@type\":\"BreadcrumbList\",\"@id\":\"https:\\\/\\\/africaatual.com.br\\\/index.php\\\/biblioteca\\\/#breadcrumb\",\"itemListElement\":[{\"@type\":\"ListItem\",\"position\":1,\"name\":\"In\u00edcio\",\"item\":\"https:\\\/\\\/africaatual.com.br\\\/\"},{\"@type\":\"ListItem\",\"position\":2,\"name\":\"Biblioteca\"}]},{\"@type\":\"WebSite\",\"@id\":\"https:\\\/\\\/africaatual.com.br\\\/#website\",\"url\":\"https:\\\/\\\/africaatual.com.br\\\/\",\"name\":\"africaatual.com.br\",\"description\":\"O Atlas Geocultural da \u00c1frica \u00e9 um rico material de leitura e pesquisa, que visa apresentar de forma atual os pa\u00edses africanos, ainda t\u00e3o pouco conhecidos.\",\"publisher\":{\"@id\":\"https:\\\/\\\/africaatual.com.br\\\/#organization\"},\"potentialAction\":[{\"@type\":\"SearchAction\",\"target\":{\"@type\":\"EntryPoint\",\"urlTemplate\":\"https:\\\/\\\/africaatual.com.br\\\/?s={search_term_string}\"},\"query-input\":{\"@type\":\"PropertyValueSpecification\",\"valueRequired\":true,\"valueName\":\"search_term_string\"}}],\"inLanguage\":\"pt-BR\"},{\"@type\":\"Organization\",\"@id\":\"https:\\\/\\\/africaatual.com.br\\\/#organization\",\"name\":\"africaatual.com.br\",\"url\":\"https:\\\/\\\/africaatual.com.br\\\/\",\"logo\":{\"@type\":\"ImageObject\",\"inLanguage\":\"pt-BR\",\"@id\":\"https:\\\/\\\/africaatual.com.br\\\/#\\\/schema\\\/logo\\\/image\\\/\",\"url\":\"http:\\\/\\\/africaatual.com.br\\\/wp-content\\\/uploads\\\/2023\\\/06\\\/LOGOEIROS_Prancheta-1-tipo-preto.png\",\"contentUrl\":\"http:\\\/\\\/africaatual.com.br\\\/wp-content\\\/uploads\\\/2023\\\/06\\\/LOGOEIROS_Prancheta-1-tipo-preto.png\",\"width\":1667,\"height\":730,\"caption\":\"africaatual.com.br\"},\"image\":{\"@id\":\"https:\\\/\\\/africaatual.com.br\\\/#\\\/schema\\\/logo\\\/image\\\/\"}}]}<\/script>\n<!-- \/ Yoast SEO plugin. -->","yoast_head_json":{"title":"Biblioteca - africaatual.com.br","robots":{"index":"index","follow":"follow","max-snippet":"max-snippet:-1","max-image-preview":"max-image-preview:large","max-video-preview":"max-video-preview:-1"},"canonical":"https:\/\/africaatual.com.br\/index.php\/biblioteca\/","og_locale":"pt_BR","og_type":"article","og_title":"Biblioteca - africaatual.com.br","og_description":"Bibliografia sobre a \u00c1frica Contempor\u00e2nea Literatura sobre \u00c1frica em diferentes \u00e1reas do conhecimento Not\u00edcias Qual a import\u00e2ncia da viagem do Presidente Lula \u00e0 \u00c1frica em 2023? XIV Confer\u00eancia de Chefes de Estado e de Governo da CPLP Puc-Campinas: Lan\u00e7amento de Centro de Estudos Africanos e Afro-brasileiros &#8220;Dra Nic\u00e9a Quintino Amauro&#8221; Programa Kalimba entrevistar\u00e1 Odair Marques Nova pe\u00e7a da Mostra Cultural Afrofuturista &nbsp; Bibliografia&nbsp;Sobre a \u00c1frica contempor\u00e2nea. &nbsp; T\u00edtulo Autoria \u00c1rea de concentra\u00e7\u00e3o Palavra-chave Ano de publica\u00e7\u00e3o \u00c1frica: um passeio pelo antigo continente Odair Marques da Silva Educa\u00e7\u00e3o\/Escola \u00c1frica. Pr\u00e1ticas escolares. Cultura africana. Racismo. Preconceito 2023 Atlas Geocultural da \u00c1frica Odair Marques da Silva Educa\u00e7\u00e3o\/Escola \u00c1frica. Pr\u00e1ticas escolares. Cultura africana. Racismo. Preconceito 2020 As Dan\u00e7as Negras ou as Veleidades para uma Redefini\u00e7\u00e3o das Pr\u00e1ticas das Dan\u00e7as da \u00c1frica Patrick Acogny Dan\u00e7a Dan\u00e7a africana. Pr\u00e1ticas coreogr\u00e1ficas. Culturas da \u00c1frica. Est\u00e9ticas africanas. Di\u00e1spora negra. 2017 &nbsp; Sociologias ind\u00edgenas iorub\u00e1: a \u00c1frica, o desconcerto e ontologias na sociologia contempor\u00e2nea Marcelo C. Rosa Sociologia Teoria social. Sociologias ind\u00edgenas. Teorias do sul. Sociologia africana. Ioruba. 2019 &nbsp; Sair da grande noite: ensaio sobre a \u00c1frica descolonizada &nbsp; Achille Mbembe &nbsp; Ci\u00eancia Pol\u00edtica Pol\u00edtica e governo. Descoloniza\u00e7\u00e3o. Hist\u00f3ria. P\u00f3s- colonialismo. &nbsp; 2010 &nbsp; Democracia e estado de exce\u00e7\u00e3o: transi\u00e7\u00e3o e mem\u00f3ria pol\u00edtica no Brasil e na \u00c1frica do Sul &nbsp; Edson Teles &nbsp; Filosofia Pol\u00edtica e governo. Mem\u00f3ria. Anistia. Ditadura. Pol\u00edtica Econ\u00f4mica. &nbsp; 2021 &nbsp; &#8220;Do pensar para o melhor agir&#8221;: Que \u00c1frica os africanos querem? &nbsp; Patr\u00edcia Godinho Gomes &nbsp; Ci\u00eancias Sociais Produ\u00e7\u00e3o de conhecimento. Independ\u00eancias. G\u00eanero. &nbsp; 2018 &nbsp; No centro da etnia: Etnias, tribalismo e Estado na \u00c1frica Jean-Loup Amselle, Elikia M&#8217;Bokolo (orgs.) &nbsp; Sociologia Antropologia. Etnologia. Hist\u00f3ria. Grupos \u00e9tnicos. &nbsp; 1999 &nbsp; &nbsp; A estrat\u00e9gia do Brasil na \u00c1frica: fundamentos geopol\u00edticos e mecanismos de financiamento no ciclo recente de expans\u00e3o econ\u00f4mica (2003-2014) H\u00e9lio Caetano Farias Economia Pol\u00edtica Brasil. Geopol\u00edtica. Finan\u00e7as. Sistema Interestatal Capitalista. Economia Internacional. 2017 &nbsp; A raz\u00e3o africana: Breve hist\u00f3ria do pensamento africano contempor\u00e2neo &nbsp; Muryatan S. Barbosa &nbsp; Hist\u00f3ria Na\u00e7\u00e3o. Autonomia cultural. Racismo. Identidade negra. Intelectuais. &nbsp; 2020 &nbsp; Sugar relationships: sexo, afeto e consumo na \u00c1frica do Sul e no Brasil &nbsp; Thais Henriques Tiriba Antropologia Sexualidade. \u00c1frica do Sul. Marcadores sociais da diferen\u00e7a. M\u00eddias digitais. Economias sexuais. 2019 De escravos a \u201cservi\u00e7ais\u201d, de \u201cservi\u00e7ais\u201d a \u201ccontratados\u201d: Omiss\u00f5es, perce\u00e7\u00f5es e equ\u00edvocos na hist\u00f3ria do trabalho africano na Angola colonial Maria da Concei\u00e7\u00e3o Neto &nbsp; Hist\u00f3ria Angola. Aboli\u00e7\u00e3o da escravatura. Trabalho for\u00e7ado. &nbsp; 2017 &nbsp; Very Rural Background: os desafios da composi\u00e7\u00e3o-terra da \u00c1frica do Sul e do Zimb\u00e1bue \u00e0 chamada Educa\u00e7\u00e3o Superior &nbsp; Anton\u00e1dia Borges &nbsp; Antropologia Tsitsi Dangarembga. Educa\u00e7\u00e3o superior. Plantation. Terra. fallism. &nbsp; 2020 \u00c1frica: um continente no cinema Carolin Ferreira Audiovisual Cinema Africano. 2021 A Homossexualidade no Continente Africano: Hist\u00f3ria, coloniza\u00e7\u00e3o e debates contempor\u00e2neos Erc\u00edlio Neves Brand\u00e3o Langa &nbsp; Ci\u00eancias Sociais Homossexualidade. Coloniza\u00e7\u00e3o. Debates. &nbsp; 2018 C\u00e3es e preconceito na \u00c1frica do Sul: um di\u00e1logo entre literatura e etnografia &nbsp; Anton\u00e1dia Borges &nbsp; Antropologia Humanos e animais. John Maxwell Coetzee. Racismo. &nbsp; 2017 &nbsp; Hist\u00f3rias de \u00c1frica &#8211; Capitalismo, modernidade e globaliza\u00e7\u00e3o &nbsp; Frederick Cooper Hist\u00f3ria Hist\u00f3ria global. Moderniza\u00e7\u00e3o. Desenvolvimento. Descoloniza\u00e7\u00e3o. Cidadania. 2016 &nbsp; &nbsp; Um produto de tempos passados? Portugal e \u00c1frica no dom\u00ednio pol\u00edtico-diplom\u00e1tico &nbsp; Pedro Seabra &nbsp; Rela\u00e7\u00f5es Internacionais Portugal. \u00c1frica Subsariana. PALOP. Pol\u00edtica externa. Diplomacia. &nbsp; 2019 &nbsp; \u00c1frica, margens e oceanos: perspectivas de hist\u00f3ria social Lucilene Reginaldo, Roquinaldo Ferreira &nbsp; Hist\u00f3ria \u00c1frica Oriental. \u00c1frica Atl\u00e2ntica. Historiografia. Racismo. &nbsp; 2021 &nbsp; African Union, State-building and the Challenges of State Fragility in Africa &nbsp; Agaptus Nwozor &nbsp; Ci\u00eancia Pol\u00edtica Crisis of statehood. Ethno-identity. Fragile statehood. Nation-building. &nbsp; 2018 Discurso Nacional e Etnicidade em \u00c1frica: O Caso da Guin\u00e9- Bissau (1959-1994) Artemisa Odila Cande Monteiro &nbsp; Ci\u00eancias Sociais Hist\u00f3ria Pol\u00edtica. Luta de liberta\u00e7\u00e3o nacional. &nbsp; 2019 O quilombismo das dramaturgias afrocontempor\u00e2neas franc\u00f3fonas &nbsp; Sylvie Chalaye &nbsp; Teatro Teatro franc\u00f3fono. Dramaturgias. Quilombola. Corpo. &nbsp; 2017 Defici\u00eancia como categoria do Sul Global: primeiras aproxima\u00e7\u00f5es com a \u00c1frica do Sul &nbsp; Pedro Lopes &nbsp; Antropologia Defici\u00eancia. Marcadores sociais da diferen\u00e7a. &nbsp; 2019 Pelos caminhos da diversidade sociocultural: di\u00e1logos entre Terapia Ocupacional, \u00c1frica e Etnografia Marina Di Napoli Pastore, Miki Takao Sato &nbsp; Terapia Ocupacional Terapia Ocupacional Social. Diversidade Sociocultural. &nbsp; 2018 &nbsp; Descoloniza\u00e7\u00e3o, feminismos e condi\u00e7\u00e3o queer em contextos africanos &nbsp; Caterina Alessandra Rea &nbsp; Filosofia Descoloniza\u00e7\u00e3o. Dissid\u00eancia sexual. Interseccionalidade. Queer of Colour. &nbsp; 2018 Ataques Terroristas em Cabo Delgado (2017-2020): as causas do fen\u00f3meno pela boca da popula\u00e7\u00e3o de Moc\u00edmboa da Praia Geraldo L. Macalane, Jafar S. Jafar (coord.) &nbsp; Estudos Interdisciplinares Terrorismo. Cabo Delagado. Resili\u00eancia. &nbsp; 2021 Rela\u00e7\u00f5es \u00c1frica-Brasil: O que seria? &nbsp; Kabengele Munanga Ci\u00eancias Sociais Tr\u00e1fico. Escravid\u00e3o. Diplomacia. Coopera\u00e7\u00e3o. Solidariedade. Identidade. 2018 &nbsp; &nbsp; Limites e fronteiras na \u00c1frica Austral: Mo\u00e7ambique e processo de delimita\u00e7\u00e3o e desafios da reafirma\u00e7\u00e3o fronteiri\u00e7a na regi\u00e3o &nbsp; Em\u00edlio Jovando Zeca Rela\u00e7\u00f5es Internacionais Limites. Fronteira. Delimita\u00e7\u00e3o de Fronteira. Reafirma\u00e7\u00e3o de Fronteira. 2017 &nbsp; Griots, cantadores e rappers: do fundamento do verbo \u00e0s performances da palavra &nbsp; Amarino Oliveira de Queiroz &nbsp; Literatura Oralidade. Escritura. Performance. Literaturas luso- africanas. &nbsp; 2019 Nascida do desastre: cr\u00edtica da etnofilosofia, pensamento social e africanidades Norman Ajari, Cleber Daniel Lambert da Silva &nbsp; Filosofia Ubuntu. Etnofilosofia. Filosofias Africanas. &nbsp; 2018 &nbsp; G\u00eanero e feminismos em \u00c1frica: temas, problemas e perspectivas anal\u00edticas Vera F\u00e1tima Gasparetto, H\u00e9lder Pires Am\u00e2ncio &nbsp; Ci\u00eancias Humanas Estudos de G\u00eanero. Estudos Africanos. Feminismos em \u00c1frica. &nbsp; 2017 A \u00c1frica enquanto constru\u00e7\u00e3o discursiva e midi\u00e1tica: a propaganda colonial e a \u201cInven\u00e7\u00e3o\u201d do \u201cOutro\u201d Jonas Nascimento &nbsp; Sociologia Propaganda Colonial. Discurso. Cinema. &nbsp; 2017 &nbsp; Cultura, Patrimonializa\u00e7\u00e3o e Desigualdade no Brasil e na \u00c1frica Austral &nbsp; Antonio Evaldo Almeida Barros &nbsp; Pol\u00edticas P\u00fablicas Cultura. Patrim\u00f4nio. Pol\u00edticas culturais. Educa\u00e7\u00e3o. Cidadania. &nbsp; 2018 \u00c1frica Contempor\u00e2nea: Representa\u00e7\u00f5es, problemas e perspectivas Ivaldo Marciano Lima Hist\u00f3ria Homogeneidade. Diversidade. 2018 A transforma\u00e7\u00e3o de um jovem continente: dimens\u00f5es da \u00c1frica em ascens\u00e3o &nbsp; Wanjiru M Gitau &nbsp; Sociologia Mudan\u00e7a social. Juventude. Tecnologia. &nbsp; 2019 &nbsp; O Leitorado Brasileiro da Universidade da Cidade do Cabo, \u00c1frica do Sul: uma experi\u00eancia com o ensino de Portugu\u00eas como L\u00edngua Adicional em","og_url":"https:\/\/africaatual.com.br\/index.php\/biblioteca\/","og_site_name":"africaatual.com.br","article_modified_time":"2023-08-30T19:51:36+00:00","twitter_card":"summary_large_image","twitter_misc":{"Est. tempo de leitura":"7 minutos"},"schema":{"@context":"https:\/\/schema.org","@graph":[{"@type":"WebPage","@id":"https:\/\/africaatual.com.br\/index.php\/biblioteca\/","url":"https:\/\/africaatual.com.br\/index.php\/biblioteca\/","name":"Biblioteca - africaatual.com.br","isPartOf":{"@id":"https:\/\/africaatual.com.br\/#website"},"datePublished":"2023-06-20T02:46:51+00:00","dateModified":"2023-08-30T19:51:36+00:00","breadcrumb":{"@id":"https:\/\/africaatual.com.br\/index.php\/biblioteca\/#breadcrumb"},"inLanguage":"pt-BR","potentialAction":[{"@type":"ReadAction","target":["https:\/\/africaatual.com.br\/index.php\/biblioteca\/"]}]},{"@type":"BreadcrumbList","@id":"https:\/\/africaatual.com.br\/index.php\/biblioteca\/#breadcrumb","itemListElement":[{"@type":"ListItem","position":1,"name":"In\u00edcio","item":"https:\/\/africaatual.com.br\/"},{"@type":"ListItem","position":2,"name":"Biblioteca"}]},{"@type":"WebSite","@id":"https:\/\/africaatual.com.br\/#website","url":"https:\/\/africaatual.com.br\/","name":"africaatual.com.br","description":"O Atlas Geocultural da \u00c1frica \u00e9 um rico material de leitura e pesquisa, que visa apresentar de forma atual os pa\u00edses africanos, ainda t\u00e3o pouco conhecidos.","publisher":{"@id":"https:\/\/africaatual.com.br\/#organization"},"potentialAction":[{"@type":"SearchAction","target":{"@type":"EntryPoint","urlTemplate":"https:\/\/africaatual.com.br\/?s={search_term_string}"},"query-input":{"@type":"PropertyValueSpecification","valueRequired":true,"valueName":"search_term_string"}}],"inLanguage":"pt-BR"},{"@type":"Organization","@id":"https:\/\/africaatual.com.br\/#organization","name":"africaatual.com.br","url":"https:\/\/africaatual.com.br\/","logo":{"@type":"ImageObject","inLanguage":"pt-BR","@id":"https:\/\/africaatual.com.br\/#\/schema\/logo\/image\/","url":"http:\/\/africaatual.com.br\/wp-content\/uploads\/2023\/06\/LOGOEIROS_Prancheta-1-tipo-preto.png","contentUrl":"http:\/\/africaatual.com.br\/wp-content\/uploads\/2023\/06\/LOGOEIROS_Prancheta-1-tipo-preto.png","width":1667,"height":730,"caption":"africaatual.com.br"},"image":{"@id":"https:\/\/africaatual.com.br\/#\/schema\/logo\/image\/"}}]}},"_links":{"self":[{"href":"https:\/\/africaatual.com.br\/index.php\/wp-json\/wp\/v2\/pages\/2","targetHints":{"allow":["GET"]}}],"collection":[{"href":"https:\/\/africaatual.com.br\/index.php\/wp-json\/wp\/v2\/pages"}],"about":[{"href":"https:\/\/africaatual.com.br\/index.php\/wp-json\/wp\/v2\/types\/page"}],"author":[{"embeddable":true,"href":"https:\/\/africaatual.com.br\/index.php\/wp-json\/wp\/v2\/users\/1"}],"replies":[{"embeddable":true,"href":"https:\/\/africaatual.com.br\/index.php\/wp-json\/wp\/v2\/comments?post=2"}],"version-history":[{"count":77,"href":"https:\/\/africaatual.com.br\/index.php\/wp-json\/wp\/v2\/pages\/2\/revisions"}],"predecessor-version":[{"id":8925,"href":"https:\/\/africaatual.com.br\/index.php\/wp-json\/wp\/v2\/pages\/2\/revisions\/8925"}],"wp:attachment":[{"href":"https:\/\/africaatual.com.br\/index.php\/wp-json\/wp\/v2\/media?parent=2"}],"wp:term":[{"taxonomy":"palavra-chave","embeddable":true,"href":"https:\/\/africaatual.com.br\/index.php\/wp-json\/wp\/v2\/palavra-chave?post=2"}],"curies":[{"name":"wp","href":"https:\/\/api.w.org\/{rel}","templated":true}]}}