
{"id":240,"date":"2023-06-24T09:15:24","date_gmt":"2023-06-24T12:15:24","guid":{"rendered":"https:\/\/africaatual.com.br\/?page_id=240"},"modified":"2024-02-19T10:11:37","modified_gmt":"2024-02-19T13:11:37","slug":"mostra-cultural-afrofuturista","status":"publish","type":"page","link":"https:\/\/africaatual.com.br\/index.php\/mostra-cultural-afrofuturista\/","title":{"rendered":"Mostra Cultural Afrofuturista"},"content":{"rendered":"\t\t<div data-elementor-type=\"wp-page\" data-elementor-id=\"240\" class=\"elementor elementor-240\">\n\t\t\t\t<div class=\"elementor-element elementor-element-f2cca5d e-flex e-con-boxed wpr-particle-no wpr-jarallax-no wpr-parallax-no wpr-sticky-section-no wpr-equal-height-no e-con e-parent\" data-id=\"f2cca5d\" data-element_type=\"container\" data-e-type=\"container\" data-settings=\"{&quot;background_background&quot;:&quot;classic&quot;}\">\n\t\t\t\t\t<div class=\"e-con-inner\">\n\t\t\t\t<div class=\"elementor-element elementor-element-6fe84aa elementor-widget__width-inherit elementor-widget elementor-widget-heading\" data-id=\"6fe84aa\" data-element_type=\"widget\" data-e-type=\"widget\" data-widget_type=\"heading.default\">\n\t\t\t\t<div class=\"elementor-widget-container\">\n\t\t\t\t\t<h1 class=\"elementor-heading-title elementor-size-default\">Mostra Cultural Afrifuturista<\/h1>\t\t\t\t<\/div>\n\t\t\t\t<\/div>\n\t\t\t\t<div class=\"elementor-element elementor-element-45d3952 elementor-widget__width-initial elementor-widget elementor-widget-text-editor\" data-id=\"45d3952\" data-element_type=\"widget\" data-e-type=\"widget\" data-widget_type=\"text-editor.default\">\n\t\t\t\t<div class=\"elementor-widget-container\">\n\t\t\t\t\t\t\t\t\t<p>A exposi\u00e7\u00e3o da Mostra Cultural Afrifuturista conta com obras art\u00edsticas oriundas de v\u00e1rios pa\u00edses em \u00c1frica, e, tamb\u00e9m se apercebe articulada com componentes da arte brasileira.\u00a0<\/p>\t\t\t\t\t\t\t\t<\/div>\n\t\t\t\t<\/div>\n\t\t\t\t\t<\/div>\n\t\t\t\t<\/div>\n\t\t<div class=\"elementor-element elementor-element-718b11b e-flex e-con-boxed wpr-particle-no wpr-jarallax-no wpr-parallax-no wpr-sticky-section-no wpr-equal-height-no e-con e-parent\" data-id=\"718b11b\" data-element_type=\"container\" data-e-type=\"container\">\n\t\t\t\t\t<div class=\"e-con-inner\">\n\t\t<div class=\"elementor-element elementor-element-8792401 e-flex e-con-boxed wpr-particle-no wpr-jarallax-no wpr-parallax-no wpr-sticky-section-no wpr-equal-height-no e-con e-child\" data-id=\"8792401\" data-element_type=\"container\" data-e-type=\"container\" data-settings=\"{&quot;background_background&quot;:&quot;classic&quot;}\">\n\t\t\t\t\t<div class=\"e-con-inner\">\n\t\t<div class=\"elementor-element elementor-element-8e1aacd e-flex e-con-boxed wpr-particle-no wpr-jarallax-no wpr-parallax-no wpr-sticky-section-no wpr-equal-height-no e-con e-child\" data-id=\"8e1aacd\" data-element_type=\"container\" data-e-type=\"container\">\n\t\t\t\t\t<div class=\"e-con-inner\">\n\t\t<div class=\"elementor-element elementor-element-e62b75d e-flex e-con-boxed wpr-particle-no wpr-jarallax-no wpr-parallax-no wpr-sticky-section-no wpr-equal-height-no e-con e-child\" data-id=\"e62b75d\" data-element_type=\"container\" data-e-type=\"container\">\n\t\t\t\t\t<div class=\"e-con-inner\">\n\t\t<div class=\"elementor-element elementor-element-0972cec e-flex e-con-boxed wpr-particle-no wpr-jarallax-no wpr-parallax-no wpr-sticky-section-no wpr-equal-height-no e-con e-child\" data-id=\"0972cec\" data-element_type=\"container\" data-e-type=\"container\">\n\t\t\t\t\t<div class=\"e-con-inner\">\n\t\t\t\t<div class=\"elementor-element elementor-element-39efc7a elementor-widget__width-inherit elementor-widget elementor-widget-upk-news-ticker\" data-id=\"39efc7a\" data-element_type=\"widget\" data-e-type=\"widget\" data-widget_type=\"upk-news-ticker.default\">\n\t\t\t\t<div class=\"elementor-widget-container\">\n\t\t\t\t\t\t\t<div id=\"newsTicker1\" class=\"upk-news-ticker\" data-settings=\"{&quot;effect&quot;:&quot;slide-right&quot;,&quot;autoPlay&quot;:true,&quot;interval&quot;:6000,&quot;pauseOnHover&quot;:true,&quot;scrollSpeed&quot;:1}\">\n\t\t\t\t\t    \t<div class=\"upk-news-ticker-label\">\n\t\t\t\t\t<div class=\"upk-news-ticker-label-inner\">\n\t\t\t\t\t\tNot\u00edcias\t    \t\t\t<\/div>\n\t    \t\t<\/div>\n\t\t    \t\t    <div class=\"upk-news-ticker-content\">\n\t\t        <ul>\n\t\t\t\t<li class=\"upk-news-ticker-item\">\n\t\t\t\n\n\t\t\t\t\t\t\t\t\t\n\t\t<a href=\"https:\/\/africaatual.com.br\/index.php\/2026\/04\/14\/lancamento-do-livro-afrifuturismo-e-afriotimismo\/\">\n\t\t\t\n\t\t\t\n\t\t\tLan\u00e7amento  do livro Afrifuturismo e Afriotimismo\t\t<\/a>\n\t\t\t\t\t\t\n\t\t\t\t\n\t\t\t\n\t\t<\/li>\n\t\t\t\t<li class=\"upk-news-ticker-item\">\n\t\t\t\n\n\t\t\t\t\t\t\t\t\t\n\t\t<a href=\"https:\/\/africaatual.com.br\/index.php\/2026\/04\/14\/novidade-ouca-o-programa-atlas-geocultural-da-africa-na-radio-kalimba\/\">\n\t\t\t\n\t\t\t\n\t\t\tNovidade: ou\u00e7a o programa Atlas Geocultural da \u00c1frica, na r\u00e1dio Kalimba\t\t<\/a>\n\t\t\t\t\t\t\n\t\t\t\t\n\t\t\t\n\t\t<\/li>\n\t\t\t\t<li class=\"upk-news-ticker-item\">\n\t\t\t\n\n\t\t\t\t\t\t\t\t\t\n\t\t<a href=\"https:\/\/africaatual.com.br\/index.php\/2026\/03\/23\/senado-federal-realiza-audiencia-publica-sobre-contribuicoes-africanas-e-direitos-de-criancas-quilombolas\/\">\n\t\t\t\n\t\t\t\n\t\t\tSenado Federal realiza audi\u00eancia p\u00fablica sobre contribui\u00e7\u00f5es africanas e direitos de crian\u00e7as quilombolas\t\t<\/a>\n\t\t\t\t\t\t\n\t\t\t\t\n\t\t\t\n\t\t<\/li>\n\t\t\t\t<li class=\"upk-news-ticker-item\">\n\t\t\t\n\n\t\t\t\t\t\t\t\t\t\n\t\t<a href=\"https:\/\/africaatual.com.br\/index.php\/2026\/02\/19\/noticias-africanas-34\/\">\n\t\t\t\n\t\t\t\n\t\t\tNot\u00edcias Africanas #34\t\t<\/a>\n\t\t\t\t\t\t\n\t\t\t\t\n\t\t\t\n\t\t<\/li>\n\t\t\t\t<li class=\"upk-news-ticker-item\">\n\t\t\t\n\n\t\t\t\t\t\t\t\t\t\n\t\t<a href=\"https:\/\/africaatual.com.br\/index.php\/2026\/02\/19\/curso-de-didatica-da-literatura-angola\/\">\n\t\t\t\n\t\t\t\n\t\t\tCurso de Did\u00e1tica da Literatura abre inscri\u00e7\u00f5es com forma\u00e7\u00e3o presencial\t\t<\/a>\n\t\t\t\t\t\t\n\t\t\t\t\n\t\t\t\n\t\t<\/li>\n\t\t\n\n\t\t        <\/ul>\n\t\t    <\/div>\n\t\t    \t\t    <div class=\"upk-news-ticker-controls upk-news-ticker-navigation\">\n\n\t\t        <button class=\"bdt-visible@m\">\n\t\t        \t<span class=\"upk-news-ticker-arrow upk-news-ticker-prev bdt-icon\">\n\t\t        \t\t<svg width=\"20\" height=\"20\" viewBox=\"0 0 20 20\" xmlns=\"http:\/\/www.w3.org\/2000\/svg\" data-svg=\"chevron-left\">\n\t\t        \t\t\t<polyline fill=\"none\" stroke=\"#000\" stroke-width=\"1.03\" points=\"13 16 7 10 13 4\"><\/polyline>\n\t\t        \t\t<\/svg>\n\t\t        \t<\/span>\n\t\t        <\/button>\n\n\t\t        \t\t        \n\t\t        <button>\n\t\t        \t<span class=\"upk-news-ticker-arrow upk-news-ticker-next bdt-icon\">\n\t\t        \t\t<svg width=\"20\" height=\"20\" viewBox=\"0 0 20 20\" xmlns=\"http:\/\/www.w3.org\/2000\/svg\" data-svg=\"chevron-right\">\n\t\t        \t\t\t<polyline fill=\"none\" stroke=\"#000\" stroke-width=\"1.03\" points=\"7 4 13 10 7 16\"><\/polyline>\n\t\t        \t\t<\/svg>\n\t\t        \t<\/span>\n\t\t        <\/button>\n\n\t\t    <\/div>\n\n\t\t\t\t\t<\/div>\n\t\t\n\t\t\t\t\t\t<\/div>\n\t\t\t\t<\/div>\n\t\t\t\t\t<\/div>\n\t\t\t\t<\/div>\n\t\t\t\t\t<\/div>\n\t\t\t\t<\/div>\n\t\t\t\t\t<\/div>\n\t\t\t\t<\/div>\n\t\t\t\t\t<\/div>\n\t\t\t\t<\/div>\n\t\t\t\t\t<\/div>\n\t\t\t\t<\/div>\n\t\t<div class=\"elementor-element elementor-element-76c9f03 e-flex e-con-boxed wpr-particle-no wpr-jarallax-no wpr-parallax-no wpr-sticky-section-no wpr-equal-height-no e-con e-parent\" data-id=\"76c9f03\" data-element_type=\"container\" data-e-type=\"container\">\n\t\t\t\t\t<div class=\"e-con-inner\">\n\t\t\t\t<div class=\"elementor-element elementor-element-9a6debe elementor-widget__width-initial elementor-widget elementor-widget-heading\" data-id=\"9a6debe\" data-element_type=\"widget\" data-e-type=\"widget\" data-widget_type=\"heading.default\">\n\t\t\t\t<div class=\"elementor-widget-container\">\n\t\t\t\t\t<h3 class=\"elementor-heading-title elementor-size-default\">A\u00a0Mostra Cultural Afrifuturista possui uma din\u00e2mica de itiner\u00e2ncia, adequando-se aos contextos dos munic\u00edpios, em seus\u00a0 ambientes culturais e educacionais\u00a0<\/h3>\t\t\t\t<\/div>\n\t\t\t\t<\/div>\n\t\t\t\t\t<\/div>\n\t\t\t\t<\/div>\n\t\t<div class=\"elementor-element elementor-element-7a30ed4 e-flex e-con-boxed wpr-particle-no wpr-jarallax-no wpr-parallax-no wpr-sticky-section-no wpr-equal-height-no e-con e-parent\" data-id=\"7a30ed4\" data-element_type=\"container\" data-e-type=\"container\">\n\t\t\t\t\t<div class=\"e-con-inner\">\n\t\t\t\t<div class=\"elementor-element elementor-element-8cdfcc0 elementor-widget elementor-widget-video\" data-id=\"8cdfcc0\" data-element_type=\"widget\" data-e-type=\"widget\" data-settings=\"{&quot;youtube_url&quot;:&quot;https:\\\/\\\/www.youtube.com\\\/watch?v=4IhO3YK4Gec&quot;,&quot;autoplay&quot;:&quot;yes&quot;,&quot;video_type&quot;:&quot;youtube&quot;,&quot;controls&quot;:&quot;yes&quot;}\" data-widget_type=\"video.default\">\n\t\t\t\t<div class=\"elementor-widget-container\">\n\t\t\t\t\t\t\t<div class=\"elementor-wrapper elementor-open-inline\">\n\t\t\t<div class=\"elementor-video\"><\/div>\t\t<\/div>\n\t\t\t\t\t\t<\/div>\n\t\t\t\t<\/div>\n\t\t\t\t\t<\/div>\n\t\t\t\t<\/div>\n\t\t<div class=\"elementor-element elementor-element-0989da6 e-flex e-con-boxed wpr-particle-no wpr-jarallax-no wpr-parallax-no wpr-sticky-section-no wpr-equal-height-no e-con e-parent\" data-id=\"0989da6\" data-element_type=\"container\" data-e-type=\"container\">\n\t\t\t\t\t<div class=\"e-con-inner\">\n\t\t\t\t<div class=\"elementor-element elementor-element-bd36131 elementor-widget__width-initial elementor-widget elementor-widget-text-editor\" data-id=\"bd36131\" data-element_type=\"widget\" data-e-type=\"widget\" data-widget_type=\"text-editor.default\">\n\t\t\t\t<div class=\"elementor-widget-container\">\n\t\t\t\t\t\t\t\t\t<p><b>Nova conceitua\u00e7\u00e3o da Mostra Cultural Afrifuturista<\/b><\/p>\t\t\t\t\t\t\t\t<\/div>\n\t\t\t\t<\/div>\n\t\t\t\t\t<\/div>\n\t\t\t\t<\/div>\n\t\t<div class=\"elementor-element elementor-element-f741ec1 e-flex e-con-boxed wpr-particle-no wpr-jarallax-no wpr-parallax-no wpr-sticky-section-no wpr-equal-height-no e-con e-parent\" data-id=\"f741ec1\" data-element_type=\"container\" data-e-type=\"container\">\n\t\t\t\t\t<div class=\"e-con-inner\">\n\t\t\t\t<div class=\"elementor-element elementor-element-030c4f4 elementor-widget__width-initial elementor-widget elementor-widget-text-editor\" data-id=\"030c4f4\" data-element_type=\"widget\" data-e-type=\"widget\" data-widget_type=\"text-editor.default\">\n\t\t\t\t<div class=\"elementor-widget-container\">\n\t\t\t\t\t\t\t\t\t<p><span style=\"font-weight: 400;\">Existem algumas importantes e sutis diferen\u00e7as conceituais entre afrofuturismo e afrifuturismo, os mesmos se expandem para afrocentrada e africentrada.\u00a0<\/span><\/p><p><span style=\"font-weight: 400;\">O termo \u201cafrofuturismo\u201d recebe seu primeiro registro formal em texto, de Mark Dery, denominado \u201c<\/span><i><span style=\"font-weight: 400;\">black to the Future<\/span><\/i><span style=\"font-weight: 400;\">\u201d. O tema j\u00e1 estava em discuss\u00e3o em v\u00e1rios movimentos culturais afro-estadunidenses, e marca uma leitura cultural que se expande atrav\u00e9s da literatura e da fic\u00e7\u00e3o cient\u00edfica. E, em fase seguinte, tomando rumos nas est\u00e9ticas art\u00edsticas, cinema e moda, entre outras express\u00f5es. O afrofuturismo agregou movimentos culturais no legado da di\u00e1spora africana.\u00a0\u00a0<\/span><\/p><p><span style=\"font-weight: 400;\">O <\/span><b>afrifuturismo<\/b><span style=\"font-weight: 400;\">, ou <\/span><i><span style=\"font-weight: 400;\">africanfuturism<\/span><\/i><span style=\"font-weight: 400;\">, \u00e9 uma leitura que busca sua centralidade nos autores oriundos, principalmente, do continente africano. A primeira autora que cita a express\u00e3o \u00e9 Nnedi Okorafor. A dimens\u00e3o <\/span><b>africentrada<\/b><span style=\"font-weight: 400;\"> desta proposi\u00e7\u00e3o cultural reverbera os eixos das express\u00f5es est\u00e9ticas, culturais e filos\u00f3ficas, tamb\u00e9m as mitologias e hist\u00f3ria africana. O <\/span><b>Afrifuturismo<\/b><span style=\"font-weight: 400;\"> possui fortes intera\u00e7\u00f5es com as perspectivas das novas tecnologias e proposi\u00e7\u00f5es de futuro otimistas para os pa\u00edses em \u00c1frica, tamb\u00e9m inserindo em seu contexto a produ\u00e7\u00e3o diasp\u00f3rica.\u00a0\u00a0\u00a0\u00a0<\/span><\/p><p><span style=\"font-weight: 400;\">Assim, as mostras ou exposi\u00e7\u00f5es do <\/span><b><i>Projeto \u00c1frica Atual<\/i><\/b><i><span style=\"font-weight: 400;\">, <\/span><\/i><span style=\"font-weight: 400;\">a partir de 2024, se aderem \u00e0s proposi\u00e7\u00f5es contempor\u00e2neas dos <\/span><b>AFRIFUTURISTAS<\/b><span style=\"font-weight: 400;\">, cujas intera\u00e7\u00f5es com \u00e0s afrobrasilidades est\u00e3o fortemente enraizadas, sem perder as conex\u00f5es presentes nas iniciativas culturais do <\/span><b>AFROFUTURISMO<\/b><span style=\"font-weight: 400;\">. <\/span><\/p>\t\t\t\t\t\t\t\t<\/div>\n\t\t\t\t<\/div>\n\t\t\t\t\t<\/div>\n\t\t\t\t<\/div>\n\t\t<div class=\"elementor-element elementor-element-927f6f6 e-flex e-con-boxed wpr-particle-no wpr-jarallax-no wpr-parallax-no wpr-sticky-section-no wpr-equal-height-no e-con e-parent\" data-id=\"927f6f6\" data-element_type=\"container\" data-e-type=\"container\">\n\t\t\t\t\t<div class=\"e-con-inner\">\n\t\t\t\t<div class=\"elementor-element elementor-element-6937603 elementor-widget__width-initial elementor-widget elementor-widget-video\" data-id=\"6937603\" data-element_type=\"widget\" data-e-type=\"widget\" data-settings=\"{&quot;youtube_url&quot;:&quot;https:\\\/\\\/youtu.be\\\/wzzDegU6mF4&quot;,&quot;video_type&quot;:&quot;youtube&quot;,&quot;controls&quot;:&quot;yes&quot;}\" data-widget_type=\"video.default\">\n\t\t\t\t<div class=\"elementor-widget-container\">\n\t\t\t\t\t\t\t<div class=\"elementor-wrapper elementor-open-inline\">\n\t\t\t<div class=\"elementor-video\"><\/div>\t\t<\/div>\n\t\t\t\t\t\t<\/div>\n\t\t\t\t<\/div>\n\t\t\t\t<div class=\"elementor-element elementor-element-59d6cb2 elementor-widget__width-initial elementor-widget elementor-widget-video\" data-id=\"59d6cb2\" data-element_type=\"widget\" data-e-type=\"widget\" data-settings=\"{&quot;youtube_url&quot;:&quot;https:\\\/\\\/youtu.be\\\/Yy1X25ytZjM&quot;,&quot;video_type&quot;:&quot;youtube&quot;,&quot;controls&quot;:&quot;yes&quot;}\" data-widget_type=\"video.default\">\n\t\t\t\t<div class=\"elementor-widget-container\">\n\t\t\t\t\t\t\t<div class=\"elementor-wrapper elementor-open-inline\">\n\t\t\t<div class=\"elementor-video\"><\/div>\t\t<\/div>\n\t\t\t\t\t\t<\/div>\n\t\t\t\t<\/div>\n\t\t\t\t\t<\/div>\n\t\t\t\t<\/div>\n\t\t<div class=\"elementor-element elementor-element-99f9fab e-flex e-con-boxed wpr-particle-no wpr-jarallax-no wpr-parallax-no wpr-sticky-section-no wpr-equal-height-no e-con e-parent\" data-id=\"99f9fab\" data-element_type=\"container\" data-e-type=\"container\">\n\t\t\t\t\t<div class=\"e-con-inner\">\n\t\t\t\t<div class=\"elementor-element elementor-element-5032e5d elementor-widget__width-initial elementor-widget elementor-widget-text-editor\" data-id=\"5032e5d\" data-element_type=\"widget\" data-e-type=\"widget\" data-widget_type=\"text-editor.default\">\n\t\t\t\t<div class=\"elementor-widget-container\">\n\t\t\t\t\t\t\t\t\t<p>A Mostra Cultural Afrifuturista exibe caracter\u00edsticas que divulgam os 54 pa\u00edses africanos, por meio das artes e culturas, sob o ponto de vista da \u00c1frica moderna e atual. O prop\u00f3sito \u00e9 apresentar elementos do continente, atrav\u00e9s de um acervo plural, marcado por uma est\u00e9tica caracterizada por modalidades de artes manuais, pinturas, moda, esculturas, fotografias, v\u00eddeos de apresenta\u00e7\u00f5es musicais e de dan\u00e7as. As instala\u00e7\u00f5es da mostra permitem conhecer ainda um continente culturalmente alargado pela diversidade, e pela beleza est\u00e9tica africana.<\/p><p>O conceito afrifuturista transcende ao contempor\u00e2neo. Com perspectivas que abordam a linguagem est\u00e9tica mesclada \u00e0s culturas tradicionais e ancestrais, combinando elementos sci-fi. Os princ\u00edpios do afrifuturismo interagem com a sofistica\u00e7\u00e3o da vida moderna, com sua fluidez e flexibilidade, em pontos inacabados de possibilidades. A id\u00e9ia se espalhou e ampliou suas influ\u00eancias em produ\u00e7\u00f5es liter\u00e1rias e musicais.<\/p><p>Notadamente chegou ao cinema de forma massificada com o filme Pantera Negra de 2018 do diretor Ryan Coogler, protagonizado pelo ator Chadwick Boseman morto precocemente aos 42 anos. O filme retrata Wakanda, representa\u00e7\u00e3o de uma cidade ut\u00f3pica, que tem se reverberado como uma alternativa exequ\u00edvel \u00e0s constru\u00e7\u00f5es de Abuja na Nig\u00e9ria, Nova Cairo no Egito, Akon City no Senegal, Konza Tecnopolis no Qu\u00eania, Lanseria Smart City na \u00c1frica do Sul, entre outras experi\u00eancias.<\/p><p><strong>Se houver interesse em articular a instala\u00e7\u00e3o da Mostra em seu munic\u00edpio, contate\u00a0<\/strong><a href=\"mailto:%20eiros@africaatual.com.br\" target=\"_blank\" rel=\"noopener\">eiros@africaatual.com.br<\/a><strong>.<\/strong><\/p>\t\t\t\t\t\t\t\t<\/div>\n\t\t\t\t<\/div>\n\t\t\t\t\t<\/div>\n\t\t\t\t<\/div>\n\t\t<div class=\"elementor-element elementor-element-2794303 e-flex e-con-boxed wpr-particle-no wpr-jarallax-no wpr-parallax-no wpr-sticky-section-no wpr-equal-height-no e-con e-parent\" data-id=\"2794303\" data-element_type=\"container\" data-e-type=\"container\">\n\t\t\t\t\t<div class=\"e-con-inner\">\n\t\t\t\t<div class=\"elementor-element elementor-element-fe9875d elementor-align-center elementor-widget elementor-widget-button\" data-id=\"fe9875d\" data-element_type=\"widget\" data-e-type=\"widget\" data-widget_type=\"button.default\">\n\t\t\t\t<div class=\"elementor-widget-container\">\n\t\t\t\t\t\t\t\t\t<div class=\"elementor-button-wrapper\">\n\t\t\t\t\t<a class=\"elementor-button elementor-button-link elementor-size-xl\" href=\"https:\/\/africaatual.com.br\/index.php\/mostra-cultural-afrifuturista-acervo\/\">\n\t\t\t\t\t\t<span class=\"elementor-button-content-wrapper\">\n\t\t\t\t\t\t\t\t\t<span class=\"elementor-button-text\">Conhe\u00e7a as obras do acervo da Mostra Cultural Afrifuturista<\/span>\n\t\t\t\t\t<\/span>\n\t\t\t\t\t<\/a>\n\t\t\t\t<\/div>\n\t\t\t\t\t\t\t\t<\/div>\n\t\t\t\t<\/div>\n\t\t\t\t\t<\/div>\n\t\t\t\t<\/div>\n\t\t<div class=\"elementor-element elementor-element-641413e e-flex e-con-boxed wpr-particle-no wpr-jarallax-no wpr-parallax-no wpr-sticky-section-no wpr-equal-height-no e-con e-parent\" data-id=\"641413e\" data-element_type=\"container\" data-e-type=\"container\">\n\t\t\t\t\t<div class=\"e-con-inner\">\n\t\t\t\t<div class=\"elementor-element elementor-element-d098c21 elementor-widget__width-initial elementor-widget elementor-widget-text-editor\" data-id=\"d098c21\" data-element_type=\"widget\" data-e-type=\"widget\" data-widget_type=\"text-editor.default\">\n\t\t\t\t<div class=\"elementor-widget-container\">\n\t\t\t\t\t\t\t\t\t<p><b>Fotos das edi\u00e7\u00f5es da Mostra Cultural Afrifuturista\u00a0<\/b><\/p>\t\t\t\t\t\t\t\t<\/div>\n\t\t\t\t<\/div>\n\t\t\t\t\t<\/div>\n\t\t\t\t<\/div>\n\t\t<div class=\"elementor-element elementor-element-1c8ced6 e-flex e-con-boxed wpr-particle-no wpr-jarallax-no wpr-parallax-no wpr-sticky-section-no wpr-equal-height-no e-con e-parent\" data-id=\"1c8ced6\" data-element_type=\"container\" data-e-type=\"container\">\n\t\t\t\t\t<div class=\"e-con-inner\">\n\t\t\t\t<div class=\"elementor-element elementor-element-4622066 elementor-widget elementor-widget-upk-post-accordion\" data-id=\"4622066\" data-element_type=\"widget\" data-e-type=\"widget\" data-widget_type=\"upk-post-accordion.default\">\n\t\t\t\t<div class=\"elementor-widget-container\">\n\t\t\t\t\t\t\t<div class=\"upk-accordion\">\n\t\t\t<div class=\"upk-accordion-wrapper upk-accordion-contentstyle-1 upk-accordion-style-1\">\n\n\t\t\t\t\n\t\t\t\t\t\n\t\t<div class=\"upk-accordion-item\">\n\t\t\t<div class=\"upk-accordion-item-box\">\n\n\t\t\t\t<div class=\"upk-accordion-image\">\n\t\t\t\t\t<img fetchpriority=\"high\" decoding=\"async\" width=\"1024\" height=\"644\" src=\"https:\/\/africaatual.com.br\/wp-content\/uploads\/2023\/09\/acervos-mostra-afrofuturista-versao-completa.pptx_Pagina_73_Imagem_0001-1024x644.jpg\" class=\"upk-img\" alt=\"Mostra Cultural Afrifuturista &#8211; Campinas 2022\" srcset=\"https:\/\/africaatual.com.br\/wp-content\/uploads\/2023\/09\/acervos-mostra-afrofuturista-versao-completa.pptx_Pagina_73_Imagem_0001-1024x644.jpg 1024w, https:\/\/africaatual.com.br\/wp-content\/uploads\/2023\/09\/acervos-mostra-afrofuturista-versao-completa.pptx_Pagina_73_Imagem_0001-300x189.jpg 300w, https:\/\/africaatual.com.br\/wp-content\/uploads\/2023\/09\/acervos-mostra-afrofuturista-versao-completa.pptx_Pagina_73_Imagem_0001-768x483.jpg 768w, https:\/\/africaatual.com.br\/wp-content\/uploads\/2023\/09\/acervos-mostra-afrofuturista-versao-completa.pptx_Pagina_73_Imagem_0001.jpg 1277w\" sizes=\"(max-width: 1024px) 100vw, 1024px\" \/>\t\t\t\t<\/div>\n\t\t\t\t\n\t\t\t\t<div class=\"upk-accordion-content\">\n\t\t\t\t\t\t\t<div class=\"upk-category\">\n\t\t\t\t\t<\/div>\n\t\t\t\t\t\t<h3 class=\"upk-title\"><a data-hover=\"Mostra Cultural Afrifuturista &#8211; Campinas 2022\" href=\"https:\/\/africaatual.com.br\/index.php\/mostra-cultural-afrifuturista-campinas-2022\/\" title=\"Mostra Cultural Afrifuturista &#8211; Campinas 2022\" class=\"title-animation-\">Mostra Cultural Afrifuturista &#8211; Campinas 2022<\/a><\/h3>\t\t\t\t\t\n\t\t\t\t\t\t\t\t\t\t<div class=\"upk-accordion-meta\">\n\t\t\t\t\t\t\t\t<div class=\"upk-accordion-date\">\n\t\t\t<i class=\"upk-icon-calendar\" aria-hidden=\"true\"><\/i>\n\t\t\t<span data-hover=\"19 de fevereiro de 2024\">\n\t\t\t\t19 de fevereiro de 2024\t\t\t<\/span>\n\t\t<\/div>\n\t\t\n\t\n\t\t\t\t\t\t\t\t\t\t\t\t<div data-separator=\".\">\n\t\t\t\t\t\t\n\t\t<div class=\"upk-accordion-comments\">\n\t\t\t<i class=\"upk-icon-bubbles\" aria-hidden=\"true\"><\/i>\n\t\t\t<span data-hover=\"0 comments\">\n\t\t\t\t0 comments\t\t\t<\/span>\n\t\t<\/div>\n\n\t\t\t\t\t\t\t<\/div>\n\t\t\t\t\t\t\n\t\t\t\t\t\t\t\t\t\t\t<\/div>\n\t\t\t\t\t\n\t\t\t\t<\/div>\n\n\t\t\t<\/div>\n\t\t<\/div>\n\n\t\n\t\t\t\t\n\t\t\t\t\t\n\t\t<div class=\"upk-accordion-item\">\n\t\t\t<div class=\"upk-accordion-item-box\">\n\n\t\t\t\t<div class=\"upk-accordion-image\">\n\t\t\t\t\t<img decoding=\"async\" width=\"1024\" height=\"865\" src=\"https:\/\/africaatual.com.br\/wp-content\/uploads\/2023\/09\/acervos-mostra-afrofuturista-versao-completa.pptx_Pagina_58_Imagem_0001-1024x865.jpg\" class=\"upk-img\" alt=\"Mostra Cultural Afrifuturista &#8211; Hortol\u00e2ndia 2022\" srcset=\"https:\/\/africaatual.com.br\/wp-content\/uploads\/2023\/09\/acervos-mostra-afrofuturista-versao-completa.pptx_Pagina_58_Imagem_0001-1024x865.jpg 1024w, https:\/\/africaatual.com.br\/wp-content\/uploads\/2023\/09\/acervos-mostra-afrofuturista-versao-completa.pptx_Pagina_58_Imagem_0001-300x253.jpg 300w, https:\/\/africaatual.com.br\/wp-content\/uploads\/2023\/09\/acervos-mostra-afrofuturista-versao-completa.pptx_Pagina_58_Imagem_0001-768x649.jpg 768w, https:\/\/africaatual.com.br\/wp-content\/uploads\/2023\/09\/acervos-mostra-afrofuturista-versao-completa.pptx_Pagina_58_Imagem_0001.jpg 1438w\" sizes=\"(max-width: 1024px) 100vw, 1024px\" \/>\t\t\t\t<\/div>\n\t\t\t\t\n\t\t\t\t<div class=\"upk-accordion-content\">\n\t\t\t\t\t\t\t<div class=\"upk-category\">\n\t\t\t\t\t<\/div>\n\t\t\t\t\t\t<h3 class=\"upk-title\"><a data-hover=\"Mostra Cultural Afrifuturista &#8211; Hortol\u00e2ndia 2022\" href=\"https:\/\/africaatual.com.br\/index.php\/mostra-cultural-afrifuturista-hortolandia-2022\/\" title=\"Mostra Cultural Afrifuturista &#8211; Hortol\u00e2ndia 2022\" class=\"title-animation-\">Mostra Cultural Afrifuturista &#8211; Hortol\u00e2ndia 2022<\/a><\/h3>\t\t\t\t\t\n\t\t\t\t\t\t\t\t\t\t<div class=\"upk-accordion-meta\">\n\t\t\t\t\t\t\t\t<div class=\"upk-accordion-date\">\n\t\t\t<i class=\"upk-icon-calendar\" aria-hidden=\"true\"><\/i>\n\t\t\t<span data-hover=\"19 de fevereiro de 2024\">\n\t\t\t\t19 de fevereiro de 2024\t\t\t<\/span>\n\t\t<\/div>\n\t\t\n\t\n\t\t\t\t\t\t\t\t\t\t\t\t<div data-separator=\".\">\n\t\t\t\t\t\t\n\t\t<div class=\"upk-accordion-comments\">\n\t\t\t<i class=\"upk-icon-bubbles\" aria-hidden=\"true\"><\/i>\n\t\t\t<span data-hover=\"0 comments\">\n\t\t\t\t0 comments\t\t\t<\/span>\n\t\t<\/div>\n\n\t\t\t\t\t\t\t<\/div>\n\t\t\t\t\t\t\n\t\t\t\t\t\t\t\t\t\t\t<\/div>\n\t\t\t\t\t\n\t\t\t\t<\/div>\n\n\t\t\t<\/div>\n\t\t<\/div>\n\n\t\n\t\t\t\t\n\t\t\t\t\t\n\t\t<div class=\"upk-accordion-item\">\n\t\t\t<div class=\"upk-accordion-item-box\">\n\n\t\t\t\t<div class=\"upk-accordion-image\">\n\t\t\t\t\t<img decoding=\"async\" width=\"1024\" height=\"768\" src=\"https:\/\/africaatual.com.br\/wp-content\/uploads\/2024\/03\/visitacao-de-escolares-1024x768.jpg\" class=\"upk-img\" alt=\"Mostra Cultural Afrifuturista &#8211; Campinas 2023\" srcset=\"https:\/\/africaatual.com.br\/wp-content\/uploads\/2024\/03\/visitacao-de-escolares-1024x768.jpg 1024w, https:\/\/africaatual.com.br\/wp-content\/uploads\/2024\/03\/visitacao-de-escolares-300x225.jpg 300w, https:\/\/africaatual.com.br\/wp-content\/uploads\/2024\/03\/visitacao-de-escolares-768x576.jpg 768w, https:\/\/africaatual.com.br\/wp-content\/uploads\/2024\/03\/visitacao-de-escolares.jpg 1280w\" sizes=\"(max-width: 1024px) 100vw, 1024px\" \/>\t\t\t\t<\/div>\n\t\t\t\t\n\t\t\t\t<div class=\"upk-accordion-content\">\n\t\t\t\t\t\t\t<div class=\"upk-category\">\n\t\t\t\t\t<\/div>\n\t\t\t\t\t\t<h3 class=\"upk-title\"><a data-hover=\"Mostra Cultural Afrifuturista &#8211; Campinas 2023\" href=\"https:\/\/africaatual.com.br\/index.php\/mostra-cultural-afrifuturista-campinas-2022-2\/\" title=\"Mostra Cultural Afrifuturista &#8211; Campinas 2023\" class=\"title-animation-\">Mostra Cultural Afrifuturista &#8211; Campinas 2023<\/a><\/h3>\t\t\t\t\t\n\t\t\t\t\t\t\t\t\t\t<div class=\"upk-accordion-meta\">\n\t\t\t\t\t\t\t\t<div class=\"upk-accordion-date\">\n\t\t\t<i class=\"upk-icon-calendar\" aria-hidden=\"true\"><\/i>\n\t\t\t<span data-hover=\"19 de fevereiro de 2024\">\n\t\t\t\t19 de fevereiro de 2024\t\t\t<\/span>\n\t\t<\/div>\n\t\t\n\t\n\t\t\t\t\t\t\t\t\t\t\t\t<div data-separator=\".\">\n\t\t\t\t\t\t\n\t\t<div class=\"upk-accordion-comments\">\n\t\t\t<i class=\"upk-icon-bubbles\" aria-hidden=\"true\"><\/i>\n\t\t\t<span data-hover=\"0 comments\">\n\t\t\t\t0 comments\t\t\t<\/span>\n\t\t<\/div>\n\n\t\t\t\t\t\t\t<\/div>\n\t\t\t\t\t\t\n\t\t\t\t\t\t\t\t\t\t\t<\/div>\n\t\t\t\t\t\n\t\t\t\t<\/div>\n\n\t\t\t<\/div>\n\t\t<\/div>\n\n\t\n\t\t\t\t\n\t\t\t\t\t\n\t\t<div class=\"upk-accordion-item\">\n\t\t\t<div class=\"upk-accordion-item-box\">\n\n\t\t\t\t<div class=\"upk-accordion-image\">\n\t\t\t\t\t<img loading=\"lazy\" decoding=\"async\" width=\"1024\" height=\"576\" src=\"https:\/\/africaatual.com.br\/wp-content\/uploads\/2024\/03\/criancas-osasco-2-1024x576.jpg\" class=\"upk-img\" alt=\"Mostra Cultural Afrifuturista &#8211; Osasco 2023\" srcset=\"https:\/\/africaatual.com.br\/wp-content\/uploads\/2024\/03\/criancas-osasco-2-1024x576.jpg 1024w, https:\/\/africaatual.com.br\/wp-content\/uploads\/2024\/03\/criancas-osasco-2-300x169.jpg 300w, https:\/\/africaatual.com.br\/wp-content\/uploads\/2024\/03\/criancas-osasco-2-768x432.jpg 768w, https:\/\/africaatual.com.br\/wp-content\/uploads\/2024\/03\/criancas-osasco-2-1536x864.jpg 1536w, https:\/\/africaatual.com.br\/wp-content\/uploads\/2024\/03\/criancas-osasco-2-800x450.jpg 800w, https:\/\/africaatual.com.br\/wp-content\/uploads\/2024\/03\/criancas-osasco-2.jpg 1600w\" sizes=\"(max-width: 1024px) 100vw, 1024px\" \/>\t\t\t\t<\/div>\n\t\t\t\t\n\t\t\t\t<div class=\"upk-accordion-content\">\n\t\t\t\t\t\t\t<div class=\"upk-category\">\n\t\t\t\t\t<\/div>\n\t\t\t\t\t\t<h3 class=\"upk-title\"><a data-hover=\"Mostra Cultural Afrifuturista &#8211; Osasco 2023\" href=\"https:\/\/africaatual.com.br\/index.php\/mostra-cultural-afrifuturista-osasco-20223\/\" title=\"Mostra Cultural Afrifuturista &#8211; Osasco 2023\" class=\"title-animation-\">Mostra Cultural Afrifuturista &#8211; Osasco 2023<\/a><\/h3>\t\t\t\t\t\n\t\t\t\t\t\t\t\t\t\t<div class=\"upk-accordion-meta\">\n\t\t\t\t\t\t\t\t<div class=\"upk-accordion-date\">\n\t\t\t<i class=\"upk-icon-calendar\" aria-hidden=\"true\"><\/i>\n\t\t\t<span data-hover=\"19 de fevereiro de 2024\">\n\t\t\t\t19 de fevereiro de 2024\t\t\t<\/span>\n\t\t<\/div>\n\t\t\n\t\n\t\t\t\t\t\t\t\t\t\t\t\t<div data-separator=\".\">\n\t\t\t\t\t\t\n\t\t<div class=\"upk-accordion-comments\">\n\t\t\t<i class=\"upk-icon-bubbles\" aria-hidden=\"true\"><\/i>\n\t\t\t<span data-hover=\"0 comments\">\n\t\t\t\t0 comments\t\t\t<\/span>\n\t\t<\/div>\n\n\t\t\t\t\t\t\t<\/div>\n\t\t\t\t\t\t\n\t\t\t\t\t\t\t\t\t\t\t<\/div>\n\t\t\t\t\t\n\t\t\t\t<\/div>\n\n\t\t\t<\/div>\n\t\t<\/div>\n\n\t\n\t\t\t\t\n\t\t\t<\/div>\n\t\t<\/div>\n\n\t\t\t\t\t\t<\/div>\n\t\t\t\t<\/div>\n\t\t\t\t\t<\/div>\n\t\t\t\t<\/div>\n\t\t<div class=\"elementor-element elementor-element-7644c4b elementor-hidden-desktop e-flex e-con-boxed wpr-particle-no wpr-jarallax-no wpr-parallax-no wpr-sticky-section-no wpr-equal-height-no e-con e-parent\" data-id=\"7644c4b\" data-element_type=\"container\" data-e-type=\"container\">\n\t\t\t\t\t<div class=\"e-con-inner\">\n\t\t\t\t<div class=\"elementor-element elementor-element-5e029f3 elementor-widget elementor-widget-htmega-galleryjustify-addons\" data-id=\"5e029f3\" data-element_type=\"widget\" data-e-type=\"widget\" data-widget_type=\"htmega-galleryjustify-addons.default\">\n\t\t\t\t<div class=\"elementor-widget-container\">\n\t\t\t\t\t<div id=\"npgallery5e029f3\" class=\"npgallery_active5e029f3\"style=\"display:none;\">                        <div class=\"htmega-justify-single-image\">\n                            <div class=\"thumb\">\n                                <a href=\"http:\/\/africaatual.com.br\/wp-content\/uploads\/2023\/09\/acervos-mostra-afrofuturista-versao-completa.pptx_Pagina_04_Imagem_0002.jpg\" rel=\"npgallery\">\n                                    <img decoding=\"async\" src=\"https:\/\/africaatual.com.br\/wp-content\/uploads\/2023\/09\/acervos-mostra-afrofuturista-versao-completa.pptx_Pagina_04_Imagem_0002.jpg\" alt=\"\">\n                                <\/a>\n                            <\/div>\n                        <\/div>\n\n                                            <div class=\"htmega-justify-single-image\">\n                            <div class=\"thumb\">\n                                <a href=\"http:\/\/africaatual.com.br\/wp-content\/uploads\/2023\/09\/acervos-mostra-afrofuturista-versao-completa.pptx_Pagina_05_Imagem_0002.jpg\" rel=\"npgallery\">\n                                    <img decoding=\"async\" src=\"https:\/\/africaatual.com.br\/wp-content\/uploads\/2023\/09\/acervos-mostra-afrofuturista-versao-completa.pptx_Pagina_05_Imagem_0002.jpg\" alt=\"\">\n                                <\/a>\n                            <\/div>\n                        <\/div>\n\n                                            <div class=\"htmega-justify-single-image\">\n                            <div class=\"thumb\">\n                                <a href=\"http:\/\/africaatual.com.br\/wp-content\/uploads\/2023\/09\/acervos-mostra-afrofuturista-versao-completa.pptx_Pagina_06_Imagem_0002.jpg\" rel=\"npgallery\">\n                                    <img decoding=\"async\" src=\"https:\/\/africaatual.com.br\/wp-content\/uploads\/2023\/09\/acervos-mostra-afrofuturista-versao-completa.pptx_Pagina_06_Imagem_0002.jpg\" alt=\"\">\n                                <\/a>\n                            <\/div>\n                        <\/div>\n\n                                            <div class=\"htmega-justify-single-image\">\n                            <div class=\"thumb\">\n                                <a href=\"http:\/\/africaatual.com.br\/wp-content\/uploads\/2023\/09\/acervos-mostra-afrofuturista-versao-completa.pptx_Pagina_07_Imagem_0002.jpg\" rel=\"npgallery\">\n                                    <img decoding=\"async\" src=\"https:\/\/africaatual.com.br\/wp-content\/uploads\/2023\/09\/acervos-mostra-afrofuturista-versao-completa.pptx_Pagina_07_Imagem_0002.jpg\" alt=\"\">\n                                <\/a>\n                            <\/div>\n                        <\/div>\n\n                                            <div class=\"htmega-justify-single-image\">\n                            <div class=\"thumb\">\n                                <a href=\"http:\/\/africaatual.com.br\/wp-content\/uploads\/2023\/09\/acervos-mostra-afrofuturista-versao-completa.pptx_Pagina_08_Imagem_0002.jpg\" rel=\"npgallery\">\n                                    <img decoding=\"async\" src=\"https:\/\/africaatual.com.br\/wp-content\/uploads\/2023\/09\/acervos-mostra-afrofuturista-versao-completa.pptx_Pagina_08_Imagem_0002.jpg\" alt=\"\">\n                                <\/a>\n                            <\/div>\n                        <\/div>\n\n                                            <div class=\"htmega-justify-single-image\">\n                            <div class=\"thumb\">\n                                <a href=\"http:\/\/africaatual.com.br\/wp-content\/uploads\/2023\/09\/acervos-mostra-afrofuturista-versao-completa.pptx_Pagina_09_Imagem_0002.jpg\" rel=\"npgallery\">\n                                    <img decoding=\"async\" src=\"https:\/\/africaatual.com.br\/wp-content\/uploads\/2023\/09\/acervos-mostra-afrofuturista-versao-completa.pptx_Pagina_09_Imagem_0002.jpg\" alt=\"\">\n                                <\/a>\n                            <\/div>\n                        <\/div>\n\n                                            <div class=\"htmega-justify-single-image\">\n                            <div class=\"thumb\">\n                                <a href=\"http:\/\/africaatual.com.br\/wp-content\/uploads\/2023\/09\/acervos-mostra-afrofuturista-versao-completa.pptx_Pagina_12_Imagem_0002.jpg\" rel=\"npgallery\">\n                                    <img decoding=\"async\" src=\"https:\/\/africaatual.com.br\/wp-content\/uploads\/2023\/09\/acervos-mostra-afrofuturista-versao-completa.pptx_Pagina_12_Imagem_0002.jpg\" alt=\"\">\n                                <\/a>\n                            <\/div>\n                        <\/div>\n\n                                            <div class=\"htmega-justify-single-image\">\n                            <div class=\"thumb\">\n                                <a href=\"http:\/\/africaatual.com.br\/wp-content\/uploads\/2023\/09\/acervos-mostra-afrofuturista-versao-completa.pptx_Pagina_13_Imagem_0002.jpg\" rel=\"npgallery\">\n                                    <img decoding=\"async\" src=\"https:\/\/africaatual.com.br\/wp-content\/uploads\/2023\/09\/acervos-mostra-afrofuturista-versao-completa.pptx_Pagina_13_Imagem_0002.jpg\" alt=\"\">\n                                <\/a>\n                            <\/div>\n                        <\/div>\n\n                                            <div class=\"htmega-justify-single-image\">\n                            <div class=\"thumb\">\n                                <a href=\"http:\/\/africaatual.com.br\/wp-content\/uploads\/2023\/09\/acervos-mostra-afrofuturista-versao-completa.pptx_Pagina_14_Imagem_0002.jpg\" rel=\"npgallery\">\n                                    <img decoding=\"async\" src=\"https:\/\/africaatual.com.br\/wp-content\/uploads\/2023\/09\/acervos-mostra-afrofuturista-versao-completa.pptx_Pagina_14_Imagem_0002.jpg\" alt=\"\">\n                                <\/a>\n                            <\/div>\n                        <\/div>\n\n                                            <div class=\"htmega-justify-single-image\">\n                            <div class=\"thumb\">\n                                <a href=\"http:\/\/africaatual.com.br\/wp-content\/uploads\/2023\/09\/acervos-mostra-afrofuturista-versao-completa.pptx_Pagina_16_Imagem_0002.jpg\" rel=\"npgallery\">\n                                    <img decoding=\"async\" src=\"https:\/\/africaatual.com.br\/wp-content\/uploads\/2023\/09\/acervos-mostra-afrofuturista-versao-completa.pptx_Pagina_16_Imagem_0002.jpg\" alt=\"\">\n                                <\/a>\n                            <\/div>\n                        <\/div>\n\n                                            <div class=\"htmega-justify-single-image\">\n                            <div class=\"thumb\">\n                                <a href=\"http:\/\/africaatual.com.br\/wp-content\/uploads\/2023\/09\/acervos-mostra-afrofuturista-versao-completa.pptx_Pagina_17_Imagem_0002.jpg\" rel=\"npgallery\">\n                                    <img decoding=\"async\" src=\"https:\/\/africaatual.com.br\/wp-content\/uploads\/2023\/09\/acervos-mostra-afrofuturista-versao-completa.pptx_Pagina_17_Imagem_0002.jpg\" alt=\"\">\n                                <\/a>\n                            <\/div>\n                        <\/div>\n\n                                            <div class=\"htmega-justify-single-image\">\n                            <div class=\"thumb\">\n                                <a href=\"http:\/\/africaatual.com.br\/wp-content\/uploads\/2023\/09\/acervos-mostra-afrofuturista-versao-completa.pptx_Pagina_18_Imagem_0002.jpg\" rel=\"npgallery\">\n                                    <img decoding=\"async\" src=\"https:\/\/africaatual.com.br\/wp-content\/uploads\/2023\/09\/acervos-mostra-afrofuturista-versao-completa.pptx_Pagina_18_Imagem_0002.jpg\" alt=\"\">\n                                <\/a>\n                            <\/div>\n                        <\/div>\n\n                                            <div class=\"htmega-justify-single-image\">\n                            <div class=\"thumb\">\n                                <a href=\"http:\/\/africaatual.com.br\/wp-content\/uploads\/2023\/09\/acervos-mostra-afrofuturista-versao-completa.pptx_Pagina_19_Imagem_0001.jpg\" rel=\"npgallery\">\n                                    <img decoding=\"async\" src=\"https:\/\/africaatual.com.br\/wp-content\/uploads\/2023\/09\/acervos-mostra-afrofuturista-versao-completa.pptx_Pagina_19_Imagem_0001.jpg\" alt=\"\">\n                                <\/a>\n                            <\/div>\n                        <\/div>\n\n                                            <div class=\"htmega-justify-single-image\">\n                            <div class=\"thumb\">\n                                <a href=\"http:\/\/africaatual.com.br\/wp-content\/uploads\/2023\/09\/acervos-mostra-afrofuturista-versao-completa.pptx_Pagina_21_Imagem_0002.jpg\" rel=\"npgallery\">\n                                    <img decoding=\"async\" src=\"https:\/\/africaatual.com.br\/wp-content\/uploads\/2023\/09\/acervos-mostra-afrofuturista-versao-completa.pptx_Pagina_21_Imagem_0002.jpg\" alt=\"\">\n                                <\/a>\n                            <\/div>\n                        <\/div>\n\n                                            <div class=\"htmega-justify-single-image\">\n                            <div class=\"thumb\">\n                                <a href=\"http:\/\/africaatual.com.br\/wp-content\/uploads\/2023\/09\/acervos-mostra-afrofuturista-versao-completa.pptx_Pagina_22_Imagem_0002.jpg\" rel=\"npgallery\">\n                                    <img decoding=\"async\" src=\"https:\/\/africaatual.com.br\/wp-content\/uploads\/2023\/09\/acervos-mostra-afrofuturista-versao-completa.pptx_Pagina_22_Imagem_0002.jpg\" alt=\"\">\n                                <\/a>\n                            <\/div>\n                        <\/div>\n\n                                            <div class=\"htmega-justify-single-image\">\n                            <div class=\"thumb\">\n                                <a href=\"http:\/\/africaatual.com.br\/wp-content\/uploads\/2023\/09\/acervos-mostra-afrofuturista-versao-completa.pptx_Pagina_23_Imagem_0002.jpg\" rel=\"npgallery\">\n                                    <img decoding=\"async\" src=\"https:\/\/africaatual.com.br\/wp-content\/uploads\/2023\/09\/acervos-mostra-afrofuturista-versao-completa.pptx_Pagina_23_Imagem_0002.jpg\" alt=\"\">\n                                <\/a>\n                            <\/div>\n                        <\/div>\n\n                                            <div class=\"htmega-justify-single-image\">\n                            <div class=\"thumb\">\n                                <a href=\"http:\/\/africaatual.com.br\/wp-content\/uploads\/2023\/09\/acervos-mostra-afrofuturista-versao-completa.pptx_Pagina_25_Imagem_0002.jpg\" rel=\"npgallery\">\n                                    <img decoding=\"async\" src=\"https:\/\/africaatual.com.br\/wp-content\/uploads\/2023\/09\/acervos-mostra-afrofuturista-versao-completa.pptx_Pagina_25_Imagem_0002.jpg\" alt=\"\">\n                                <\/a>\n                            <\/div>\n                        <\/div>\n\n                                            <div class=\"htmega-justify-single-image\">\n                            <div class=\"thumb\">\n                                <a href=\"http:\/\/africaatual.com.br\/wp-content\/uploads\/2023\/09\/acervos-mostra-afrofuturista-versao-completa.pptx_Pagina_32_Imagem_0002.jpg\" rel=\"npgallery\">\n                                    <img decoding=\"async\" src=\"https:\/\/africaatual.com.br\/wp-content\/uploads\/2023\/09\/acervos-mostra-afrofuturista-versao-completa.pptx_Pagina_32_Imagem_0002.jpg\" alt=\"\">\n                                <\/a>\n                            <\/div>\n                        <\/div>\n\n                                            <div class=\"htmega-justify-single-image\">\n                            <div class=\"thumb\">\n                                <a href=\"http:\/\/africaatual.com.br\/wp-content\/uploads\/2023\/09\/acervos-mostra-afrofuturista-versao-completa.pptx_Pagina_31_Imagem_0002.jpg\" rel=\"npgallery\">\n                                    <img decoding=\"async\" src=\"https:\/\/africaatual.com.br\/wp-content\/uploads\/2023\/09\/acervos-mostra-afrofuturista-versao-completa.pptx_Pagina_31_Imagem_0002.jpg\" alt=\"\">\n                                <\/a>\n                            <\/div>\n                        <\/div>\n\n                                            <div class=\"htmega-justify-single-image\">\n                            <div class=\"thumb\">\n                                <a href=\"http:\/\/africaatual.com.br\/wp-content\/uploads\/2023\/09\/acervos-mostra-afrofuturista-versao-completa.pptx_Pagina_30_Imagem_0002.jpg\" rel=\"npgallery\">\n                                    <img decoding=\"async\" src=\"https:\/\/africaatual.com.br\/wp-content\/uploads\/2023\/09\/acervos-mostra-afrofuturista-versao-completa.pptx_Pagina_30_Imagem_0002.jpg\" alt=\"\">\n                                <\/a>\n                            <\/div>\n                        <\/div>\n\n                                            <div class=\"htmega-justify-single-image\">\n                            <div class=\"thumb\">\n                                <a href=\"http:\/\/africaatual.com.br\/wp-content\/uploads\/2023\/09\/acervos-mostra-afrofuturista-versao-completa.pptx_Pagina_28_Imagem_0002.jpg\" rel=\"npgallery\">\n                                    <img decoding=\"async\" src=\"https:\/\/africaatual.com.br\/wp-content\/uploads\/2023\/09\/acervos-mostra-afrofuturista-versao-completa.pptx_Pagina_28_Imagem_0002.jpg\" alt=\"\">\n                                <\/a>\n                            <\/div>\n                        <\/div>\n\n                                            <div class=\"htmega-justify-single-image\">\n                            <div class=\"thumb\">\n                                <a href=\"http:\/\/africaatual.com.br\/wp-content\/uploads\/2023\/09\/acervos-mostra-afrofuturista-versao-completa.pptx_Pagina_27_Imagem_0002.jpg\" rel=\"npgallery\">\n                                    <img decoding=\"async\" src=\"https:\/\/africaatual.com.br\/wp-content\/uploads\/2023\/09\/acervos-mostra-afrofuturista-versao-completa.pptx_Pagina_27_Imagem_0002.jpg\" alt=\"\">\n                                <\/a>\n                            <\/div>\n                        <\/div>\n\n                                            <div class=\"htmega-justify-single-image\">\n                            <div class=\"thumb\">\n                                <a href=\"http:\/\/africaatual.com.br\/wp-content\/uploads\/2023\/09\/acervos-mostra-afrofuturista-versao-completa.pptx_Pagina_26_Imagem_0002.jpg\" rel=\"npgallery\">\n                                    <img decoding=\"async\" src=\"https:\/\/africaatual.com.br\/wp-content\/uploads\/2023\/09\/acervos-mostra-afrofuturista-versao-completa.pptx_Pagina_26_Imagem_0002.jpg\" alt=\"\">\n                                <\/a>\n                            <\/div>\n                        <\/div>\n\n                                            <div class=\"htmega-justify-single-image\">\n                            <div class=\"thumb\">\n                                <a href=\"http:\/\/africaatual.com.br\/wp-content\/uploads\/2023\/09\/acervos-mostra-afrofuturista-versao-completa.pptx_Pagina_33_Imagem_0002.jpg\" rel=\"npgallery\">\n                                    <img decoding=\"async\" src=\"https:\/\/africaatual.com.br\/wp-content\/uploads\/2023\/09\/acervos-mostra-afrofuturista-versao-completa.pptx_Pagina_33_Imagem_0002.jpg\" alt=\"\">\n                                <\/a>\n                            <\/div>\n                        <\/div>\n\n                                            <div class=\"htmega-justify-single-image\">\n                            <div class=\"thumb\">\n                                <a href=\"http:\/\/africaatual.com.br\/wp-content\/uploads\/2023\/09\/acervos-mostra-afrofuturista-versao-completa.pptx_Pagina_34_Imagem_0002.jpg\" rel=\"npgallery\">\n                                    <img decoding=\"async\" src=\"https:\/\/africaatual.com.br\/wp-content\/uploads\/2023\/09\/acervos-mostra-afrofuturista-versao-completa.pptx_Pagina_34_Imagem_0002.jpg\" alt=\"\">\n                                <\/a>\n                            <\/div>\n                        <\/div>\n\n                                            <div class=\"htmega-justify-single-image\">\n                            <div class=\"thumb\">\n                                <a href=\"http:\/\/africaatual.com.br\/wp-content\/uploads\/2023\/09\/acervos-mostra-afrofuturista-versao-completa.pptx_Pagina_35_Imagem_0002.jpg\" rel=\"npgallery\">\n                                    <img decoding=\"async\" src=\"https:\/\/africaatual.com.br\/wp-content\/uploads\/2023\/09\/acervos-mostra-afrofuturista-versao-completa.pptx_Pagina_35_Imagem_0002.jpg\" alt=\"\">\n                                <\/a>\n                            <\/div>\n                        <\/div>\n\n                                            <div class=\"htmega-justify-single-image\">\n                            <div class=\"thumb\">\n                                <a href=\"http:\/\/africaatual.com.br\/wp-content\/uploads\/2023\/09\/acervos-mostra-afrofuturista-versao-completa.pptx_Pagina_36_Imagem_0002.jpg\" rel=\"npgallery\">\n                                    <img decoding=\"async\" src=\"https:\/\/africaatual.com.br\/wp-content\/uploads\/2023\/09\/acervos-mostra-afrofuturista-versao-completa.pptx_Pagina_36_Imagem_0002.jpg\" alt=\"\">\n                                <\/a>\n                            <\/div>\n                        <\/div>\n\n                                            <div class=\"htmega-justify-single-image\">\n                            <div class=\"thumb\">\n                                <a href=\"http:\/\/africaatual.com.br\/wp-content\/uploads\/2023\/09\/acervos-mostra-afrofuturista-versao-completa.pptx_Pagina_38_Imagem_0002.jpg\" rel=\"npgallery\">\n                                    <img decoding=\"async\" src=\"https:\/\/africaatual.com.br\/wp-content\/uploads\/2023\/09\/acervos-mostra-afrofuturista-versao-completa.pptx_Pagina_38_Imagem_0002.jpg\" alt=\"\">\n                                <\/a>\n                            <\/div>\n                        <\/div>\n\n                                            <div class=\"htmega-justify-single-image\">\n                            <div class=\"thumb\">\n                                <a href=\"http:\/\/africaatual.com.br\/wp-content\/uploads\/2023\/09\/acervos-mostra-afrofuturista-versao-completa.pptx_Pagina_39_Imagem_0002.jpg\" rel=\"npgallery\">\n                                    <img decoding=\"async\" src=\"https:\/\/africaatual.com.br\/wp-content\/uploads\/2023\/09\/acervos-mostra-afrofuturista-versao-completa.pptx_Pagina_39_Imagem_0002.jpg\" alt=\"\">\n                                <\/a>\n                            <\/div>\n                        <\/div>\n\n                                            <div class=\"htmega-justify-single-image\">\n                            <div class=\"thumb\">\n                                <a href=\"http:\/\/africaatual.com.br\/wp-content\/uploads\/2023\/09\/acervos-mostra-afrofuturista-versao-completa.pptx_Pagina_47_Imagem_0001.jpg\" rel=\"npgallery\">\n                                    <img decoding=\"async\" src=\"https:\/\/africaatual.com.br\/wp-content\/uploads\/2023\/09\/acervos-mostra-afrofuturista-versao-completa.pptx_Pagina_47_Imagem_0001.jpg\" alt=\"\">\n                                <\/a>\n                            <\/div>\n                        <\/div>\n\n                                            <div class=\"htmega-justify-single-image\">\n                            <div class=\"thumb\">\n                                <a href=\"http:\/\/africaatual.com.br\/wp-content\/uploads\/2023\/09\/acervos-mostra-afrofuturista-versao-completa.pptx_Pagina_46_Imagem_0001.jpg\" rel=\"npgallery\">\n                                    <img decoding=\"async\" src=\"https:\/\/africaatual.com.br\/wp-content\/uploads\/2023\/09\/acervos-mostra-afrofuturista-versao-completa.pptx_Pagina_46_Imagem_0001.jpg\" alt=\"\">\n                                <\/a>\n                            <\/div>\n                        <\/div>\n\n                                            <div class=\"htmega-justify-single-image\">\n                            <div class=\"thumb\">\n                                <a href=\"http:\/\/africaatual.com.br\/wp-content\/uploads\/2023\/09\/acervos-mostra-afrofuturista-versao-completa.pptx_Pagina_45_Imagem_0002.jpg\" rel=\"npgallery\">\n                                    <img decoding=\"async\" src=\"https:\/\/africaatual.com.br\/wp-content\/uploads\/2023\/09\/acervos-mostra-afrofuturista-versao-completa.pptx_Pagina_45_Imagem_0002.jpg\" alt=\"\">\n                                <\/a>\n                            <\/div>\n                        <\/div>\n\n                                            <div class=\"htmega-justify-single-image\">\n                            <div class=\"thumb\">\n                                <a href=\"http:\/\/africaatual.com.br\/wp-content\/uploads\/2023\/09\/acervos-mostra-afrofuturista-versao-completa.pptx_Pagina_43_Imagem_0001.jpg\" rel=\"npgallery\">\n                                    <img decoding=\"async\" src=\"https:\/\/africaatual.com.br\/wp-content\/uploads\/2023\/09\/acervos-mostra-afrofuturista-versao-completa.pptx_Pagina_43_Imagem_0001.jpg\" alt=\"\">\n                                <\/a>\n                            <\/div>\n                        <\/div>\n\n                                            <div class=\"htmega-justify-single-image\">\n                            <div class=\"thumb\">\n                                <a href=\"http:\/\/africaatual.com.br\/wp-content\/uploads\/2023\/09\/acervos-mostra-afrofuturista-versao-completa.pptx_Pagina_42_Imagem_0001.jpg\" rel=\"npgallery\">\n                                    <img decoding=\"async\" src=\"https:\/\/africaatual.com.br\/wp-content\/uploads\/2023\/09\/acervos-mostra-afrofuturista-versao-completa.pptx_Pagina_42_Imagem_0001.jpg\" alt=\"\">\n                                <\/a>\n                            <\/div>\n                        <\/div>\n\n                                            <div class=\"htmega-justify-single-image\">\n                            <div class=\"thumb\">\n                                <a href=\"http:\/\/africaatual.com.br\/wp-content\/uploads\/2023\/09\/acervos-mostra-afrofuturista-versao-completa.pptx_Pagina_41_Imagem_0001.jpg\" rel=\"npgallery\">\n                                    <img decoding=\"async\" src=\"https:\/\/africaatual.com.br\/wp-content\/uploads\/2023\/09\/acervos-mostra-afrofuturista-versao-completa.pptx_Pagina_41_Imagem_0001.jpg\" alt=\"\">\n                                <\/a>\n                            <\/div>\n                        <\/div>\n\n                                            <div class=\"htmega-justify-single-image\">\n                            <div class=\"thumb\">\n                                <a href=\"http:\/\/africaatual.com.br\/wp-content\/uploads\/2023\/09\/acervos-mostra-afrofuturista-versao-completa.pptx_Pagina_49_Imagem_0002.jpg\" rel=\"npgallery\">\n                                    <img decoding=\"async\" src=\"https:\/\/africaatual.com.br\/wp-content\/uploads\/2023\/09\/acervos-mostra-afrofuturista-versao-completa.pptx_Pagina_49_Imagem_0002.jpg\" alt=\"\">\n                                <\/a>\n                            <\/div>\n                        <\/div>\n\n                                            <div class=\"htmega-justify-single-image\">\n                            <div class=\"thumb\">\n                                <a href=\"http:\/\/africaatual.com.br\/wp-content\/uploads\/2023\/09\/acervos-mostra-afrofuturista-versao-completa.pptx_Pagina_50_Imagem_0002.jpg\" rel=\"npgallery\">\n                                    <img decoding=\"async\" src=\"https:\/\/africaatual.com.br\/wp-content\/uploads\/2023\/09\/acervos-mostra-afrofuturista-versao-completa.pptx_Pagina_50_Imagem_0002.jpg\" alt=\"\">\n                                <\/a>\n                            <\/div>\n                        <\/div>\n\n                                            <div class=\"htmega-justify-single-image\">\n                            <div class=\"thumb\">\n                                <a href=\"http:\/\/africaatual.com.br\/wp-content\/uploads\/2023\/09\/acervos-mostra-afrofuturista-versao-completa.pptx_Pagina_51_Imagem_0002.jpg\" rel=\"npgallery\">\n                                    <img decoding=\"async\" src=\"https:\/\/africaatual.com.br\/wp-content\/uploads\/2023\/09\/acervos-mostra-afrofuturista-versao-completa.pptx_Pagina_51_Imagem_0002.jpg\" alt=\"\">\n                                <\/a>\n                            <\/div>\n                        <\/div>\n\n                                            <div class=\"htmega-justify-single-image\">\n                            <div class=\"thumb\">\n                                <a href=\"http:\/\/africaatual.com.br\/wp-content\/uploads\/2023\/09\/acervos-mostra-afrofuturista-versao-completa.pptx_Pagina_52_Imagem_0002.jpg\" rel=\"npgallery\">\n                                    <img decoding=\"async\" src=\"https:\/\/africaatual.com.br\/wp-content\/uploads\/2023\/09\/acervos-mostra-afrofuturista-versao-completa.pptx_Pagina_52_Imagem_0002.jpg\" alt=\"\">\n                                <\/a>\n                            <\/div>\n                        <\/div>\n\n                                            <div class=\"htmega-justify-single-image\">\n                            <div class=\"thumb\">\n                                <a href=\"http:\/\/africaatual.com.br\/wp-content\/uploads\/2023\/09\/acervos-mostra-afrofuturista-versao-completa.pptx_Pagina_53_Imagem_0002.jpg\" rel=\"npgallery\">\n                                    <img decoding=\"async\" src=\"https:\/\/africaatual.com.br\/wp-content\/uploads\/2023\/09\/acervos-mostra-afrofuturista-versao-completa.pptx_Pagina_53_Imagem_0002.jpg\" alt=\"\">\n                                <\/a>\n                            <\/div>\n                        <\/div>\n\n                                            <div class=\"htmega-justify-single-image\">\n                            <div class=\"thumb\">\n                                <a href=\"http:\/\/africaatual.com.br\/wp-content\/uploads\/2023\/09\/acervos-mostra-afrofuturista-versao-completa.pptx_Pagina_54_Imagem_0001.jpg\" rel=\"npgallery\">\n                                    <img decoding=\"async\" src=\"https:\/\/africaatual.com.br\/wp-content\/uploads\/2023\/09\/acervos-mostra-afrofuturista-versao-completa.pptx_Pagina_54_Imagem_0001.jpg\" alt=\"\">\n                                <\/a>\n                            <\/div>\n                        <\/div>\n\n                    <\/div>        <script>\n            jQuery(document).ready(function($) {\n\n                'use strict';                \n                $('#npgallery5e029f3').imagesLoaded( function() {\n                    $('#npgallery5e029f3')[0].style.display='block';\n                    $('#npgallery5e029f3').justifiedGallery({\n                        rowHeight: 300,\n                        maxRowHeight: null,\n                        margins: 20,\n                        border: 0,\n                        rel: 'npgallery5e029f3',\n                        lastRow: 'nojustify',\n                        captions: true,\n                        randomize: false,\n                        sizeRangeSuffixes: {\n                            lt100: '_t',\n                            lt240: '_m',\n                            lt320: '_n',\n                            lt500: '',\n                            lt640: '_z',\n                            lt1024: '_b'\n                        }\n                    });\n                });\n                            });\n        <\/script>\n        \t\t\t\t<\/div>\n\t\t\t\t<\/div>\n\t\t\t\t\t<\/div>\n\t\t\t\t<\/div>\n\t\t\t\t<\/div>\n\t\t","protected":false},"excerpt":{"rendered":"<p>Mostra Cultural Afrifuturista A exposi\u00e7\u00e3o da Mostra Cultural Afrifuturista conta com obras art\u00edsticas oriundas de v\u00e1rios pa\u00edses em \u00c1frica, e, tamb\u00e9m se apercebe articulada com componentes da arte brasileira.\u00a0 Not\u00edcias Not\u00edcias Africanas #4 Not\u00edcias Africanas #3 Negros em evid\u00eancia Not\u00edcias Africanas #2 Not\u00edcias Africanas &#8211; #1 Jan24 A\u00a0Mostra Cultural Afrifuturista possui uma din\u00e2mica de itiner\u00e2ncia, adequando-se aos contextos dos munic\u00edpios, em seus\u00a0 ambientes culturais e educacionais\u00a0 https:\/\/www.youtube.com\/watch?v=4IhO3YK4Gec Nova conceitua\u00e7\u00e3o da Mostra Cultural Afrifuturista Existem algumas importantes e sutis diferen\u00e7as conceituais entre afrofuturismo e afrifuturismo, os mesmos se expandem para afrocentrada e africentrada.\u00a0 O termo \u201cafrofuturismo\u201d recebe seu primeiro registro formal em texto, de Mark Dery, denominado \u201cblack to the Future\u201d. O tema j\u00e1 estava em discuss\u00e3o em v\u00e1rios movimentos culturais afro-estadunidenses, e marca uma leitura cultural que se expande atrav\u00e9s da literatura e da fic\u00e7\u00e3o cient\u00edfica. E, em fase seguinte, tomando rumos nas est\u00e9ticas art\u00edsticas, cinema e moda, entre outras express\u00f5es. O afrofuturismo agregou movimentos culturais no legado da di\u00e1spora africana.\u00a0\u00a0 O afrifuturismo, ou africanfuturism, \u00e9 uma leitura que busca sua centralidade nos autores oriundos, principalmente, do continente africano. A primeira autora que cita a express\u00e3o \u00e9 Nnedi Okorafor. A dimens\u00e3o africentrada desta proposi\u00e7\u00e3o cultural reverbera os eixos das express\u00f5es est\u00e9ticas, culturais e filos\u00f3ficas, tamb\u00e9m as mitologias e hist\u00f3ria africana. O Afrifuturismo possui fortes intera\u00e7\u00f5es com as perspectivas das novas tecnologias e proposi\u00e7\u00f5es de futuro otimistas para os pa\u00edses em \u00c1frica, tamb\u00e9m inserindo em seu contexto a produ\u00e7\u00e3o diasp\u00f3rica.\u00a0\u00a0\u00a0\u00a0 Assim, as mostras ou exposi\u00e7\u00f5es do Projeto \u00c1frica Atual, a partir de 2024, se aderem \u00e0s proposi\u00e7\u00f5es contempor\u00e2neas dos AFRIFUTURISTAS, cujas intera\u00e7\u00f5es com \u00e0s afrobrasilidades est\u00e3o fortemente enraizadas, sem perder as conex\u00f5es presentes nas iniciativas culturais do AFROFUTURISMO. https:\/\/youtu.be\/wzzDegU6mF4https:\/\/youtu.be\/Yy1X25ytZjM A Mostra Cultural Afrifuturista exibe caracter\u00edsticas que divulgam os 54 pa\u00edses africanos, por meio das artes e culturas, sob o ponto de vista da \u00c1frica moderna e atual. O prop\u00f3sito \u00e9 apresentar elementos do continente, atrav\u00e9s de um acervo plural, marcado por uma est\u00e9tica caracterizada por modalidades de artes manuais, pinturas, moda, esculturas, fotografias, v\u00eddeos de apresenta\u00e7\u00f5es musicais e de dan\u00e7as. As instala\u00e7\u00f5es da mostra permitem conhecer ainda um continente culturalmente alargado pela diversidade, e pela beleza est\u00e9tica africana. O conceito afrifuturista transcende ao contempor\u00e2neo. Com perspectivas que abordam a linguagem est\u00e9tica mesclada \u00e0s culturas tradicionais e ancestrais, combinando elementos sci-fi. Os princ\u00edpios do afrifuturismo interagem com a sofistica\u00e7\u00e3o da vida moderna, com sua fluidez e flexibilidade, em pontos inacabados de possibilidades. A id\u00e9ia se espalhou e ampliou suas influ\u00eancias em produ\u00e7\u00f5es liter\u00e1rias e musicais. Notadamente chegou ao cinema de forma massificada com o filme Pantera Negra de 2018 do diretor Ryan Coogler, protagonizado pelo ator Chadwick Boseman morto precocemente aos 42 anos. O filme retrata Wakanda, representa\u00e7\u00e3o de uma cidade ut\u00f3pica, que tem se reverberado como uma alternativa exequ\u00edvel \u00e0s constru\u00e7\u00f5es de Abuja na Nig\u00e9ria, Nova Cairo no Egito, Akon City no Senegal, Konza Tecnopolis no Qu\u00eania, Lanseria Smart City na \u00c1frica do Sul, entre outras experi\u00eancias. Se houver interesse em articular a instala\u00e7\u00e3o da Mostra em seu munic\u00edpio, contate\u00a0eiros@africaatual.com.br. Conhe\u00e7a as obras do acervo da Mostra Cultural Afrifuturista Fotos das edi\u00e7\u00f5es da Mostra Cultural Afrifuturista\u00a0 Mostra Cultural Afrifuturista &#8211; Campinas 2022 19 de fevereiro de 2024 0 Comments Mostra Cultural Afrifuturista &#8211; Hortol\u00e2ndia 2022 19 de fevereiro de 2024 0 Comments Mostra Cultural Afrifuturista &#8211; Campinas 20223 19 de fevereiro de 2024 0 Comments Mostra Cultural Afrifuturista &#8211; Osasco 20223 19 de fevereiro de 2024 0 Comments<\/p>\n","protected":false},"author":2,"featured_media":0,"parent":0,"menu_order":0,"comment_status":"closed","ping_status":"closed","template":"","meta":{"inline_featured_image":false,"ocean_post_layout":"","ocean_both_sidebars_style":"","ocean_both_sidebars_content_width":0,"ocean_both_sidebars_sidebars_width":0,"ocean_sidebar":"0","ocean_second_sidebar":"0","ocean_disable_margins":"enable","ocean_add_body_class":"","ocean_shortcode_before_top_bar":"","ocean_shortcode_after_top_bar":"","ocean_shortcode_before_header":"","ocean_shortcode_after_header":"","ocean_has_shortcode":"","ocean_shortcode_after_title":"","ocean_shortcode_before_footer_widgets":"","ocean_shortcode_after_footer_widgets":"","ocean_shortcode_before_footer_bottom":"","ocean_shortcode_after_footer_bottom":"","ocean_display_top_bar":"default","ocean_display_header":"default","ocean_header_style":"","ocean_center_header_left_menu":"0","ocean_custom_header_template":"0","ocean_custom_logo":0,"ocean_custom_retina_logo":0,"ocean_custom_logo_max_width":0,"ocean_custom_logo_tablet_max_width":0,"ocean_custom_logo_mobile_max_width":0,"ocean_custom_logo_max_height":0,"ocean_custom_logo_tablet_max_height":0,"ocean_custom_logo_mobile_max_height":0,"ocean_header_custom_menu":"0","ocean_menu_typo_font_family":"0","ocean_menu_typo_font_subset":"","ocean_menu_typo_font_size":0,"ocean_menu_typo_font_size_tablet":0,"ocean_menu_typo_font_size_mobile":0,"ocean_menu_typo_font_size_unit":"px","ocean_menu_typo_font_weight":"","ocean_menu_typo_font_weight_tablet":"","ocean_menu_typo_font_weight_mobile":"","ocean_menu_typo_transform":"","ocean_menu_typo_transform_tablet":"","ocean_menu_typo_transform_mobile":"","ocean_menu_typo_line_height":0,"ocean_menu_typo_line_height_tablet":0,"ocean_menu_typo_line_height_mobile":0,"ocean_menu_typo_line_height_unit":"","ocean_menu_typo_spacing":0,"ocean_menu_typo_spacing_tablet":0,"ocean_menu_typo_spacing_mobile":0,"ocean_menu_typo_spacing_unit":"","ocean_menu_link_color":"","ocean_menu_link_color_hover":"","ocean_menu_link_color_active":"","ocean_menu_link_background":"","ocean_menu_link_hover_background":"","ocean_menu_link_active_background":"","ocean_menu_social_links_bg":"","ocean_menu_social_hover_links_bg":"","ocean_menu_social_links_color":"","ocean_menu_social_hover_links_color":"","ocean_disable_title":"default","ocean_disable_heading":"default","ocean_post_title":"","ocean_post_subheading":"","ocean_post_title_style":"","ocean_post_title_background_color":"","ocean_post_title_background":0,"ocean_post_title_bg_image_position":"","ocean_post_title_bg_image_attachment":"","ocean_post_title_bg_image_repeat":"","ocean_post_title_bg_image_size":"","ocean_post_title_height":0,"ocean_post_title_bg_overlay":0.5,"ocean_post_title_bg_overlay_color":"","ocean_disable_breadcrumbs":"default","ocean_breadcrumbs_color":"","ocean_breadcrumbs_separator_color":"","ocean_breadcrumbs_links_color":"","ocean_breadcrumbs_links_hover_color":"","ocean_display_footer_widgets":"default","ocean_display_footer_bottom":"default","ocean_custom_footer_template":"0","omw_enable_modal_window":"enable","footnotes":""},"palavra-chave":[],"class_list":["post-240","page","type-page","status-publish","hentry","entry","has-media"],"yoast_head":"<!-- This site is optimized with the Yoast SEO plugin v27.3 - https:\/\/yoast.com\/product\/yoast-seo-wordpress\/ -->\n<title>Mostra Cultural Afrofuturista - africaatual.com.br<\/title>\n<meta name=\"robots\" content=\"index, follow, max-snippet:-1, max-image-preview:large, max-video-preview:-1\" \/>\n<link rel=\"canonical\" href=\"https:\/\/africaatual.com.br\/index.php\/mostra-cultural-afrofuturista\/\" \/>\n<meta property=\"og:locale\" content=\"pt_BR\" \/>\n<meta property=\"og:type\" content=\"article\" \/>\n<meta property=\"og:title\" content=\"Mostra Cultural Afrofuturista - africaatual.com.br\" \/>\n<meta property=\"og:description\" content=\"Mostra Cultural Afrifuturista A exposi\u00e7\u00e3o da Mostra Cultural Afrifuturista conta com obras art\u00edsticas oriundas de v\u00e1rios pa\u00edses em \u00c1frica, e, tamb\u00e9m se apercebe articulada com componentes da arte brasileira.\u00a0 Not\u00edcias Not\u00edcias Africanas #4 Not\u00edcias Africanas #3 Negros em evid\u00eancia Not\u00edcias Africanas #2 Not\u00edcias Africanas &#8211; #1 Jan24 A\u00a0Mostra Cultural Afrifuturista possui uma din\u00e2mica de itiner\u00e2ncia, adequando-se aos contextos dos munic\u00edpios, em seus\u00a0 ambientes culturais e educacionais\u00a0 https:\/\/www.youtube.com\/watch?v=4IhO3YK4Gec Nova conceitua\u00e7\u00e3o da Mostra Cultural Afrifuturista Existem algumas importantes e sutis diferen\u00e7as conceituais entre afrofuturismo e afrifuturismo, os mesmos se expandem para afrocentrada e africentrada.\u00a0 O termo \u201cafrofuturismo\u201d recebe seu primeiro registro formal em texto, de Mark Dery, denominado \u201cblack to the Future\u201d. O tema j\u00e1 estava em discuss\u00e3o em v\u00e1rios movimentos culturais afro-estadunidenses, e marca uma leitura cultural que se expande atrav\u00e9s da literatura e da fic\u00e7\u00e3o cient\u00edfica. E, em fase seguinte, tomando rumos nas est\u00e9ticas art\u00edsticas, cinema e moda, entre outras express\u00f5es. O afrofuturismo agregou movimentos culturais no legado da di\u00e1spora africana.\u00a0\u00a0 O afrifuturismo, ou africanfuturism, \u00e9 uma leitura que busca sua centralidade nos autores oriundos, principalmente, do continente africano. A primeira autora que cita a express\u00e3o \u00e9 Nnedi Okorafor. A dimens\u00e3o africentrada desta proposi\u00e7\u00e3o cultural reverbera os eixos das express\u00f5es est\u00e9ticas, culturais e filos\u00f3ficas, tamb\u00e9m as mitologias e hist\u00f3ria africana. O Afrifuturismo possui fortes intera\u00e7\u00f5es com as perspectivas das novas tecnologias e proposi\u00e7\u00f5es de futuro otimistas para os pa\u00edses em \u00c1frica, tamb\u00e9m inserindo em seu contexto a produ\u00e7\u00e3o diasp\u00f3rica.\u00a0\u00a0\u00a0\u00a0 Assim, as mostras ou exposi\u00e7\u00f5es do Projeto \u00c1frica Atual, a partir de 2024, se aderem \u00e0s proposi\u00e7\u00f5es contempor\u00e2neas dos AFRIFUTURISTAS, cujas intera\u00e7\u00f5es com \u00e0s afrobrasilidades est\u00e3o fortemente enraizadas, sem perder as conex\u00f5es presentes nas iniciativas culturais do AFROFUTURISMO. https:\/\/youtu.be\/wzzDegU6mF4https:\/\/youtu.be\/Yy1X25ytZjM A Mostra Cultural Afrifuturista exibe caracter\u00edsticas que divulgam os 54 pa\u00edses africanos, por meio das artes e culturas, sob o ponto de vista da \u00c1frica moderna e atual. O prop\u00f3sito \u00e9 apresentar elementos do continente, atrav\u00e9s de um acervo plural, marcado por uma est\u00e9tica caracterizada por modalidades de artes manuais, pinturas, moda, esculturas, fotografias, v\u00eddeos de apresenta\u00e7\u00f5es musicais e de dan\u00e7as. As instala\u00e7\u00f5es da mostra permitem conhecer ainda um continente culturalmente alargado pela diversidade, e pela beleza est\u00e9tica africana. O conceito afrifuturista transcende ao contempor\u00e2neo. Com perspectivas que abordam a linguagem est\u00e9tica mesclada \u00e0s culturas tradicionais e ancestrais, combinando elementos sci-fi. Os princ\u00edpios do afrifuturismo interagem com a sofistica\u00e7\u00e3o da vida moderna, com sua fluidez e flexibilidade, em pontos inacabados de possibilidades. A id\u00e9ia se espalhou e ampliou suas influ\u00eancias em produ\u00e7\u00f5es liter\u00e1rias e musicais. Notadamente chegou ao cinema de forma massificada com o filme Pantera Negra de 2018 do diretor Ryan Coogler, protagonizado pelo ator Chadwick Boseman morto precocemente aos 42 anos. O filme retrata Wakanda, representa\u00e7\u00e3o de uma cidade ut\u00f3pica, que tem se reverberado como uma alternativa exequ\u00edvel \u00e0s constru\u00e7\u00f5es de Abuja na Nig\u00e9ria, Nova Cairo no Egito, Akon City no Senegal, Konza Tecnopolis no Qu\u00eania, Lanseria Smart City na \u00c1frica do Sul, entre outras experi\u00eancias. Se houver interesse em articular a instala\u00e7\u00e3o da Mostra em seu munic\u00edpio, contate\u00a0eiros@africaatual.com.br. Conhe\u00e7a as obras do acervo da Mostra Cultural Afrifuturista Fotos das edi\u00e7\u00f5es da Mostra Cultural Afrifuturista\u00a0 Mostra Cultural Afrifuturista &#8211; Campinas 2022 19 de fevereiro de 2024 0 Comments Mostra Cultural Afrifuturista &#8211; Hortol\u00e2ndia 2022 19 de fevereiro de 2024 0 Comments Mostra Cultural Afrifuturista &#8211; Campinas 20223 19 de fevereiro de 2024 0 Comments Mostra Cultural Afrifuturista &#8211; Osasco 20223 19 de fevereiro de 2024 0 Comments\" \/>\n<meta property=\"og:url\" content=\"https:\/\/africaatual.com.br\/index.php\/mostra-cultural-afrofuturista\/\" \/>\n<meta property=\"og:site_name\" content=\"africaatual.com.br\" \/>\n<meta property=\"article:modified_time\" content=\"2024-02-19T13:11:37+00:00\" \/>\n<meta property=\"og:image\" content=\"http:\/\/africaatual.com.br\/wp-content\/uploads\/2023\/09\/acervos-mostra-afrofuturista-versao-completa.pptx_Pagina_73_Imagem_0001-1024x644.jpg\" \/>\n<meta name=\"twitter:card\" content=\"summary_large_image\" \/>\n<meta name=\"twitter:label1\" content=\"Est. tempo de leitura\" \/>\n\t<meta name=\"twitter:data1\" content=\"13 minutos\" \/>\n<script type=\"application\/ld+json\" class=\"yoast-schema-graph\">{\"@context\":\"https:\\\/\\\/schema.org\",\"@graph\":[{\"@type\":\"WebPage\",\"@id\":\"https:\\\/\\\/africaatual.com.br\\\/index.php\\\/mostra-cultural-afrofuturista\\\/\",\"url\":\"https:\\\/\\\/africaatual.com.br\\\/index.php\\\/mostra-cultural-afrofuturista\\\/\",\"name\":\"Mostra Cultural Afrofuturista - africaatual.com.br\",\"isPartOf\":{\"@id\":\"https:\\\/\\\/africaatual.com.br\\\/#website\"},\"primaryImageOfPage\":{\"@id\":\"https:\\\/\\\/africaatual.com.br\\\/index.php\\\/mostra-cultural-afrofuturista\\\/#primaryimage\"},\"image\":{\"@id\":\"https:\\\/\\\/africaatual.com.br\\\/index.php\\\/mostra-cultural-afrofuturista\\\/#primaryimage\"},\"thumbnailUrl\":\"http:\\\/\\\/africaatual.com.br\\\/wp-content\\\/uploads\\\/2023\\\/09\\\/acervos-mostra-afrofuturista-versao-completa.pptx_Pagina_73_Imagem_0001-1024x644.jpg\",\"datePublished\":\"2023-06-24T12:15:24+00:00\",\"dateModified\":\"2024-02-19T13:11:37+00:00\",\"breadcrumb\":{\"@id\":\"https:\\\/\\\/africaatual.com.br\\\/index.php\\\/mostra-cultural-afrofuturista\\\/#breadcrumb\"},\"inLanguage\":\"pt-BR\",\"potentialAction\":[{\"@type\":\"ReadAction\",\"target\":[\"https:\\\/\\\/africaatual.com.br\\\/index.php\\\/mostra-cultural-afrofuturista\\\/\"]}]},{\"@type\":\"ImageObject\",\"inLanguage\":\"pt-BR\",\"@id\":\"https:\\\/\\\/africaatual.com.br\\\/index.php\\\/mostra-cultural-afrofuturista\\\/#primaryimage\",\"url\":\"http:\\\/\\\/africaatual.com.br\\\/wp-content\\\/uploads\\\/2023\\\/09\\\/acervos-mostra-afrofuturista-versao-completa.pptx_Pagina_73_Imagem_0001-1024x644.jpg\",\"contentUrl\":\"http:\\\/\\\/africaatual.com.br\\\/wp-content\\\/uploads\\\/2023\\\/09\\\/acervos-mostra-afrofuturista-versao-completa.pptx_Pagina_73_Imagem_0001-1024x644.jpg\"},{\"@type\":\"BreadcrumbList\",\"@id\":\"https:\\\/\\\/africaatual.com.br\\\/index.php\\\/mostra-cultural-afrofuturista\\\/#breadcrumb\",\"itemListElement\":[{\"@type\":\"ListItem\",\"position\":1,\"name\":\"In\u00edcio\",\"item\":\"https:\\\/\\\/africaatual.com.br\\\/\"},{\"@type\":\"ListItem\",\"position\":2,\"name\":\"Mostra Cultural Afrofuturista\"}]},{\"@type\":\"WebSite\",\"@id\":\"https:\\\/\\\/africaatual.com.br\\\/#website\",\"url\":\"https:\\\/\\\/africaatual.com.br\\\/\",\"name\":\"africaatual.com.br\",\"description\":\"O Atlas Geocultural da \u00c1frica \u00e9 um rico material de leitura e pesquisa, que visa apresentar de forma atual os pa\u00edses africanos, ainda t\u00e3o pouco conhecidos.\",\"publisher\":{\"@id\":\"https:\\\/\\\/africaatual.com.br\\\/#organization\"},\"potentialAction\":[{\"@type\":\"SearchAction\",\"target\":{\"@type\":\"EntryPoint\",\"urlTemplate\":\"https:\\\/\\\/africaatual.com.br\\\/?s={search_term_string}\"},\"query-input\":{\"@type\":\"PropertyValueSpecification\",\"valueRequired\":true,\"valueName\":\"search_term_string\"}}],\"inLanguage\":\"pt-BR\"},{\"@type\":\"Organization\",\"@id\":\"https:\\\/\\\/africaatual.com.br\\\/#organization\",\"name\":\"africaatual.com.br\",\"url\":\"https:\\\/\\\/africaatual.com.br\\\/\",\"logo\":{\"@type\":\"ImageObject\",\"inLanguage\":\"pt-BR\",\"@id\":\"https:\\\/\\\/africaatual.com.br\\\/#\\\/schema\\\/logo\\\/image\\\/\",\"url\":\"http:\\\/\\\/africaatual.com.br\\\/wp-content\\\/uploads\\\/2023\\\/06\\\/LOGOEIROS_Prancheta-1-tipo-preto.png\",\"contentUrl\":\"http:\\\/\\\/africaatual.com.br\\\/wp-content\\\/uploads\\\/2023\\\/06\\\/LOGOEIROS_Prancheta-1-tipo-preto.png\",\"width\":1667,\"height\":730,\"caption\":\"africaatual.com.br\"},\"image\":{\"@id\":\"https:\\\/\\\/africaatual.com.br\\\/#\\\/schema\\\/logo\\\/image\\\/\"}}]}<\/script>\n<!-- \/ Yoast SEO plugin. -->","yoast_head_json":{"title":"Mostra Cultural Afrofuturista - africaatual.com.br","robots":{"index":"index","follow":"follow","max-snippet":"max-snippet:-1","max-image-preview":"max-image-preview:large","max-video-preview":"max-video-preview:-1"},"canonical":"https:\/\/africaatual.com.br\/index.php\/mostra-cultural-afrofuturista\/","og_locale":"pt_BR","og_type":"article","og_title":"Mostra Cultural Afrofuturista - africaatual.com.br","og_description":"Mostra Cultural Afrifuturista A exposi\u00e7\u00e3o da Mostra Cultural Afrifuturista conta com obras art\u00edsticas oriundas de v\u00e1rios pa\u00edses em \u00c1frica, e, tamb\u00e9m se apercebe articulada com componentes da arte brasileira.\u00a0 Not\u00edcias Not\u00edcias Africanas #4 Not\u00edcias Africanas #3 Negros em evid\u00eancia Not\u00edcias Africanas #2 Not\u00edcias Africanas &#8211; #1 Jan24 A\u00a0Mostra Cultural Afrifuturista possui uma din\u00e2mica de itiner\u00e2ncia, adequando-se aos contextos dos munic\u00edpios, em seus\u00a0 ambientes culturais e educacionais\u00a0 https:\/\/www.youtube.com\/watch?v=4IhO3YK4Gec Nova conceitua\u00e7\u00e3o da Mostra Cultural Afrifuturista Existem algumas importantes e sutis diferen\u00e7as conceituais entre afrofuturismo e afrifuturismo, os mesmos se expandem para afrocentrada e africentrada.\u00a0 O termo \u201cafrofuturismo\u201d recebe seu primeiro registro formal em texto, de Mark Dery, denominado \u201cblack to the Future\u201d. O tema j\u00e1 estava em discuss\u00e3o em v\u00e1rios movimentos culturais afro-estadunidenses, e marca uma leitura cultural que se expande atrav\u00e9s da literatura e da fic\u00e7\u00e3o cient\u00edfica. E, em fase seguinte, tomando rumos nas est\u00e9ticas art\u00edsticas, cinema e moda, entre outras express\u00f5es. O afrofuturismo agregou movimentos culturais no legado da di\u00e1spora africana.\u00a0\u00a0 O afrifuturismo, ou africanfuturism, \u00e9 uma leitura que busca sua centralidade nos autores oriundos, principalmente, do continente africano. A primeira autora que cita a express\u00e3o \u00e9 Nnedi Okorafor. A dimens\u00e3o africentrada desta proposi\u00e7\u00e3o cultural reverbera os eixos das express\u00f5es est\u00e9ticas, culturais e filos\u00f3ficas, tamb\u00e9m as mitologias e hist\u00f3ria africana. O Afrifuturismo possui fortes intera\u00e7\u00f5es com as perspectivas das novas tecnologias e proposi\u00e7\u00f5es de futuro otimistas para os pa\u00edses em \u00c1frica, tamb\u00e9m inserindo em seu contexto a produ\u00e7\u00e3o diasp\u00f3rica.\u00a0\u00a0\u00a0\u00a0 Assim, as mostras ou exposi\u00e7\u00f5es do Projeto \u00c1frica Atual, a partir de 2024, se aderem \u00e0s proposi\u00e7\u00f5es contempor\u00e2neas dos AFRIFUTURISTAS, cujas intera\u00e7\u00f5es com \u00e0s afrobrasilidades est\u00e3o fortemente enraizadas, sem perder as conex\u00f5es presentes nas iniciativas culturais do AFROFUTURISMO. https:\/\/youtu.be\/wzzDegU6mF4https:\/\/youtu.be\/Yy1X25ytZjM A Mostra Cultural Afrifuturista exibe caracter\u00edsticas que divulgam os 54 pa\u00edses africanos, por meio das artes e culturas, sob o ponto de vista da \u00c1frica moderna e atual. O prop\u00f3sito \u00e9 apresentar elementos do continente, atrav\u00e9s de um acervo plural, marcado por uma est\u00e9tica caracterizada por modalidades de artes manuais, pinturas, moda, esculturas, fotografias, v\u00eddeos de apresenta\u00e7\u00f5es musicais e de dan\u00e7as. As instala\u00e7\u00f5es da mostra permitem conhecer ainda um continente culturalmente alargado pela diversidade, e pela beleza est\u00e9tica africana. O conceito afrifuturista transcende ao contempor\u00e2neo. Com perspectivas que abordam a linguagem est\u00e9tica mesclada \u00e0s culturas tradicionais e ancestrais, combinando elementos sci-fi. Os princ\u00edpios do afrifuturismo interagem com a sofistica\u00e7\u00e3o da vida moderna, com sua fluidez e flexibilidade, em pontos inacabados de possibilidades. A id\u00e9ia se espalhou e ampliou suas influ\u00eancias em produ\u00e7\u00f5es liter\u00e1rias e musicais. Notadamente chegou ao cinema de forma massificada com o filme Pantera Negra de 2018 do diretor Ryan Coogler, protagonizado pelo ator Chadwick Boseman morto precocemente aos 42 anos. O filme retrata Wakanda, representa\u00e7\u00e3o de uma cidade ut\u00f3pica, que tem se reverberado como uma alternativa exequ\u00edvel \u00e0s constru\u00e7\u00f5es de Abuja na Nig\u00e9ria, Nova Cairo no Egito, Akon City no Senegal, Konza Tecnopolis no Qu\u00eania, Lanseria Smart City na \u00c1frica do Sul, entre outras experi\u00eancias. Se houver interesse em articular a instala\u00e7\u00e3o da Mostra em seu munic\u00edpio, contate\u00a0eiros@africaatual.com.br. Conhe\u00e7a as obras do acervo da Mostra Cultural Afrifuturista Fotos das edi\u00e7\u00f5es da Mostra Cultural Afrifuturista\u00a0 Mostra Cultural Afrifuturista &#8211; Campinas 2022 19 de fevereiro de 2024 0 Comments Mostra Cultural Afrifuturista &#8211; Hortol\u00e2ndia 2022 19 de fevereiro de 2024 0 Comments Mostra Cultural Afrifuturista &#8211; Campinas 20223 19 de fevereiro de 2024 0 Comments Mostra Cultural Afrifuturista &#8211; Osasco 20223 19 de fevereiro de 2024 0 Comments","og_url":"https:\/\/africaatual.com.br\/index.php\/mostra-cultural-afrofuturista\/","og_site_name":"africaatual.com.br","article_modified_time":"2024-02-19T13:11:37+00:00","og_image":[{"url":"http:\/\/africaatual.com.br\/wp-content\/uploads\/2023\/09\/acervos-mostra-afrofuturista-versao-completa.pptx_Pagina_73_Imagem_0001-1024x644.jpg","type":"","width":"","height":""}],"twitter_card":"summary_large_image","twitter_misc":{"Est. tempo de leitura":"13 minutos"},"schema":{"@context":"https:\/\/schema.org","@graph":[{"@type":"WebPage","@id":"https:\/\/africaatual.com.br\/index.php\/mostra-cultural-afrofuturista\/","url":"https:\/\/africaatual.com.br\/index.php\/mostra-cultural-afrofuturista\/","name":"Mostra Cultural Afrofuturista - africaatual.com.br","isPartOf":{"@id":"https:\/\/africaatual.com.br\/#website"},"primaryImageOfPage":{"@id":"https:\/\/africaatual.com.br\/index.php\/mostra-cultural-afrofuturista\/#primaryimage"},"image":{"@id":"https:\/\/africaatual.com.br\/index.php\/mostra-cultural-afrofuturista\/#primaryimage"},"thumbnailUrl":"http:\/\/africaatual.com.br\/wp-content\/uploads\/2023\/09\/acervos-mostra-afrofuturista-versao-completa.pptx_Pagina_73_Imagem_0001-1024x644.jpg","datePublished":"2023-06-24T12:15:24+00:00","dateModified":"2024-02-19T13:11:37+00:00","breadcrumb":{"@id":"https:\/\/africaatual.com.br\/index.php\/mostra-cultural-afrofuturista\/#breadcrumb"},"inLanguage":"pt-BR","potentialAction":[{"@type":"ReadAction","target":["https:\/\/africaatual.com.br\/index.php\/mostra-cultural-afrofuturista\/"]}]},{"@type":"ImageObject","inLanguage":"pt-BR","@id":"https:\/\/africaatual.com.br\/index.php\/mostra-cultural-afrofuturista\/#primaryimage","url":"http:\/\/africaatual.com.br\/wp-content\/uploads\/2023\/09\/acervos-mostra-afrofuturista-versao-completa.pptx_Pagina_73_Imagem_0001-1024x644.jpg","contentUrl":"http:\/\/africaatual.com.br\/wp-content\/uploads\/2023\/09\/acervos-mostra-afrofuturista-versao-completa.pptx_Pagina_73_Imagem_0001-1024x644.jpg"},{"@type":"BreadcrumbList","@id":"https:\/\/africaatual.com.br\/index.php\/mostra-cultural-afrofuturista\/#breadcrumb","itemListElement":[{"@type":"ListItem","position":1,"name":"In\u00edcio","item":"https:\/\/africaatual.com.br\/"},{"@type":"ListItem","position":2,"name":"Mostra Cultural Afrofuturista"}]},{"@type":"WebSite","@id":"https:\/\/africaatual.com.br\/#website","url":"https:\/\/africaatual.com.br\/","name":"africaatual.com.br","description":"O Atlas Geocultural da \u00c1frica \u00e9 um rico material de leitura e pesquisa, que visa apresentar de forma atual os pa\u00edses africanos, ainda t\u00e3o pouco conhecidos.","publisher":{"@id":"https:\/\/africaatual.com.br\/#organization"},"potentialAction":[{"@type":"SearchAction","target":{"@type":"EntryPoint","urlTemplate":"https:\/\/africaatual.com.br\/?s={search_term_string}"},"query-input":{"@type":"PropertyValueSpecification","valueRequired":true,"valueName":"search_term_string"}}],"inLanguage":"pt-BR"},{"@type":"Organization","@id":"https:\/\/africaatual.com.br\/#organization","name":"africaatual.com.br","url":"https:\/\/africaatual.com.br\/","logo":{"@type":"ImageObject","inLanguage":"pt-BR","@id":"https:\/\/africaatual.com.br\/#\/schema\/logo\/image\/","url":"http:\/\/africaatual.com.br\/wp-content\/uploads\/2023\/06\/LOGOEIROS_Prancheta-1-tipo-preto.png","contentUrl":"http:\/\/africaatual.com.br\/wp-content\/uploads\/2023\/06\/LOGOEIROS_Prancheta-1-tipo-preto.png","width":1667,"height":730,"caption":"africaatual.com.br"},"image":{"@id":"https:\/\/africaatual.com.br\/#\/schema\/logo\/image\/"}}]}},"_links":{"self":[{"href":"https:\/\/africaatual.com.br\/index.php\/wp-json\/wp\/v2\/pages\/240","targetHints":{"allow":["GET"]}}],"collection":[{"href":"https:\/\/africaatual.com.br\/index.php\/wp-json\/wp\/v2\/pages"}],"about":[{"href":"https:\/\/africaatual.com.br\/index.php\/wp-json\/wp\/v2\/types\/page"}],"author":[{"embeddable":true,"href":"https:\/\/africaatual.com.br\/index.php\/wp-json\/wp\/v2\/users\/2"}],"replies":[{"embeddable":true,"href":"https:\/\/africaatual.com.br\/index.php\/wp-json\/wp\/v2\/comments?post=240"}],"version-history":[{"count":271,"href":"https:\/\/africaatual.com.br\/index.php\/wp-json\/wp\/v2\/pages\/240\/revisions"}],"predecessor-version":[{"id":10442,"href":"https:\/\/africaatual.com.br\/index.php\/wp-json\/wp\/v2\/pages\/240\/revisions\/10442"}],"wp:attachment":[{"href":"https:\/\/africaatual.com.br\/index.php\/wp-json\/wp\/v2\/media?parent=240"}],"wp:term":[{"taxonomy":"palavra-chave","embeddable":true,"href":"https:\/\/africaatual.com.br\/index.php\/wp-json\/wp\/v2\/palavra-chave?post=240"}],"curies":[{"name":"wp","href":"https:\/\/api.w.org\/{rel}","templated":true}]}}