
{"id":8773,"date":"2023-08-30T08:23:17","date_gmt":"2023-08-30T11:23:17","guid":{"rendered":"https:\/\/africaatual.com.br\/?page_id=8773"},"modified":"2024-08-09T19:51:14","modified_gmt":"2024-08-09T22:51:14","slug":"cursos-e-palestras","status":"publish","type":"page","link":"https:\/\/africaatual.com.br\/index.php\/cursos-e-palestras\/","title":{"rendered":"Cursos e Palestras"},"content":{"rendered":"\t\t<div data-elementor-type=\"wp-page\" data-elementor-id=\"8773\" class=\"elementor elementor-8773\">\n\t\t\t\t<div class=\"elementor-element elementor-element-f2cca5d e-flex e-con-boxed wpr-particle-no wpr-jarallax-no wpr-parallax-no wpr-sticky-section-no wpr-equal-height-no e-con e-parent\" data-id=\"f2cca5d\" data-element_type=\"container\" data-e-type=\"container\" data-settings=\"{&quot;background_background&quot;:&quot;classic&quot;}\">\n\t\t\t\t\t<div class=\"e-con-inner\">\n\t\t\t\t<div class=\"elementor-element elementor-element-6fe84aa elementor-widget__width-inherit elementor-widget elementor-widget-heading\" data-id=\"6fe84aa\" data-element_type=\"widget\" data-e-type=\"widget\" data-widget_type=\"heading.default\">\n\t\t\t\t<div class=\"elementor-widget-container\">\n\t\t\t\t\t<h1 class=\"elementor-heading-title elementor-size-default\">Cursos e Palestras<\/h1>\t\t\t\t<\/div>\n\t\t\t\t<\/div>\n\t\t\t\t\t<\/div>\n\t\t\t\t<\/div>\n\t\t<div class=\"elementor-element elementor-element-718b11b e-flex e-con-boxed wpr-particle-no wpr-jarallax-no wpr-parallax-no wpr-sticky-section-no wpr-equal-height-no e-con e-parent\" data-id=\"718b11b\" data-element_type=\"container\" data-e-type=\"container\">\n\t\t\t\t\t<div class=\"e-con-inner\">\n\t\t<div class=\"elementor-element elementor-element-8792401 e-flex e-con-boxed wpr-particle-no wpr-jarallax-no wpr-parallax-no wpr-sticky-section-no wpr-equal-height-no e-con e-child\" data-id=\"8792401\" data-element_type=\"container\" data-e-type=\"container\" data-settings=\"{&quot;background_background&quot;:&quot;classic&quot;}\">\n\t\t\t\t\t<div class=\"e-con-inner\">\n\t\t<div class=\"elementor-element elementor-element-8e1aacd e-flex e-con-boxed wpr-particle-no wpr-jarallax-no wpr-parallax-no wpr-sticky-section-no wpr-equal-height-no e-con e-child\" data-id=\"8e1aacd\" data-element_type=\"container\" data-e-type=\"container\">\n\t\t\t\t\t<div class=\"e-con-inner\">\n\t\t<div class=\"elementor-element elementor-element-e62b75d e-flex e-con-boxed wpr-particle-no wpr-jarallax-no wpr-parallax-no wpr-sticky-section-no wpr-equal-height-no e-con e-child\" data-id=\"e62b75d\" data-element_type=\"container\" data-e-type=\"container\">\n\t\t\t\t\t<div class=\"e-con-inner\">\n\t\t<div class=\"elementor-element elementor-element-0972cec e-flex e-con-boxed wpr-particle-no wpr-jarallax-no wpr-parallax-no wpr-sticky-section-no wpr-equal-height-no e-con e-child\" data-id=\"0972cec\" data-element_type=\"container\" data-e-type=\"container\">\n\t\t\t\t\t<div class=\"e-con-inner\">\n\t\t\t\t<div class=\"elementor-element elementor-element-39efc7a elementor-widget__width-inherit elementor-widget elementor-widget-upk-news-ticker\" data-id=\"39efc7a\" data-element_type=\"widget\" data-e-type=\"widget\" data-widget_type=\"upk-news-ticker.default\">\n\t\t\t\t<div class=\"elementor-widget-container\">\n\t\t\t\t\t\t\t<div id=\"newsTicker1\" class=\"upk-news-ticker\" data-settings=\"{&quot;effect&quot;:&quot;slide-right&quot;,&quot;autoPlay&quot;:true,&quot;interval&quot;:6000,&quot;pauseOnHover&quot;:true,&quot;scrollSpeed&quot;:1}\">\n\t\t\t\t\t    \t<div class=\"upk-news-ticker-label\">\n\t\t\t\t\t<div class=\"upk-news-ticker-label-inner\">\n\t\t\t\t\t\tNot\u00edcias\t    \t\t\t<\/div>\n\t    \t\t<\/div>\n\t\t    \t\t    <div class=\"upk-news-ticker-content\">\n\t\t        <ul>\n\t\t\t\t<li class=\"upk-news-ticker-item\">\n\t\t\t\n\n\t\t\t\t\t\t\t\t\t\n\t\t<a href=\"https:\/\/africaatual.com.br\/index.php\/2026\/04\/14\/lancamento-do-livro-afrifuturismo-e-afriotimismo\/\">\n\t\t\t\n\t\t\t\n\t\t\tLan\u00e7amento  do livro Afrifuturismo e Afriotimismo\t\t<\/a>\n\t\t\t\t\t\t\n\t\t\t\t\n\t\t\t\n\t\t<\/li>\n\t\t\t\t<li class=\"upk-news-ticker-item\">\n\t\t\t\n\n\t\t\t\t\t\t\t\t\t\n\t\t<a href=\"https:\/\/africaatual.com.br\/index.php\/2026\/04\/14\/novidade-ouca-o-programa-atlas-geocultural-da-africa-na-radio-kalimba\/\">\n\t\t\t\n\t\t\t\n\t\t\tNovidade: ou\u00e7a o programa Atlas Geocultural da \u00c1frica, na r\u00e1dio Kalimba\t\t<\/a>\n\t\t\t\t\t\t\n\t\t\t\t\n\t\t\t\n\t\t<\/li>\n\t\t\t\t<li class=\"upk-news-ticker-item\">\n\t\t\t\n\n\t\t\t\t\t\t\t\t\t\n\t\t<a href=\"https:\/\/africaatual.com.br\/index.php\/2026\/03\/23\/senado-federal-realiza-audiencia-publica-sobre-contribuicoes-africanas-e-direitos-de-criancas-quilombolas\/\">\n\t\t\t\n\t\t\t\n\t\t\tSenado Federal realiza audi\u00eancia p\u00fablica sobre contribui\u00e7\u00f5es africanas e direitos de crian\u00e7as quilombolas\t\t<\/a>\n\t\t\t\t\t\t\n\t\t\t\t\n\t\t\t\n\t\t<\/li>\n\t\t\t\t<li class=\"upk-news-ticker-item\">\n\t\t\t\n\n\t\t\t\t\t\t\t\t\t\n\t\t<a href=\"https:\/\/africaatual.com.br\/index.php\/2026\/02\/19\/noticias-africanas-34\/\">\n\t\t\t\n\t\t\t\n\t\t\tNot\u00edcias Africanas #34\t\t<\/a>\n\t\t\t\t\t\t\n\t\t\t\t\n\t\t\t\n\t\t<\/li>\n\t\t\t\t<li class=\"upk-news-ticker-item\">\n\t\t\t\n\n\t\t\t\t\t\t\t\t\t\n\t\t<a href=\"https:\/\/africaatual.com.br\/index.php\/2026\/02\/19\/curso-de-didatica-da-literatura-angola\/\">\n\t\t\t\n\t\t\t\n\t\t\tCurso de Did\u00e1tica da Literatura abre inscri\u00e7\u00f5es com forma\u00e7\u00e3o presencial\t\t<\/a>\n\t\t\t\t\t\t\n\t\t\t\t\n\t\t\t\n\t\t<\/li>\n\t\t\n\n\t\t        <\/ul>\n\t\t    <\/div>\n\t\t    \t\t    <div class=\"upk-news-ticker-controls upk-news-ticker-navigation\">\n\n\t\t        <button class=\"bdt-visible@m\">\n\t\t        \t<span class=\"upk-news-ticker-arrow upk-news-ticker-prev bdt-icon\">\n\t\t        \t\t<svg width=\"20\" height=\"20\" viewBox=\"0 0 20 20\" xmlns=\"http:\/\/www.w3.org\/2000\/svg\" data-svg=\"chevron-left\">\n\t\t        \t\t\t<polyline fill=\"none\" stroke=\"#000\" stroke-width=\"1.03\" points=\"13 16 7 10 13 4\"><\/polyline>\n\t\t        \t\t<\/svg>\n\t\t        \t<\/span>\n\t\t        <\/button>\n\n\t\t        \t\t        \n\t\t        <button>\n\t\t        \t<span class=\"upk-news-ticker-arrow upk-news-ticker-next bdt-icon\">\n\t\t        \t\t<svg width=\"20\" height=\"20\" viewBox=\"0 0 20 20\" xmlns=\"http:\/\/www.w3.org\/2000\/svg\" data-svg=\"chevron-right\">\n\t\t        \t\t\t<polyline fill=\"none\" stroke=\"#000\" stroke-width=\"1.03\" points=\"7 4 13 10 7 16\"><\/polyline>\n\t\t        \t\t<\/svg>\n\t\t        \t<\/span>\n\t\t        <\/button>\n\n\t\t    <\/div>\n\n\t\t\t\t\t<\/div>\n\t\t\n\t\t\t\t\t\t<\/div>\n\t\t\t\t<\/div>\n\t\t\t\t\t<\/div>\n\t\t\t\t<\/div>\n\t\t\t\t\t<\/div>\n\t\t\t\t<\/div>\n\t\t\t\t\t<\/div>\n\t\t\t\t<\/div>\n\t\t\t\t\t<\/div>\n\t\t\t\t<\/div>\n\t\t\t\t\t<\/div>\n\t\t\t\t<\/div>\n\t\t<div class=\"elementor-element elementor-element-c8018ff e-flex e-con-boxed wpr-particle-no wpr-jarallax-no wpr-parallax-no wpr-sticky-section-no wpr-equal-height-no e-con e-parent\" data-id=\"c8018ff\" data-element_type=\"container\" data-e-type=\"container\">\n\t\t\t\t\t<div class=\"e-con-inner\">\n\t\t<div class=\"elementor-element elementor-element-3ef196b e-con-full e-flex wpr-particle-no wpr-jarallax-no wpr-parallax-no wpr-sticky-section-no wpr-equal-height-no e-con e-child\" data-id=\"3ef196b\" data-element_type=\"container\" data-e-type=\"container\">\n\t\t\t\t<\/div>\n\t\t\t\t\t<\/div>\n\t\t\t\t<\/div>\n\t\t<div class=\"elementor-element elementor-element-795bd08 e-flex e-con-boxed wpr-particle-no wpr-jarallax-no wpr-parallax-no wpr-sticky-section-no wpr-equal-height-no e-con e-parent\" data-id=\"795bd08\" data-element_type=\"container\" data-e-type=\"container\">\n\t\t\t\t\t<div class=\"e-con-inner\">\n\t\t<div class=\"elementor-element elementor-element-db2c270 e-con-full e-flex wpr-particle-no wpr-jarallax-no wpr-parallax-no wpr-sticky-section-no wpr-equal-height-no e-con e-child\" data-id=\"db2c270\" data-element_type=\"container\" data-e-type=\"container\">\n\t\t\t\t<div class=\"elementor-element elementor-element-9f0a027 elementor-widget elementor-widget-image\" data-id=\"9f0a027\" data-element_type=\"widget\" data-e-type=\"widget\" data-widget_type=\"image.default\">\n\t\t\t\t<div class=\"elementor-widget-container\">\n\t\t\t\t\t\t\t\t\t\t\t\t\t\t\t\t<a href=\"https:\/\/chk.eduzz.com\/2438161\">\n\t\t\t\t\t\t\t<img fetchpriority=\"high\" decoding=\"async\" width=\"1024\" height=\"1024\" src=\"https:\/\/africaatual.com.br\/wp-content\/uploads\/2024\/08\/Noticias-de-Africa-7-8-1024x1024.webp\" class=\"attachment-large size-large wp-image-11820\" alt=\"\" srcset=\"https:\/\/africaatual.com.br\/wp-content\/uploads\/2024\/08\/Noticias-de-Africa-7-8-1024x1024.webp 1024w, https:\/\/africaatual.com.br\/wp-content\/uploads\/2024\/08\/Noticias-de-Africa-7-8-300x300.webp 300w, https:\/\/africaatual.com.br\/wp-content\/uploads\/2024\/08\/Noticias-de-Africa-7-8-150x150.webp 150w, https:\/\/africaatual.com.br\/wp-content\/uploads\/2024\/08\/Noticias-de-Africa-7-8-768x768.webp 768w, https:\/\/africaatual.com.br\/wp-content\/uploads\/2024\/08\/Noticias-de-Africa-7-8-600x600.webp 600w, https:\/\/africaatual.com.br\/wp-content\/uploads\/2024\/08\/Noticias-de-Africa-7-8.webp 1080w\" sizes=\"(max-width: 1024px) 100vw, 1024px\" \/>\t\t\t\t\t\t\t\t<\/a>\n\t\t\t\t\t\t\t\t\t\t\t\t\t\t\t<\/div>\n\t\t\t\t<\/div>\n\t\t\t\t<\/div>\n\t\t<div class=\"elementor-element elementor-element-fb1ee97 e-con-full e-flex wpr-particle-no wpr-jarallax-no wpr-parallax-no wpr-sticky-section-no wpr-equal-height-no e-con e-child\" data-id=\"fb1ee97\" data-element_type=\"container\" data-e-type=\"container\">\n\t\t\t\t<div class=\"elementor-element elementor-element-0deb82d elementor-widget__width-initial elementor-widget elementor-widget-heading\" data-id=\"0deb82d\" data-element_type=\"widget\" data-e-type=\"widget\" data-widget_type=\"heading.default\">\n\t\t\t\t<div class=\"elementor-widget-container\">\n\t\t\t\t\t<h3 class=\"elementor-heading-title elementor-size-default\">NOVO CURSO!<\/h3>\t\t\t\t<\/div>\n\t\t\t\t<\/div>\n\t\t\t\t<div class=\"elementor-element elementor-element-d512e04 elementor-widget__width-initial elementor-widget elementor-widget-heading\" data-id=\"d512e04\" data-element_type=\"widget\" data-e-type=\"widget\" data-widget_type=\"heading.default\">\n\t\t\t\t<div class=\"elementor-widget-container\">\n\t\t\t\t\t<h3 class=\"elementor-heading-title elementor-size-default\">Projeto Escolar Turismo em \u00c1frica<\/h3>\t\t\t\t<\/div>\n\t\t\t\t<\/div>\n\t\t\t\t<div class=\"elementor-element elementor-element-b41a0ed elementor-widget__width-initial elementor-widget elementor-widget-heading\" data-id=\"b41a0ed\" data-element_type=\"widget\" data-e-type=\"widget\" data-widget_type=\"heading.default\">\n\t\t\t\t<div class=\"elementor-widget-container\">\n\t\t\t\t\t<p class=\"elementor-heading-title elementor-size-default\">A tem\u00e1tica da \u00c1frica contempor\u00e2nea \u00e9 um elemento agregador e inovador nas escolas, nos aspectos que desconstroem paradigmas estigmatizantes. As novas abordagens ampliam significativamente os repert\u00f3rios culturais dos docentes e dos estudantes. E, estimulam vigorosamente os processos de ensino e aprendizagem. Interage tamb\u00e9m, de forma intensa, com as metodologias ativas, as din\u00e2micas de aprendizagens criativas e as aprendizagens baseadas em projetos, entre outras como o construtivismo e o construcionismo.<\/p>\t\t\t\t<\/div>\n\t\t\t\t<\/div>\n\t\t\t\t<div class=\"elementor-element elementor-element-0c598d1 elementor-align-center elementor-widget elementor-widget-button\" data-id=\"0c598d1\" data-element_type=\"widget\" data-e-type=\"widget\" data-widget_type=\"button.default\">\n\t\t\t\t<div class=\"elementor-widget-container\">\n\t\t\t\t\t\t\t\t\t<div class=\"elementor-button-wrapper\">\n\t\t\t\t\t<a class=\"elementor-button elementor-button-link elementor-size-md\" href=\"https:\/\/chk.eduzz.com\/2438161\">\n\t\t\t\t\t\t<span class=\"elementor-button-content-wrapper\">\n\t\t\t\t\t\t\t\t\t<span class=\"elementor-button-text\">Clique aqui e inscreva-se<\/span>\n\t\t\t\t\t<\/span>\n\t\t\t\t\t<\/a>\n\t\t\t\t<\/div>\n\t\t\t\t\t\t\t\t<\/div>\n\t\t\t\t<\/div>\n\t\t\t\t<\/div>\n\t\t\t\t\t<\/div>\n\t\t\t\t<\/div>\n\t\t<div class=\"elementor-element elementor-element-9f34086 e-flex e-con-boxed wpr-particle-no wpr-jarallax-no wpr-parallax-no wpr-sticky-section-no wpr-equal-height-no e-con e-parent\" data-id=\"9f34086\" data-element_type=\"container\" data-e-type=\"container\">\n\t\t\t\t\t<div class=\"e-con-inner\">\n\t\t<div class=\"elementor-element elementor-element-4f858a9 e-con-full e-flex wpr-particle-no wpr-jarallax-no wpr-parallax-no wpr-sticky-section-no wpr-equal-height-no e-con e-child\" data-id=\"4f858a9\" data-element_type=\"container\" data-e-type=\"container\">\n\t\t\t\t<div class=\"elementor-element elementor-element-89b718b elementor-widget elementor-widget-image\" data-id=\"89b718b\" data-element_type=\"widget\" data-e-type=\"widget\" data-widget_type=\"image.default\">\n\t\t\t\t<div class=\"elementor-widget-container\">\n\t\t\t\t\t\t\t\t\t\t\t\t\t\t\t<img decoding=\"async\" width=\"300\" height=\"300\" src=\"https:\/\/africaatual.com.br\/wp-content\/uploads\/2023\/11\/WhatsApp-Image-2023-11-04-at-05.57.26-1.jpeg\" class=\"attachment-large size-large wp-image-9664\" alt=\"\" srcset=\"https:\/\/africaatual.com.br\/wp-content\/uploads\/2023\/11\/WhatsApp-Image-2023-11-04-at-05.57.26-1.jpeg 300w, https:\/\/africaatual.com.br\/wp-content\/uploads\/2023\/11\/WhatsApp-Image-2023-11-04-at-05.57.26-1-150x150.jpeg 150w\" sizes=\"(max-width: 300px) 100vw, 300px\" \/>\t\t\t\t\t\t\t\t\t\t\t\t\t\t\t<\/div>\n\t\t\t\t<\/div>\n\t\t\t\t<\/div>\n\t\t<div class=\"elementor-element elementor-element-ff69787 e-con-full e-flex wpr-particle-no wpr-jarallax-no wpr-parallax-no wpr-sticky-section-no wpr-equal-height-no e-con e-child\" data-id=\"ff69787\" data-element_type=\"container\" data-e-type=\"container\">\n\t\t\t\t<div class=\"elementor-element elementor-element-8313abe elementor-widget__width-initial elementor-widget elementor-widget-heading\" data-id=\"8313abe\" data-element_type=\"widget\" data-e-type=\"widget\" data-widget_type=\"heading.default\">\n\t\t\t\t<div class=\"elementor-widget-container\">\n\t\t\t\t\t<h3 class=\"elementor-heading-title elementor-size-default\">NOVO CURSO!<\/h3>\t\t\t\t<\/div>\n\t\t\t\t<\/div>\n\t\t\t\t<div class=\"elementor-element elementor-element-1f4740c elementor-widget__width-initial elementor-widget elementor-widget-heading\" data-id=\"1f4740c\" data-element_type=\"widget\" data-e-type=\"widget\" data-widget_type=\"heading.default\">\n\t\t\t\t<div class=\"elementor-widget-container\">\n\t\t\t\t\t<h3 class=\"elementor-heading-title elementor-size-default\">Discutindo as pr\u00e1ticas na EJA: Racismo e a \u00c1frica Contempor\u00e2nea<\/h3>\t\t\t\t<\/div>\n\t\t\t\t<\/div>\n\t\t\t\t<div class=\"elementor-element elementor-element-80e6103 elementor-widget__width-initial elementor-widget elementor-widget-heading\" data-id=\"80e6103\" data-element_type=\"widget\" data-e-type=\"widget\" data-widget_type=\"heading.default\">\n\t\t\t\t<div class=\"elementor-widget-container\">\n\t\t\t\t\t<p class=\"elementor-heading-title elementor-size-default\"><p>Este curso \u00e9 uma celebra\u00e7\u00e3o das belezas da \u00c1frica contempor\u00e2nea. Abordam-se as rela\u00e7\u00f5es entre o conte\u00fado curricular, o Racismo Estrutural e as Leis 10.639\/03 e 11.645\/08, garantindo uma perspectiva atualizada.\n\nDedicamos especial aten\u00e7\u00e3o aos professores e professoras, incentivando a promo\u00e7\u00e3o da curiosidade pedag\u00f3gica e do ensino-aprendizagem, tornando o processo educacional ainda mais inspirador.\n\nContrapondo os estere\u00f3tipos frequentemente presentes nos materiais did\u00e1ticos e de apoio na Educa\u00e7\u00e3o de Jovens e Adultos (EJA), este curso busca oferecer uma vis\u00e3o mais realista e empoderadora da \u00c1frica.\n<\/p><\/p>\t\t\t\t<\/div>\n\t\t\t\t<\/div>\n\t\t\t\t<div class=\"elementor-element elementor-element-d314869 elementor-widget elementor-widget-heading\" data-id=\"d314869\" data-element_type=\"widget\" data-e-type=\"widget\" data-widget_type=\"heading.default\">\n\t\t\t\t<div class=\"elementor-widget-container\">\n\t\t\t\t\t<h2 class=\"elementor-heading-title elementor-size-default\"><a href=\"https:\/\/africaatual.com.br\/index.php\/2024\/02\/05\/professor-izalto-matos\/\">Carga hor\u00e1ria: 40 minutos <br>\nProf. Dr. Izalto J\u00fanior Concei\u00e7\u00e3o Matos <\/a><\/h2>\t\t\t\t<\/div>\n\t\t\t\t<\/div>\n\t\t\t\t<div class=\"elementor-element elementor-element-69d5587 elementor-align-center elementor-widget elementor-widget-button\" data-id=\"69d5587\" data-element_type=\"widget\" data-e-type=\"widget\" data-widget_type=\"button.default\">\n\t\t\t\t<div class=\"elementor-widget-container\">\n\t\t\t\t\t\t\t\t\t<div class=\"elementor-button-wrapper\">\n\t\t\t\t\t<a class=\"elementor-button elementor-button-link elementor-size-md\" href=\"https:\/\/chk.eduzz.com\/2028551\">\n\t\t\t\t\t\t<span class=\"elementor-button-content-wrapper\">\n\t\t\t\t\t\t\t\t\t<span class=\"elementor-button-text\">Clique aqui e inscreva-se<\/span>\n\t\t\t\t\t<\/span>\n\t\t\t\t\t<\/a>\n\t\t\t\t<\/div>\n\t\t\t\t\t\t\t\t<\/div>\n\t\t\t\t<\/div>\n\t\t\t\t<\/div>\n\t\t\t\t\t<\/div>\n\t\t\t\t<\/div>\n\t\t<div class=\"elementor-element elementor-element-4c9c8e4 e-flex e-con-boxed wpr-particle-no wpr-jarallax-no wpr-parallax-no wpr-sticky-section-no wpr-equal-height-no e-con e-parent\" data-id=\"4c9c8e4\" data-element_type=\"container\" data-e-type=\"container\">\n\t\t\t\t\t<div class=\"e-con-inner\">\n\t\t<div class=\"elementor-element elementor-element-ab82b96 e-con-full e-flex wpr-particle-no wpr-jarallax-no wpr-parallax-no wpr-sticky-section-no wpr-equal-height-no e-con e-child\" data-id=\"ab82b96\" data-element_type=\"container\" data-e-type=\"container\">\n\t\t\t\t<div class=\"elementor-element elementor-element-444ffd4 elementor-widget elementor-widget-image\" data-id=\"444ffd4\" data-element_type=\"widget\" data-e-type=\"widget\" data-widget_type=\"image.default\">\n\t\t\t\t<div class=\"elementor-widget-container\">\n\t\t\t\t\t\t\t\t\t\t\t\t\t\t\t<img decoding=\"async\" width=\"1024\" height=\"1024\" src=\"https:\/\/africaatual.com.br\/wp-content\/uploads\/2023\/11\/CAPA-EJA-1024x1024.jpg\" class=\"attachment-large size-large wp-image-9801\" alt=\"\" srcset=\"https:\/\/africaatual.com.br\/wp-content\/uploads\/2023\/11\/CAPA-EJA-1024x1024.jpg 1024w, https:\/\/africaatual.com.br\/wp-content\/uploads\/2023\/11\/CAPA-EJA-300x300.jpg 300w, https:\/\/africaatual.com.br\/wp-content\/uploads\/2023\/11\/CAPA-EJA-150x150.jpg 150w, https:\/\/africaatual.com.br\/wp-content\/uploads\/2023\/11\/CAPA-EJA-768x768.jpg 768w, https:\/\/africaatual.com.br\/wp-content\/uploads\/2023\/11\/CAPA-EJA-600x600.jpg 600w, https:\/\/africaatual.com.br\/wp-content\/uploads\/2023\/11\/CAPA-EJA.jpg 1280w\" sizes=\"(max-width: 1024px) 100vw, 1024px\" \/>\t\t\t\t\t\t\t\t\t\t\t\t\t\t\t<\/div>\n\t\t\t\t<\/div>\n\t\t\t\t<\/div>\n\t\t<div class=\"elementor-element elementor-element-7cf3012 e-con-full e-flex wpr-particle-no wpr-jarallax-no wpr-parallax-no wpr-sticky-section-no wpr-equal-height-no e-con e-child\" data-id=\"7cf3012\" data-element_type=\"container\" data-e-type=\"container\">\n\t\t\t\t<div class=\"elementor-element elementor-element-92fa035 elementor-widget__width-initial elementor-widget elementor-widget-heading\" data-id=\"92fa035\" data-element_type=\"widget\" data-e-type=\"widget\" data-widget_type=\"heading.default\">\n\t\t\t\t<div class=\"elementor-widget-container\">\n\t\t\t\t\t<h3 class=\"elementor-heading-title elementor-size-default\"><a href=\"https:\/\/p.eduzz.com\/2184200\">NOVO CURSO!<\/a><\/h3>\t\t\t\t<\/div>\n\t\t\t\t<\/div>\n\t\t\t\t<div class=\"elementor-element elementor-element-eed6700 elementor-widget__width-initial elementor-widget elementor-widget-heading\" data-id=\"eed6700\" data-element_type=\"widget\" data-e-type=\"widget\" data-widget_type=\"heading.default\">\n\t\t\t\t<div class=\"elementor-widget-container\">\n\t\t\t\t\t<h3 class=\"elementor-heading-title elementor-size-default\"><a href=\"https:\/\/p.eduzz.com\/2184200\">A \u00c1frica em Sala de Aula: Caminhos Poss\u00edveis para a Pr\u00e1tica na Educa\u00e7\u00e3o Infantil e nos Anos Iniciais<\/a><\/h3>\t\t\t\t<\/div>\n\t\t\t\t<\/div>\n\t\t\t\t<div class=\"elementor-element elementor-element-c750bb7 elementor-widget__width-initial elementor-widget elementor-widget-heading\" data-id=\"c750bb7\" data-element_type=\"widget\" data-e-type=\"widget\" data-widget_type=\"heading.default\">\n\t\t\t\t<div class=\"elementor-widget-container\">\n\t\t\t\t\t<p class=\"elementor-heading-title elementor-size-default\"><br><p>Nosso curso \u00e9 uma celebra\u00e7\u00e3o das belezas da \u00c1frica contempor\u00e2nea. Abordam-se as rela\u00e7\u00f5es entre o conte\u00fado curricular, o Racismo Estrutural e as Leis 10.639\/03 e 11.645\/08, garantindo uma perspectiva atualizada.<\/p><\/p>\t\t\t\t<\/div>\n\t\t\t\t<\/div>\n\t\t\t\t<div class=\"elementor-element elementor-element-a5a3c79 elementor-widget elementor-widget-heading\" data-id=\"a5a3c79\" data-element_type=\"widget\" data-e-type=\"widget\" data-widget_type=\"heading.default\">\n\t\t\t\t<div class=\"elementor-widget-container\">\n\t\t\t\t\t<h2 class=\"elementor-heading-title elementor-size-default\"><a href=\"https:\/\/africaatual.com.brhttps:\/\/africaatual.com.br\/index.php\/2024\/02\/05\/profa-sheila-perina-de-souza\/\/index.php\/2024\/02\/05\/professor-izalto-matos\/\">Carga hor\u00e1ria: 60 minutos <br>\nProfa. Msc Sheila Perina de Souza<\/a><\/h2>\t\t\t\t<\/div>\n\t\t\t\t<\/div>\n\t\t\t\t<div class=\"elementor-element elementor-element-4d1f5ac elementor-align-center elementor-widget elementor-widget-button\" data-id=\"4d1f5ac\" data-element_type=\"widget\" data-e-type=\"widget\" data-widget_type=\"button.default\">\n\t\t\t\t<div class=\"elementor-widget-container\">\n\t\t\t\t\t\t\t\t\t<div class=\"elementor-button-wrapper\">\n\t\t\t\t\t<a class=\"elementor-button elementor-button-link elementor-size-md\" href=\"https:\/\/p.eduzz.com\/2184200\">\n\t\t\t\t\t\t<span class=\"elementor-button-content-wrapper\">\n\t\t\t\t\t\t\t\t\t<span class=\"elementor-button-text\">Clique aqui e inscreva-se<\/span>\n\t\t\t\t\t<\/span>\n\t\t\t\t\t<\/a>\n\t\t\t\t<\/div>\n\t\t\t\t\t\t\t\t<\/div>\n\t\t\t\t<\/div>\n\t\t\t\t<\/div>\n\t\t\t\t\t<\/div>\n\t\t\t\t<\/div>\n\t\t<div class=\"elementor-element elementor-element-b262cb5 e-flex e-con-boxed wpr-particle-no wpr-jarallax-no wpr-parallax-no wpr-sticky-section-no wpr-equal-height-no e-con e-parent\" data-id=\"b262cb5\" data-element_type=\"container\" data-e-type=\"container\">\n\t\t\t\t\t<div class=\"e-con-inner\">\n\t\t<div class=\"elementor-element elementor-element-9969309 e-con-full e-flex wpr-particle-no wpr-jarallax-no wpr-parallax-no wpr-sticky-section-no wpr-equal-height-no e-con e-child\" data-id=\"9969309\" data-element_type=\"container\" data-e-type=\"container\">\n\t\t\t\t<div class=\"elementor-element elementor-element-aafdc90 elementor-widget elementor-widget-image\" data-id=\"aafdc90\" data-element_type=\"widget\" data-e-type=\"widget\" data-widget_type=\"image.default\">\n\t\t\t\t<div class=\"elementor-widget-container\">\n\t\t\t\t\t\t\t\t\t\t\t\t\t\t\t<img loading=\"lazy\" decoding=\"async\" width=\"1024\" height=\"1024\" src=\"https:\/\/africaatual.com.br\/wp-content\/uploads\/2023\/08\/2b1c2261-8895-49da-95b2-8cd491a1bc3c-1024x1024.jpg\" class=\"attachment-large size-large wp-image-8793\" alt=\"\" srcset=\"https:\/\/africaatual.com.br\/wp-content\/uploads\/2023\/08\/2b1c2261-8895-49da-95b2-8cd491a1bc3c-1024x1024.jpg 1024w, https:\/\/africaatual.com.br\/wp-content\/uploads\/2023\/08\/2b1c2261-8895-49da-95b2-8cd491a1bc3c-300x300.jpg 300w, https:\/\/africaatual.com.br\/wp-content\/uploads\/2023\/08\/2b1c2261-8895-49da-95b2-8cd491a1bc3c-150x150.jpg 150w, https:\/\/africaatual.com.br\/wp-content\/uploads\/2023\/08\/2b1c2261-8895-49da-95b2-8cd491a1bc3c-768x768.jpg 768w, https:\/\/africaatual.com.br\/wp-content\/uploads\/2023\/08\/2b1c2261-8895-49da-95b2-8cd491a1bc3c-600x600.jpg 600w, https:\/\/africaatual.com.br\/wp-content\/uploads\/2023\/08\/2b1c2261-8895-49da-95b2-8cd491a1bc3c.jpg 1280w\" sizes=\"(max-width: 1024px) 100vw, 1024px\" \/>\t\t\t\t\t\t\t\t\t\t\t\t\t\t\t<\/div>\n\t\t\t\t<\/div>\n\t\t\t\t<\/div>\n\t\t<div class=\"elementor-element elementor-element-f547478 e-con-full e-flex wpr-particle-no wpr-jarallax-no wpr-parallax-no wpr-sticky-section-no wpr-equal-height-no e-con e-child\" data-id=\"f547478\" data-element_type=\"container\" data-e-type=\"container\">\n\t\t\t\t<div class=\"elementor-element elementor-element-141a529 elementor-widget__width-initial elementor-widget elementor-widget-heading\" data-id=\"141a529\" data-element_type=\"widget\" data-e-type=\"widget\" data-widget_type=\"heading.default\">\n\t\t\t\t<div class=\"elementor-widget-container\">\n\t\t\t\t\t<h3 class=\"elementor-heading-title elementor-size-default\">\"As novidades da \u00c1frica Contempor\u00e2nea e a Escola\"\n\n<\/h3>\t\t\t\t<\/div>\n\t\t\t\t<\/div>\n\t\t\t\t<div class=\"elementor-element elementor-element-38fe97b elementor-widget__width-initial elementor-widget elementor-widget-heading\" data-id=\"38fe97b\" data-element_type=\"widget\" data-e-type=\"widget\" data-widget_type=\"heading.default\">\n\t\t\t\t<div class=\"elementor-widget-container\">\n\t\t\t\t\t<p class=\"elementor-heading-title elementor-size-default\"><p>M\u00d3DULO 1 - \u00c1frica Atual: Uma Introdu\u00e7\u00e3o <br>\n\nM\u00d3DULO 2 -  Percep\u00e7\u00f5es iniciais sobre os pa\u00edses e as regi\u00f5es do continente africano  <br>\n\nM\u00d3DULO 3 -  Aspectos psicossociais ao contextualizar o continente africano na escola\n\n <br>\nM\u00d3DULO 4 -  Reflex\u00f5es pedag\u00f3gicas: aspectos do continente africano na escola\n <br>\nM\u00d3DULO 5 -  Pondera\u00e7\u00f5es finais\n<\/p><\/p>\t\t\t\t<\/div>\n\t\t\t\t<\/div>\n\t\t\t\t<div class=\"elementor-element elementor-element-1e8dfbc elementor-widget elementor-widget-heading\" data-id=\"1e8dfbc\" data-element_type=\"widget\" data-e-type=\"widget\" data-widget_type=\"heading.default\">\n\t\t\t\t<div class=\"elementor-widget-container\">\n\t\t\t\t\t<h2 class=\"elementor-heading-title elementor-size-default\">Carga hor\u00e1ria: 4 horas <br>\nCoordenador: Prof. Dr. Odair Marques da Silva<\/h2>\t\t\t\t<\/div>\n\t\t\t\t<\/div>\n\t\t\t\t<div class=\"elementor-element elementor-element-30cdac0 elementor-align-center elementor-widget elementor-widget-button\" data-id=\"30cdac0\" data-element_type=\"widget\" data-e-type=\"widget\" data-widget_type=\"button.default\">\n\t\t\t\t<div class=\"elementor-widget-container\">\n\t\t\t\t\t\t\t\t\t<div class=\"elementor-button-wrapper\">\n\t\t\t\t\t<a class=\"elementor-button elementor-button-link elementor-size-md\" href=\"https:\/\/chk.eduzz.com\/2273105\">\n\t\t\t\t\t\t<span class=\"elementor-button-content-wrapper\">\n\t\t\t\t\t\t\t\t\t<span class=\"elementor-button-text\">Clique aqui e inscreva-se<\/span>\n\t\t\t\t\t<\/span>\n\t\t\t\t\t<\/a>\n\t\t\t\t<\/div>\n\t\t\t\t\t\t\t\t<\/div>\n\t\t\t\t<\/div>\n\t\t\t\t<\/div>\n\t\t\t\t\t<\/div>\n\t\t\t\t<\/div>\n\t\t<div class=\"elementor-element elementor-element-57d1c86 e-flex e-con-boxed wpr-particle-no wpr-jarallax-no wpr-parallax-no wpr-sticky-section-no wpr-equal-height-no e-con e-parent\" data-id=\"57d1c86\" data-element_type=\"container\" data-e-type=\"container\">\n\t\t\t\t\t<div class=\"e-con-inner\">\n\t\t<div class=\"elementor-element elementor-element-289a664 e-con-full e-flex wpr-particle-no wpr-jarallax-no wpr-parallax-no wpr-sticky-section-no wpr-equal-height-no e-con e-child\" data-id=\"289a664\" data-element_type=\"container\" data-e-type=\"container\">\n\t\t\t\t<div class=\"elementor-element elementor-element-980bad3 elementor-widget elementor-widget-video\" data-id=\"980bad3\" data-element_type=\"widget\" data-e-type=\"widget\" data-settings=\"{&quot;youtube_url&quot;:&quot;https:\\\/\\\/www.youtube.com\\\/watch?v=_WkyMUSQLic&quot;,&quot;video_type&quot;:&quot;youtube&quot;,&quot;controls&quot;:&quot;yes&quot;}\" data-widget_type=\"video.default\">\n\t\t\t\t<div class=\"elementor-widget-container\">\n\t\t\t\t\t\t\t<div class=\"elementor-wrapper elementor-open-inline\">\n\t\t\t<div class=\"elementor-video\"><\/div>\t\t<\/div>\n\t\t\t\t\t\t<\/div>\n\t\t\t\t<\/div>\n\t\t\t\t<\/div>\n\t\t<div class=\"elementor-element elementor-element-9bb4c3c e-con-full e-flex wpr-particle-no wpr-jarallax-no wpr-parallax-no wpr-sticky-section-no wpr-equal-height-no e-con e-child\" data-id=\"9bb4c3c\" data-element_type=\"container\" data-e-type=\"container\">\n\t\t\t\t<div class=\"elementor-element elementor-element-58fc7b2 elementor-widget__width-initial elementor-widget elementor-widget-heading\" data-id=\"58fc7b2\" data-element_type=\"widget\" data-e-type=\"widget\" data-widget_type=\"heading.default\">\n\t\t\t\t<div class=\"elementor-widget-container\">\n\t\t\t\t\t<h3 class=\"elementor-heading-title elementor-size-default\"><a href=\"https:\/\/youtu.be\/_WkyMUSQLic\">Projeto para o Ensino M\u00e9dio:<br>Montando uma filmoteca africana na escola<\/a><\/h3>\t\t\t\t<\/div>\n\t\t\t\t<\/div>\n\t\t\t\t<\/div>\n\t\t\t\t\t<\/div>\n\t\t\t\t<\/div>\n\t\t<div class=\"elementor-element elementor-element-6ca0940 e-flex e-con-boxed wpr-particle-no wpr-jarallax-no wpr-parallax-no wpr-sticky-section-no wpr-equal-height-no e-con e-parent\" data-id=\"6ca0940\" data-element_type=\"container\" data-e-type=\"container\">\n\t\t\t\t\t<div class=\"e-con-inner\">\n\t\t<div class=\"elementor-element elementor-element-cf01c19 e-con-full e-flex wpr-particle-no wpr-jarallax-no wpr-parallax-no wpr-sticky-section-no wpr-equal-height-no e-con e-child\" data-id=\"cf01c19\" data-element_type=\"container\" data-e-type=\"container\">\n\t\t\t\t<div class=\"elementor-element elementor-element-51b0bbe elementor-widget elementor-widget-video\" data-id=\"51b0bbe\" data-element_type=\"widget\" data-e-type=\"widget\" data-settings=\"{&quot;youtube_url&quot;:&quot;https:\\\/\\\/www.youtube.com\\\/watch?v=UJ5Pknsgl00&quot;,&quot;video_type&quot;:&quot;youtube&quot;,&quot;controls&quot;:&quot;yes&quot;}\" data-widget_type=\"video.default\">\n\t\t\t\t<div class=\"elementor-widget-container\">\n\t\t\t\t\t\t\t<div class=\"elementor-wrapper elementor-open-inline\">\n\t\t\t<div class=\"elementor-video\"><\/div>\t\t<\/div>\n\t\t\t\t\t\t<\/div>\n\t\t\t\t<\/div>\n\t\t\t\t<\/div>\n\t\t<div class=\"elementor-element elementor-element-ca3fb6a e-con-full e-flex wpr-particle-no wpr-jarallax-no wpr-parallax-no wpr-sticky-section-no wpr-equal-height-no e-con e-child\" data-id=\"ca3fb6a\" data-element_type=\"container\" data-e-type=\"container\">\n\t\t\t\t<div class=\"elementor-element elementor-element-aa7ea46 elementor-widget__width-initial elementor-widget elementor-widget-heading\" data-id=\"aa7ea46\" data-element_type=\"widget\" data-e-type=\"widget\" data-widget_type=\"heading.default\">\n\t\t\t\t<div class=\"elementor-widget-container\">\n\t\t\t\t\t<h3 class=\"elementor-heading-title elementor-size-default\"><a href=\"https:\/\/youtu.be\/UJ5Pknsgl00\">Palestra - Live:<br>A import\u00e2ncia dos pa\u00edses africanos no atual cen\u00e1rio brasileiro<\/a><\/h3>\t\t\t\t<\/div>\n\t\t\t\t<\/div>\n\t\t\t\t<\/div>\n\t\t\t\t\t<\/div>\n\t\t\t\t<\/div>\n\t\t<div class=\"elementor-element elementor-element-cfb10c5 e-flex e-con-boxed wpr-particle-no wpr-jarallax-no wpr-parallax-no wpr-sticky-section-no wpr-equal-height-no e-con e-parent\" data-id=\"cfb10c5\" data-element_type=\"container\" data-e-type=\"container\">\n\t\t\t\t\t<div class=\"e-con-inner\">\n\t\t<div class=\"elementor-element elementor-element-d012beb e-con-full e-flex wpr-particle-no wpr-jarallax-no wpr-parallax-no wpr-sticky-section-no wpr-equal-height-no e-con e-child\" data-id=\"d012beb\" data-element_type=\"container\" data-e-type=\"container\">\n\t\t\t\t<div class=\"elementor-element elementor-element-d799b0a elementor-widget elementor-widget-video\" data-id=\"d799b0a\" data-element_type=\"widget\" data-e-type=\"widget\" data-settings=\"{&quot;youtube_url&quot;:&quot;https:\\\/\\\/www.youtube.com\\\/watch?app=desktop&amp;v=PwNtgkUQSUw&quot;,&quot;video_type&quot;:&quot;youtube&quot;,&quot;controls&quot;:&quot;yes&quot;}\" data-widget_type=\"video.default\">\n\t\t\t\t<div class=\"elementor-widget-container\">\n\t\t\t\t\t\t\t<div class=\"elementor-wrapper elementor-open-inline\">\n\t\t\t<div class=\"elementor-video\"><\/div>\t\t<\/div>\n\t\t\t\t\t\t<\/div>\n\t\t\t\t<\/div>\n\t\t\t\t<\/div>\n\t\t<div class=\"elementor-element elementor-element-4c1cd30 e-con-full e-flex wpr-particle-no wpr-jarallax-no wpr-parallax-no wpr-sticky-section-no wpr-equal-height-no e-con e-child\" data-id=\"4c1cd30\" data-element_type=\"container\" data-e-type=\"container\">\n\t\t\t\t<div class=\"elementor-element elementor-element-e8a8e2b elementor-widget__width-initial elementor-widget elementor-widget-heading\" data-id=\"e8a8e2b\" data-element_type=\"widget\" data-e-type=\"widget\" data-widget_type=\"heading.default\">\n\t\t\t\t<div class=\"elementor-widget-container\">\n\t\t\t\t\t<h3 class=\"elementor-heading-title elementor-size-default\">Palestra - Live: <br>Atlas Geocultural da \u00c1frica: contribui\u00e7\u00f5es para uma pr\u00e1tica pedag\u00f3gica antirracista<\/h3>\t\t\t\t<\/div>\n\t\t\t\t<\/div>\n\t\t\t\t<\/div>\n\t\t\t\t\t<\/div>\n\t\t\t\t<\/div>\n\t\t<div class=\"elementor-element elementor-element-13584af e-flex e-con-boxed wpr-particle-no wpr-jarallax-no wpr-parallax-no wpr-sticky-section-no wpr-equal-height-no e-con e-parent\" data-id=\"13584af\" data-element_type=\"container\" data-e-type=\"container\">\n\t\t\t\t\t<div class=\"e-con-inner\">\n\t\t<div class=\"elementor-element elementor-element-6163364 e-con-full e-flex wpr-particle-no wpr-jarallax-no wpr-parallax-no wpr-sticky-section-no wpr-equal-height-no e-con e-child\" data-id=\"6163364\" data-element_type=\"container\" data-e-type=\"container\">\n\t\t\t\t<div class=\"elementor-element elementor-element-52ef45c elementor-widget elementor-widget-video\" data-id=\"52ef45c\" data-element_type=\"widget\" data-e-type=\"widget\" data-settings=\"{&quot;youtube_url&quot;:&quot;https:\\\/\\\/www.youtube.com\\\/watch?v=gph_KnWqh3E&quot;,&quot;video_type&quot;:&quot;youtube&quot;,&quot;controls&quot;:&quot;yes&quot;}\" data-widget_type=\"video.default\">\n\t\t\t\t<div class=\"elementor-widget-container\">\n\t\t\t\t\t\t\t<div class=\"elementor-wrapper elementor-open-inline\">\n\t\t\t<div class=\"elementor-video\"><\/div>\t\t<\/div>\n\t\t\t\t\t\t<\/div>\n\t\t\t\t<\/div>\n\t\t\t\t<\/div>\n\t\t<div class=\"elementor-element elementor-element-3451736 e-con-full e-flex wpr-particle-no wpr-jarallax-no wpr-parallax-no wpr-sticky-section-no wpr-equal-height-no e-con e-child\" data-id=\"3451736\" data-element_type=\"container\" data-e-type=\"container\">\n\t\t\t\t<div class=\"elementor-element elementor-element-c30cc94 elementor-widget__width-initial elementor-widget elementor-widget-heading\" data-id=\"c30cc94\" data-element_type=\"widget\" data-e-type=\"widget\" data-widget_type=\"heading.default\">\n\t\t\t\t<div class=\"elementor-widget-container\">\n\t\t\t\t\t<h3 class=\"elementor-heading-title elementor-size-default\">Palestra - Live: \nAtlas Geocultural da \u00c1frica - Quebrando Estere\u00f3tipos - Campinas - 2022<\/h3>\t\t\t\t<\/div>\n\t\t\t\t<\/div>\n\t\t\t\t<\/div>\n\t\t\t\t\t<\/div>\n\t\t\t\t<\/div>\n\t\t<div class=\"elementor-element elementor-element-ae26391 e-flex e-con-boxed wpr-particle-no wpr-jarallax-no wpr-parallax-no wpr-sticky-section-no wpr-equal-height-no e-con e-parent\" data-id=\"ae26391\" data-element_type=\"container\" data-e-type=\"container\">\n\t\t\t\t\t<div class=\"e-con-inner\">\n\t\t\t\t\t<\/div>\n\t\t\t\t<\/div>\n\t\t\t\t<\/div>\n\t\t","protected":false},"excerpt":{"rendered":"<p>Cursos e Palestras Not\u00edcias Participe da 2\u00aa Mostra de Cinema Angolano em S\u00e3o Paulo! Dia da Mulher Negra Latinoamericana. Not\u00edcias Africanas #20 INVISTA NA HU\u00cdLA &#8211; VISIT HU\u00cdLA &#8211; CELSO SALLES Livro &#8211; Um passeio pela \u00c1frica NOVO CURSO! Projeto Escolar Turismo em \u00c1frica A tem\u00e1tica da \u00c1frica contempor\u00e2nea \u00e9 um elemento agregador e inovador nas escolas, nos aspectos que desconstroem paradigmas estigmatizantes. As novas abordagens ampliam significativamente os repert\u00f3rios culturais dos docentes e dos estudantes. E, estimulam vigorosamente os processos de ensino e aprendizagem. Interage tamb\u00e9m, de forma intensa, com as metodologias ativas, as din\u00e2micas de aprendizagens criativas e as aprendizagens baseadas em projetos, entre outras como o construtivismo e o construcionismo. Clique aqui e inscreva-se NOVO CURSO! Discutindo as pr\u00e1ticas na EJA: Racismo e a \u00c1frica Contempor\u00e2nea Este curso \u00e9 uma celebra\u00e7\u00e3o das belezas da \u00c1frica contempor\u00e2nea. Abordam-se as rela\u00e7\u00f5es entre o conte\u00fado curricular, o Racismo Estrutural e as Leis 10.639\/03 e 11.645\/08, garantindo uma perspectiva atualizada. Dedicamos especial aten\u00e7\u00e3o aos professores e professoras, incentivando a promo\u00e7\u00e3o da curiosidade pedag\u00f3gica e do ensino-aprendizagem, tornando o processo educacional ainda mais inspirador. Contrapondo os estere\u00f3tipos frequentemente presentes nos materiais did\u00e1ticos e de apoio na Educa\u00e7\u00e3o de Jovens e Adultos (EJA), este curso busca oferecer uma vis\u00e3o mais realista e empoderadora da \u00c1frica. Carga hor\u00e1ria: 40 minutos Prof. Dr. Izalto J\u00fanior Concei\u00e7\u00e3o Matos Clique aqui e inscreva-se NOVO CURSO! A \u00c1frica em Sala de Aula: Caminhos Poss\u00edveis para a Pr\u00e1tica na Educa\u00e7\u00e3o Infantil e nos Anos Iniciais Nosso curso \u00e9 uma celebra\u00e7\u00e3o das belezas da \u00c1frica contempor\u00e2nea. Abordam-se as rela\u00e7\u00f5es entre o conte\u00fado curricular, o Racismo Estrutural e as Leis 10.639\/03 e 11.645\/08, garantindo uma perspectiva atualizada. Carga hor\u00e1ria: 60 minutos Profa. Msc Sheila Perina de Souza Clique aqui e inscreva-se &#8220;As novidades da \u00c1frica Contempor\u00e2nea e a Escola&#8221; M\u00d3DULO 1 &#8211; \u00c1frica Atual: Uma Introdu\u00e7\u00e3o M\u00d3DULO 2 &#8211; Percep\u00e7\u00f5es iniciais sobre os pa\u00edses e as regi\u00f5es do continente africano M\u00d3DULO 3 &#8211; Aspectos psicossociais ao contextualizar o continente africano na escola M\u00d3DULO 4 &#8211; Reflex\u00f5es pedag\u00f3gicas: aspectos do continente africano na escola M\u00d3DULO 5 &#8211; Pondera\u00e7\u00f5es finais Carga hor\u00e1ria: 4 horas Coordenador: Prof. Dr. Odair Marques da Silva Clique aqui e inscreva-se Projeto para o Ensino M\u00e9dio:Montando uma filmoteca africana na escola Palestra &#8211; Live:A import\u00e2ncia dos pa\u00edses africanos no atual cen\u00e1rio brasileiro https:\/\/www.youtube.com\/watch?app=desktop&#038;v=PwNtgkUQSUw Palestra &#8211; Live: Atlas Geocultural da \u00c1frica: contribui\u00e7\u00f5es para uma pr\u00e1tica pedag\u00f3gica antirracista Palestra &#8211; Live: Atlas Geocultural da \u00c1frica &#8211; Quebrando Estere\u00f3tipos &#8211; Campinas &#8211; 2022<\/p>\n","protected":false},"author":2,"featured_media":0,"parent":0,"menu_order":0,"comment_status":"closed","ping_status":"closed","template":"","meta":{"inline_featured_image":false,"ocean_post_layout":"","ocean_both_sidebars_style":"","ocean_both_sidebars_content_width":0,"ocean_both_sidebars_sidebars_width":0,"ocean_sidebar":"0","ocean_second_sidebar":"0","ocean_disable_margins":"enable","ocean_add_body_class":"","ocean_shortcode_before_top_bar":"","ocean_shortcode_after_top_bar":"","ocean_shortcode_before_header":"","ocean_shortcode_after_header":"","ocean_has_shortcode":"","ocean_shortcode_after_title":"","ocean_shortcode_before_footer_widgets":"","ocean_shortcode_after_footer_widgets":"","ocean_shortcode_before_footer_bottom":"","ocean_shortcode_after_footer_bottom":"","ocean_display_top_bar":"default","ocean_display_header":"default","ocean_header_style":"","ocean_center_header_left_menu":"0","ocean_custom_header_template":"0","ocean_custom_logo":0,"ocean_custom_retina_logo":0,"ocean_custom_logo_max_width":0,"ocean_custom_logo_tablet_max_width":0,"ocean_custom_logo_mobile_max_width":0,"ocean_custom_logo_max_height":0,"ocean_custom_logo_tablet_max_height":0,"ocean_custom_logo_mobile_max_height":0,"ocean_header_custom_menu":"0","ocean_menu_typo_font_family":"0","ocean_menu_typo_font_subset":"","ocean_menu_typo_font_size":0,"ocean_menu_typo_font_size_tablet":0,"ocean_menu_typo_font_size_mobile":0,"ocean_menu_typo_font_size_unit":"px","ocean_menu_typo_font_weight":"","ocean_menu_typo_font_weight_tablet":"","ocean_menu_typo_font_weight_mobile":"","ocean_menu_typo_transform":"","ocean_menu_typo_transform_tablet":"","ocean_menu_typo_transform_mobile":"","ocean_menu_typo_line_height":0,"ocean_menu_typo_line_height_tablet":0,"ocean_menu_typo_line_height_mobile":0,"ocean_menu_typo_line_height_unit":"","ocean_menu_typo_spacing":0,"ocean_menu_typo_spacing_tablet":0,"ocean_menu_typo_spacing_mobile":0,"ocean_menu_typo_spacing_unit":"","ocean_menu_link_color":"","ocean_menu_link_color_hover":"","ocean_menu_link_color_active":"","ocean_menu_link_background":"","ocean_menu_link_hover_background":"","ocean_menu_link_active_background":"","ocean_menu_social_links_bg":"","ocean_menu_social_hover_links_bg":"","ocean_menu_social_links_color":"","ocean_menu_social_hover_links_color":"","ocean_disable_title":"default","ocean_disable_heading":"default","ocean_post_title":"","ocean_post_subheading":"","ocean_post_title_style":"","ocean_post_title_background_color":"","ocean_post_title_background":0,"ocean_post_title_bg_image_position":"","ocean_post_title_bg_image_attachment":"","ocean_post_title_bg_image_repeat":"","ocean_post_title_bg_image_size":"","ocean_post_title_height":0,"ocean_post_title_bg_overlay":0.5,"ocean_post_title_bg_overlay_color":"","ocean_disable_breadcrumbs":"default","ocean_breadcrumbs_color":"","ocean_breadcrumbs_separator_color":"","ocean_breadcrumbs_links_color":"","ocean_breadcrumbs_links_hover_color":"","ocean_display_footer_widgets":"default","ocean_display_footer_bottom":"default","ocean_custom_footer_template":"0","omw_enable_modal_window":"enable","footnotes":""},"palavra-chave":[],"class_list":["post-8773","page","type-page","status-publish","hentry","entry","has-media"],"yoast_head":"<!-- This site is optimized with the Yoast SEO plugin v27.3 - https:\/\/yoast.com\/product\/yoast-seo-wordpress\/ -->\n<title>Cursos e Palestras - africaatual.com.br<\/title>\n<meta name=\"robots\" content=\"index, follow, max-snippet:-1, max-image-preview:large, max-video-preview:-1\" \/>\n<link rel=\"canonical\" href=\"https:\/\/africaatual.com.br\/index.php\/cursos-e-palestras\/\" \/>\n<meta property=\"og:locale\" content=\"pt_BR\" \/>\n<meta property=\"og:type\" content=\"article\" \/>\n<meta property=\"og:title\" content=\"Cursos e Palestras - africaatual.com.br\" \/>\n<meta property=\"og:description\" content=\"Cursos e Palestras Not\u00edcias Participe da 2\u00aa Mostra de Cinema Angolano em S\u00e3o Paulo! Dia da Mulher Negra Latinoamericana. Not\u00edcias Africanas #20 INVISTA NA HU\u00cdLA &#8211; VISIT HU\u00cdLA &#8211; CELSO SALLES Livro &#8211; Um passeio pela \u00c1frica NOVO CURSO! Projeto Escolar Turismo em \u00c1frica A tem\u00e1tica da \u00c1frica contempor\u00e2nea \u00e9 um elemento agregador e inovador nas escolas, nos aspectos que desconstroem paradigmas estigmatizantes. As novas abordagens ampliam significativamente os repert\u00f3rios culturais dos docentes e dos estudantes. E, estimulam vigorosamente os processos de ensino e aprendizagem. Interage tamb\u00e9m, de forma intensa, com as metodologias ativas, as din\u00e2micas de aprendizagens criativas e as aprendizagens baseadas em projetos, entre outras como o construtivismo e o construcionismo. Clique aqui e inscreva-se NOVO CURSO! Discutindo as pr\u00e1ticas na EJA: Racismo e a \u00c1frica Contempor\u00e2nea Este curso \u00e9 uma celebra\u00e7\u00e3o das belezas da \u00c1frica contempor\u00e2nea. Abordam-se as rela\u00e7\u00f5es entre o conte\u00fado curricular, o Racismo Estrutural e as Leis 10.639\/03 e 11.645\/08, garantindo uma perspectiva atualizada. Dedicamos especial aten\u00e7\u00e3o aos professores e professoras, incentivando a promo\u00e7\u00e3o da curiosidade pedag\u00f3gica e do ensino-aprendizagem, tornando o processo educacional ainda mais inspirador. Contrapondo os estere\u00f3tipos frequentemente presentes nos materiais did\u00e1ticos e de apoio na Educa\u00e7\u00e3o de Jovens e Adultos (EJA), este curso busca oferecer uma vis\u00e3o mais realista e empoderadora da \u00c1frica. Carga hor\u00e1ria: 40 minutos Prof. Dr. Izalto J\u00fanior Concei\u00e7\u00e3o Matos Clique aqui e inscreva-se NOVO CURSO! A \u00c1frica em Sala de Aula: Caminhos Poss\u00edveis para a Pr\u00e1tica na Educa\u00e7\u00e3o Infantil e nos Anos Iniciais Nosso curso \u00e9 uma celebra\u00e7\u00e3o das belezas da \u00c1frica contempor\u00e2nea. Abordam-se as rela\u00e7\u00f5es entre o conte\u00fado curricular, o Racismo Estrutural e as Leis 10.639\/03 e 11.645\/08, garantindo uma perspectiva atualizada. Carga hor\u00e1ria: 60 minutos Profa. Msc Sheila Perina de Souza Clique aqui e inscreva-se &#8220;As novidades da \u00c1frica Contempor\u00e2nea e a Escola&#8221; M\u00d3DULO 1 &#8211; \u00c1frica Atual: Uma Introdu\u00e7\u00e3o M\u00d3DULO 2 &#8211; Percep\u00e7\u00f5es iniciais sobre os pa\u00edses e as regi\u00f5es do continente africano M\u00d3DULO 3 &#8211; Aspectos psicossociais ao contextualizar o continente africano na escola M\u00d3DULO 4 &#8211; Reflex\u00f5es pedag\u00f3gicas: aspectos do continente africano na escola M\u00d3DULO 5 &#8211; Pondera\u00e7\u00f5es finais Carga hor\u00e1ria: 4 horas Coordenador: Prof. Dr. Odair Marques da Silva Clique aqui e inscreva-se Projeto para o Ensino M\u00e9dio:Montando uma filmoteca africana na escola Palestra &#8211; Live:A import\u00e2ncia dos pa\u00edses africanos no atual cen\u00e1rio brasileiro https:\/\/www.youtube.com\/watch?app=desktop&#038;v=PwNtgkUQSUw Palestra &#8211; Live: Atlas Geocultural da \u00c1frica: contribui\u00e7\u00f5es para uma pr\u00e1tica pedag\u00f3gica antirracista Palestra &#8211; Live: Atlas Geocultural da \u00c1frica &#8211; Quebrando Estere\u00f3tipos &#8211; Campinas &#8211; 2022\" \/>\n<meta property=\"og:url\" content=\"https:\/\/africaatual.com.br\/index.php\/cursos-e-palestras\/\" \/>\n<meta property=\"og:site_name\" content=\"africaatual.com.br\" \/>\n<meta property=\"article:modified_time\" content=\"2024-08-09T22:51:14+00:00\" \/>\n<meta property=\"og:image\" content=\"http:\/\/africaatual.com.br\/wp-content\/uploads\/2024\/08\/Noticias-de-Africa-7-8-1024x1024.webp\" \/>\n<meta name=\"twitter:card\" content=\"summary_large_image\" \/>\n<meta name=\"twitter:label1\" content=\"Est. tempo de leitura\" \/>\n\t<meta name=\"twitter:data1\" content=\"3 minutos\" \/>\n<script type=\"application\/ld+json\" class=\"yoast-schema-graph\">{\"@context\":\"https:\\\/\\\/schema.org\",\"@graph\":[{\"@type\":\"WebPage\",\"@id\":\"https:\\\/\\\/africaatual.com.br\\\/index.php\\\/cursos-e-palestras\\\/\",\"url\":\"https:\\\/\\\/africaatual.com.br\\\/index.php\\\/cursos-e-palestras\\\/\",\"name\":\"Cursos e Palestras - africaatual.com.br\",\"isPartOf\":{\"@id\":\"https:\\\/\\\/africaatual.com.br\\\/#website\"},\"primaryImageOfPage\":{\"@id\":\"https:\\\/\\\/africaatual.com.br\\\/index.php\\\/cursos-e-palestras\\\/#primaryimage\"},\"image\":{\"@id\":\"https:\\\/\\\/africaatual.com.br\\\/index.php\\\/cursos-e-palestras\\\/#primaryimage\"},\"thumbnailUrl\":\"http:\\\/\\\/africaatual.com.br\\\/wp-content\\\/uploads\\\/2024\\\/08\\\/Noticias-de-Africa-7-8-1024x1024.webp\",\"datePublished\":\"2023-08-30T11:23:17+00:00\",\"dateModified\":\"2024-08-09T22:51:14+00:00\",\"breadcrumb\":{\"@id\":\"https:\\\/\\\/africaatual.com.br\\\/index.php\\\/cursos-e-palestras\\\/#breadcrumb\"},\"inLanguage\":\"pt-BR\",\"potentialAction\":[{\"@type\":\"ReadAction\",\"target\":[\"https:\\\/\\\/africaatual.com.br\\\/index.php\\\/cursos-e-palestras\\\/\"]}]},{\"@type\":\"ImageObject\",\"inLanguage\":\"pt-BR\",\"@id\":\"https:\\\/\\\/africaatual.com.br\\\/index.php\\\/cursos-e-palestras\\\/#primaryimage\",\"url\":\"https:\\\/\\\/africaatual.com.br\\\/wp-content\\\/uploads\\\/2024\\\/08\\\/Noticias-de-Africa-7-8.webp\",\"contentUrl\":\"https:\\\/\\\/africaatual.com.br\\\/wp-content\\\/uploads\\\/2024\\\/08\\\/Noticias-de-Africa-7-8.webp\",\"width\":1080,\"height\":1080},{\"@type\":\"BreadcrumbList\",\"@id\":\"https:\\\/\\\/africaatual.com.br\\\/index.php\\\/cursos-e-palestras\\\/#breadcrumb\",\"itemListElement\":[{\"@type\":\"ListItem\",\"position\":1,\"name\":\"In\u00edcio\",\"item\":\"https:\\\/\\\/africaatual.com.br\\\/\"},{\"@type\":\"ListItem\",\"position\":2,\"name\":\"Cursos e Palestras\"}]},{\"@type\":\"WebSite\",\"@id\":\"https:\\\/\\\/africaatual.com.br\\\/#website\",\"url\":\"https:\\\/\\\/africaatual.com.br\\\/\",\"name\":\"africaatual.com.br\",\"description\":\"O Atlas Geocultural da \u00c1frica \u00e9 um rico material de leitura e pesquisa, que visa apresentar de forma atual os pa\u00edses africanos, ainda t\u00e3o pouco conhecidos.\",\"publisher\":{\"@id\":\"https:\\\/\\\/africaatual.com.br\\\/#organization\"},\"potentialAction\":[{\"@type\":\"SearchAction\",\"target\":{\"@type\":\"EntryPoint\",\"urlTemplate\":\"https:\\\/\\\/africaatual.com.br\\\/?s={search_term_string}\"},\"query-input\":{\"@type\":\"PropertyValueSpecification\",\"valueRequired\":true,\"valueName\":\"search_term_string\"}}],\"inLanguage\":\"pt-BR\"},{\"@type\":\"Organization\",\"@id\":\"https:\\\/\\\/africaatual.com.br\\\/#organization\",\"name\":\"africaatual.com.br\",\"url\":\"https:\\\/\\\/africaatual.com.br\\\/\",\"logo\":{\"@type\":\"ImageObject\",\"inLanguage\":\"pt-BR\",\"@id\":\"https:\\\/\\\/africaatual.com.br\\\/#\\\/schema\\\/logo\\\/image\\\/\",\"url\":\"http:\\\/\\\/africaatual.com.br\\\/wp-content\\\/uploads\\\/2023\\\/06\\\/LOGOEIROS_Prancheta-1-tipo-preto.png\",\"contentUrl\":\"http:\\\/\\\/africaatual.com.br\\\/wp-content\\\/uploads\\\/2023\\\/06\\\/LOGOEIROS_Prancheta-1-tipo-preto.png\",\"width\":1667,\"height\":730,\"caption\":\"africaatual.com.br\"},\"image\":{\"@id\":\"https:\\\/\\\/africaatual.com.br\\\/#\\\/schema\\\/logo\\\/image\\\/\"}}]}<\/script>\n<!-- \/ Yoast SEO plugin. -->","yoast_head_json":{"title":"Cursos e Palestras - africaatual.com.br","robots":{"index":"index","follow":"follow","max-snippet":"max-snippet:-1","max-image-preview":"max-image-preview:large","max-video-preview":"max-video-preview:-1"},"canonical":"https:\/\/africaatual.com.br\/index.php\/cursos-e-palestras\/","og_locale":"pt_BR","og_type":"article","og_title":"Cursos e Palestras - africaatual.com.br","og_description":"Cursos e Palestras Not\u00edcias Participe da 2\u00aa Mostra de Cinema Angolano em S\u00e3o Paulo! Dia da Mulher Negra Latinoamericana. Not\u00edcias Africanas #20 INVISTA NA HU\u00cdLA &#8211; VISIT HU\u00cdLA &#8211; CELSO SALLES Livro &#8211; Um passeio pela \u00c1frica NOVO CURSO! Projeto Escolar Turismo em \u00c1frica A tem\u00e1tica da \u00c1frica contempor\u00e2nea \u00e9 um elemento agregador e inovador nas escolas, nos aspectos que desconstroem paradigmas estigmatizantes. As novas abordagens ampliam significativamente os repert\u00f3rios culturais dos docentes e dos estudantes. E, estimulam vigorosamente os processos de ensino e aprendizagem. Interage tamb\u00e9m, de forma intensa, com as metodologias ativas, as din\u00e2micas de aprendizagens criativas e as aprendizagens baseadas em projetos, entre outras como o construtivismo e o construcionismo. Clique aqui e inscreva-se NOVO CURSO! Discutindo as pr\u00e1ticas na EJA: Racismo e a \u00c1frica Contempor\u00e2nea Este curso \u00e9 uma celebra\u00e7\u00e3o das belezas da \u00c1frica contempor\u00e2nea. Abordam-se as rela\u00e7\u00f5es entre o conte\u00fado curricular, o Racismo Estrutural e as Leis 10.639\/03 e 11.645\/08, garantindo uma perspectiva atualizada. Dedicamos especial aten\u00e7\u00e3o aos professores e professoras, incentivando a promo\u00e7\u00e3o da curiosidade pedag\u00f3gica e do ensino-aprendizagem, tornando o processo educacional ainda mais inspirador. Contrapondo os estere\u00f3tipos frequentemente presentes nos materiais did\u00e1ticos e de apoio na Educa\u00e7\u00e3o de Jovens e Adultos (EJA), este curso busca oferecer uma vis\u00e3o mais realista e empoderadora da \u00c1frica. Carga hor\u00e1ria: 40 minutos Prof. Dr. Izalto J\u00fanior Concei\u00e7\u00e3o Matos Clique aqui e inscreva-se NOVO CURSO! A \u00c1frica em Sala de Aula: Caminhos Poss\u00edveis para a Pr\u00e1tica na Educa\u00e7\u00e3o Infantil e nos Anos Iniciais Nosso curso \u00e9 uma celebra\u00e7\u00e3o das belezas da \u00c1frica contempor\u00e2nea. Abordam-se as rela\u00e7\u00f5es entre o conte\u00fado curricular, o Racismo Estrutural e as Leis 10.639\/03 e 11.645\/08, garantindo uma perspectiva atualizada. Carga hor\u00e1ria: 60 minutos Profa. Msc Sheila Perina de Souza Clique aqui e inscreva-se &#8220;As novidades da \u00c1frica Contempor\u00e2nea e a Escola&#8221; M\u00d3DULO 1 &#8211; \u00c1frica Atual: Uma Introdu\u00e7\u00e3o M\u00d3DULO 2 &#8211; Percep\u00e7\u00f5es iniciais sobre os pa\u00edses e as regi\u00f5es do continente africano M\u00d3DULO 3 &#8211; Aspectos psicossociais ao contextualizar o continente africano na escola M\u00d3DULO 4 &#8211; Reflex\u00f5es pedag\u00f3gicas: aspectos do continente africano na escola M\u00d3DULO 5 &#8211; Pondera\u00e7\u00f5es finais Carga hor\u00e1ria: 4 horas Coordenador: Prof. Dr. Odair Marques da Silva Clique aqui e inscreva-se Projeto para o Ensino M\u00e9dio:Montando uma filmoteca africana na escola Palestra &#8211; Live:A import\u00e2ncia dos pa\u00edses africanos no atual cen\u00e1rio brasileiro https:\/\/www.youtube.com\/watch?app=desktop&#038;v=PwNtgkUQSUw Palestra &#8211; Live: Atlas Geocultural da \u00c1frica: contribui\u00e7\u00f5es para uma pr\u00e1tica pedag\u00f3gica antirracista Palestra &#8211; Live: Atlas Geocultural da \u00c1frica &#8211; Quebrando Estere\u00f3tipos &#8211; Campinas &#8211; 2022","og_url":"https:\/\/africaatual.com.br\/index.php\/cursos-e-palestras\/","og_site_name":"africaatual.com.br","article_modified_time":"2024-08-09T22:51:14+00:00","og_image":[{"url":"http:\/\/africaatual.com.br\/wp-content\/uploads\/2024\/08\/Noticias-de-Africa-7-8-1024x1024.webp","type":"","width":"","height":""}],"twitter_card":"summary_large_image","twitter_misc":{"Est. tempo de leitura":"3 minutos"},"schema":{"@context":"https:\/\/schema.org","@graph":[{"@type":"WebPage","@id":"https:\/\/africaatual.com.br\/index.php\/cursos-e-palestras\/","url":"https:\/\/africaatual.com.br\/index.php\/cursos-e-palestras\/","name":"Cursos e Palestras - africaatual.com.br","isPartOf":{"@id":"https:\/\/africaatual.com.br\/#website"},"primaryImageOfPage":{"@id":"https:\/\/africaatual.com.br\/index.php\/cursos-e-palestras\/#primaryimage"},"image":{"@id":"https:\/\/africaatual.com.br\/index.php\/cursos-e-palestras\/#primaryimage"},"thumbnailUrl":"http:\/\/africaatual.com.br\/wp-content\/uploads\/2024\/08\/Noticias-de-Africa-7-8-1024x1024.webp","datePublished":"2023-08-30T11:23:17+00:00","dateModified":"2024-08-09T22:51:14+00:00","breadcrumb":{"@id":"https:\/\/africaatual.com.br\/index.php\/cursos-e-palestras\/#breadcrumb"},"inLanguage":"pt-BR","potentialAction":[{"@type":"ReadAction","target":["https:\/\/africaatual.com.br\/index.php\/cursos-e-palestras\/"]}]},{"@type":"ImageObject","inLanguage":"pt-BR","@id":"https:\/\/africaatual.com.br\/index.php\/cursos-e-palestras\/#primaryimage","url":"https:\/\/africaatual.com.br\/wp-content\/uploads\/2024\/08\/Noticias-de-Africa-7-8.webp","contentUrl":"https:\/\/africaatual.com.br\/wp-content\/uploads\/2024\/08\/Noticias-de-Africa-7-8.webp","width":1080,"height":1080},{"@type":"BreadcrumbList","@id":"https:\/\/africaatual.com.br\/index.php\/cursos-e-palestras\/#breadcrumb","itemListElement":[{"@type":"ListItem","position":1,"name":"In\u00edcio","item":"https:\/\/africaatual.com.br\/"},{"@type":"ListItem","position":2,"name":"Cursos e Palestras"}]},{"@type":"WebSite","@id":"https:\/\/africaatual.com.br\/#website","url":"https:\/\/africaatual.com.br\/","name":"africaatual.com.br","description":"O Atlas Geocultural da \u00c1frica \u00e9 um rico material de leitura e pesquisa, que visa apresentar de forma atual os pa\u00edses africanos, ainda t\u00e3o pouco conhecidos.","publisher":{"@id":"https:\/\/africaatual.com.br\/#organization"},"potentialAction":[{"@type":"SearchAction","target":{"@type":"EntryPoint","urlTemplate":"https:\/\/africaatual.com.br\/?s={search_term_string}"},"query-input":{"@type":"PropertyValueSpecification","valueRequired":true,"valueName":"search_term_string"}}],"inLanguage":"pt-BR"},{"@type":"Organization","@id":"https:\/\/africaatual.com.br\/#organization","name":"africaatual.com.br","url":"https:\/\/africaatual.com.br\/","logo":{"@type":"ImageObject","inLanguage":"pt-BR","@id":"https:\/\/africaatual.com.br\/#\/schema\/logo\/image\/","url":"http:\/\/africaatual.com.br\/wp-content\/uploads\/2023\/06\/LOGOEIROS_Prancheta-1-tipo-preto.png","contentUrl":"http:\/\/africaatual.com.br\/wp-content\/uploads\/2023\/06\/LOGOEIROS_Prancheta-1-tipo-preto.png","width":1667,"height":730,"caption":"africaatual.com.br"},"image":{"@id":"https:\/\/africaatual.com.br\/#\/schema\/logo\/image\/"}}]}},"_links":{"self":[{"href":"https:\/\/africaatual.com.br\/index.php\/wp-json\/wp\/v2\/pages\/8773","targetHints":{"allow":["GET"]}}],"collection":[{"href":"https:\/\/africaatual.com.br\/index.php\/wp-json\/wp\/v2\/pages"}],"about":[{"href":"https:\/\/africaatual.com.br\/index.php\/wp-json\/wp\/v2\/types\/page"}],"author":[{"embeddable":true,"href":"https:\/\/africaatual.com.br\/index.php\/wp-json\/wp\/v2\/users\/2"}],"replies":[{"embeddable":true,"href":"https:\/\/africaatual.com.br\/index.php\/wp-json\/wp\/v2\/comments?post=8773"}],"version-history":[{"count":237,"href":"https:\/\/africaatual.com.br\/index.php\/wp-json\/wp\/v2\/pages\/8773\/revisions"}],"predecessor-version":[{"id":11863,"href":"https:\/\/africaatual.com.br\/index.php\/wp-json\/wp\/v2\/pages\/8773\/revisions\/11863"}],"wp:attachment":[{"href":"https:\/\/africaatual.com.br\/index.php\/wp-json\/wp\/v2\/media?parent=8773"}],"wp:term":[{"taxonomy":"palavra-chave","embeddable":true,"href":"https:\/\/africaatual.com.br\/index.php\/wp-json\/wp\/v2\/palavra-chave?post=8773"}],"curies":[{"name":"wp","href":"https:\/\/api.w.org\/{rel}","templated":true}]}}