
{"id":9031,"date":"2023-09-15T00:30:07","date_gmt":"2023-09-15T03:30:07","guid":{"rendered":"https:\/\/africaatual.com.br\/?page_id=9031"},"modified":"2026-04-28T18:03:04","modified_gmt":"2026-04-28T21:03:04","slug":"projetos-escolares","status":"publish","type":"page","link":"https:\/\/africaatual.com.br\/index.php\/projetos-escolares\/","title":{"rendered":"Projetos Escolares"},"content":{"rendered":"\t\t<div data-elementor-type=\"wp-page\" data-elementor-id=\"9031\" class=\"elementor elementor-9031\">\n\t\t\t\t<div class=\"elementor-element elementor-element-f2cca5d e-flex e-con-boxed wpr-particle-no wpr-jarallax-no wpr-parallax-no wpr-sticky-section-no wpr-equal-height-no e-con e-parent\" data-id=\"f2cca5d\" data-element_type=\"container\" data-e-type=\"container\" data-settings=\"{&quot;background_background&quot;:&quot;classic&quot;}\">\n\t\t\t\t\t<div class=\"e-con-inner\">\n\t\t\t\t<div class=\"elementor-element elementor-element-6fe84aa elementor-widget__width-inherit elementor-widget elementor-widget-heading\" data-id=\"6fe84aa\" data-element_type=\"widget\" data-e-type=\"widget\" data-widget_type=\"heading.default\">\n\t\t\t\t<div class=\"elementor-widget-container\">\n\t\t\t\t\t<h1 class=\"elementor-heading-title elementor-size-default\">Projetos Escolares<\/h1>\t\t\t\t<\/div>\n\t\t\t\t<\/div>\n\t\t\t\t\t<\/div>\n\t\t\t\t<\/div>\n\t\t<div class=\"elementor-element elementor-element-718b11b e-flex e-con-boxed wpr-particle-no wpr-jarallax-no wpr-parallax-no wpr-sticky-section-no wpr-equal-height-no e-con e-parent\" data-id=\"718b11b\" data-element_type=\"container\" data-e-type=\"container\">\n\t\t\t\t\t<div class=\"e-con-inner\">\n\t\t<div class=\"elementor-element elementor-element-8792401 e-flex e-con-boxed wpr-particle-no wpr-jarallax-no wpr-parallax-no wpr-sticky-section-no wpr-equal-height-no e-con e-child\" data-id=\"8792401\" data-element_type=\"container\" data-e-type=\"container\" data-settings=\"{&quot;background_background&quot;:&quot;classic&quot;}\">\n\t\t\t\t\t<div class=\"e-con-inner\">\n\t\t<div class=\"elementor-element elementor-element-8e1aacd e-flex e-con-boxed wpr-particle-no wpr-jarallax-no wpr-parallax-no wpr-sticky-section-no wpr-equal-height-no e-con e-child\" data-id=\"8e1aacd\" data-element_type=\"container\" data-e-type=\"container\">\n\t\t\t\t\t<div class=\"e-con-inner\">\n\t\t<div class=\"elementor-element elementor-element-e62b75d e-flex e-con-boxed wpr-particle-no wpr-jarallax-no wpr-parallax-no wpr-sticky-section-no wpr-equal-height-no e-con e-child\" data-id=\"e62b75d\" data-element_type=\"container\" data-e-type=\"container\">\n\t\t\t\t\t<div class=\"e-con-inner\">\n\t\t<div class=\"elementor-element elementor-element-0972cec e-flex e-con-boxed wpr-particle-no wpr-jarallax-no wpr-parallax-no wpr-sticky-section-no wpr-equal-height-no e-con e-child\" data-id=\"0972cec\" data-element_type=\"container\" data-e-type=\"container\">\n\t\t\t\t\t<div class=\"e-con-inner\">\n\t\t\t\t<div class=\"elementor-element elementor-element-39efc7a elementor-widget__width-inherit elementor-widget elementor-widget-upk-news-ticker\" data-id=\"39efc7a\" data-element_type=\"widget\" data-e-type=\"widget\" data-widget_type=\"upk-news-ticker.default\">\n\t\t\t\t<div class=\"elementor-widget-container\">\n\t\t\t\t\t\t\t<div id=\"newsTicker1\" class=\"upk-news-ticker\" data-settings=\"{&quot;effect&quot;:&quot;slide-right&quot;,&quot;autoPlay&quot;:true,&quot;interval&quot;:6000,&quot;pauseOnHover&quot;:true,&quot;scrollSpeed&quot;:1}\">\n\t\t\t\t\t    \t<div class=\"upk-news-ticker-label\">\n\t\t\t\t\t<div class=\"upk-news-ticker-label-inner\">\n\t\t\t\t\t\tNot\u00edcias\t    \t\t\t<\/div>\n\t    \t\t<\/div>\n\t\t    \t\t    <div class=\"upk-news-ticker-content\">\n\t\t        <ul>\n\t\t\t\t<li class=\"upk-news-ticker-item\">\n\t\t\t\n\n\t\t\t\t\t\t\t\t\t\n\t\t<a href=\"https:\/\/africaatual.com.br\/index.php\/2026\/04\/14\/lancamento-do-livro-afrifuturismo-e-afriotimismo\/\">\n\t\t\t\n\t\t\t\n\t\t\tLan\u00e7amento  do livro Afrifuturismo e Afriotimismo\t\t<\/a>\n\t\t\t\t\t\t\n\t\t\t\t\n\t\t\t\n\t\t<\/li>\n\t\t\t\t<li class=\"upk-news-ticker-item\">\n\t\t\t\n\n\t\t\t\t\t\t\t\t\t\n\t\t<a href=\"https:\/\/africaatual.com.br\/index.php\/2026\/04\/14\/novidade-ouca-o-programa-atlas-geocultural-da-africa-na-radio-kalimba\/\">\n\t\t\t\n\t\t\t\n\t\t\tNovidade: ou\u00e7a o programa Atlas Geocultural da \u00c1frica, na r\u00e1dio Kalimba\t\t<\/a>\n\t\t\t\t\t\t\n\t\t\t\t\n\t\t\t\n\t\t<\/li>\n\t\t\t\t<li class=\"upk-news-ticker-item\">\n\t\t\t\n\n\t\t\t\t\t\t\t\t\t\n\t\t<a href=\"https:\/\/africaatual.com.br\/index.php\/2026\/03\/23\/senado-federal-realiza-audiencia-publica-sobre-contribuicoes-africanas-e-direitos-de-criancas-quilombolas\/\">\n\t\t\t\n\t\t\t\n\t\t\tSenado Federal realiza audi\u00eancia p\u00fablica sobre contribui\u00e7\u00f5es africanas e direitos de crian\u00e7as quilombolas\t\t<\/a>\n\t\t\t\t\t\t\n\t\t\t\t\n\t\t\t\n\t\t<\/li>\n\t\t\t\t<li class=\"upk-news-ticker-item\">\n\t\t\t\n\n\t\t\t\t\t\t\t\t\t\n\t\t<a href=\"https:\/\/africaatual.com.br\/index.php\/2026\/02\/19\/noticias-africanas-34\/\">\n\t\t\t\n\t\t\t\n\t\t\tNot\u00edcias Africanas #34\t\t<\/a>\n\t\t\t\t\t\t\n\t\t\t\t\n\t\t\t\n\t\t<\/li>\n\t\t\t\t<li class=\"upk-news-ticker-item\">\n\t\t\t\n\n\t\t\t\t\t\t\t\t\t\n\t\t<a href=\"https:\/\/africaatual.com.br\/index.php\/2026\/02\/19\/curso-de-didatica-da-literatura-angola\/\">\n\t\t\t\n\t\t\t\n\t\t\tCurso de Did\u00e1tica da Literatura abre inscri\u00e7\u00f5es com forma\u00e7\u00e3o presencial\t\t<\/a>\n\t\t\t\t\t\t\n\t\t\t\t\n\t\t\t\n\t\t<\/li>\n\t\t\n\n\t\t        <\/ul>\n\t\t    <\/div>\n\t\t    \t\t    <div class=\"upk-news-ticker-controls upk-news-ticker-navigation\">\n\n\t\t        <button class=\"bdt-visible@m\">\n\t\t        \t<span class=\"upk-news-ticker-arrow upk-news-ticker-prev bdt-icon\">\n\t\t        \t\t<svg width=\"20\" height=\"20\" viewBox=\"0 0 20 20\" xmlns=\"http:\/\/www.w3.org\/2000\/svg\" data-svg=\"chevron-left\">\n\t\t        \t\t\t<polyline fill=\"none\" stroke=\"#000\" stroke-width=\"1.03\" points=\"13 16 7 10 13 4\"><\/polyline>\n\t\t        \t\t<\/svg>\n\t\t        \t<\/span>\n\t\t        <\/button>\n\n\t\t        \t\t        \n\t\t        <button>\n\t\t        \t<span class=\"upk-news-ticker-arrow upk-news-ticker-next bdt-icon\">\n\t\t        \t\t<svg width=\"20\" height=\"20\" viewBox=\"0 0 20 20\" xmlns=\"http:\/\/www.w3.org\/2000\/svg\" data-svg=\"chevron-right\">\n\t\t        \t\t\t<polyline fill=\"none\" stroke=\"#000\" stroke-width=\"1.03\" points=\"7 4 13 10 7 16\"><\/polyline>\n\t\t        \t\t<\/svg>\n\t\t        \t<\/span>\n\t\t        <\/button>\n\n\t\t    <\/div>\n\n\t\t\t\t\t<\/div>\n\t\t\n\t\t\t\t\t\t<\/div>\n\t\t\t\t<\/div>\n\t\t\t\t\t<\/div>\n\t\t\t\t<\/div>\n\t\t\t\t\t<\/div>\n\t\t\t\t<\/div>\n\t\t\t\t\t<\/div>\n\t\t\t\t<\/div>\n\t\t\t\t\t<\/div>\n\t\t\t\t<\/div>\n\t\t\t\t\t<\/div>\n\t\t\t\t<\/div>\n\t\t<div class=\"elementor-element elementor-element-264d69e e-flex e-con-boxed wpr-particle-no wpr-jarallax-no wpr-parallax-no wpr-sticky-section-no wpr-equal-height-no e-con e-parent\" data-id=\"264d69e\" data-element_type=\"container\" data-e-type=\"container\" data-settings=\"{&quot;background_background&quot;:&quot;classic&quot;}\">\n\t\t\t\t\t<div class=\"e-con-inner\">\n\t\t<div class=\"elementor-element elementor-element-962c4fe e-con-full e-flex wpr-particle-no wpr-jarallax-no wpr-parallax-no wpr-sticky-section-no wpr-equal-height-no e-con e-child\" data-id=\"962c4fe\" data-element_type=\"container\" data-e-type=\"container\">\n\t\t\t\t<div class=\"elementor-element elementor-element-50a175c elementor-widget elementor-widget-image\" data-id=\"50a175c\" data-element_type=\"widget\" data-e-type=\"widget\" data-widget_type=\"image.default\">\n\t\t\t\t<div class=\"elementor-widget-container\">\n\t\t\t\t\t\t\t\t\t\t\t\t\t\t\t\t<a href=\"https:\/\/africaatual.com.br\/index.php\/2025\/11\/18\/livro-a-africa-que-alguem-te-conta\/\">\n\t\t\t\t\t\t\t<img fetchpriority=\"high\" decoding=\"async\" width=\"1024\" height=\"1024\" src=\"https:\/\/africaatual.com.br\/wp-content\/uploads\/2025\/11\/O-BNDES-Garagem-e-o-programa-do-Banco-Nacional-de-Desenvolvimento-Economico-e-Social-BNDES-de-incentivo-a-startups-que-promove-e-incentiva-acoes-empreendedoras-em-todo-o-Brasil.-A-iniciativa-e-u-5-1024x1024.jpg\" class=\"attachment-large size-large wp-image-13161\" alt=\"\" srcset=\"https:\/\/africaatual.com.br\/wp-content\/uploads\/2025\/11\/O-BNDES-Garagem-e-o-programa-do-Banco-Nacional-de-Desenvolvimento-Economico-e-Social-BNDES-de-incentivo-a-startups-que-promove-e-incentiva-acoes-empreendedoras-em-todo-o-Brasil.-A-iniciativa-e-u-5-1024x1024.jpg 1024w, https:\/\/africaatual.com.br\/wp-content\/uploads\/2025\/11\/O-BNDES-Garagem-e-o-programa-do-Banco-Nacional-de-Desenvolvimento-Economico-e-Social-BNDES-de-incentivo-a-startups-que-promove-e-incentiva-acoes-empreendedoras-em-todo-o-Brasil.-A-iniciativa-e-u-5-300x300.jpg 300w, https:\/\/africaatual.com.br\/wp-content\/uploads\/2025\/11\/O-BNDES-Garagem-e-o-programa-do-Banco-Nacional-de-Desenvolvimento-Economico-e-Social-BNDES-de-incentivo-a-startups-que-promove-e-incentiva-acoes-empreendedoras-em-todo-o-Brasil.-A-iniciativa-e-u-5-150x150.jpg 150w, https:\/\/africaatual.com.br\/wp-content\/uploads\/2025\/11\/O-BNDES-Garagem-e-o-programa-do-Banco-Nacional-de-Desenvolvimento-Economico-e-Social-BNDES-de-incentivo-a-startups-que-promove-e-incentiva-acoes-empreendedoras-em-todo-o-Brasil.-A-iniciativa-e-u-5-768x768.jpg 768w, https:\/\/africaatual.com.br\/wp-content\/uploads\/2025\/11\/O-BNDES-Garagem-e-o-programa-do-Banco-Nacional-de-Desenvolvimento-Economico-e-Social-BNDES-de-incentivo-a-startups-que-promove-e-incentiva-acoes-empreendedoras-em-todo-o-Brasil.-A-iniciativa-e-u-5-600x600.jpg 600w, https:\/\/africaatual.com.br\/wp-content\/uploads\/2025\/11\/O-BNDES-Garagem-e-o-programa-do-Banco-Nacional-de-Desenvolvimento-Economico-e-Social-BNDES-de-incentivo-a-startups-que-promove-e-incentiva-acoes-empreendedoras-em-todo-o-Brasil.-A-iniciativa-e-u-5.jpg 1080w\" sizes=\"(max-width: 1024px) 100vw, 1024px\" \/>\t\t\t\t\t\t\t\t<\/a>\n\t\t\t\t\t\t\t\t\t\t\t\t\t\t\t<\/div>\n\t\t\t\t<\/div>\n\t\t\t\t<\/div>\n\t\t<div class=\"elementor-element elementor-element-a303d2c e-con-full e-flex wpr-particle-no wpr-jarallax-no wpr-parallax-no wpr-sticky-section-no wpr-equal-height-no e-con e-child\" data-id=\"a303d2c\" data-element_type=\"container\" data-e-type=\"container\">\n\t\t\t\t<div class=\"elementor-element elementor-element-f165580 elementor-widget__width-initial elementor-widget elementor-widget-heading\" data-id=\"f165580\" data-element_type=\"widget\" data-e-type=\"widget\" data-widget_type=\"heading.default\">\n\t\t\t\t<div class=\"elementor-widget-container\">\n\t\t\t\t\t<h3 class=\"elementor-heading-title elementor-size-default\"><a href=\"https:\/\/africaatual.com.br\/index.php\/2025\/11\/18\/livro-a-africa-que-alguem-te-conta\/\">\ud83d\udcd7 A \u00c1frica que Algu\u00e9m te Conta<\/a><\/h3>\t\t\t\t<\/div>\n\t\t\t\t<\/div>\n\t\t\t\t<div class=\"elementor-element elementor-element-a25a35e elementor-widget__width-initial elementor-widget elementor-widget-text-editor\" data-id=\"a25a35e\" data-element_type=\"widget\" data-e-type=\"widget\" data-widget_type=\"text-editor.default\">\n\t\t\t\t<div class=\"elementor-widget-container\">\n\t\t\t\t\t\t\t\t\t<p><div class=\"_df_thumb \" id=\"df_13160\"  _slug=\"a-africa-que-alguem-te-conta\" data-title=\"a-africa-que-alguem-te-conta\" wpoptions=\"true\" thumb=\"http:\/\/africaatual.com.br\/wp-content\/uploads\/2025\/11\/O-BNDES-Garagem-e-o-programa-do-Banco-Nacional-de-Desenvolvimento-Economico-e-Social-BNDES-de-incentivo-a-startups-que-promove-e-incentiva-acoes-empreendedoras-em-todo-o-Brasil.-A-iniciativa-e-u-5.jpg\" thumbtype=\"\" >A \u00c1frica que algu\u00e9m te conta<\/div><script class=\"df-shortcode-script\" nowprocket type=\"application\/javascript\">window.option_df_13160 = {\"outline\":[],\"autoEnableOutline\":\"false\",\"autoEnableThumbnail\":\"false\",\"overwritePDFOutline\":\"false\",\"direction\":\"1\",\"pageSize\":\"0\",\"source\":\"http:\\\/\\\/africaatual.com.br\\\/wp-content\\\/uploads\\\/2025\\\/11\\\/A-Africa-que-alguem-te-conta-rev-6.pdf\",\"wpOptions\":\"true\"}; if(window.DFLIP && window.DFLIP.parseBooks){window.DFLIP.parseBooks();}<\/script><\/p>\t\t\t\t\t\t\t\t<\/div>\n\t\t\t\t<\/div>\n\t\t\t\t<div class=\"elementor-element elementor-element-17a6068 elementor-widget elementor-widget-text-editor\" data-id=\"17a6068\" data-element_type=\"widget\" data-e-type=\"widget\" data-widget_type=\"text-editor.default\">\n\t\t\t\t<div class=\"elementor-widget-container\">\n\t\t\t\t\t\t\t\t\t<p><a href=\"https:\/\/africaatual.com.br\/index.php\/2025\/11\/18\/livro-a-africa-que-alguem-te-conta\/\">Organizadores: Cintia da Silva Ribeiro Santiago, Edilene Maria da Silva, Irandi Gomes da Silva, Jana\u00cdna Farias de Souza Ferreira e Odair Marques da Silva<\/a><\/p>\t\t\t\t\t\t\t\t<\/div>\n\t\t\t\t<\/div>\n\t\t\t\t<\/div>\n\t\t\t\t\t<\/div>\n\t\t\t\t<\/div>\n\t\t<div class=\"elementor-element elementor-element-57d1c86 e-flex e-con-boxed wpr-particle-no wpr-jarallax-no wpr-parallax-no wpr-sticky-section-no wpr-equal-height-no e-con e-parent\" data-id=\"57d1c86\" data-element_type=\"container\" data-e-type=\"container\">\n\t\t\t\t\t<div class=\"e-con-inner\">\n\t\t<div class=\"elementor-element elementor-element-289a664 e-con-full e-flex wpr-particle-no wpr-jarallax-no wpr-parallax-no wpr-sticky-section-no wpr-equal-height-no e-con e-child\" data-id=\"289a664\" data-element_type=\"container\" data-e-type=\"container\">\n\t\t\t\t<div class=\"elementor-element elementor-element-a62dbe6 elementor-widget elementor-widget-video\" data-id=\"a62dbe6\" data-element_type=\"widget\" data-e-type=\"widget\" data-settings=\"{&quot;youtube_url&quot;:&quot;https:\\\/\\\/www.youtube.com\\\/watch?si=wz-6dbGAWAKSCAZh&amp;v=5CYVxGLEdg0&amp;feature=youtu.be&quot;,&quot;video_type&quot;:&quot;youtube&quot;,&quot;controls&quot;:&quot;yes&quot;}\" data-widget_type=\"video.default\">\n\t\t\t\t<div class=\"elementor-widget-container\">\n\t\t\t\t\t\t\t<div class=\"elementor-wrapper elementor-open-inline\">\n\t\t\t<div class=\"elementor-video\"><\/div>\t\t<\/div>\n\t\t\t\t\t\t<\/div>\n\t\t\t\t<\/div>\n\t\t\t\t<\/div>\n\t\t<div class=\"elementor-element elementor-element-9bb4c3c e-con-full e-flex wpr-particle-no wpr-jarallax-no wpr-parallax-no wpr-sticky-section-no wpr-equal-height-no e-con e-child\" data-id=\"9bb4c3c\" data-element_type=\"container\" data-e-type=\"container\">\n\t\t\t\t<div class=\"elementor-element elementor-element-58fc7b2 elementor-widget__width-initial elementor-widget elementor-widget-heading\" data-id=\"58fc7b2\" data-element_type=\"widget\" data-e-type=\"widget\" data-widget_type=\"heading.default\">\n\t\t\t\t<div class=\"elementor-widget-container\">\n\t\t\t\t\t<h3 class=\"elementor-heading-title elementor-size-default\"><a href=\"https:\/\/www.youtube.com\/watch?v=5CYVxGLEdg0\">Escola leva escritor para conversar com as crian\u00e7as<\/a><\/h3>\t\t\t\t<\/div>\n\t\t\t\t<\/div>\n\t\t\t\t<div class=\"elementor-element elementor-element-bdbf0cb elementor-widget elementor-widget-text-editor\" data-id=\"bdbf0cb\" data-element_type=\"widget\" data-e-type=\"widget\" data-widget_type=\"text-editor.default\">\n\t\t\t\t<div class=\"elementor-widget-container\">\n\t\t\t\t\t\t\t\t\t<div dir=\"ltr\"><a href=\"https:\/\/www.youtube.com\/watch?v=5CYVxGLEdg0\">Not\u00edcia da TV C\u00e2mara Campinas, em\u00a0 16\/04\/2026<\/a><\/div>\t\t\t\t\t\t\t\t<\/div>\n\t\t\t\t<\/div>\n\t\t\t\t<\/div>\n\t\t\t\t\t<\/div>\n\t\t\t\t<\/div>\n\t\t<div class=\"elementor-element elementor-element-1dc8e05 e-flex e-con-boxed wpr-particle-no wpr-jarallax-no wpr-parallax-no wpr-sticky-section-no wpr-equal-height-no e-con e-parent\" data-id=\"1dc8e05\" data-element_type=\"container\" data-e-type=\"container\">\n\t\t\t\t\t<div class=\"e-con-inner\">\n\t\t<div class=\"elementor-element elementor-element-4684326 e-con-full e-flex wpr-particle-no wpr-jarallax-no wpr-parallax-no wpr-sticky-section-no wpr-equal-height-no e-con e-child\" data-id=\"4684326\" data-element_type=\"container\" data-e-type=\"container\">\n\t\t\t\t<div class=\"elementor-element elementor-element-4e56328 elementor-widget elementor-widget-image\" data-id=\"4e56328\" data-element_type=\"widget\" data-e-type=\"widget\" data-widget_type=\"image.default\">\n\t\t\t\t<div class=\"elementor-widget-container\">\n\t\t\t\t\t\t\t\t\t\t\t\t\t\t\t\t<a href=\"https:\/\/www.youtube.com\/live\/QU-EokRrrmU\">\n\t\t\t\t\t\t\t<img decoding=\"async\" width=\"957\" height=\"534\" src=\"https:\/\/africaatual.com.br\/wp-content\/uploads\/2024\/10\/Imagem-do-WhatsApp-de-2024-10-20-as-20.50.07_c1061b5a.jpg\" class=\"attachment-large size-large wp-image-12248\" alt=\"\" srcset=\"https:\/\/africaatual.com.br\/wp-content\/uploads\/2024\/10\/Imagem-do-WhatsApp-de-2024-10-20-as-20.50.07_c1061b5a.jpg 957w, https:\/\/africaatual.com.br\/wp-content\/uploads\/2024\/10\/Imagem-do-WhatsApp-de-2024-10-20-as-20.50.07_c1061b5a-300x167.jpg 300w, https:\/\/africaatual.com.br\/wp-content\/uploads\/2024\/10\/Imagem-do-WhatsApp-de-2024-10-20-as-20.50.07_c1061b5a-768x429.jpg 768w\" sizes=\"(max-width: 957px) 100vw, 957px\" \/>\t\t\t\t\t\t\t\t<\/a>\n\t\t\t\t\t\t\t\t\t\t\t\t\t\t\t<\/div>\n\t\t\t\t<\/div>\n\t\t\t\t<\/div>\n\t\t<div class=\"elementor-element elementor-element-a30beb1 e-con-full e-flex wpr-particle-no wpr-jarallax-no wpr-parallax-no wpr-sticky-section-no wpr-equal-height-no e-con e-child\" data-id=\"a30beb1\" data-element_type=\"container\" data-e-type=\"container\">\n\t\t\t\t<div class=\"elementor-element elementor-element-14422a7 elementor-widget__width-initial elementor-widget elementor-widget-heading\" data-id=\"14422a7\" data-element_type=\"widget\" data-e-type=\"widget\" data-widget_type=\"heading.default\">\n\t\t\t\t<div class=\"elementor-widget-container\">\n\t\t\t\t\t<h3 class=\"elementor-heading-title elementor-size-default\"><a href=\"https:\/\/africaatual.com.br\/index.php\/2024\/08\/12\/livro-politicas-de-educacao-para-as-relacoes-etnico-raciaisna-cidade-de-sao-pauloaspectos-do-estado-neocolonial\/\">Projeto Imprensa Jovem da Secretaria Municipal de Educa\u00e7\u00e3o de S\u00e3o Paulo<\/a><\/h3>\t\t\t\t<\/div>\n\t\t\t\t<\/div>\n\t\t\t\t<div class=\"elementor-element elementor-element-8928efc elementor-widget elementor-widget-text-editor\" data-id=\"8928efc\" data-element_type=\"widget\" data-e-type=\"widget\" data-widget_type=\"text-editor.default\">\n\t\t\t\t<div class=\"elementor-widget-container\">\n\t\t\t\t\t\t\t\t\t<div dir=\"ltr\">Projeto Imprensa Jovem da Secretaria Municipal de Educa\u00e7\u00e3o de S\u00e3o Paulo entrevista o Prof. Odair Marques da Silva em stand da Educomunica\u00e7\u00e3o, dentro das atividades da Bienal do livro\/2024<\/div><div dir=\"ltr\"><span style=\"text-decoration: underline;\"><a href=\"https:\/\/www.youtube.com\/live\/QU-EokRrrmU\" target=\"_blank\" rel=\"nofollow noopener\" data-saferedirecturl=\"https:\/\/www.google.com\/url?q=https:\/\/www.youtube.com\/live\/QU-EokRrrmU&amp;source=gmail&amp;ust=1729545369473000&amp;usg=AOvVaw3No6uXAfGlQOLepNtMyMUT\">PodConversar entrevista com escritor Odair Marques<\/a><\/span><\/div>\t\t\t\t\t\t\t\t<\/div>\n\t\t\t\t<\/div>\n\t\t\t\t<\/div>\n\t\t\t\t\t<\/div>\n\t\t\t\t<\/div>\n\t\t<div class=\"elementor-element elementor-element-1f79836 e-flex e-con-boxed wpr-particle-no wpr-jarallax-no wpr-parallax-no wpr-sticky-section-no wpr-equal-height-no e-con e-parent\" data-id=\"1f79836\" data-element_type=\"container\" data-e-type=\"container\">\n\t\t\t\t\t<div class=\"e-con-inner\">\n\t\t<div class=\"elementor-element elementor-element-b7ece07 e-con-full e-flex wpr-particle-no wpr-jarallax-no wpr-parallax-no wpr-sticky-section-no wpr-equal-height-no e-con e-child\" data-id=\"b7ece07\" data-element_type=\"container\" data-e-type=\"container\">\n\t\t\t\t<div class=\"elementor-element elementor-element-f671eab elementor-widget elementor-widget-image\" data-id=\"f671eab\" data-element_type=\"widget\" data-e-type=\"widget\" data-widget_type=\"image.default\">\n\t\t\t\t<div class=\"elementor-widget-container\">\n\t\t\t\t\t\t\t\t\t\t\t\t\t\t\t\t<a href=\"https:\/\/africaatual.com.br\/index.php\/2024\/08\/12\/livro-politicas-de-educacao-para-as-relacoes-etnico-raciaisna-cidade-de-sao-pauloaspectos-do-estado-neocolonial\/\">\n\t\t\t\t\t\t\t<img decoding=\"async\" width=\"1024\" height=\"1024\" src=\"https:\/\/africaatual.com.br\/wp-content\/uploads\/2024\/08\/Design-sem-nome-7-1-1024x1024.jpg\" class=\"attachment-large size-large wp-image-11905\" alt=\"\" srcset=\"https:\/\/africaatual.com.br\/wp-content\/uploads\/2024\/08\/Design-sem-nome-7-1-1024x1024.jpg 1024w, https:\/\/africaatual.com.br\/wp-content\/uploads\/2024\/08\/Design-sem-nome-7-1-300x300.jpg 300w, https:\/\/africaatual.com.br\/wp-content\/uploads\/2024\/08\/Design-sem-nome-7-1-150x150.jpg 150w, https:\/\/africaatual.com.br\/wp-content\/uploads\/2024\/08\/Design-sem-nome-7-1-768x768.jpg 768w, https:\/\/africaatual.com.br\/wp-content\/uploads\/2024\/08\/Design-sem-nome-7-1-600x600.jpg 600w, https:\/\/africaatual.com.br\/wp-content\/uploads\/2024\/08\/Design-sem-nome-7-1.jpg 1080w\" sizes=\"(max-width: 1024px) 100vw, 1024px\" \/>\t\t\t\t\t\t\t\t<\/a>\n\t\t\t\t\t\t\t\t\t\t\t\t\t\t\t<\/div>\n\t\t\t\t<\/div>\n\t\t\t\t<\/div>\n\t\t<div class=\"elementor-element elementor-element-b14bebe e-con-full e-flex wpr-particle-no wpr-jarallax-no wpr-parallax-no wpr-sticky-section-no wpr-equal-height-no e-con e-child\" data-id=\"b14bebe\" data-element_type=\"container\" data-e-type=\"container\">\n\t\t\t\t<div class=\"elementor-element elementor-element-272b78c elementor-widget__width-initial elementor-widget elementor-widget-heading\" data-id=\"272b78c\" data-element_type=\"widget\" data-e-type=\"widget\" data-widget_type=\"heading.default\">\n\t\t\t\t<div class=\"elementor-widget-container\">\n\t\t\t\t\t<h3 class=\"elementor-heading-title elementor-size-default\"><a href=\"https:\/\/africaatual.com.br\/index.php\/2024\/08\/12\/livro-politicas-de-educacao-para-as-relacoes-etnico-raciaisna-cidade-de-sao-pauloaspectos-do-estado-neocolonial\/\">\ud83d\udcd7 Pol\u00edticas de Educa\u00e7\u00e3o\npara as Rela\u00e7\u00f5es \u00c9tnico-raciais\nna cidade de S\u00e3o Paulo:\naspectos do Estado neocolonial<\/a><\/h3>\t\t\t\t<\/div>\n\t\t\t\t<\/div>\n\t\t\t\t<div class=\"elementor-element elementor-element-ea50aaf elementor-widget__width-initial elementor-widget elementor-widget-text-editor\" data-id=\"ea50aaf\" data-element_type=\"widget\" data-e-type=\"widget\" data-widget_type=\"text-editor.default\">\n\t\t\t\t<div class=\"elementor-widget-container\">\n\t\t\t\t\t\t\t\t\t<p><div class=\"_df_book df-lite\" id=\"df_11886\"  _slug=\"politicas-de-educacao-para-as-relacoes-etnico-raciais-na-cidade-de-sao-paulo-aspectos-do-estado-neocolonial\" data-title=\"politicas-de-educacao-para-as-relacoes-etnico-raciais-na-cidade-de-sao-paulo-aspectos-do-estado-neocolonial\" wpoptions=\"true\" thumb=\"http:\/\/africaatual.com.br\/wp-content\/uploads\/2024\/08\/CAPA_Livro_PoliticaEEducacao_2024_DIGITAL-scaled.jpg\" thumbtype=\"\" ><\/div><script class=\"df-shortcode-script\" nowprocket type=\"application\/javascript\">window.option_df_11886 = {\"outline\":[],\"autoEnableOutline\":\"false\",\"autoEnableThumbnail\":\"false\",\"overwritePDFOutline\":\"false\",\"direction\":\"1\",\"pageSize\":\"0\",\"source\":\"http:\\\/\\\/africaatual.com.br\\\/wp-content\\\/uploads\\\/2024\\\/08\\\/Livro_PoliticaEEducacao_2024_DIGITAL.pdf\",\"wpOptions\":\"true\"}; if(window.DFLIP && window.DFLIP.parseBooks){window.DFLIP.parseBooks();}<\/script><\/p>\t\t\t\t\t\t\t\t<\/div>\n\t\t\t\t<\/div>\n\t\t\t\t<div class=\"elementor-element elementor-element-ba5926e elementor-widget elementor-widget-text-editor\" data-id=\"ba5926e\" data-element_type=\"widget\" data-e-type=\"widget\" data-widget_type=\"text-editor.default\">\n\t\t\t\t<div class=\"elementor-widget-container\">\n\t\t\t\t\t\t\t\t\t<p>Este livro \u00e9 desdobramento da pesquisa de p\u00f3s-doutorado realizada na Faculdade de Educa\u00e7\u00e3o da Universidade de S\u00e3o Paulo, sob orienta\u00e7\u00e3o do ent\u00e3o Professor Roberto da Silva; esse ingresso ocorreu logo ap\u00f3s a conclus\u00e3o do doutoramento de <strong>Eduardo Janu\u00e1rio, autor do livro, <\/strong>no departamento de Hist\u00f3ria da mesma universidade, no Programa de P\u00f3s-gradua\u00e7\u00e3o em Hist\u00f3ria Econ\u00f4mica, sob orienta\u00e7\u00e3o Professor Wilson Barbosa.<\/p>\t\t\t\t\t\t\t\t<\/div>\n\t\t\t\t<\/div>\n\t\t\t\t<\/div>\n\t\t\t\t\t<\/div>\n\t\t\t\t<\/div>\n\t\t<div class=\"elementor-element elementor-element-2d1c414 e-flex e-con-boxed wpr-particle-no wpr-jarallax-no wpr-parallax-no wpr-sticky-section-no wpr-equal-height-no e-con e-parent\" data-id=\"2d1c414\" data-element_type=\"container\" data-e-type=\"container\">\n\t\t\t\t\t<div class=\"e-con-inner\">\n\t\t<div class=\"elementor-element elementor-element-29d7af7 e-con-full e-flex wpr-particle-no wpr-jarallax-no wpr-parallax-no wpr-sticky-section-no wpr-equal-height-no e-con e-child\" data-id=\"29d7af7\" data-element_type=\"container\" data-e-type=\"container\">\n\t\t\t\t<div class=\"elementor-element elementor-element-8643510 elementor-widget elementor-widget-image\" data-id=\"8643510\" data-element_type=\"widget\" data-e-type=\"widget\" data-widget_type=\"image.default\">\n\t\t\t\t<div class=\"elementor-widget-container\">\n\t\t\t\t\t\t\t\t\t\t\t\t\t\t\t\t<a href=\"https:\/\/africaatual.com.br\/index.php\/2024\/04\/16\/livro-a-africa-que-ninguem-te-conta\/\">\n\t\t\t\t\t\t\t<img loading=\"lazy\" decoding=\"async\" width=\"1024\" height=\"1024\" src=\"https:\/\/africaatual.com.br\/wp-content\/uploads\/2024\/05\/Design-sem-nome-36-1024x1024.jpg\" class=\"attachment-large size-large wp-image-11249\" alt=\"\" srcset=\"https:\/\/africaatual.com.br\/wp-content\/uploads\/2024\/05\/Design-sem-nome-36-1024x1024.jpg.webp 1024w, https:\/\/africaatual.com.br\/wp-content\/uploads\/2024\/05\/Design-sem-nome-36-300x300.jpg.webp 300w, https:\/\/africaatual.com.br\/wp-content\/uploads\/2024\/05\/Design-sem-nome-36-150x150.jpg.webp 150w, https:\/\/africaatual.com.br\/wp-content\/uploads\/2024\/05\/Design-sem-nome-36-768x768.jpg.webp 768w, https:\/\/africaatual.com.br\/wp-content\/uploads\/2024\/05\/Design-sem-nome-36-600x600.jpg.webp 600w, https:\/\/africaatual.com.br\/wp-content\/uploads\/2024\/05\/Design-sem-nome-36.jpg.webp 1080w\" sizes=\"(max-width: 1024px) 100vw, 1024px\" \/>\t\t\t\t\t\t\t\t<\/a>\n\t\t\t\t\t\t\t\t\t\t\t\t\t\t\t<\/div>\n\t\t\t\t<\/div>\n\t\t\t\t<\/div>\n\t\t<div class=\"elementor-element elementor-element-d74ae8f e-con-full e-flex wpr-particle-no wpr-jarallax-no wpr-parallax-no wpr-sticky-section-no wpr-equal-height-no e-con e-child\" data-id=\"d74ae8f\" data-element_type=\"container\" data-e-type=\"container\">\n\t\t\t\t<div class=\"elementor-element elementor-element-d124e10 elementor-widget__width-initial elementor-widget elementor-widget-heading\" data-id=\"d124e10\" data-element_type=\"widget\" data-e-type=\"widget\" data-widget_type=\"heading.default\">\n\t\t\t\t<div class=\"elementor-widget-container\">\n\t\t\t\t\t<h3 class=\"elementor-heading-title elementor-size-default\"><a href=\"https:\/\/africaatual.com.br\/index.php\/2024\/04\/16\/livro-a-africa-que-ninguem-te-conta\/\">\ud83d\udcd7 A \u00c1frica que Ningu\u00e9m te Conta<\/a><\/h3>\t\t\t\t<\/div>\n\t\t\t\t<\/div>\n\t\t\t\t<div class=\"elementor-element elementor-element-a9221b5 elementor-widget__width-initial elementor-widget elementor-widget-text-editor\" data-id=\"a9221b5\" data-element_type=\"widget\" data-e-type=\"widget\" data-widget_type=\"text-editor.default\">\n\t\t\t\t<div class=\"elementor-widget-container\">\n\t\t\t\t\t\t\t\t\t<p><div class=\"_df_thumb \" id=\"df_11039\"  _slug=\"a-africa-que-ninguem-te-mostrou\" data-title=\"a-africa-que-ninguem-te-conta\" wpoptions=\"true\" thumb=\"http:\/\/africaatual.com.br\/wp-content\/uploads\/2024\/04\/WhatsApp-Image-2024-04-16-at-15.12.16.jpeg\" thumbtype=\"\" >A Africa que ningu\u00e9m te conta<\/div><script class=\"df-shortcode-script\" nowprocket type=\"application\/javascript\">window.option_df_11039 = {\"outline\":[],\"autoEnableOutline\":\"false\",\"autoEnableThumbnail\":\"false\",\"overwritePDFOutline\":\"false\",\"direction\":\"1\",\"pageSize\":\"0\",\"source\":\"http:\\\/\\\/africaatual.com.br\\\/wp-content\\\/uploads\\\/2024\\\/04\\\/Livro_AAfricaQueNinguemTeConta_2024_CORRIGIDO-1.pdf\",\"wpOptions\":\"true\"}; if(window.DFLIP && window.DFLIP.parseBooks){window.DFLIP.parseBooks();}<\/script><\/p>\t\t\t\t\t\t\t\t<\/div>\n\t\t\t\t<\/div>\n\t\t\t\t<div class=\"elementor-element elementor-element-ffdbb90 elementor-widget elementor-widget-text-editor\" data-id=\"ffdbb90\" data-element_type=\"widget\" data-e-type=\"widget\" data-widget_type=\"text-editor.default\">\n\t\t\t\t<div class=\"elementor-widget-container\">\n\t\t\t\t\t\t\t\t\t<p><a href=\"https:\/\/africaatual.com.br\/index.php\/2024\/04\/16\/livro-a-africa-que-ninguem-te-conta\/\">Este livro \u00e9 resultado de um trabalho coletivo, cujo objetivo \u00e9 reafirmar a escola como um espa\u00e7o de organiza\u00e7\u00e3o resultante de uma constru\u00e7\u00e3o social, na qual todos os saberes s\u00e3o trazidos pelos sujeitos, que cotidianamente se interrelacionam e constroem as identidades \u00e9tnico-raciais, a partir do olhar do outro, da linguagem e da cultura.<\/a><\/p>\t\t\t\t\t\t\t\t<\/div>\n\t\t\t\t<\/div>\n\t\t\t\t<\/div>\n\t\t\t\t\t<\/div>\n\t\t\t\t<\/div>\n\t\t<div class=\"elementor-element elementor-element-47b15b0 e-flex e-con-boxed wpr-particle-no wpr-jarallax-no wpr-parallax-no wpr-sticky-section-no wpr-equal-height-no e-con e-parent\" data-id=\"47b15b0\" data-element_type=\"container\" data-e-type=\"container\">\n\t\t\t\t\t<div class=\"e-con-inner\">\n\t\t<div class=\"elementor-element elementor-element-c1aa410 e-con-full e-flex wpr-particle-no wpr-jarallax-no wpr-parallax-no wpr-sticky-section-no wpr-equal-height-no e-con e-child\" data-id=\"c1aa410\" data-element_type=\"container\" data-e-type=\"container\">\n\t\t\t\t<div class=\"elementor-element elementor-element-66e601c elementor-widget elementor-widget-video\" data-id=\"66e601c\" data-element_type=\"widget\" data-e-type=\"widget\" data-settings=\"{&quot;youtube_url&quot;:&quot;https:\\\/\\\/www.youtube.com\\\/watch?v=ml_-ll5F-cg&quot;,&quot;video_type&quot;:&quot;youtube&quot;,&quot;controls&quot;:&quot;yes&quot;}\" data-widget_type=\"video.default\">\n\t\t\t\t<div class=\"elementor-widget-container\">\n\t\t\t\t\t\t\t<div class=\"elementor-wrapper elementor-open-inline\">\n\t\t\t<div class=\"elementor-video\"><\/div>\t\t<\/div>\n\t\t\t\t\t\t<\/div>\n\t\t\t\t<\/div>\n\t\t\t\t<\/div>\n\t\t<div class=\"elementor-element elementor-element-9d08087 e-con-full e-flex wpr-particle-no wpr-jarallax-no wpr-parallax-no wpr-sticky-section-no wpr-equal-height-no e-con e-child\" data-id=\"9d08087\" data-element_type=\"container\" data-e-type=\"container\">\n\t\t\t\t<div class=\"elementor-element elementor-element-141fefd elementor-widget__width-initial elementor-widget elementor-widget-heading\" data-id=\"141fefd\" data-element_type=\"widget\" data-e-type=\"widget\" data-widget_type=\"heading.default\">\n\t\t\t\t<div class=\"elementor-widget-container\">\n\t\t\t\t\t<h3 class=\"elementor-heading-title elementor-size-default\"><a href=\"https:\/\/youtu.be\/as73hOLwu1k\">Lei 10.639\/2003: Avalia\u00e7\u00e3o da implementa\u00e7\u00e3o em redes municipais<\/a><\/h3>\t\t\t\t<\/div>\n\t\t\t\t<\/div>\n\t\t\t\t<\/div>\n\t\t\t\t\t<\/div>\n\t\t\t\t<\/div>\n\t\t<div class=\"elementor-element elementor-element-cb33568 e-flex e-con-boxed wpr-particle-no wpr-jarallax-no wpr-parallax-no wpr-sticky-section-no wpr-equal-height-no e-con e-parent\" data-id=\"cb33568\" data-element_type=\"container\" data-e-type=\"container\">\n\t\t\t\t\t<div class=\"e-con-inner\">\n\t\t<div class=\"elementor-element elementor-element-fbebcf1 e-con-full e-flex wpr-particle-no wpr-jarallax-no wpr-parallax-no wpr-sticky-section-no wpr-equal-height-no e-con e-child\" data-id=\"fbebcf1\" data-element_type=\"container\" data-e-type=\"container\">\n\t\t\t\t<div class=\"elementor-element elementor-element-bbacd51 elementor-widget elementor-widget-video\" data-id=\"bbacd51\" data-element_type=\"widget\" data-e-type=\"widget\" data-settings=\"{&quot;youtube_url&quot;:&quot;https:\\\/\\\/youtu.be\\\/as73hOLwu1k&quot;,&quot;video_type&quot;:&quot;youtube&quot;,&quot;controls&quot;:&quot;yes&quot;}\" data-widget_type=\"video.default\">\n\t\t\t\t<div class=\"elementor-widget-container\">\n\t\t\t\t\t\t\t<div class=\"elementor-wrapper elementor-open-inline\">\n\t\t\t<div class=\"elementor-video\"><\/div>\t\t<\/div>\n\t\t\t\t\t\t<\/div>\n\t\t\t\t<\/div>\n\t\t\t\t<\/div>\n\t\t<div class=\"elementor-element elementor-element-c5f5690 e-con-full e-flex wpr-particle-no wpr-jarallax-no wpr-parallax-no wpr-sticky-section-no wpr-equal-height-no e-con e-child\" data-id=\"c5f5690\" data-element_type=\"container\" data-e-type=\"container\">\n\t\t\t\t<div class=\"elementor-element elementor-element-81ba29f elementor-widget__width-initial elementor-widget elementor-widget-heading\" data-id=\"81ba29f\" data-element_type=\"widget\" data-e-type=\"widget\" data-widget_type=\"heading.default\">\n\t\t\t\t<div class=\"elementor-widget-container\">\n\t\t\t\t\t<h3 class=\"elementor-heading-title elementor-size-default\"><a href=\"https:\/\/youtu.be\/as73hOLwu1k\">Secretaria de Educa\u00e7\u00e3o de Osasco realiza \u201cExposi\u00e7\u00e3o cultural Afrofuturista\u201d e projeto \u201c\u00c1frica Atual\u201d<\/a><\/h3>\t\t\t\t<\/div>\n\t\t\t\t<\/div>\n\t\t\t\t<\/div>\n\t\t\t\t\t<\/div>\n\t\t\t\t<\/div>\n\t\t<div class=\"elementor-element elementor-element-8bb3e29 e-flex e-con-boxed wpr-particle-no wpr-jarallax-no wpr-parallax-no wpr-sticky-section-no wpr-equal-height-no e-con e-parent\" data-id=\"8bb3e29\" data-element_type=\"container\" data-e-type=\"container\">\n\t\t\t\t\t<div class=\"e-con-inner\">\n\t\t<div class=\"elementor-element elementor-element-7f7392f e-con-full e-flex wpr-particle-no wpr-jarallax-no wpr-parallax-no wpr-sticky-section-no wpr-equal-height-no e-con e-child\" data-id=\"7f7392f\" data-element_type=\"container\" data-e-type=\"container\">\n\t\t\t\t<div class=\"elementor-element elementor-element-7d62511 elementor-widget elementor-widget-video\" data-id=\"7d62511\" data-element_type=\"widget\" data-e-type=\"widget\" data-settings=\"{&quot;youtube_url&quot;:&quot;https:\\\/\\\/youtu.be\\\/XYWxBoYukik&quot;,&quot;video_type&quot;:&quot;youtube&quot;,&quot;controls&quot;:&quot;yes&quot;}\" data-widget_type=\"video.default\">\n\t\t\t\t<div class=\"elementor-widget-container\">\n\t\t\t\t\t\t\t<div class=\"elementor-wrapper elementor-open-inline\">\n\t\t\t<div class=\"elementor-video\"><\/div>\t\t<\/div>\n\t\t\t\t\t\t<\/div>\n\t\t\t\t<\/div>\n\t\t\t\t<\/div>\n\t\t<div class=\"elementor-element elementor-element-5174cea e-con-full e-flex wpr-particle-no wpr-jarallax-no wpr-parallax-no wpr-sticky-section-no wpr-equal-height-no e-con e-child\" data-id=\"5174cea\" data-element_type=\"container\" data-e-type=\"container\">\n\t\t\t\t<div class=\"elementor-element elementor-element-ee52ed8 elementor-widget__width-initial elementor-widget elementor-widget-heading\" data-id=\"ee52ed8\" data-element_type=\"widget\" data-e-type=\"widget\" data-widget_type=\"heading.default\">\n\t\t\t\t<div class=\"elementor-widget-container\">\n\t\t\t\t\t<h3 class=\"elementor-heading-title elementor-size-default\"><a href=\"https:\/\/youtu.be\/XYWxBoYukik\">Prof. Claudio Piteri, secret\u00e1rio municipal de educa\u00e7\u00e3o de Osasco comenta o Projeto \u201c\u00c1frica Atual\u201d <\/a><\/h3>\t\t\t\t<\/div>\n\t\t\t\t<\/div>\n\t\t\t\t<\/div>\n\t\t\t\t\t<\/div>\n\t\t\t\t<\/div>\n\t\t<div class=\"elementor-element elementor-element-c2d9d00 e-flex e-con-boxed wpr-particle-no wpr-jarallax-no wpr-parallax-no wpr-sticky-section-no wpr-equal-height-no e-con e-parent\" data-id=\"c2d9d00\" data-element_type=\"container\" data-e-type=\"container\">\n\t\t\t\t\t<div class=\"e-con-inner\">\n\t\t<div class=\"elementor-element elementor-element-66e0f34 e-con-full e-flex wpr-particle-no wpr-jarallax-no wpr-parallax-no wpr-sticky-section-no wpr-equal-height-no e-con e-child\" data-id=\"66e0f34\" data-element_type=\"container\" data-e-type=\"container\">\n\t\t\t\t<div class=\"elementor-element elementor-element-09040f5 elementor-widget elementor-widget-video\" data-id=\"09040f5\" data-element_type=\"widget\" data-e-type=\"widget\" data-settings=\"{&quot;youtube_url&quot;:&quot;https:\\\/\\\/youtu.be\\\/sCaKlxCJnBY&quot;,&quot;video_type&quot;:&quot;youtube&quot;,&quot;controls&quot;:&quot;yes&quot;}\" data-widget_type=\"video.default\">\n\t\t\t\t<div class=\"elementor-widget-container\">\n\t\t\t\t\t\t\t<div class=\"elementor-wrapper elementor-open-inline\">\n\t\t\t<div class=\"elementor-video\"><\/div>\t\t<\/div>\n\t\t\t\t\t\t<\/div>\n\t\t\t\t<\/div>\n\t\t\t\t<\/div>\n\t\t<div class=\"elementor-element elementor-element-bc0815a e-con-full e-flex wpr-particle-no wpr-jarallax-no wpr-parallax-no wpr-sticky-section-no wpr-equal-height-no e-con e-child\" data-id=\"bc0815a\" data-element_type=\"container\" data-e-type=\"container\">\n\t\t\t\t<div class=\"elementor-element elementor-element-7e6db79 elementor-widget__width-initial elementor-widget elementor-widget-heading\" data-id=\"7e6db79\" data-element_type=\"widget\" data-e-type=\"widget\" data-widget_type=\"heading.default\">\n\t\t\t\t<div class=\"elementor-widget-container\">\n\t\t\t\t\t<h3 class=\"elementor-heading-title elementor-size-default\"><a href=\"https:\/\/youtu.be\/sCaKlxCJnBY\">Projeto \u201c\u00c1frica Atual\u201d esteve inserido no conte\u00fado curricular de 2023 junto \u00e0s escolas da Rede Municipal de Educa\u00e7\u00e3o de Amparo <\/a><\/h3>\t\t\t\t<\/div>\n\t\t\t\t<\/div>\n\t\t\t\t<\/div>\n\t\t\t\t\t<\/div>\n\t\t\t\t<\/div>\n\t\t<div class=\"elementor-element elementor-element-bb2e03e e-flex e-con-boxed wpr-particle-no wpr-jarallax-no wpr-parallax-no wpr-sticky-section-no wpr-equal-height-no e-con e-parent\" data-id=\"bb2e03e\" data-element_type=\"container\" data-e-type=\"container\">\n\t\t\t\t\t<div class=\"e-con-inner\">\n\t\t<div class=\"elementor-element elementor-element-2a8b3e4 e-con-full e-flex wpr-particle-no wpr-jarallax-no wpr-parallax-no wpr-sticky-section-no wpr-equal-height-no e-con e-child\" data-id=\"2a8b3e4\" data-element_type=\"container\" data-e-type=\"container\">\n\t\t\t\t<div class=\"elementor-element elementor-element-c8f56cb elementor-widget elementor-widget-video\" data-id=\"c8f56cb\" data-element_type=\"widget\" data-e-type=\"widget\" data-settings=\"{&quot;youtube_url&quot;:&quot;https:\\\/\\\/youtu.be\\\/bjwXPxpWgsY&quot;,&quot;video_type&quot;:&quot;youtube&quot;,&quot;controls&quot;:&quot;yes&quot;}\" data-widget_type=\"video.default\">\n\t\t\t\t<div class=\"elementor-widget-container\">\n\t\t\t\t\t\t\t<div class=\"elementor-wrapper elementor-open-inline\">\n\t\t\t<div class=\"elementor-video\"><\/div>\t\t<\/div>\n\t\t\t\t\t\t<\/div>\n\t\t\t\t<\/div>\n\t\t\t\t<\/div>\n\t\t<div class=\"elementor-element elementor-element-db4ee87 e-con-full e-flex wpr-particle-no wpr-jarallax-no wpr-parallax-no wpr-sticky-section-no wpr-equal-height-no e-con e-child\" data-id=\"db4ee87\" data-element_type=\"container\" data-e-type=\"container\">\n\t\t\t\t<div class=\"elementor-element elementor-element-5893089 elementor-widget__width-initial elementor-widget elementor-widget-heading\" data-id=\"5893089\" data-element_type=\"widget\" data-e-type=\"widget\" data-widget_type=\"heading.default\">\n\t\t\t\t<div class=\"elementor-widget-container\">\n\t\t\t\t\t<h3 class=\"elementor-heading-title elementor-size-default\"><a href=\"https:\/\/youtu.be\/bjwXPxpWgsY\">As \u00c1fricas como tema nas salas de EJA\n<\/a><\/h3>\t\t\t\t<\/div>\n\t\t\t\t<\/div>\n\t\t\t\t<div class=\"elementor-element elementor-element-1a013e8 elementor-widget elementor-widget-text-editor\" data-id=\"1a013e8\" data-element_type=\"widget\" data-e-type=\"widget\" data-widget_type=\"text-editor.default\">\n\t\t\t\t<div class=\"elementor-widget-container\">\n\t\t\t\t\t\t\t\t\t<p><a href=\"https:\/\/chk.eduzz.com\/2028551\">(Voc\u00ea encontra a exposi\u00e7\u00e3o completa na p\u00e1gina de CURSOS, com o t\u00edtulo: As novidades da \u00c1frica Contempor\u00e2nea na Escola).<\/a><br \/><br \/><\/p>\t\t\t\t\t\t\t\t<\/div>\n\t\t\t\t<\/div>\n\t\t\t\t<\/div>\n\t\t\t\t\t<\/div>\n\t\t\t\t<\/div>\n\t\t<div class=\"elementor-element elementor-element-6ca0940 e-flex e-con-boxed wpr-particle-no wpr-jarallax-no wpr-parallax-no wpr-sticky-section-no wpr-equal-height-no e-con e-parent\" data-id=\"6ca0940\" data-element_type=\"container\" data-e-type=\"container\">\n\t\t\t\t\t<div class=\"e-con-inner\">\n\t\t<div class=\"elementor-element elementor-element-cf01c19 e-con-full e-flex wpr-particle-no wpr-jarallax-no wpr-parallax-no wpr-sticky-section-no wpr-equal-height-no e-con e-child\" data-id=\"cf01c19\" data-element_type=\"container\" data-e-type=\"container\">\n\t\t\t\t<div class=\"elementor-element elementor-element-51b0bbe elementor-widget elementor-widget-video\" data-id=\"51b0bbe\" data-element_type=\"widget\" data-e-type=\"widget\" data-settings=\"{&quot;youtube_url&quot;:&quot;https:\\\/\\\/youtu.be\\\/lRdFbMu-A4Q&quot;,&quot;video_type&quot;:&quot;youtube&quot;,&quot;controls&quot;:&quot;yes&quot;}\" data-widget_type=\"video.default\">\n\t\t\t\t<div class=\"elementor-widget-container\">\n\t\t\t\t\t\t\t<div class=\"elementor-wrapper elementor-open-inline\">\n\t\t\t<div class=\"elementor-video\"><\/div>\t\t<\/div>\n\t\t\t\t\t\t<\/div>\n\t\t\t\t<\/div>\n\t\t\t\t<\/div>\n\t\t<div class=\"elementor-element elementor-element-ca3fb6a e-con-full e-flex wpr-particle-no wpr-jarallax-no wpr-parallax-no wpr-sticky-section-no wpr-equal-height-no e-con e-child\" data-id=\"ca3fb6a\" data-element_type=\"container\" data-e-type=\"container\">\n\t\t\t\t<div class=\"elementor-element elementor-element-aa7ea46 elementor-widget__width-initial elementor-widget elementor-widget-heading\" data-id=\"aa7ea46\" data-element_type=\"widget\" data-e-type=\"widget\" data-widget_type=\"heading.default\">\n\t\t\t\t<div class=\"elementor-widget-container\">\n\t\t\t\t\t<h3 class=\"elementor-heading-title elementor-size-default\"><a href=\"https:\/\/youtu.be\/lRdFbMu-A4Q\">Apresentando as \u00c1fricas para as crian\u00e7as \n<\/a><\/h3>\t\t\t\t<\/div>\n\t\t\t\t<\/div>\n\t\t\t\t<\/div>\n\t\t\t\t\t<\/div>\n\t\t\t\t<\/div>\n\t\t<div class=\"elementor-element elementor-element-c427873 e-flex e-con-boxed wpr-particle-no wpr-jarallax-no wpr-parallax-no wpr-sticky-section-no wpr-equal-height-no e-con e-parent\" data-id=\"c427873\" data-element_type=\"container\" data-e-type=\"container\">\n\t\t\t\t\t<div class=\"e-con-inner\">\n\t\t<div class=\"elementor-element elementor-element-a5c2f48 e-con-full e-flex wpr-particle-no wpr-jarallax-no wpr-parallax-no wpr-sticky-section-no wpr-equal-height-no e-con e-child\" data-id=\"a5c2f48\" data-element_type=\"container\" data-e-type=\"container\">\n\t\t\t\t<div class=\"elementor-element elementor-element-307a094 elementor-widget elementor-widget-video\" data-id=\"307a094\" data-element_type=\"widget\" data-e-type=\"widget\" data-settings=\"{&quot;youtube_url&quot;:&quot;https:\\\/\\\/youtu.be\\\/_WkyMUSQLic&quot;,&quot;video_type&quot;:&quot;youtube&quot;,&quot;controls&quot;:&quot;yes&quot;}\" data-widget_type=\"video.default\">\n\t\t\t\t<div class=\"elementor-widget-container\">\n\t\t\t\t\t\t\t<div class=\"elementor-wrapper elementor-open-inline\">\n\t\t\t<div class=\"elementor-video\"><\/div>\t\t<\/div>\n\t\t\t\t\t\t<\/div>\n\t\t\t\t<\/div>\n\t\t\t\t<\/div>\n\t\t<div class=\"elementor-element elementor-element-6f7d193 e-con-full e-flex wpr-particle-no wpr-jarallax-no wpr-parallax-no wpr-sticky-section-no wpr-equal-height-no e-con e-child\" data-id=\"6f7d193\" data-element_type=\"container\" data-e-type=\"container\">\n\t\t\t\t<div class=\"elementor-element elementor-element-b26e091 elementor-widget__width-initial elementor-widget elementor-widget-heading\" data-id=\"b26e091\" data-element_type=\"widget\" data-e-type=\"widget\" data-widget_type=\"heading.default\">\n\t\t\t\t<div class=\"elementor-widget-container\">\n\t\t\t\t\t<h3 class=\"elementor-heading-title elementor-size-default\"><a href=\"https:\/\/youtu.be\/_WkyMUSQLic\">Crie uma FILMOTECA AFRICANA na Escola. <\/a><\/h3>\t\t\t\t<\/div>\n\t\t\t\t<\/div>\n\t\t\t\t<\/div>\n\t\t\t\t\t<\/div>\n\t\t\t\t<\/div>\n\t\t<div class=\"elementor-element elementor-element-705c523 e-flex e-con-boxed wpr-particle-no wpr-jarallax-no wpr-parallax-no wpr-sticky-section-no wpr-equal-height-no e-con e-parent\" data-id=\"705c523\" data-element_type=\"container\" data-e-type=\"container\">\n\t\t\t\t\t<div class=\"e-con-inner\">\n\t\t<div class=\"elementor-element elementor-element-a946fc9 e-con-full e-flex wpr-particle-no wpr-jarallax-no wpr-parallax-no wpr-sticky-section-no wpr-equal-height-no e-con e-child\" data-id=\"a946fc9\" data-element_type=\"container\" data-e-type=\"container\">\n\t\t\t\t<div class=\"elementor-element elementor-element-eccfb46 elementor-widget elementor-widget-video\" data-id=\"eccfb46\" data-element_type=\"widget\" data-e-type=\"widget\" data-settings=\"{&quot;youtube_url&quot;:&quot;https:\\\/\\\/www.youtube.com\\\/watch?v=L0crSDGJ--o&quot;,&quot;video_type&quot;:&quot;youtube&quot;,&quot;controls&quot;:&quot;yes&quot;}\" data-widget_type=\"video.default\">\n\t\t\t\t<div class=\"elementor-widget-container\">\n\t\t\t\t\t\t\t<div class=\"elementor-wrapper elementor-open-inline\">\n\t\t\t<div class=\"elementor-video\"><\/div>\t\t<\/div>\n\t\t\t\t\t\t<\/div>\n\t\t\t\t<\/div>\n\t\t\t\t<\/div>\n\t\t<div class=\"elementor-element elementor-element-e9401b5 e-con-full e-flex wpr-particle-no wpr-jarallax-no wpr-parallax-no wpr-sticky-section-no wpr-equal-height-no e-con e-child\" data-id=\"e9401b5\" data-element_type=\"container\" data-e-type=\"container\">\n\t\t\t\t<div class=\"elementor-element elementor-element-39219a7 elementor-widget__width-initial elementor-widget elementor-widget-heading\" data-id=\"39219a7\" data-element_type=\"widget\" data-e-type=\"widget\" data-widget_type=\"heading.default\">\n\t\t\t\t<div class=\"elementor-widget-container\">\n\t\t\t\t\t<h3 class=\"elementor-heading-title elementor-size-default\"><a href=\"https:\/\/www.youtube.com\/watch?v=L0crSDGJ--o\">Conhe\u00e7a o Projeto Educacional Municipal de Guaratinguet\u00e1!<\/a><\/h3>\t\t\t\t<\/div>\n\t\t\t\t<\/div>\n\t\t\t\t<div class=\"elementor-element elementor-element-e669dfd elementor-widget__width-initial elementor-widget elementor-widget-heading\" data-id=\"e669dfd\" data-element_type=\"widget\" data-e-type=\"widget\" data-widget_type=\"heading.default\">\n\t\t\t\t<div class=\"elementor-widget-container\">\n\t\t\t\t\t<p class=\"elementor-heading-title elementor-size-default\"><a href=\"https:\/\/youtu.be\/_WkyMUSQLic\">Legisla\u00e7\u00e3o Municipal vinculada \u00e0 Secretaria Municipal de Educa\u00e7\u00e3o no contexto de Combate ao Racismo e ao Preconceito\n<\/a><\/p>\t\t\t\t<\/div>\n\t\t\t\t<\/div>\n\t\t\t\t<\/div>\n\t\t\t\t\t<\/div>\n\t\t\t\t<\/div>\n\t\t<div class=\"elementor-element elementor-element-9c62f34 e-flex e-con-boxed wpr-particle-no wpr-jarallax-no wpr-parallax-no wpr-sticky-section-no wpr-equal-height-no e-con e-parent\" data-id=\"9c62f34\" data-element_type=\"container\" data-e-type=\"container\">\n\t\t\t\t\t<div class=\"e-con-inner\">\n\t\t<div class=\"elementor-element elementor-element-6e3c05b e-con-full e-flex wpr-particle-no wpr-jarallax-no wpr-parallax-no wpr-sticky-section-no wpr-equal-height-no e-con e-child\" data-id=\"6e3c05b\" data-element_type=\"container\" data-e-type=\"container\">\n\t\t\t\t<div class=\"elementor-element elementor-element-482e917 elementor-widget elementor-widget-video\" data-id=\"482e917\" data-element_type=\"widget\" data-e-type=\"widget\" data-settings=\"{&quot;youtube_url&quot;:&quot;https:\\\/\\\/youtu.be\\\/xFKdYGRkpsE&quot;,&quot;video_type&quot;:&quot;youtube&quot;,&quot;controls&quot;:&quot;yes&quot;}\" data-widget_type=\"video.default\">\n\t\t\t\t<div class=\"elementor-widget-container\">\n\t\t\t\t\t\t\t<div class=\"elementor-wrapper elementor-open-inline\">\n\t\t\t<div class=\"elementor-video\"><\/div>\t\t<\/div>\n\t\t\t\t\t\t<\/div>\n\t\t\t\t<\/div>\n\t\t\t\t<\/div>\n\t\t<div class=\"elementor-element elementor-element-e1e80d8 e-con-full e-flex wpr-particle-no wpr-jarallax-no wpr-parallax-no wpr-sticky-section-no wpr-equal-height-no e-con e-child\" data-id=\"e1e80d8\" data-element_type=\"container\" data-e-type=\"container\">\n\t\t\t\t<div class=\"elementor-element elementor-element-12e6d57 elementor-widget__width-initial elementor-widget elementor-widget-heading\" data-id=\"12e6d57\" data-element_type=\"widget\" data-e-type=\"widget\" data-widget_type=\"heading.default\">\n\t\t\t\t<div class=\"elementor-widget-container\">\n\t\t\t\t\t<h3 class=\"elementor-heading-title elementor-size-default\"><a href=\"https:\/\/youtu.be\/xFKdYGRkpsE\">Apresentando as \u00c1fricas para Ensino Fundamental I  <\/a><\/h3>\t\t\t\t<\/div>\n\t\t\t\t<\/div>\n\t\t\t\t<div class=\"elementor-element elementor-element-d150b24 elementor-widget__width-initial elementor-widget elementor-widget-heading\" data-id=\"d150b24\" data-element_type=\"widget\" data-e-type=\"widget\" data-widget_type=\"heading.default\">\n\t\t\t\t<div class=\"elementor-widget-container\">\n\t\t\t\t\t<p class=\"elementor-heading-title elementor-size-default\"><a href=\"https:\/\/youtu.be\/_WkyMUSQLic\">(Voc\u00ea encontra a exposi\u00e7\u00e3o completa na p\u00e1gina de CURSOS, com o t\u00edtulo: As novidades da \u00c1frica Contempor\u00e2nea na Escola)  <\/a><\/p>\t\t\t\t<\/div>\n\t\t\t\t<\/div>\n\t\t\t\t<\/div>\n\t\t\t\t\t<\/div>\n\t\t\t\t<\/div>\n\t\t<div class=\"elementor-element elementor-element-ae26391 e-flex e-con-boxed wpr-particle-no wpr-jarallax-no wpr-parallax-no wpr-sticky-section-no wpr-equal-height-no e-con e-parent\" data-id=\"ae26391\" data-element_type=\"container\" data-e-type=\"container\">\n\t\t\t\t\t<div class=\"e-con-inner\">\n\t\t\t\t<div class=\"elementor-element elementor-element-0c87219 elementor-widget elementor-widget-heading\" data-id=\"0c87219\" data-element_type=\"widget\" data-e-type=\"widget\" data-widget_type=\"heading.default\">\n\t\t\t\t<div class=\"elementor-widget-container\">\n\t\t\t\t\t<h2 class=\"elementor-heading-title elementor-size-default\">Projeto Pedag\u00f3gico desenvolvido na Secretaria Municipal de Educa\u00e7\u00e3o de Osasco \n<\/h2>\t\t\t\t<\/div>\n\t\t\t\t<\/div>\n\t\t\t\t\t<\/div>\n\t\t\t\t<\/div>\n\t\t<div class=\"elementor-element elementor-element-d48a8a5 e-flex e-con-boxed wpr-particle-no wpr-jarallax-no wpr-parallax-no wpr-sticky-section-no wpr-equal-height-no e-con e-parent\" data-id=\"d48a8a5\" data-element_type=\"container\" data-e-type=\"container\">\n\t\t\t\t\t<div class=\"e-con-inner\">\n\t\t\t\t<div class=\"elementor-element elementor-element-c680c32 elementor-widget__width-initial elementor-widget elementor-widget-heading\" data-id=\"c680c32\" data-element_type=\"widget\" data-e-type=\"widget\" data-widget_type=\"heading.default\">\n\t\t\t\t<div class=\"elementor-widget-container\">\n\t\t\t\t\t<h3 class=\"elementor-heading-title elementor-size-default\"><a href=\"https:\/\/youtu.be\/xFKdYGRkpsE\">Ideologia e imagin\u00e1rio: Rela\u00e7\u00e3o \u00c1frica e Brasil - Desconstru\u00e7\u00e3o do imagin\u00e1rio colonizador \n<\/a><\/h3>\t\t\t\t<\/div>\n\t\t\t\t<\/div>\n\t\t\t\t\t<\/div>\n\t\t\t\t<\/div>\n\t\t<div class=\"elementor-element elementor-element-fb3492b e-flex e-con-boxed wpr-particle-no wpr-jarallax-no wpr-parallax-no wpr-sticky-section-no wpr-equal-height-no e-con e-parent\" data-id=\"fb3492b\" data-element_type=\"container\" data-e-type=\"container\">\n\t\t\t\t\t<div class=\"e-con-inner\">\n\t\t<div class=\"elementor-element elementor-element-18bf7eb e-con-full e-flex wpr-particle-no wpr-jarallax-no wpr-parallax-no wpr-sticky-section-no wpr-equal-height-no e-con e-child\" data-id=\"18bf7eb\" data-element_type=\"container\" data-e-type=\"container\">\n\t\t\t\t<div class=\"elementor-element elementor-element-a8417fb elementor-widget elementor-widget-text-editor\" data-id=\"a8417fb\" data-element_type=\"widget\" data-e-type=\"widget\" data-widget_type=\"text-editor.default\">\n\t\t\t\t<div class=\"elementor-widget-container\">\n\t\t\t\t\t\t\t\t\t<p>Bloco 1<\/p>\t\t\t\t\t\t\t\t<\/div>\n\t\t\t\t<\/div>\n\t\t\t\t<div class=\"elementor-element elementor-element-d574ec6 elementor-widget elementor-widget-video\" data-id=\"d574ec6\" data-element_type=\"widget\" data-e-type=\"widget\" data-settings=\"{&quot;youtube_url&quot;:&quot;https:\\\/\\\/www.youtube.com\\\/watch?v=lHoeccwNWjg&quot;,&quot;video_type&quot;:&quot;youtube&quot;,&quot;controls&quot;:&quot;yes&quot;}\" data-widget_type=\"video.default\">\n\t\t\t\t<div class=\"elementor-widget-container\">\n\t\t\t\t\t\t\t<div class=\"elementor-wrapper elementor-open-inline\">\n\t\t\t<div class=\"elementor-video\"><\/div>\t\t<\/div>\n\t\t\t\t\t\t<\/div>\n\t\t\t\t<\/div>\n\t\t\t\t<\/div>\n\t\t<div class=\"elementor-element elementor-element-9607b55 e-con-full e-flex wpr-particle-no wpr-jarallax-no wpr-parallax-no wpr-sticky-section-no wpr-equal-height-no e-con e-child\" data-id=\"9607b55\" data-element_type=\"container\" data-e-type=\"container\">\n\t\t\t\t<div class=\"elementor-element elementor-element-ddcabb8 elementor-widget elementor-widget-text-editor\" data-id=\"ddcabb8\" data-element_type=\"widget\" data-e-type=\"widget\" data-widget_type=\"text-editor.default\">\n\t\t\t\t<div class=\"elementor-widget-container\">\n\t\t\t\t\t\t\t\t\t<p>Bloco 2<\/p>\t\t\t\t\t\t\t\t<\/div>\n\t\t\t\t<\/div>\n\t\t\t\t<div class=\"elementor-element elementor-element-e4e4b79 elementor-widget elementor-widget-video\" data-id=\"e4e4b79\" data-element_type=\"widget\" data-e-type=\"widget\" data-settings=\"{&quot;youtube_url&quot;:&quot;https:\\\/\\\/www.youtube.com\\\/watch?v=BNcljTVw0t4&quot;,&quot;video_type&quot;:&quot;youtube&quot;,&quot;controls&quot;:&quot;yes&quot;}\" data-widget_type=\"video.default\">\n\t\t\t\t<div class=\"elementor-widget-container\">\n\t\t\t\t\t\t\t<div class=\"elementor-wrapper elementor-open-inline\">\n\t\t\t<div class=\"elementor-video\"><\/div>\t\t<\/div>\n\t\t\t\t\t\t<\/div>\n\t\t\t\t<\/div>\n\t\t\t\t<\/div>\n\t\t<div class=\"elementor-element elementor-element-130fe84 e-con-full e-flex wpr-particle-no wpr-jarallax-no wpr-parallax-no wpr-sticky-section-no wpr-equal-height-no e-con e-child\" data-id=\"130fe84\" data-element_type=\"container\" data-e-type=\"container\">\n\t\t\t\t<div class=\"elementor-element elementor-element-e4407b0 elementor-widget elementor-widget-text-editor\" data-id=\"e4407b0\" data-element_type=\"widget\" data-e-type=\"widget\" data-widget_type=\"text-editor.default\">\n\t\t\t\t<div class=\"elementor-widget-container\">\n\t\t\t\t\t\t\t\t\t<p>Bloco 3<\/p>\t\t\t\t\t\t\t\t<\/div>\n\t\t\t\t<\/div>\n\t\t\t\t<div class=\"elementor-element elementor-element-80ffb5f elementor-widget elementor-widget-video\" data-id=\"80ffb5f\" data-element_type=\"widget\" data-e-type=\"widget\" data-settings=\"{&quot;youtube_url&quot;:&quot;https:\\\/\\\/www.youtube.com\\\/watch?v=M5hlFRBngFc&quot;,&quot;video_type&quot;:&quot;youtube&quot;,&quot;controls&quot;:&quot;yes&quot;}\" data-widget_type=\"video.default\">\n\t\t\t\t<div class=\"elementor-widget-container\">\n\t\t\t\t\t\t\t<div class=\"elementor-wrapper elementor-open-inline\">\n\t\t\t<div class=\"elementor-video\"><\/div>\t\t<\/div>\n\t\t\t\t\t\t<\/div>\n\t\t\t\t<\/div>\n\t\t\t\t<\/div>\n\t\t\t\t\t<\/div>\n\t\t\t\t<\/div>\n\t\t<div class=\"elementor-element elementor-element-735d66f e-flex e-con-boxed wpr-particle-no wpr-jarallax-no wpr-parallax-no wpr-sticky-section-no wpr-equal-height-no e-con e-parent\" data-id=\"735d66f\" data-element_type=\"container\" data-e-type=\"container\">\n\t\t\t\t\t<div class=\"e-con-inner\">\n\t\t\t\t<div class=\"elementor-element elementor-element-98c7283 elementor-widget__width-initial elementor-widget elementor-widget-heading\" data-id=\"98c7283\" data-element_type=\"widget\" data-e-type=\"widget\" data-widget_type=\"heading.default\">\n\t\t\t\t<div class=\"elementor-widget-container\">\n\t\t\t\t\t<h3 class=\"elementor-heading-title elementor-size-default\"><a href=\"https:\/\/youtu.be\/xFKdYGRkpsE\">Alfabetiza\u00e7\u00e3o Cartogr\u00e1fica e o Atlas Geocultural da \u00c1frica<\/a><\/h3>\t\t\t\t<\/div>\n\t\t\t\t<\/div>\n\t\t\t\t\t<\/div>\n\t\t\t\t<\/div>\n\t\t<div class=\"elementor-element elementor-element-a7a89af e-flex e-con-boxed wpr-particle-no wpr-jarallax-no wpr-parallax-no wpr-sticky-section-no wpr-equal-height-no e-con e-parent\" data-id=\"a7a89af\" data-element_type=\"container\" data-e-type=\"container\">\n\t\t\t\t\t<div class=\"e-con-inner\">\n\t\t<div class=\"elementor-element elementor-element-5b11a8a e-con-full e-flex wpr-particle-no wpr-jarallax-no wpr-parallax-no wpr-sticky-section-no wpr-equal-height-no e-con e-child\" data-id=\"5b11a8a\" data-element_type=\"container\" data-e-type=\"container\">\n\t\t\t\t<div class=\"elementor-element elementor-element-4599af7 elementor-widget elementor-widget-text-editor\" data-id=\"4599af7\" data-element_type=\"widget\" data-e-type=\"widget\" data-widget_type=\"text-editor.default\">\n\t\t\t\t<div class=\"elementor-widget-container\">\n\t\t\t\t\t\t\t\t\t<p>Bloco 1<\/p>\t\t\t\t\t\t\t\t<\/div>\n\t\t\t\t<\/div>\n\t\t\t\t<div class=\"elementor-element elementor-element-4fb55ea elementor-widget elementor-widget-video\" data-id=\"4fb55ea\" data-element_type=\"widget\" data-e-type=\"widget\" data-settings=\"{&quot;youtube_url&quot;:&quot;https:\\\/\\\/www.youtube.com\\\/watch?v=mehxFoXUM50&amp;t=3s&quot;,&quot;video_type&quot;:&quot;youtube&quot;,&quot;controls&quot;:&quot;yes&quot;}\" data-widget_type=\"video.default\">\n\t\t\t\t<div class=\"elementor-widget-container\">\n\t\t\t\t\t\t\t<div class=\"elementor-wrapper elementor-open-inline\">\n\t\t\t<div class=\"elementor-video\"><\/div>\t\t<\/div>\n\t\t\t\t\t\t<\/div>\n\t\t\t\t<\/div>\n\t\t\t\t<\/div>\n\t\t<div class=\"elementor-element elementor-element-9e5e9f2 e-con-full e-flex wpr-particle-no wpr-jarallax-no wpr-parallax-no wpr-sticky-section-no wpr-equal-height-no e-con e-child\" data-id=\"9e5e9f2\" data-element_type=\"container\" data-e-type=\"container\">\n\t\t\t\t<div class=\"elementor-element elementor-element-78add15 elementor-widget elementor-widget-text-editor\" data-id=\"78add15\" data-element_type=\"widget\" data-e-type=\"widget\" data-widget_type=\"text-editor.default\">\n\t\t\t\t<div class=\"elementor-widget-container\">\n\t\t\t\t\t\t\t\t\t<p>Bloco 2<\/p>\t\t\t\t\t\t\t\t<\/div>\n\t\t\t\t<\/div>\n\t\t\t\t<div class=\"elementor-element elementor-element-3d0213b elementor-widget elementor-widget-video\" data-id=\"3d0213b\" data-element_type=\"widget\" data-e-type=\"widget\" data-settings=\"{&quot;youtube_url&quot;:&quot;https:\\\/\\\/www.youtube.com\\\/watch?v=IaS2xhxYQjI&amp;t=7s&quot;,&quot;video_type&quot;:&quot;youtube&quot;,&quot;controls&quot;:&quot;yes&quot;}\" data-widget_type=\"video.default\">\n\t\t\t\t<div class=\"elementor-widget-container\">\n\t\t\t\t\t\t\t<div class=\"elementor-wrapper elementor-open-inline\">\n\t\t\t<div class=\"elementor-video\"><\/div>\t\t<\/div>\n\t\t\t\t\t\t<\/div>\n\t\t\t\t<\/div>\n\t\t\t\t<\/div>\n\t\t<div class=\"elementor-element elementor-element-8bcf3b9 e-con-full e-flex wpr-particle-no wpr-jarallax-no wpr-parallax-no wpr-sticky-section-no wpr-equal-height-no e-con e-child\" data-id=\"8bcf3b9\" data-element_type=\"container\" data-e-type=\"container\">\n\t\t\t\t<div class=\"elementor-element elementor-element-d017fac elementor-widget elementor-widget-text-editor\" data-id=\"d017fac\" data-element_type=\"widget\" data-e-type=\"widget\" data-widget_type=\"text-editor.default\">\n\t\t\t\t<div class=\"elementor-widget-container\">\n\t\t\t\t\t\t\t\t\t<p>Bloco 3<\/p>\t\t\t\t\t\t\t\t<\/div>\n\t\t\t\t<\/div>\n\t\t\t\t<div class=\"elementor-element elementor-element-9282639 elementor-widget elementor-widget-video\" data-id=\"9282639\" data-element_type=\"widget\" data-e-type=\"widget\" data-settings=\"{&quot;youtube_url&quot;:&quot;https:\\\/\\\/www.youtube.com\\\/watch?v=QiKKleruORA&amp;t=5s&quot;,&quot;video_type&quot;:&quot;youtube&quot;,&quot;controls&quot;:&quot;yes&quot;}\" data-widget_type=\"video.default\">\n\t\t\t\t<div class=\"elementor-widget-container\">\n\t\t\t\t\t\t\t<div class=\"elementor-wrapper elementor-open-inline\">\n\t\t\t<div class=\"elementor-video\"><\/div>\t\t<\/div>\n\t\t\t\t\t\t<\/div>\n\t\t\t\t<\/div>\n\t\t\t\t<\/div>\n\t\t\t\t\t<\/div>\n\t\t\t\t<\/div>\n\t\t\t\t<\/div>\n\t\t","protected":false},"excerpt":{"rendered":"<p>Projetos Escolares Not\u00edcias Lan\u00e7amento do livro Afrifuturismo e Afriotimismo Novidade: ou\u00e7a o programa Atlas Geocultural da \u00c1frica, na r\u00e1dio Kalimba Senado Federal realiza audi\u00eancia p\u00fablica sobre contribui\u00e7\u00f5es africanas e direitos de crian\u00e7as quilombolas Not\u00edcias Africanas #34 Curso de Did\u00e1tica da Literatura abre inscri\u00e7\u00f5es com forma\u00e7\u00e3o presencial \ud83d\udcd7 A \u00c1frica que Algu\u00e9m te Conta Organizadores: Cintia da Silva Ribeiro Santiago, Edilene Maria da Silva, Irandi Gomes da Silva, Jana\u00cdna Farias de Souza Ferreira e Odair Marques da Silva https:\/\/www.youtube.com\/watch?si=wz-6dbGAWAKSCAZh&#038;v=5CYVxGLEdg0&#038;feature=youtu.be Escola leva escritor para conversar com as crian\u00e7as Not\u00edcia da TV C\u00e2mara Campinas, em\u00a0 16\/04\/2026 Projeto Imprensa Jovem da Secretaria Municipal de Educa\u00e7\u00e3o de S\u00e3o Paulo Projeto Imprensa Jovem da Secretaria Municipal de Educa\u00e7\u00e3o de S\u00e3o Paulo entrevista o Prof. Odair Marques da Silva em stand da Educomunica\u00e7\u00e3o, dentro das atividades da Bienal do livro\/2024PodConversar entrevista com escritor Odair Marques \ud83d\udcd7 Pol\u00edticas de Educa\u00e7\u00e3o para as Rela\u00e7\u00f5es \u00c9tnico-raciais na cidade de S\u00e3o Paulo: aspectos do Estado neocolonial Este livro \u00e9 desdobramento da pesquisa de p\u00f3s-doutorado realizada na Faculdade de Educa\u00e7\u00e3o da Universidade de S\u00e3o Paulo, sob orienta\u00e7\u00e3o do ent\u00e3o Professor Roberto da Silva; esse ingresso ocorreu logo ap\u00f3s a conclus\u00e3o do doutoramento de Eduardo Janu\u00e1rio, autor do livro, no departamento de Hist\u00f3ria da mesma universidade, no Programa de P\u00f3s-gradua\u00e7\u00e3o em Hist\u00f3ria Econ\u00f4mica, sob orienta\u00e7\u00e3o Professor Wilson Barbosa. \ud83d\udcd7 A \u00c1frica que Ningu\u00e9m te Conta Este livro \u00e9 resultado de um trabalho coletivo, cujo objetivo \u00e9 reafirmar a escola como um espa\u00e7o de organiza\u00e7\u00e3o resultante de uma constru\u00e7\u00e3o social, na qual todos os saberes s\u00e3o trazidos pelos sujeitos, que cotidianamente se interrelacionam e constroem as identidades \u00e9tnico-raciais, a partir do olhar do outro, da linguagem e da cultura. https:\/\/www.youtube.com\/watch?v=ml_-ll5F-cg Lei 10.639\/2003: Avalia\u00e7\u00e3o da implementa\u00e7\u00e3o em redes municipais Secretaria de Educa\u00e7\u00e3o de Osasco realiza \u201cExposi\u00e7\u00e3o cultural Afrofuturista\u201d e projeto \u201c\u00c1frica Atual\u201d Prof. Claudio Piteri, secret\u00e1rio municipal de educa\u00e7\u00e3o de Osasco comenta o Projeto \u201c\u00c1frica Atual\u201d Projeto \u201c\u00c1frica Atual\u201d esteve inserido no conte\u00fado curricular de 2023 junto \u00e0s escolas da Rede Municipal de Educa\u00e7\u00e3o de Amparo As \u00c1fricas como tema nas salas de EJA (Voc\u00ea encontra a exposi\u00e7\u00e3o completa na p\u00e1gina de CURSOS, com o t\u00edtulo: As novidades da \u00c1frica Contempor\u00e2nea na Escola). https:\/\/youtu.be\/lRdFbMu-A4Q Apresentando as \u00c1fricas para as crian\u00e7as Crie uma FILMOTECA AFRICANA na Escola. Conhe\u00e7a o Projeto Educacional Municipal de Guaratinguet\u00e1! Legisla\u00e7\u00e3o Municipal vinculada \u00e0 Secretaria Municipal de Educa\u00e7\u00e3o no contexto de Combate ao Racismo e ao Preconceito Apresentando as \u00c1fricas para Ensino Fundamental I (Voc\u00ea encontra a exposi\u00e7\u00e3o completa na p\u00e1gina de CURSOS, com o t\u00edtulo: As novidades da \u00c1frica Contempor\u00e2nea na Escola) Projeto Pedag\u00f3gico desenvolvido na Secretaria Municipal de Educa\u00e7\u00e3o de Osasco Ideologia e imagin\u00e1rio: Rela\u00e7\u00e3o \u00c1frica e Brasil &#8211; Desconstru\u00e7\u00e3o do imagin\u00e1rio colonizador Bloco 1 https:\/\/www.youtube.com\/watch?v=lHoeccwNWjg Bloco 2 https:\/\/www.youtube.com\/watch?v=BNcljTVw0t4 Bloco 3 https:\/\/www.youtube.com\/watch?v=M5hlFRBngFc Alfabetiza\u00e7\u00e3o Cartogr\u00e1fica e o Atlas Geocultural da \u00c1frica Bloco 1 https:\/\/www.youtube.com\/watch?v=mehxFoXUM50&#038;t=3s Bloco 2 https:\/\/www.youtube.com\/watch?v=IaS2xhxYQjI&#038;t=7s Bloco 3 https:\/\/www.youtube.com\/watch?v=QiKKleruORA&#038;t=5s<\/p>\n","protected":false},"author":1,"featured_media":0,"parent":0,"menu_order":0,"comment_status":"closed","ping_status":"closed","template":"","meta":{"inline_featured_image":false,"ocean_post_layout":"","ocean_both_sidebars_style":"","ocean_both_sidebars_content_width":0,"ocean_both_sidebars_sidebars_width":0,"ocean_sidebar":"0","ocean_second_sidebar":"0","ocean_disable_margins":"enable","ocean_add_body_class":"","ocean_shortcode_before_top_bar":"","ocean_shortcode_after_top_bar":"","ocean_shortcode_before_header":"","ocean_shortcode_after_header":"","ocean_has_shortcode":"","ocean_shortcode_after_title":"","ocean_shortcode_before_footer_widgets":"","ocean_shortcode_after_footer_widgets":"","ocean_shortcode_before_footer_bottom":"","ocean_shortcode_after_footer_bottom":"","ocean_display_top_bar":"default","ocean_display_header":"default","ocean_header_style":"","ocean_center_header_left_menu":"0","ocean_custom_header_template":"0","ocean_custom_logo":0,"ocean_custom_retina_logo":0,"ocean_custom_logo_max_width":0,"ocean_custom_logo_tablet_max_width":0,"ocean_custom_logo_mobile_max_width":0,"ocean_custom_logo_max_height":0,"ocean_custom_logo_tablet_max_height":0,"ocean_custom_logo_mobile_max_height":0,"ocean_header_custom_menu":"0","ocean_menu_typo_font_family":"0","ocean_menu_typo_font_subset":"","ocean_menu_typo_font_size":0,"ocean_menu_typo_font_size_tablet":0,"ocean_menu_typo_font_size_mobile":0,"ocean_menu_typo_font_size_unit":"px","ocean_menu_typo_font_weight":"","ocean_menu_typo_font_weight_tablet":"","ocean_menu_typo_font_weight_mobile":"","ocean_menu_typo_transform":"","ocean_menu_typo_transform_tablet":"","ocean_menu_typo_transform_mobile":"","ocean_menu_typo_line_height":0,"ocean_menu_typo_line_height_tablet":0,"ocean_menu_typo_line_height_mobile":0,"ocean_menu_typo_line_height_unit":"","ocean_menu_typo_spacing":0,"ocean_menu_typo_spacing_tablet":0,"ocean_menu_typo_spacing_mobile":0,"ocean_menu_typo_spacing_unit":"","ocean_menu_link_color":"","ocean_menu_link_color_hover":"","ocean_menu_link_color_active":"","ocean_menu_link_background":"","ocean_menu_link_hover_background":"","ocean_menu_link_active_background":"","ocean_menu_social_links_bg":"","ocean_menu_social_hover_links_bg":"","ocean_menu_social_links_color":"","ocean_menu_social_hover_links_color":"","ocean_disable_title":"default","ocean_disable_heading":"default","ocean_post_title":"","ocean_post_subheading":"","ocean_post_title_style":"","ocean_post_title_background_color":"","ocean_post_title_background":0,"ocean_post_title_bg_image_position":"","ocean_post_title_bg_image_attachment":"","ocean_post_title_bg_image_repeat":"","ocean_post_title_bg_image_size":"","ocean_post_title_height":0,"ocean_post_title_bg_overlay":0.5,"ocean_post_title_bg_overlay_color":"","ocean_disable_breadcrumbs":"default","ocean_breadcrumbs_color":"","ocean_breadcrumbs_separator_color":"","ocean_breadcrumbs_links_color":"","ocean_breadcrumbs_links_hover_color":"","ocean_display_footer_widgets":"default","ocean_display_footer_bottom":"default","ocean_custom_footer_template":"0","omw_enable_modal_window":"enable","footnotes":""},"palavra-chave":[],"class_list":["post-9031","page","type-page","status-publish","hentry","entry","has-media"],"yoast_head":"<!-- This site is optimized with the Yoast SEO plugin v27.3 - https:\/\/yoast.com\/product\/yoast-seo-wordpress\/ -->\n<title>Projetos Escolares - africaatual.com.br<\/title>\n<meta name=\"robots\" content=\"index, follow, max-snippet:-1, max-image-preview:large, max-video-preview:-1\" \/>\n<link rel=\"canonical\" href=\"https:\/\/africaatual.com.br\/index.php\/projetos-escolares\/\" \/>\n<meta property=\"og:locale\" content=\"pt_BR\" \/>\n<meta property=\"og:type\" content=\"article\" \/>\n<meta property=\"og:title\" content=\"Projetos Escolares - africaatual.com.br\" \/>\n<meta property=\"og:description\" content=\"Projetos Escolares Not\u00edcias Lan\u00e7amento do livro Afrifuturismo e Afriotimismo Novidade: ou\u00e7a o programa Atlas Geocultural da \u00c1frica, na r\u00e1dio Kalimba Senado Federal realiza audi\u00eancia p\u00fablica sobre contribui\u00e7\u00f5es africanas e direitos de crian\u00e7as quilombolas Not\u00edcias Africanas #34 Curso de Did\u00e1tica da Literatura abre inscri\u00e7\u00f5es com forma\u00e7\u00e3o presencial \ud83d\udcd7 A \u00c1frica que Algu\u00e9m te Conta Organizadores: Cintia da Silva Ribeiro Santiago, Edilene Maria da Silva, Irandi Gomes da Silva, Jana\u00cdna Farias de Souza Ferreira e Odair Marques da Silva https:\/\/www.youtube.com\/watch?si=wz-6dbGAWAKSCAZh&#038;v=5CYVxGLEdg0&#038;feature=youtu.be Escola leva escritor para conversar com as crian\u00e7as Not\u00edcia da TV C\u00e2mara Campinas, em\u00a0 16\/04\/2026 Projeto Imprensa Jovem da Secretaria Municipal de Educa\u00e7\u00e3o de S\u00e3o Paulo Projeto Imprensa Jovem da Secretaria Municipal de Educa\u00e7\u00e3o de S\u00e3o Paulo entrevista o Prof. Odair Marques da Silva em stand da Educomunica\u00e7\u00e3o, dentro das atividades da Bienal do livro\/2024PodConversar entrevista com escritor Odair Marques \ud83d\udcd7 Pol\u00edticas de Educa\u00e7\u00e3o para as Rela\u00e7\u00f5es \u00c9tnico-raciais na cidade de S\u00e3o Paulo: aspectos do Estado neocolonial Este livro \u00e9 desdobramento da pesquisa de p\u00f3s-doutorado realizada na Faculdade de Educa\u00e7\u00e3o da Universidade de S\u00e3o Paulo, sob orienta\u00e7\u00e3o do ent\u00e3o Professor Roberto da Silva; esse ingresso ocorreu logo ap\u00f3s a conclus\u00e3o do doutoramento de Eduardo Janu\u00e1rio, autor do livro, no departamento de Hist\u00f3ria da mesma universidade, no Programa de P\u00f3s-gradua\u00e7\u00e3o em Hist\u00f3ria Econ\u00f4mica, sob orienta\u00e7\u00e3o Professor Wilson Barbosa. \ud83d\udcd7 A \u00c1frica que Ningu\u00e9m te Conta Este livro \u00e9 resultado de um trabalho coletivo, cujo objetivo \u00e9 reafirmar a escola como um espa\u00e7o de organiza\u00e7\u00e3o resultante de uma constru\u00e7\u00e3o social, na qual todos os saberes s\u00e3o trazidos pelos sujeitos, que cotidianamente se interrelacionam e constroem as identidades \u00e9tnico-raciais, a partir do olhar do outro, da linguagem e da cultura. https:\/\/www.youtube.com\/watch?v=ml_-ll5F-cg Lei 10.639\/2003: Avalia\u00e7\u00e3o da implementa\u00e7\u00e3o em redes municipais Secretaria de Educa\u00e7\u00e3o de Osasco realiza \u201cExposi\u00e7\u00e3o cultural Afrofuturista\u201d e projeto \u201c\u00c1frica Atual\u201d Prof. Claudio Piteri, secret\u00e1rio municipal de educa\u00e7\u00e3o de Osasco comenta o Projeto \u201c\u00c1frica Atual\u201d Projeto \u201c\u00c1frica Atual\u201d esteve inserido no conte\u00fado curricular de 2023 junto \u00e0s escolas da Rede Municipal de Educa\u00e7\u00e3o de Amparo As \u00c1fricas como tema nas salas de EJA (Voc\u00ea encontra a exposi\u00e7\u00e3o completa na p\u00e1gina de CURSOS, com o t\u00edtulo: As novidades da \u00c1frica Contempor\u00e2nea na Escola). https:\/\/youtu.be\/lRdFbMu-A4Q Apresentando as \u00c1fricas para as crian\u00e7as Crie uma FILMOTECA AFRICANA na Escola. Conhe\u00e7a o Projeto Educacional Municipal de Guaratinguet\u00e1! Legisla\u00e7\u00e3o Municipal vinculada \u00e0 Secretaria Municipal de Educa\u00e7\u00e3o no contexto de Combate ao Racismo e ao Preconceito Apresentando as \u00c1fricas para Ensino Fundamental I (Voc\u00ea encontra a exposi\u00e7\u00e3o completa na p\u00e1gina de CURSOS, com o t\u00edtulo: As novidades da \u00c1frica Contempor\u00e2nea na Escola) Projeto Pedag\u00f3gico desenvolvido na Secretaria Municipal de Educa\u00e7\u00e3o de Osasco Ideologia e imagin\u00e1rio: Rela\u00e7\u00e3o \u00c1frica e Brasil &#8211; Desconstru\u00e7\u00e3o do imagin\u00e1rio colonizador Bloco 1 https:\/\/www.youtube.com\/watch?v=lHoeccwNWjg Bloco 2 https:\/\/www.youtube.com\/watch?v=BNcljTVw0t4 Bloco 3 https:\/\/www.youtube.com\/watch?v=M5hlFRBngFc Alfabetiza\u00e7\u00e3o Cartogr\u00e1fica e o Atlas Geocultural da \u00c1frica Bloco 1 https:\/\/www.youtube.com\/watch?v=mehxFoXUM50&#038;t=3s Bloco 2 https:\/\/www.youtube.com\/watch?v=IaS2xhxYQjI&#038;t=7s Bloco 3 https:\/\/www.youtube.com\/watch?v=QiKKleruORA&#038;t=5s\" \/>\n<meta property=\"og:url\" content=\"https:\/\/africaatual.com.br\/index.php\/projetos-escolares\/\" \/>\n<meta property=\"og:site_name\" content=\"africaatual.com.br\" \/>\n<meta property=\"article:modified_time\" content=\"2026-04-28T21:03:04+00:00\" \/>\n<meta property=\"og:image\" content=\"https:\/\/africaatual.com.br\/wp-content\/uploads\/2025\/11\/O-BNDES-Garagem-e-o-programa-do-Banco-Nacional-de-Desenvolvimento-Economico-e-Social-BNDES-de-incentivo-a-startups-que-promove-e-incentiva-acoes-empreendedoras-em-todo-o-Brasil.-A-iniciativa-e-u-5.jpg\" \/>\n\t<meta property=\"og:image:width\" content=\"1080\" \/>\n\t<meta property=\"og:image:height\" content=\"1080\" \/>\n\t<meta property=\"og:image:type\" content=\"image\/jpeg\" \/>\n<meta name=\"twitter:card\" content=\"summary_large_image\" \/>\n<meta name=\"twitter:label1\" content=\"Est. tempo de leitura\" \/>\n\t<meta name=\"twitter:data1\" content=\"4 minutos\" \/>\n<script type=\"application\/ld+json\" class=\"yoast-schema-graph\">{\"@context\":\"https:\\\/\\\/schema.org\",\"@graph\":[{\"@type\":\"WebPage\",\"@id\":\"https:\\\/\\\/africaatual.com.br\\\/index.php\\\/projetos-escolares\\\/\",\"url\":\"https:\\\/\\\/africaatual.com.br\\\/index.php\\\/projetos-escolares\\\/\",\"name\":\"Projetos Escolares - africaatual.com.br\",\"isPartOf\":{\"@id\":\"https:\\\/\\\/africaatual.com.br\\\/#website\"},\"primaryImageOfPage\":{\"@id\":\"https:\\\/\\\/africaatual.com.br\\\/index.php\\\/projetos-escolares\\\/#primaryimage\"},\"image\":{\"@id\":\"https:\\\/\\\/africaatual.com.br\\\/index.php\\\/projetos-escolares\\\/#primaryimage\"},\"thumbnailUrl\":\"http:\\\/\\\/africaatual.com.br\\\/wp-content\\\/uploads\\\/2025\\\/11\\\/O-BNDES-Garagem-e-o-programa-do-Banco-Nacional-de-Desenvolvimento-Economico-e-Social-BNDES-de-incentivo-a-startups-que-promove-e-incentiva-acoes-empreendedoras-em-todo-o-Brasil.-A-iniciativa-e-u-5-1024x1024.jpg\",\"datePublished\":\"2023-09-15T03:30:07+00:00\",\"dateModified\":\"2026-04-28T21:03:04+00:00\",\"breadcrumb\":{\"@id\":\"https:\\\/\\\/africaatual.com.br\\\/index.php\\\/projetos-escolares\\\/#breadcrumb\"},\"inLanguage\":\"pt-BR\",\"potentialAction\":[{\"@type\":\"ReadAction\",\"target\":[\"https:\\\/\\\/africaatual.com.br\\\/index.php\\\/projetos-escolares\\\/\"]}]},{\"@type\":\"ImageObject\",\"inLanguage\":\"pt-BR\",\"@id\":\"https:\\\/\\\/africaatual.com.br\\\/index.php\\\/projetos-escolares\\\/#primaryimage\",\"url\":\"https:\\\/\\\/africaatual.com.br\\\/wp-content\\\/uploads\\\/2025\\\/11\\\/O-BNDES-Garagem-e-o-programa-do-Banco-Nacional-de-Desenvolvimento-Economico-e-Social-BNDES-de-incentivo-a-startups-que-promove-e-incentiva-acoes-empreendedoras-em-todo-o-Brasil.-A-iniciativa-e-u-5.jpg\",\"contentUrl\":\"https:\\\/\\\/africaatual.com.br\\\/wp-content\\\/uploads\\\/2025\\\/11\\\/O-BNDES-Garagem-e-o-programa-do-Banco-Nacional-de-Desenvolvimento-Economico-e-Social-BNDES-de-incentivo-a-startups-que-promove-e-incentiva-acoes-empreendedoras-em-todo-o-Brasil.-A-iniciativa-e-u-5.jpg\",\"width\":1080,\"height\":1080},{\"@type\":\"BreadcrumbList\",\"@id\":\"https:\\\/\\\/africaatual.com.br\\\/index.php\\\/projetos-escolares\\\/#breadcrumb\",\"itemListElement\":[{\"@type\":\"ListItem\",\"position\":1,\"name\":\"In\u00edcio\",\"item\":\"https:\\\/\\\/africaatual.com.br\\\/\"},{\"@type\":\"ListItem\",\"position\":2,\"name\":\"Projetos Escolares\"}]},{\"@type\":\"WebSite\",\"@id\":\"https:\\\/\\\/africaatual.com.br\\\/#website\",\"url\":\"https:\\\/\\\/africaatual.com.br\\\/\",\"name\":\"africaatual.com.br\",\"description\":\"O Atlas Geocultural da \u00c1frica \u00e9 um rico material de leitura e pesquisa, que visa apresentar de forma atual os pa\u00edses africanos, ainda t\u00e3o pouco conhecidos.\",\"publisher\":{\"@id\":\"https:\\\/\\\/africaatual.com.br\\\/#organization\"},\"potentialAction\":[{\"@type\":\"SearchAction\",\"target\":{\"@type\":\"EntryPoint\",\"urlTemplate\":\"https:\\\/\\\/africaatual.com.br\\\/?s={search_term_string}\"},\"query-input\":{\"@type\":\"PropertyValueSpecification\",\"valueRequired\":true,\"valueName\":\"search_term_string\"}}],\"inLanguage\":\"pt-BR\"},{\"@type\":\"Organization\",\"@id\":\"https:\\\/\\\/africaatual.com.br\\\/#organization\",\"name\":\"africaatual.com.br\",\"url\":\"https:\\\/\\\/africaatual.com.br\\\/\",\"logo\":{\"@type\":\"ImageObject\",\"inLanguage\":\"pt-BR\",\"@id\":\"https:\\\/\\\/africaatual.com.br\\\/#\\\/schema\\\/logo\\\/image\\\/\",\"url\":\"http:\\\/\\\/africaatual.com.br\\\/wp-content\\\/uploads\\\/2023\\\/06\\\/LOGOEIROS_Prancheta-1-tipo-preto.png\",\"contentUrl\":\"http:\\\/\\\/africaatual.com.br\\\/wp-content\\\/uploads\\\/2023\\\/06\\\/LOGOEIROS_Prancheta-1-tipo-preto.png\",\"width\":1667,\"height\":730,\"caption\":\"africaatual.com.br\"},\"image\":{\"@id\":\"https:\\\/\\\/africaatual.com.br\\\/#\\\/schema\\\/logo\\\/image\\\/\"}}]}<\/script>\n<!-- \/ Yoast SEO plugin. -->","yoast_head_json":{"title":"Projetos Escolares - africaatual.com.br","robots":{"index":"index","follow":"follow","max-snippet":"max-snippet:-1","max-image-preview":"max-image-preview:large","max-video-preview":"max-video-preview:-1"},"canonical":"https:\/\/africaatual.com.br\/index.php\/projetos-escolares\/","og_locale":"pt_BR","og_type":"article","og_title":"Projetos Escolares - africaatual.com.br","og_description":"Projetos Escolares Not\u00edcias Lan\u00e7amento do livro Afrifuturismo e Afriotimismo Novidade: ou\u00e7a o programa Atlas Geocultural da \u00c1frica, na r\u00e1dio Kalimba Senado Federal realiza audi\u00eancia p\u00fablica sobre contribui\u00e7\u00f5es africanas e direitos de crian\u00e7as quilombolas Not\u00edcias Africanas #34 Curso de Did\u00e1tica da Literatura abre inscri\u00e7\u00f5es com forma\u00e7\u00e3o presencial \ud83d\udcd7 A \u00c1frica que Algu\u00e9m te Conta Organizadores: Cintia da Silva Ribeiro Santiago, Edilene Maria da Silva, Irandi Gomes da Silva, Jana\u00cdna Farias de Souza Ferreira e Odair Marques da Silva https:\/\/www.youtube.com\/watch?si=wz-6dbGAWAKSCAZh&#038;v=5CYVxGLEdg0&#038;feature=youtu.be Escola leva escritor para conversar com as crian\u00e7as Not\u00edcia da TV C\u00e2mara Campinas, em\u00a0 16\/04\/2026 Projeto Imprensa Jovem da Secretaria Municipal de Educa\u00e7\u00e3o de S\u00e3o Paulo Projeto Imprensa Jovem da Secretaria Municipal de Educa\u00e7\u00e3o de S\u00e3o Paulo entrevista o Prof. Odair Marques da Silva em stand da Educomunica\u00e7\u00e3o, dentro das atividades da Bienal do livro\/2024PodConversar entrevista com escritor Odair Marques \ud83d\udcd7 Pol\u00edticas de Educa\u00e7\u00e3o para as Rela\u00e7\u00f5es \u00c9tnico-raciais na cidade de S\u00e3o Paulo: aspectos do Estado neocolonial Este livro \u00e9 desdobramento da pesquisa de p\u00f3s-doutorado realizada na Faculdade de Educa\u00e7\u00e3o da Universidade de S\u00e3o Paulo, sob orienta\u00e7\u00e3o do ent\u00e3o Professor Roberto da Silva; esse ingresso ocorreu logo ap\u00f3s a conclus\u00e3o do doutoramento de Eduardo Janu\u00e1rio, autor do livro, no departamento de Hist\u00f3ria da mesma universidade, no Programa de P\u00f3s-gradua\u00e7\u00e3o em Hist\u00f3ria Econ\u00f4mica, sob orienta\u00e7\u00e3o Professor Wilson Barbosa. \ud83d\udcd7 A \u00c1frica que Ningu\u00e9m te Conta Este livro \u00e9 resultado de um trabalho coletivo, cujo objetivo \u00e9 reafirmar a escola como um espa\u00e7o de organiza\u00e7\u00e3o resultante de uma constru\u00e7\u00e3o social, na qual todos os saberes s\u00e3o trazidos pelos sujeitos, que cotidianamente se interrelacionam e constroem as identidades \u00e9tnico-raciais, a partir do olhar do outro, da linguagem e da cultura. https:\/\/www.youtube.com\/watch?v=ml_-ll5F-cg Lei 10.639\/2003: Avalia\u00e7\u00e3o da implementa\u00e7\u00e3o em redes municipais Secretaria de Educa\u00e7\u00e3o de Osasco realiza \u201cExposi\u00e7\u00e3o cultural Afrofuturista\u201d e projeto \u201c\u00c1frica Atual\u201d Prof. Claudio Piteri, secret\u00e1rio municipal de educa\u00e7\u00e3o de Osasco comenta o Projeto \u201c\u00c1frica Atual\u201d Projeto \u201c\u00c1frica Atual\u201d esteve inserido no conte\u00fado curricular de 2023 junto \u00e0s escolas da Rede Municipal de Educa\u00e7\u00e3o de Amparo As \u00c1fricas como tema nas salas de EJA (Voc\u00ea encontra a exposi\u00e7\u00e3o completa na p\u00e1gina de CURSOS, com o t\u00edtulo: As novidades da \u00c1frica Contempor\u00e2nea na Escola). https:\/\/youtu.be\/lRdFbMu-A4Q Apresentando as \u00c1fricas para as crian\u00e7as Crie uma FILMOTECA AFRICANA na Escola. Conhe\u00e7a o Projeto Educacional Municipal de Guaratinguet\u00e1! Legisla\u00e7\u00e3o Municipal vinculada \u00e0 Secretaria Municipal de Educa\u00e7\u00e3o no contexto de Combate ao Racismo e ao Preconceito Apresentando as \u00c1fricas para Ensino Fundamental I (Voc\u00ea encontra a exposi\u00e7\u00e3o completa na p\u00e1gina de CURSOS, com o t\u00edtulo: As novidades da \u00c1frica Contempor\u00e2nea na Escola) Projeto Pedag\u00f3gico desenvolvido na Secretaria Municipal de Educa\u00e7\u00e3o de Osasco Ideologia e imagin\u00e1rio: Rela\u00e7\u00e3o \u00c1frica e Brasil &#8211; Desconstru\u00e7\u00e3o do imagin\u00e1rio colonizador Bloco 1 https:\/\/www.youtube.com\/watch?v=lHoeccwNWjg Bloco 2 https:\/\/www.youtube.com\/watch?v=BNcljTVw0t4 Bloco 3 https:\/\/www.youtube.com\/watch?v=M5hlFRBngFc Alfabetiza\u00e7\u00e3o Cartogr\u00e1fica e o Atlas Geocultural da \u00c1frica Bloco 1 https:\/\/www.youtube.com\/watch?v=mehxFoXUM50&#038;t=3s Bloco 2 https:\/\/www.youtube.com\/watch?v=IaS2xhxYQjI&#038;t=7s Bloco 3 https:\/\/www.youtube.com\/watch?v=QiKKleruORA&#038;t=5s","og_url":"https:\/\/africaatual.com.br\/index.php\/projetos-escolares\/","og_site_name":"africaatual.com.br","article_modified_time":"2026-04-28T21:03:04+00:00","og_image":[{"width":1080,"height":1080,"url":"https:\/\/africaatual.com.br\/wp-content\/uploads\/2025\/11\/O-BNDES-Garagem-e-o-programa-do-Banco-Nacional-de-Desenvolvimento-Economico-e-Social-BNDES-de-incentivo-a-startups-que-promove-e-incentiva-acoes-empreendedoras-em-todo-o-Brasil.-A-iniciativa-e-u-5.jpg","type":"image\/jpeg"}],"twitter_card":"summary_large_image","twitter_misc":{"Est. tempo de leitura":"4 minutos"},"schema":{"@context":"https:\/\/schema.org","@graph":[{"@type":"WebPage","@id":"https:\/\/africaatual.com.br\/index.php\/projetos-escolares\/","url":"https:\/\/africaatual.com.br\/index.php\/projetos-escolares\/","name":"Projetos Escolares - africaatual.com.br","isPartOf":{"@id":"https:\/\/africaatual.com.br\/#website"},"primaryImageOfPage":{"@id":"https:\/\/africaatual.com.br\/index.php\/projetos-escolares\/#primaryimage"},"image":{"@id":"https:\/\/africaatual.com.br\/index.php\/projetos-escolares\/#primaryimage"},"thumbnailUrl":"http:\/\/africaatual.com.br\/wp-content\/uploads\/2025\/11\/O-BNDES-Garagem-e-o-programa-do-Banco-Nacional-de-Desenvolvimento-Economico-e-Social-BNDES-de-incentivo-a-startups-que-promove-e-incentiva-acoes-empreendedoras-em-todo-o-Brasil.-A-iniciativa-e-u-5-1024x1024.jpg","datePublished":"2023-09-15T03:30:07+00:00","dateModified":"2026-04-28T21:03:04+00:00","breadcrumb":{"@id":"https:\/\/africaatual.com.br\/index.php\/projetos-escolares\/#breadcrumb"},"inLanguage":"pt-BR","potentialAction":[{"@type":"ReadAction","target":["https:\/\/africaatual.com.br\/index.php\/projetos-escolares\/"]}]},{"@type":"ImageObject","inLanguage":"pt-BR","@id":"https:\/\/africaatual.com.br\/index.php\/projetos-escolares\/#primaryimage","url":"https:\/\/africaatual.com.br\/wp-content\/uploads\/2025\/11\/O-BNDES-Garagem-e-o-programa-do-Banco-Nacional-de-Desenvolvimento-Economico-e-Social-BNDES-de-incentivo-a-startups-que-promove-e-incentiva-acoes-empreendedoras-em-todo-o-Brasil.-A-iniciativa-e-u-5.jpg","contentUrl":"https:\/\/africaatual.com.br\/wp-content\/uploads\/2025\/11\/O-BNDES-Garagem-e-o-programa-do-Banco-Nacional-de-Desenvolvimento-Economico-e-Social-BNDES-de-incentivo-a-startups-que-promove-e-incentiva-acoes-empreendedoras-em-todo-o-Brasil.-A-iniciativa-e-u-5.jpg","width":1080,"height":1080},{"@type":"BreadcrumbList","@id":"https:\/\/africaatual.com.br\/index.php\/projetos-escolares\/#breadcrumb","itemListElement":[{"@type":"ListItem","position":1,"name":"In\u00edcio","item":"https:\/\/africaatual.com.br\/"},{"@type":"ListItem","position":2,"name":"Projetos Escolares"}]},{"@type":"WebSite","@id":"https:\/\/africaatual.com.br\/#website","url":"https:\/\/africaatual.com.br\/","name":"africaatual.com.br","description":"O Atlas Geocultural da \u00c1frica \u00e9 um rico material de leitura e pesquisa, que visa apresentar de forma atual os pa\u00edses africanos, ainda t\u00e3o pouco conhecidos.","publisher":{"@id":"https:\/\/africaatual.com.br\/#organization"},"potentialAction":[{"@type":"SearchAction","target":{"@type":"EntryPoint","urlTemplate":"https:\/\/africaatual.com.br\/?s={search_term_string}"},"query-input":{"@type":"PropertyValueSpecification","valueRequired":true,"valueName":"search_term_string"}}],"inLanguage":"pt-BR"},{"@type":"Organization","@id":"https:\/\/africaatual.com.br\/#organization","name":"africaatual.com.br","url":"https:\/\/africaatual.com.br\/","logo":{"@type":"ImageObject","inLanguage":"pt-BR","@id":"https:\/\/africaatual.com.br\/#\/schema\/logo\/image\/","url":"http:\/\/africaatual.com.br\/wp-content\/uploads\/2023\/06\/LOGOEIROS_Prancheta-1-tipo-preto.png","contentUrl":"http:\/\/africaatual.com.br\/wp-content\/uploads\/2023\/06\/LOGOEIROS_Prancheta-1-tipo-preto.png","width":1667,"height":730,"caption":"africaatual.com.br"},"image":{"@id":"https:\/\/africaatual.com.br\/#\/schema\/logo\/image\/"}}]}},"_links":{"self":[{"href":"https:\/\/africaatual.com.br\/index.php\/wp-json\/wp\/v2\/pages\/9031","targetHints":{"allow":["GET"]}}],"collection":[{"href":"https:\/\/africaatual.com.br\/index.php\/wp-json\/wp\/v2\/pages"}],"about":[{"href":"https:\/\/africaatual.com.br\/index.php\/wp-json\/wp\/v2\/types\/page"}],"author":[{"embeddable":true,"href":"https:\/\/africaatual.com.br\/index.php\/wp-json\/wp\/v2\/users\/1"}],"replies":[{"embeddable":true,"href":"https:\/\/africaatual.com.br\/index.php\/wp-json\/wp\/v2\/comments?post=9031"}],"version-history":[{"count":172,"href":"https:\/\/africaatual.com.br\/index.php\/wp-json\/wp\/v2\/pages\/9031\/revisions"}],"predecessor-version":[{"id":13629,"href":"https:\/\/africaatual.com.br\/index.php\/wp-json\/wp\/v2\/pages\/9031\/revisions\/13629"}],"wp:attachment":[{"href":"https:\/\/africaatual.com.br\/index.php\/wp-json\/wp\/v2\/media?parent=9031"}],"wp:term":[{"taxonomy":"palavra-chave","embeddable":true,"href":"https:\/\/africaatual.com.br\/index.php\/wp-json\/wp\/v2\/palavra-chave?post=9031"}],"curies":[{"name":"wp","href":"https:\/\/api.w.org\/{rel}","templated":true}]}}