
{"id":9298,"date":"2023-10-04T07:18:49","date_gmt":"2023-10-04T10:18:49","guid":{"rendered":"https:\/\/africaatual.com.br\/?page_id=9298"},"modified":"2024-05-10T09:42:38","modified_gmt":"2024-05-10T12:42:38","slug":"clipping","status":"publish","type":"page","link":"https:\/\/africaatual.com.br\/index.php\/clipping\/","title":{"rendered":"Clipping"},"content":{"rendered":"\t\t<div data-elementor-type=\"wp-page\" data-elementor-id=\"9298\" class=\"elementor elementor-9298\">\n\t\t\t\t<div class=\"elementor-element elementor-element-f2cca5d e-flex e-con-boxed wpr-particle-no wpr-jarallax-no wpr-parallax-no wpr-sticky-section-no wpr-equal-height-no e-con e-parent\" data-id=\"f2cca5d\" data-element_type=\"container\" data-e-type=\"container\" data-settings=\"{&quot;background_background&quot;:&quot;classic&quot;}\">\n\t\t\t\t\t<div class=\"e-con-inner\">\n\t\t\t\t<div class=\"elementor-element elementor-element-6fe84aa elementor-widget__width-inherit elementor-widget elementor-widget-heading\" data-id=\"6fe84aa\" data-element_type=\"widget\" data-e-type=\"widget\" data-widget_type=\"heading.default\">\n\t\t\t\t<div class=\"elementor-widget-container\">\n\t\t\t\t\t<h1 class=\"elementor-heading-title elementor-size-default\">Clipping<\/h1>\t\t\t\t<\/div>\n\t\t\t\t<\/div>\n\t\t\t\t\t<\/div>\n\t\t\t\t<\/div>\n\t\t<div class=\"elementor-element elementor-element-718b11b e-flex e-con-boxed wpr-particle-no wpr-jarallax-no wpr-parallax-no wpr-sticky-section-no wpr-equal-height-no e-con e-parent\" data-id=\"718b11b\" data-element_type=\"container\" data-e-type=\"container\">\n\t\t\t\t\t<div class=\"e-con-inner\">\n\t\t<div class=\"elementor-element elementor-element-8792401 e-flex e-con-boxed wpr-particle-no wpr-jarallax-no wpr-parallax-no wpr-sticky-section-no wpr-equal-height-no e-con e-child\" data-id=\"8792401\" data-element_type=\"container\" data-e-type=\"container\" data-settings=\"{&quot;background_background&quot;:&quot;classic&quot;}\">\n\t\t\t\t\t<div class=\"e-con-inner\">\n\t\t<div class=\"elementor-element elementor-element-8e1aacd e-flex e-con-boxed wpr-particle-no wpr-jarallax-no wpr-parallax-no wpr-sticky-section-no wpr-equal-height-no e-con e-child\" data-id=\"8e1aacd\" data-element_type=\"container\" data-e-type=\"container\">\n\t\t\t\t\t<div class=\"e-con-inner\">\n\t\t<div class=\"elementor-element elementor-element-e62b75d e-flex e-con-boxed wpr-particle-no wpr-jarallax-no wpr-parallax-no wpr-sticky-section-no wpr-equal-height-no e-con e-child\" data-id=\"e62b75d\" data-element_type=\"container\" data-e-type=\"container\">\n\t\t\t\t\t<div class=\"e-con-inner\">\n\t\t<div class=\"elementor-element elementor-element-0972cec e-flex e-con-boxed wpr-particle-no wpr-jarallax-no wpr-parallax-no wpr-sticky-section-no wpr-equal-height-no e-con e-child\" data-id=\"0972cec\" data-element_type=\"container\" data-e-type=\"container\">\n\t\t\t\t\t<div class=\"e-con-inner\">\n\t\t\t\t<div class=\"elementor-element elementor-element-39efc7a elementor-widget__width-inherit elementor-widget elementor-widget-upk-news-ticker\" data-id=\"39efc7a\" data-element_type=\"widget\" data-e-type=\"widget\" data-widget_type=\"upk-news-ticker.default\">\n\t\t\t\t<div class=\"elementor-widget-container\">\n\t\t\t\t\t\t\t<div id=\"newsTicker1\" class=\"upk-news-ticker\" data-settings=\"{&quot;effect&quot;:&quot;slide-right&quot;,&quot;autoPlay&quot;:true,&quot;interval&quot;:6000,&quot;pauseOnHover&quot;:true,&quot;scrollSpeed&quot;:1}\">\n\t\t\t\t\t    \t<div class=\"upk-news-ticker-label\">\n\t\t\t\t\t<div class=\"upk-news-ticker-label-inner\">\n\t\t\t\t\t\tNot\u00edcias\t    \t\t\t<\/div>\n\t    \t\t<\/div>\n\t\t    \t\t    <div class=\"upk-news-ticker-content\">\n\t\t        <ul>\n\t\t\t\t<li class=\"upk-news-ticker-item\">\n\t\t\t\n\n\t\t\t\t\t\t\t\t\t\n\t\t<a href=\"https:\/\/africaatual.com.br\/index.php\/2026\/04\/14\/lancamento-do-livro-afrifuturismo-e-afriotimismo\/\">\n\t\t\t\n\t\t\t\n\t\t\tLan\u00e7amento  do livro Afrifuturismo e Afriotimismo\t\t<\/a>\n\t\t\t\t\t\t\n\t\t\t\t\n\t\t\t\n\t\t<\/li>\n\t\t\t\t<li class=\"upk-news-ticker-item\">\n\t\t\t\n\n\t\t\t\t\t\t\t\t\t\n\t\t<a href=\"https:\/\/africaatual.com.br\/index.php\/2026\/04\/14\/novidade-ouca-o-programa-atlas-geocultural-da-africa-na-radio-kalimba\/\">\n\t\t\t\n\t\t\t\n\t\t\tNovidade: ou\u00e7a o programa Atlas Geocultural da \u00c1frica, na r\u00e1dio Kalimba\t\t<\/a>\n\t\t\t\t\t\t\n\t\t\t\t\n\t\t\t\n\t\t<\/li>\n\t\t\t\t<li class=\"upk-news-ticker-item\">\n\t\t\t\n\n\t\t\t\t\t\t\t\t\t\n\t\t<a href=\"https:\/\/africaatual.com.br\/index.php\/2026\/03\/23\/senado-federal-realiza-audiencia-publica-sobre-contribuicoes-africanas-e-direitos-de-criancas-quilombolas\/\">\n\t\t\t\n\t\t\t\n\t\t\tSenado Federal realiza audi\u00eancia p\u00fablica sobre contribui\u00e7\u00f5es africanas e direitos de crian\u00e7as quilombolas\t\t<\/a>\n\t\t\t\t\t\t\n\t\t\t\t\n\t\t\t\n\t\t<\/li>\n\t\t\t\t<li class=\"upk-news-ticker-item\">\n\t\t\t\n\n\t\t\t\t\t\t\t\t\t\n\t\t<a href=\"https:\/\/africaatual.com.br\/index.php\/2026\/02\/19\/noticias-africanas-34\/\">\n\t\t\t\n\t\t\t\n\t\t\tNot\u00edcias Africanas #34\t\t<\/a>\n\t\t\t\t\t\t\n\t\t\t\t\n\t\t\t\n\t\t<\/li>\n\t\t\t\t<li class=\"upk-news-ticker-item\">\n\t\t\t\n\n\t\t\t\t\t\t\t\t\t\n\t\t<a href=\"https:\/\/africaatual.com.br\/index.php\/2026\/02\/19\/curso-de-didatica-da-literatura-angola\/\">\n\t\t\t\n\t\t\t\n\t\t\tCurso de Did\u00e1tica da Literatura abre inscri\u00e7\u00f5es com forma\u00e7\u00e3o presencial\t\t<\/a>\n\t\t\t\t\t\t\n\t\t\t\t\n\t\t\t\n\t\t<\/li>\n\t\t\n\n\t\t        <\/ul>\n\t\t    <\/div>\n\t\t    \t\t    <div class=\"upk-news-ticker-controls upk-news-ticker-navigation\">\n\n\t\t        <button class=\"bdt-visible@m\">\n\t\t        \t<span class=\"upk-news-ticker-arrow upk-news-ticker-prev bdt-icon\">\n\t\t        \t\t<svg width=\"20\" height=\"20\" viewBox=\"0 0 20 20\" xmlns=\"http:\/\/www.w3.org\/2000\/svg\" data-svg=\"chevron-left\">\n\t\t        \t\t\t<polyline fill=\"none\" stroke=\"#000\" stroke-width=\"1.03\" points=\"13 16 7 10 13 4\"><\/polyline>\n\t\t        \t\t<\/svg>\n\t\t        \t<\/span>\n\t\t        <\/button>\n\n\t\t        \t\t        \n\t\t        <button>\n\t\t        \t<span class=\"upk-news-ticker-arrow upk-news-ticker-next bdt-icon\">\n\t\t        \t\t<svg width=\"20\" height=\"20\" viewBox=\"0 0 20 20\" xmlns=\"http:\/\/www.w3.org\/2000\/svg\" data-svg=\"chevron-right\">\n\t\t        \t\t\t<polyline fill=\"none\" stroke=\"#000\" stroke-width=\"1.03\" points=\"7 4 13 10 7 16\"><\/polyline>\n\t\t        \t\t<\/svg>\n\t\t        \t<\/span>\n\t\t        <\/button>\n\n\t\t    <\/div>\n\n\t\t\t\t\t<\/div>\n\t\t\n\t\t\t\t\t\t<\/div>\n\t\t\t\t<\/div>\n\t\t\t\t\t<\/div>\n\t\t\t\t<\/div>\n\t\t\t\t\t<\/div>\n\t\t\t\t<\/div>\n\t\t\t\t\t<\/div>\n\t\t\t\t<\/div>\n\t\t\t\t\t<\/div>\n\t\t\t\t<\/div>\n\t\t\t\t\t<\/div>\n\t\t\t\t<\/div>\n\t\t<div class=\"elementor-element elementor-element-ae26391 e-flex e-con-boxed wpr-particle-no wpr-jarallax-no wpr-parallax-no wpr-sticky-section-no wpr-equal-height-no e-con e-parent\" data-id=\"ae26391\" data-element_type=\"container\" data-e-type=\"container\">\n\t\t\t\t\t<div class=\"e-con-inner\">\n\t\t\t\t<div class=\"elementor-element elementor-element-4853953 elementor-widget__width-initial elementor-widget elementor-widget-heading\" data-id=\"4853953\" data-element_type=\"widget\" data-e-type=\"widget\" data-widget_type=\"heading.default\">\n\t\t\t\t<div class=\"elementor-widget-container\">\n\t\t\t\t\t<h2 class=\"elementor-heading-title elementor-size-default\"><a href=\"https:\/\/www12.senado.leg.br\/noticias\/materias\/2023\/10\/19\/especialistas-pedem-cumprimento-da-lei-sobre-ensino-da-cultura-afro-brasileira%20\">Site do Senado<\/a><\/h2>\t\t\t\t<\/div>\n\t\t\t\t<\/div>\n\t\t\t\t<div class=\"elementor-element elementor-element-84cefac elementor-widget__width-initial elementor-widget elementor-widget-text-editor\" data-id=\"84cefac\" data-element_type=\"widget\" data-e-type=\"widget\" data-widget_type=\"text-editor.default\">\n\t\t\t\t<div class=\"elementor-widget-container\">\n\t\t\t\t\t\t\t\t\t<p><a href=\"https:\/\/www12.senado.leg.br\/noticias\/materias\/2023\/10\/19\/especialistas-pedem-cumprimento-da-lei-sobre-ensino-da-cultura-afro-brasileira\"><span style=\"font-weight: 400;\">Especialistas pedem cumprimento da lei sobre ensino da cultura afro-brasileira<\/span><\/a><\/p>\t\t\t\t\t\t\t\t<\/div>\n\t\t\t\t<\/div>\n\t\t\t\t\t<\/div>\n\t\t\t\t<\/div>\n\t\t<div class=\"elementor-element elementor-element-81c6d5e e-flex e-con-boxed wpr-particle-no wpr-jarallax-no wpr-parallax-no wpr-sticky-section-no wpr-equal-height-no e-con e-parent\" data-id=\"81c6d5e\" data-element_type=\"container\" data-e-type=\"container\">\n\t\t\t\t\t<div class=\"e-con-inner\">\n\t\t\t\t<div class=\"elementor-element elementor-element-b6bb718 elementor-widget__width-initial elementor-widget elementor-widget-heading\" data-id=\"b6bb718\" data-element_type=\"widget\" data-e-type=\"widget\" data-widget_type=\"heading.default\">\n\t\t\t\t<div class=\"elementor-widget-container\">\n\t\t\t\t\t<h2 class=\"elementor-heading-title elementor-size-default\"><a href=\"https:\/\/www.univas.edu.br\/noticias.asp?noticia=88&#038;ano=2024\">Site UNIVAS.EDU<\/a><\/h2>\t\t\t\t<\/div>\n\t\t\t\t<\/div>\n\t\t\t\t<div class=\"elementor-element elementor-element-ec6a8fb elementor-widget__width-initial elementor-widget elementor-widget-text-editor\" data-id=\"ec6a8fb\" data-element_type=\"widget\" data-e-type=\"widget\" data-widget_type=\"text-editor.default\">\n\t\t\t\t<div class=\"elementor-widget-container\">\n\t\t\t\t\t\t\t\t\t<p><a href=\"https:\/\/www.univas.edu.br\/noticias.asp?noticia=88&amp;ano=2024\"><span style=\"font-weight: 400;\">Aula Inaugural da p\u00f3s-gradua\u00e7\u00e3o da UNIVAS (Universidade do Vale do Sapuca\u00ed) tem a \u00c1frica Contempor\u00e2nea como tema central.<\/span><\/a><\/p>\t\t\t\t\t\t\t\t<\/div>\n\t\t\t\t<\/div>\n\t\t\t\t\t<\/div>\n\t\t\t\t<\/div>\n\t\t<div class=\"elementor-element elementor-element-e78c6fd e-flex e-con-boxed wpr-particle-no wpr-jarallax-no wpr-parallax-no wpr-sticky-section-no wpr-equal-height-no e-con e-parent\" data-id=\"e78c6fd\" data-element_type=\"container\" data-e-type=\"container\">\n\t\t\t\t\t<div class=\"e-con-inner\">\n\t\t\t\t<div class=\"elementor-element elementor-element-654c1e7 elementor-widget elementor-widget-heading\" data-id=\"654c1e7\" data-element_type=\"widget\" data-e-type=\"widget\" data-widget_type=\"heading.default\">\n\t\t\t\t<div class=\"elementor-widget-container\">\n\t\t\t\t\t<h2 class=\"elementor-heading-title elementor-size-default\"><a href=\"https:\/\/www.cassiarocha.com\/amp\/livro-a-arquitetura-de-cada-um-e-homenagem-a-filipe-sisson-marcam-o-1%C2%BA-dia-do-igui-festival-2024\">Site da cassiarocha.com<\/a><\/h2>\t\t\t\t<\/div>\n\t\t\t\t<\/div>\n\t\t\t\t<div class=\"elementor-element elementor-element-4851a59 elementor-widget__width-initial elementor-widget elementor-widget-text-editor\" data-id=\"4851a59\" data-element_type=\"widget\" data-e-type=\"widget\" data-widget_type=\"text-editor.default\">\n\t\t\t\t<div class=\"elementor-widget-container\">\n\t\t\t\t\t\t\t\t\t<p><a href=\"https:\/\/www.cassiarocha.com\/amp\/livro-a-arquitetura-de-cada-um-e-homenagem-a-filipe-sisson-marcam-o-1%C2%BA-dia-do-igui-festival-2024\">Livro \u201cA Arquitetura de Cada Um\u201d e homenagem a Filipe Sisson marcam o 1\u00ba dia do iGUi Festival 2024<\/a><\/p>\t\t\t\t\t\t\t\t<\/div>\n\t\t\t\t<\/div>\n\t\t\t\t\t<\/div>\n\t\t\t\t<\/div>\n\t\t<div class=\"elementor-element elementor-element-7f57b11 e-flex e-con-boxed wpr-particle-no wpr-jarallax-no wpr-parallax-no wpr-sticky-section-no wpr-equal-height-no e-con e-parent\" data-id=\"7f57b11\" data-element_type=\"container\" data-e-type=\"container\">\n\t\t\t\t\t<div class=\"e-con-inner\">\n\t\t\t\t<div class=\"elementor-element elementor-element-a244af6 elementor-widget elementor-widget-heading\" data-id=\"a244af6\" data-element_type=\"widget\" data-e-type=\"widget\" data-widget_type=\"heading.default\">\n\t\t\t\t<div class=\"elementor-widget-container\">\n\t\t\t\t\t<h2 class=\"elementor-heading-title elementor-size-default\"><a href=\"https:\/\/correiopaulista.com\/prefeitura-de-osasco-abre-programacao-do-19o-novembro-negro\/\">Correio Paulista<\/a><\/h2>\t\t\t\t<\/div>\n\t\t\t\t<\/div>\n\t\t\t\t<div class=\"elementor-element elementor-element-be85eac elementor-widget__width-initial elementor-widget elementor-widget-text-editor\" data-id=\"be85eac\" data-element_type=\"widget\" data-e-type=\"widget\" data-widget_type=\"text-editor.default\">\n\t\t\t\t<div class=\"elementor-widget-container\">\n\t\t\t\t\t\t\t\t\t<p><a href=\"https:\/\/correiopaulista.com\/prefeitura-de-osasco-abre-programacao-do-19o-novembro-negro\/\">Prefeitura De Osasco Abre Programa\u00e7\u00e3o Do 19\u00ba Novembro Negro<\/a><\/p>\t\t\t\t\t\t\t\t<\/div>\n\t\t\t\t<\/div>\n\t\t\t\t\t<\/div>\n\t\t\t\t<\/div>\n\t\t<div class=\"elementor-element elementor-element-6f062bd e-flex e-con-boxed wpr-particle-no wpr-jarallax-no wpr-parallax-no wpr-sticky-section-no wpr-equal-height-no e-con e-parent\" data-id=\"6f062bd\" data-element_type=\"container\" data-e-type=\"container\">\n\t\t\t\t\t<div class=\"e-con-inner\">\n\t\t\t\t<div class=\"elementor-element elementor-element-ba0abb4 elementor-widget elementor-widget-heading\" data-id=\"ba0abb4\" data-element_type=\"widget\" data-e-type=\"widget\" data-widget_type=\"heading.default\">\n\t\t\t\t<div class=\"elementor-widget-container\">\n\t\t\t\t\t<h2 class=\"elementor-heading-title elementor-size-default\"><a href=\"http:\/\/m.espn.uol.com.br\/blogs\/andredonke\/776055_ha-um-mes-senegal-perdia-papa-bouba-diop-o-seu-proprio-maradona\">ESPN<\/a><\/h2>\t\t\t\t<\/div>\n\t\t\t\t<\/div>\n\t\t\t\t<div class=\"elementor-element elementor-element-b38ff0c elementor-widget__width-initial elementor-widget elementor-widget-text-editor\" data-id=\"b38ff0c\" data-element_type=\"widget\" data-e-type=\"widget\" data-widget_type=\"text-editor.default\">\n\t\t\t\t<div class=\"elementor-widget-container\">\n\t\t\t\t\t\t\t\t\t<a href=\"http:\/\/m.espn.uol.com.br\/blogs\/andredonke\/776055_ha-um-mes-senegal-perdia-papa-bouba-diop-o-seu-proprio-maradona\">H\u00e1 um m\u00eas, Senegal perdia Papa Bouba Diop, o seu pr\u00f3prio Maradona<\/a>\t\t\t\t\t\t\t\t<\/div>\n\t\t\t\t<\/div>\n\t\t\t\t\t<\/div>\n\t\t\t\t<\/div>\n\t\t<div class=\"elementor-element elementor-element-1e652cc e-flex e-con-boxed wpr-particle-no wpr-jarallax-no wpr-parallax-no wpr-sticky-section-no wpr-equal-height-no e-con e-parent\" data-id=\"1e652cc\" data-element_type=\"container\" data-e-type=\"container\">\n\t\t\t\t\t<div class=\"e-con-inner\">\n\t\t\t\t<div class=\"elementor-element elementor-element-057b1d1 elementor-widget elementor-widget-heading\" data-id=\"057b1d1\" data-element_type=\"widget\" data-e-type=\"widget\" data-widget_type=\"heading.default\">\n\t\t\t\t<div class=\"elementor-widget-container\">\n\t\t\t\t\t<h2 class=\"elementor-heading-title elementor-size-default\"><a href=\"https:\/\/www.geledes.org.br\/mapa-brasil-afrotech-destaca-acoes-de-empreendedorismo-negro-no-brasil\/\">Portal Geled\u00e9s<\/a><\/h2>\t\t\t\t<\/div>\n\t\t\t\t<\/div>\n\t\t\t\t<div class=\"elementor-element elementor-element-9b6df30 elementor-widget__width-initial elementor-widget elementor-widget-text-editor\" data-id=\"9b6df30\" data-element_type=\"widget\" data-e-type=\"widget\" data-widget_type=\"text-editor.default\">\n\t\t\t\t<div class=\"elementor-widget-container\">\n\t\t\t\t\t\t\t\t\t<a href=\"https:\/\/www.geledes.org.br\/mapa-brasil-afrotech-destaca-acoes-de-empreendedorismo-negro-no-brasil\/\">\nMapa Brasil Afrotech destaca a\u00e7\u00f5es de empreendedorismo negro no Brasil<\/a>\t\t\t\t\t\t\t\t<\/div>\n\t\t\t\t<\/div>\n\t\t\t\t\t<\/div>\n\t\t\t\t<\/div>\n\t\t<div class=\"elementor-element elementor-element-5a848c0 e-flex e-con-boxed wpr-particle-no wpr-jarallax-no wpr-parallax-no wpr-sticky-section-no wpr-equal-height-no e-con e-parent\" data-id=\"5a848c0\" data-element_type=\"container\" data-e-type=\"container\">\n\t\t\t\t\t<div class=\"e-con-inner\">\n\t\t\t\t<div class=\"elementor-element elementor-element-b051044 elementor-widget elementor-widget-heading\" data-id=\"b051044\" data-element_type=\"widget\" data-e-type=\"widget\" data-widget_type=\"heading.default\">\n\t\t\t\t<div class=\"elementor-widget-container\">\n\t\t\t\t\t<h2 class=\"elementor-heading-title elementor-size-default\"><a href=\"https:\/\/www.cmvv.es.gov.br\/noticia\/ler\/257\/novembro-negro-camara-de-vereadores-realiza-1o-seminario-de-promocao-da-igualdade-racial-nesta-quinta-feira-9\">C\u00e2mara Municipal de Vila Velha<\/a><\/h2>\t\t\t\t<\/div>\n\t\t\t\t<\/div>\n\t\t\t\t<div class=\"elementor-element elementor-element-dfb9dc6 elementor-widget__width-initial elementor-widget elementor-widget-text-editor\" data-id=\"dfb9dc6\" data-element_type=\"widget\" data-e-type=\"widget\" data-widget_type=\"text-editor.default\">\n\t\t\t\t<div class=\"elementor-widget-container\">\n\t\t\t\t\t\t\t\t\t<a href=\"https:\/\/www.cmvv.es.gov.br\/noticia\/ler\/257\/novembro-negro-camara-de-vereadores-realiza-1o-seminario-de-promocao-da-igualdade-racial-nesta-quinta-feira-9\">\nNovembro Negro: C\u00e2mara de vereadores realiza 1\u00ba Semin\u00e1rio de Promo\u00e7\u00e3o da Igualdade Racial nesta quinta-feira (9)<\/a>\t\t\t\t\t\t\t\t<\/div>\n\t\t\t\t<\/div>\n\t\t\t\t\t<\/div>\n\t\t\t\t<\/div>\n\t\t<div class=\"elementor-element elementor-element-313a576 e-flex e-con-boxed wpr-particle-no wpr-jarallax-no wpr-parallax-no wpr-sticky-section-no wpr-equal-height-no e-con e-parent\" data-id=\"313a576\" data-element_type=\"container\" data-e-type=\"container\">\n\t\t\t\t\t<div class=\"e-con-inner\">\n\t\t\t\t<div class=\"elementor-element elementor-element-163ce6e elementor-widget elementor-widget-heading\" data-id=\"163ce6e\" data-element_type=\"widget\" data-e-type=\"widget\" data-widget_type=\"heading.default\">\n\t\t\t\t<div class=\"elementor-widget-container\">\n\t\t\t\t\t<h2 class=\"elementor-heading-title elementor-size-default\"><a href=\"https:\/\/www.comciencia.br\/mapa-brasil-afrotech-destaca-acoes-de-empreendedorismo-negro-no-brasil\/\">Com Ci\u00eancia<\/a><\/h2>\t\t\t\t<\/div>\n\t\t\t\t<\/div>\n\t\t\t\t<div class=\"elementor-element elementor-element-8287d14 elementor-widget__width-initial elementor-widget elementor-widget-text-editor\" data-id=\"8287d14\" data-element_type=\"widget\" data-e-type=\"widget\" data-widget_type=\"text-editor.default\">\n\t\t\t\t<div class=\"elementor-widget-container\">\n\t\t\t\t\t\t\t\t\t<p><a href=\"https:\/\/legis.senado.leg.br\/comissoes\/reuniao?0&amp;reuniao=11924\">MAPA BRASIL AFROTECH DESTACA A\u00c7\u00d5ES DE EMPREENDEDORISMO NEGRO NO BRASIL<\/a><\/p>\t\t\t\t\t\t\t\t<\/div>\n\t\t\t\t<\/div>\n\t\t\t\t\t<\/div>\n\t\t\t\t<\/div>\n\t\t<div class=\"elementor-element elementor-element-9ea1583 e-flex e-con-boxed wpr-particle-no wpr-jarallax-no wpr-parallax-no wpr-sticky-section-no wpr-equal-height-no e-con e-parent\" data-id=\"9ea1583\" data-element_type=\"container\" data-e-type=\"container\">\n\t\t\t\t\t<div class=\"e-con-inner\">\n\t\t\t\t<div class=\"elementor-element elementor-element-c67db70 elementor-widget elementor-widget-heading\" data-id=\"c67db70\" data-element_type=\"widget\" data-e-type=\"widget\" data-widget_type=\"heading.default\">\n\t\t\t\t<div class=\"elementor-widget-container\">\n\t\t\t\t\t<h2 class=\"elementor-heading-title elementor-size-default\"><a href=\"https:\/\/legis.senado.leg.br\/comissoes\/reuniao?0&#038;reuniao=11924\">Senado Federal<\/a><\/h2>\t\t\t\t<\/div>\n\t\t\t\t<\/div>\n\t\t\t\t<div class=\"elementor-element elementor-element-484e5a2 elementor-widget__width-initial elementor-widget elementor-widget-text-editor\" data-id=\"484e5a2\" data-element_type=\"widget\" data-e-type=\"widget\" data-widget_type=\"text-editor.default\">\n\t\t\t\t<div class=\"elementor-widget-container\">\n\t\t\t\t\t\t\t\t\t<p><a href=\"https:\/\/legis.senado.leg.br\/comissoes\/reuniao?0&amp;reuniao=11924\">Audi\u00eancia P\u00fablica sobre &#8220;A Lei 10.639\/03: Diversidade e Equidade na Educa\u00e7\u00e3o&#8221;.<\/a><\/p>\t\t\t\t\t\t\t\t<\/div>\n\t\t\t\t<\/div>\n\t\t\t\t\t<\/div>\n\t\t\t\t<\/div>\n\t\t<div class=\"elementor-element elementor-element-8a4fb1d e-flex e-con-boxed wpr-particle-no wpr-jarallax-no wpr-parallax-no wpr-sticky-section-no wpr-equal-height-no e-con e-parent\" data-id=\"8a4fb1d\" data-element_type=\"container\" data-e-type=\"container\">\n\t\t\t\t\t<div class=\"e-con-inner\">\n\t\t\t\t<div class=\"elementor-element elementor-element-305c2f4 elementor-widget elementor-widget-heading\" data-id=\"305c2f4\" data-element_type=\"widget\" data-e-type=\"widget\" data-widget_type=\"heading.default\">\n\t\t\t\t<div class=\"elementor-widget-container\">\n\t\t\t\t\t<h2 class=\"elementor-heading-title elementor-size-default\"><a href=\"https:\/\/noticiasdeimpacto.com.br\/exposicao-pioneiros-promove-evento-sobre-afroempreendedorismo\/\">Not\u00edcias de Impacto<\/a><\/h2>\t\t\t\t<\/div>\n\t\t\t\t<\/div>\n\t\t\t\t<div class=\"elementor-element elementor-element-a262f83 elementor-widget__width-initial elementor-widget elementor-widget-text-editor\" data-id=\"a262f83\" data-element_type=\"widget\" data-e-type=\"widget\" data-widget_type=\"text-editor.default\">\n\t\t\t\t<div class=\"elementor-widget-container\">\n\t\t\t\t\t\t\t\t\t<a href=\"https:\/\/noticiasdeimpacto.com.br\/exposicao-pioneiros-promove-evento-sobre-afroempreendedorismo\/\">Exposi\u00e7\u00e3o Pioneiros, Sebrae, Inova Unicamp e Faculdade Zumbi dos Palmares promovem evento sobre afroempreendedorismo<\/a>\t\t\t\t\t\t\t\t<\/div>\n\t\t\t\t<\/div>\n\t\t\t\t\t<\/div>\n\t\t\t\t<\/div>\n\t\t<div class=\"elementor-element elementor-element-d687d27 e-flex e-con-boxed wpr-particle-no wpr-jarallax-no wpr-parallax-no wpr-sticky-section-no wpr-equal-height-no e-con e-parent\" data-id=\"d687d27\" data-element_type=\"container\" data-e-type=\"container\">\n\t\t\t\t\t<div class=\"e-con-inner\">\n\t\t\t\t<div class=\"elementor-element elementor-element-dca6164 elementor-widget elementor-widget-heading\" data-id=\"dca6164\" data-element_type=\"widget\" data-e-type=\"widget\" data-widget_type=\"heading.default\">\n\t\t\t\t<div class=\"elementor-widget-container\">\n\t\t\t\t\t<h2 class=\"elementor-heading-title elementor-size-default\"><a href=\"https:\/\/www.araraquara.sp.gov.br\/noticias\/educacao\/educacao-realiza-acoes-permanentes-no-ambito-da-educacao-antirracista\">Prefeitura Municipal de Araraquara<\/a><\/h2>\t\t\t\t<\/div>\n\t\t\t\t<\/div>\n\t\t\t\t<div class=\"elementor-element elementor-element-2143625 elementor-widget__width-initial elementor-widget elementor-widget-text-editor\" data-id=\"2143625\" data-element_type=\"widget\" data-e-type=\"widget\" data-widget_type=\"text-editor.default\">\n\t\t\t\t<div class=\"elementor-widget-container\">\n\t\t\t\t\t\t\t\t\t<a href=\"https:\/\/www.araraquara.sp.gov.br\/noticias\/educacao\/educacao-realiza-acoes-permanentes-no-ambito-da-educacao-antirracista\">Educa\u00e7\u00e3o realiza a\u00e7\u00f5es permanentes no \u00e2mbito da educa\u00e7\u00e3o antirracista<\/a>\t\t\t\t\t\t\t\t<\/div>\n\t\t\t\t<\/div>\n\t\t\t\t\t<\/div>\n\t\t\t\t<\/div>\n\t\t<div class=\"elementor-element elementor-element-bf2cbf8 e-flex e-con-boxed wpr-particle-no wpr-jarallax-no wpr-parallax-no wpr-sticky-section-no wpr-equal-height-no e-con e-parent\" data-id=\"bf2cbf8\" data-element_type=\"container\" data-e-type=\"container\">\n\t\t\t\t\t<div class=\"e-con-inner\">\n\t\t\t\t<div class=\"elementor-element elementor-element-7db901a elementor-widget elementor-widget-heading\" data-id=\"7db901a\" data-element_type=\"widget\" data-e-type=\"widget\" data-widget_type=\"heading.default\">\n\t\t\t\t<div class=\"elementor-widget-container\">\n\t\t\t\t\t<h2 class=\"elementor-heading-title elementor-size-default\"><a href=\"https:\/\/portalrevistas.ucb.br\/index.php\/rdl\/article\/view\/3830\">Revista Di\u00e1logos<\/a><\/h2>\t\t\t\t<\/div>\n\t\t\t\t<\/div>\n\t\t\t\t<div class=\"elementor-element elementor-element-553b092 elementor-widget__width-initial elementor-widget elementor-widget-text-editor\" data-id=\"553b092\" data-element_type=\"widget\" data-e-type=\"widget\" data-widget_type=\"text-editor.default\">\n\t\t\t\t<div class=\"elementor-widget-container\">\n\t\t\t\t\t\t\t\t\t<a href=\"https:\/\/portalrevistas.ucb.br\/index.php\/rdl\/article\/view\/3830\">OS MOVIMENTOS SOCIAIS NAS TRAMAS DAS REDES SOCIAIS<\/a>\t\t\t\t\t\t\t\t<\/div>\n\t\t\t\t<\/div>\n\t\t\t\t\t<\/div>\n\t\t\t\t<\/div>\n\t\t<div class=\"elementor-element elementor-element-8fe9d68 e-flex e-con-boxed wpr-particle-no wpr-jarallax-no wpr-parallax-no wpr-sticky-section-no wpr-equal-height-no e-con e-parent\" data-id=\"8fe9d68\" data-element_type=\"container\" data-e-type=\"container\">\n\t\t\t\t\t<div class=\"e-con-inner\">\n\t\t\t\t<div class=\"elementor-element elementor-element-d982490 elementor-widget elementor-widget-heading\" data-id=\"d982490\" data-element_type=\"widget\" data-e-type=\"widget\" data-widget_type=\"heading.default\">\n\t\t\t\t<div class=\"elementor-widget-container\">\n\t\t\t\t\t<h2 class=\"elementor-heading-title elementor-size-default\"><a href=\"https:\/\/www.camara.leg.br\/radio\/programas\/987677-kalimba-6-anos-no-ar-atlas-geocultural-da-africa\/\">C\u00e2mara dos Deputados<\/a><\/h2>\t\t\t\t<\/div>\n\t\t\t\t<\/div>\n\t\t\t\t<div class=\"elementor-element elementor-element-309a2ec elementor-widget__width-initial elementor-widget elementor-widget-text-editor\" data-id=\"309a2ec\" data-element_type=\"widget\" data-e-type=\"widget\" data-widget_type=\"text-editor.default\">\n\t\t\t\t<div class=\"elementor-widget-container\">\n\t\t\t\t\t\t\t\t\t<a href=\"https:\/\/www.camara.leg.br\/radio\/programas\/987677-kalimba-6-anos-no-ar-atlas-geocultural-da-africa\/\">KALIMBA 6 ANOS NO AR &#8211; Atlas Geocultural da \u00c1frica<\/a>\t\t\t\t\t\t\t\t<\/div>\n\t\t\t\t<\/div>\n\t\t\t\t\t<\/div>\n\t\t\t\t<\/div>\n\t\t<div class=\"elementor-element elementor-element-2fac6ce e-flex e-con-boxed wpr-particle-no wpr-jarallax-no wpr-parallax-no wpr-sticky-section-no wpr-equal-height-no e-con e-parent\" data-id=\"2fac6ce\" data-element_type=\"container\" data-e-type=\"container\">\n\t\t\t\t\t<div class=\"e-con-inner\">\n\t\t\t\t<div class=\"elementor-element elementor-element-f307c9f elementor-widget elementor-widget-heading\" data-id=\"f307c9f\" data-element_type=\"widget\" data-e-type=\"widget\" data-widget_type=\"heading.default\">\n\t\t\t\t<div class=\"elementor-widget-container\">\n\t\t\t\t\t<h2 class=\"elementor-heading-title elementor-size-default\"><a href=\"https:\/\/osasco.sp.gov.br\/osasco-abre-programacao-do-19o-novembro-negro\/\">Prefeitura de Osasco<\/a><\/h2>\t\t\t\t<\/div>\n\t\t\t\t<\/div>\n\t\t\t\t<div class=\"elementor-element elementor-element-c579123 elementor-widget__width-initial elementor-widget elementor-widget-text-editor\" data-id=\"c579123\" data-element_type=\"widget\" data-e-type=\"widget\" data-widget_type=\"text-editor.default\">\n\t\t\t\t<div class=\"elementor-widget-container\">\n\t\t\t\t\t\t\t\t\t<a href=\"https:\/\/osasco.sp.gov.br\/osasco-abre-programacao-do-19o-novembro-negro\/\">OSASCO ABRE PROGRAMA\u00c7\u00c3O DO 19\u00ba NOVEMBRO NEGRO<\/a>\t\t\t\t\t\t\t\t<\/div>\n\t\t\t\t<\/div>\n\t\t\t\t\t<\/div>\n\t\t\t\t<\/div>\n\t\t<div class=\"elementor-element elementor-element-689d4ba e-flex e-con-boxed wpr-particle-no wpr-jarallax-no wpr-parallax-no wpr-sticky-section-no wpr-equal-height-no e-con e-parent\" data-id=\"689d4ba\" data-element_type=\"container\" data-e-type=\"container\">\n\t\t\t\t\t<div class=\"e-con-inner\">\n\t\t\t\t<div class=\"elementor-element elementor-element-469be6e elementor-widget elementor-widget-heading\" data-id=\"469be6e\" data-element_type=\"widget\" data-e-type=\"widget\" data-widget_type=\"heading.default\">\n\t\t\t\t<div class=\"elementor-widget-container\">\n\t\t\t\t\t<h2 class=\"elementor-heading-title elementor-size-default\"><a href=\"https:\/\/tododia.com.br\/tv-tododia\/dialogos-professor-dr-odair-marques-estreia-programa-hoje-as-17h30-pela-tv-todo-dia-14-1\/\">Todo Dia<\/a><\/h2>\t\t\t\t<\/div>\n\t\t\t\t<\/div>\n\t\t\t\t<div class=\"elementor-element elementor-element-6372669 elementor-widget__width-initial elementor-widget elementor-widget-text-editor\" data-id=\"6372669\" data-element_type=\"widget\" data-e-type=\"widget\" data-widget_type=\"text-editor.default\">\n\t\t\t\t<div class=\"elementor-widget-container\">\n\t\t\t\t\t\t\t\t\t<a href=\"https:\/\/tododia.com.br\/tv-tododia\/dialogos-professor-dr-odair-marques-estreia-programa-hoje-as-17h30-pela-tv-todo-dia-14-1\/\">\u2018Di\u00e1logos\u2019: professor Dr. Odair Marques estreia programa hoje, \u00e0s 17h30, pela TV Todo Dia 14.1<\/a>\t\t\t\t\t\t\t\t<\/div>\n\t\t\t\t<\/div>\n\t\t\t\t\t<\/div>\n\t\t\t\t<\/div>\n\t\t<div class=\"elementor-element elementor-element-2c2b300 e-flex e-con-boxed wpr-particle-no wpr-jarallax-no wpr-parallax-no wpr-sticky-section-no wpr-equal-height-no e-con e-parent\" data-id=\"2c2b300\" data-element_type=\"container\" data-e-type=\"container\">\n\t\t\t\t\t<div class=\"e-con-inner\">\n\t\t\t\t<div class=\"elementor-element elementor-element-27e3363 elementor-widget elementor-widget-heading\" data-id=\"27e3363\" data-element_type=\"widget\" data-e-type=\"widget\" data-widget_type=\"heading.default\">\n\t\t\t\t<div class=\"elementor-widget-container\">\n\t\t\t\t\t<h2 class=\"elementor-heading-title elementor-size-default\"><a href=\"https:\/\/pedemolequelivros.wordpress.com\/2020\/11\/29\/odair-marques-da-silva-lanca-o-atlas-geocultural-da-africa\/\">P\u00e9 de Moleque Livros<\/a><\/h2>\t\t\t\t<\/div>\n\t\t\t\t<\/div>\n\t\t\t\t<div class=\"elementor-element elementor-element-b143ab7 elementor-widget__width-initial elementor-widget elementor-widget-text-editor\" data-id=\"b143ab7\" data-element_type=\"widget\" data-e-type=\"widget\" data-widget_type=\"text-editor.default\">\n\t\t\t\t<div class=\"elementor-widget-container\">\n\t\t\t\t\t\t\t\t\t<a href=\"https:\/\/pedemolequelivros.wordpress.com\/2020\/11\/29\/odair-marques-da-silva-lanca-o-atlas-geocultural-da-africa\/\">Odair Marques da Silva lan\u00e7a o Atlas Geocultural da \u00c1frica<\/a>\t\t\t\t\t\t\t\t<\/div>\n\t\t\t\t<\/div>\n\t\t\t\t\t<\/div>\n\t\t\t\t<\/div>\n\t\t<div class=\"elementor-element elementor-element-74c97a0 e-flex e-con-boxed wpr-particle-no wpr-jarallax-no wpr-parallax-no wpr-sticky-section-no wpr-equal-height-no e-con e-parent\" data-id=\"74c97a0\" data-element_type=\"container\" data-e-type=\"container\">\n\t\t\t\t\t<div class=\"e-con-inner\">\n\t\t\t\t<div class=\"elementor-element elementor-element-c5fba44 elementor-widget elementor-widget-heading\" data-id=\"c5fba44\" data-element_type=\"widget\" data-e-type=\"widget\" data-widget_type=\"heading.default\">\n\t\t\t\t<div class=\"elementor-widget-container\">\n\t\t\t\t\t<h2 class=\"elementor-heading-title elementor-size-default\"><a href=\"https:\/\/amparo.sp.gov.br\/noticias\/geral\/seminario-em-amparo-fortalece-compromisso-com-a-igualdade-racial-e-antirracismo-dialogo-conscientizacao-e-projetos-educacionais\">Prefeitura de Amparo<\/a><\/h2>\t\t\t\t<\/div>\n\t\t\t\t<\/div>\n\t\t\t\t<div class=\"elementor-element elementor-element-3514c90 elementor-widget__width-initial elementor-widget elementor-widget-text-editor\" data-id=\"3514c90\" data-element_type=\"widget\" data-e-type=\"widget\" data-widget_type=\"text-editor.default\">\n\t\t\t\t<div class=\"elementor-widget-container\">\n\t\t\t\t\t\t\t\t\t<p><a href=\"https:\/\/amparo.sp.gov.br\/noticias\/geral\/seminario-em-amparo-fortalece-compromisso-com-a-igualdade-racial-e-antirracismo-dialogo-conscientizacao-e-projetos-educacionais\">Semin\u00e1rio em Amparo fortalece compromisso com a Igualdade Racial e Antirracismo: di\u00e1logo, conscientiza\u00e7\u00e3o e projetos educacionais<\/a><\/p>\t\t\t\t\t\t\t\t<\/div>\n\t\t\t\t<\/div>\n\t\t\t\t\t<\/div>\n\t\t\t\t<\/div>\n\t\t<div class=\"elementor-element elementor-element-ddd468f e-flex e-con-boxed wpr-particle-no wpr-jarallax-no wpr-parallax-no wpr-sticky-section-no wpr-equal-height-no e-con e-parent\" data-id=\"ddd468f\" data-element_type=\"container\" data-e-type=\"container\">\n\t\t\t\t\t<div class=\"e-con-inner\">\n\t\t\t\t<div class=\"elementor-element elementor-element-e5154ca elementor-widget elementor-widget-heading\" data-id=\"e5154ca\" data-element_type=\"widget\" data-e-type=\"widget\" data-widget_type=\"heading.default\">\n\t\t\t\t<div class=\"elementor-widget-container\">\n\t\t\t\t\t<h2 class=\"elementor-heading-title elementor-size-default\"><a href=\"https:\/\/africaatual.com.br\/index.php\/event\/prefeitura-de-amparo-promove-seminario-sobre-promocao-da-igualdade-racial-direitos-humanos-e-antirracismo\/\">Prefeitura de Amparo<\/a><\/h2>\t\t\t\t<\/div>\n\t\t\t\t<\/div>\n\t\t\t\t<div class=\"elementor-element elementor-element-f4b3bd9 elementor-widget__width-initial elementor-widget elementor-widget-text-editor\" data-id=\"f4b3bd9\" data-element_type=\"widget\" data-e-type=\"widget\" data-widget_type=\"text-editor.default\">\n\t\t\t\t<div class=\"elementor-widget-container\">\n\t\t\t\t\t\t\t\t\t<p><a href=\"https:\/\/africaatual.com.br\/index.php\/event\/prefeitura-de-amparo-promove-seminario-sobre-promocao-da-igualdade-racial-direitos-humanos-e-antirracismo\/\">Prefeitura de Amparo promove semin\u00e1rio sobre Promo\u00e7\u00e3o da Igualdade Racial: Direitos Humanos e Antirracismo<\/a><\/p>\t\t\t\t\t\t\t\t<\/div>\n\t\t\t\t<\/div>\n\t\t\t\t\t<\/div>\n\t\t\t\t<\/div>\n\t\t<div class=\"elementor-element elementor-element-93a15fa e-flex e-con-boxed wpr-particle-no wpr-jarallax-no wpr-parallax-no wpr-sticky-section-no wpr-equal-height-no e-con e-parent\" data-id=\"93a15fa\" data-element_type=\"container\" data-e-type=\"container\">\n\t\t\t\t\t<div class=\"e-con-inner\">\n\t\t\t\t<div class=\"elementor-element elementor-element-2d9c92b elementor-widget elementor-widget-heading\" data-id=\"2d9c92b\" data-element_type=\"widget\" data-e-type=\"widget\" data-widget_type=\"heading.default\">\n\t\t\t\t<div class=\"elementor-widget-container\">\n\t\t\t\t\t<h2 class=\"elementor-heading-title elementor-size-default\">A Cidade On - Campinas<\/h2>\t\t\t\t<\/div>\n\t\t\t\t<\/div>\n\t\t\t\t<div class=\"elementor-element elementor-element-2898532 elementor-widget__width-initial elementor-widget elementor-widget-text-editor\" data-id=\"2898532\" data-element_type=\"widget\" data-e-type=\"widget\" data-widget_type=\"text-editor.default\">\n\t\t\t\t<div class=\"elementor-widget-container\">\n\t\t\t\t\t\t\t\t\t<p><a href=\"https:\/\/www.acidadeon.com\/campinas\/lazer-e-cultura\/mostra-cultural-afrofuturista-destaca-54-paises-no-lago-do-cafe\/\">Mostra Cultural Afrofuturista de arte e cultura de 54 pa\u00edses africanos \u00e9 atra\u00e7\u00e3o no Museu da Cidade<\/a><\/p>\t\t\t\t\t\t\t\t<\/div>\n\t\t\t\t<\/div>\n\t\t\t\t\t<\/div>\n\t\t\t\t<\/div>\n\t\t<div class=\"elementor-element elementor-element-ba07ee3 e-flex e-con-boxed wpr-particle-no wpr-jarallax-no wpr-parallax-no wpr-sticky-section-no wpr-equal-height-no e-con e-parent\" data-id=\"ba07ee3\" data-element_type=\"container\" data-e-type=\"container\">\n\t\t\t\t\t<div class=\"e-con-inner\">\n\t\t\t\t<div class=\"elementor-element elementor-element-a2a3847 elementor-widget elementor-widget-heading\" data-id=\"a2a3847\" data-element_type=\"widget\" data-e-type=\"widget\" data-widget_type=\"heading.default\">\n\t\t\t\t<div class=\"elementor-widget-container\">\n\t\t\t\t\t<h2 class=\"elementor-heading-title elementor-size-default\">Prefeitura Municipal de Campinas<\/h2>\t\t\t\t<\/div>\n\t\t\t\t<\/div>\n\t\t\t\t<div class=\"elementor-element elementor-element-b4f3c75 elementor-widget__width-initial elementor-widget elementor-widget-text-editor\" data-id=\"b4f3c75\" data-element_type=\"widget\" data-e-type=\"widget\" data-widget_type=\"text-editor.default\">\n\t\t\t\t<div class=\"elementor-widget-container\">\n\t\t\t\t\t\t\t\t\t<p><a href=\"https:\/\/portal.campinas.sp.gov.br\/noticia\/50170\">Mostra Cultural Afrofuturista de arte e cultura de 54 pa\u00edses africanos \u00e9 atra\u00e7\u00e3o no Museu da Cidade<\/a><\/p>\t\t\t\t\t\t\t\t<\/div>\n\t\t\t\t<\/div>\n\t\t\t\t\t<\/div>\n\t\t\t\t<\/div>\n\t\t<div class=\"elementor-element elementor-element-89dac2e e-flex e-con-boxed wpr-particle-no wpr-jarallax-no wpr-parallax-no wpr-sticky-section-no wpr-equal-height-no e-con e-parent\" data-id=\"89dac2e\" data-element_type=\"container\" data-e-type=\"container\">\n\t\t\t\t\t<div class=\"e-con-inner\">\n\t\t\t\t<div class=\"elementor-element elementor-element-15fedd5 elementor-widget elementor-widget-heading\" data-id=\"15fedd5\" data-element_type=\"widget\" data-e-type=\"widget\" data-widget_type=\"heading.default\">\n\t\t\t\t<div class=\"elementor-widget-container\">\n\t\t\t\t\t<h2 class=\"elementor-heading-title elementor-size-default\">Correio Popular<\/h2>\t\t\t\t<\/div>\n\t\t\t\t<\/div>\n\t\t\t\t<div class=\"elementor-element elementor-element-3f97874 elementor-widget__width-initial elementor-widget elementor-widget-text-editor\" data-id=\"3f97874\" data-element_type=\"widget\" data-e-type=\"widget\" data-widget_type=\"text-editor.default\">\n\t\t\t\t<div class=\"elementor-widget-container\">\n\t\t\t\t\t\t\t\t\t<p><a href=\"https:\/\/correio.rac.com.br\/entretenimento\/mostra-cultural-afrofuturista-reune-arte-e-cultura-de-54-paises-africanos-1.1426177\">Mostra Cultural Afrofuturista re\u00fane arte e cultura de 54 pa\u00edses africanos<\/a><\/p>\t\t\t\t\t\t\t\t<\/div>\n\t\t\t\t<\/div>\n\t\t\t\t\t<\/div>\n\t\t\t\t<\/div>\n\t\t\t\t<\/div>\n\t\t","protected":false},"excerpt":{"rendered":"<p>Clipping Not\u00edcias Not\u00edcias Africanas # 14 Not\u00edcias Africanas #13 Not\u00edcias Africanas #12 Livro A \u00c1frica que ningu\u00e9m te conta Not\u00edcias Africanas #11 Site do Senado Especialistas pedem cumprimento da lei sobre ensino da cultura afro-brasileira Site UNIVAS.EDU Aula Inaugural da p\u00f3s-gradua\u00e7\u00e3o da UNIVAS (Universidade do Vale do Sapuca\u00ed) tem a \u00c1frica Contempor\u00e2nea como tema central. Site da cassiarocha.com Livro \u201cA Arquitetura de Cada Um\u201d e homenagem a Filipe Sisson marcam o 1\u00ba dia do iGUi Festival 2024 Correio Paulista Prefeitura De Osasco Abre Programa\u00e7\u00e3o Do 19\u00ba Novembro Negro ESPN H\u00e1 um m\u00eas, Senegal perdia Papa Bouba Diop, o seu pr\u00f3prio Maradona Portal Geled\u00e9s Mapa Brasil Afrotech destaca a\u00e7\u00f5es de empreendedorismo negro no Brasil C\u00e2mara Municipal de Vila Velha Novembro Negro: C\u00e2mara de vereadores realiza 1\u00ba Semin\u00e1rio de Promo\u00e7\u00e3o da Igualdade Racial nesta quinta-feira (9) Com Ci\u00eancia MAPA BRASIL AFROTECH DESTACA A\u00c7\u00d5ES DE EMPREENDEDORISMO NEGRO NO BRASIL Senado Federal Audi\u00eancia P\u00fablica sobre &#8220;A Lei 10.639\/03: Diversidade e Equidade na Educa\u00e7\u00e3o&#8221;. Not\u00edcias de Impacto Exposi\u00e7\u00e3o Pioneiros, Sebrae, Inova Unicamp e Faculdade Zumbi dos Palmares promovem evento sobre afroempreendedorismo Prefeitura Municipal de Araraquara Educa\u00e7\u00e3o realiza a\u00e7\u00f5es permanentes no \u00e2mbito da educa\u00e7\u00e3o antirracista Revista Di\u00e1logos OS MOVIMENTOS SOCIAIS NAS TRAMAS DAS REDES SOCIAIS C\u00e2mara dos Deputados KALIMBA 6 ANOS NO AR &#8211; Atlas Geocultural da \u00c1frica Prefeitura de Osasco OSASCO ABRE PROGRAMA\u00c7\u00c3O DO 19\u00ba NOVEMBRO NEGRO Todo Dia \u2018Di\u00e1logos\u2019: professor Dr. Odair Marques estreia programa hoje, \u00e0s 17h30, pela TV Todo Dia 14.1 P\u00e9 de Moleque Livros Odair Marques da Silva lan\u00e7a o Atlas Geocultural da \u00c1frica Prefeitura de Amparo Semin\u00e1rio em Amparo fortalece compromisso com a Igualdade Racial e Antirracismo: di\u00e1logo, conscientiza\u00e7\u00e3o e projetos educacionais Prefeitura de Amparo Prefeitura de Amparo promove semin\u00e1rio sobre Promo\u00e7\u00e3o da Igualdade Racial: Direitos Humanos e Antirracismo A Cidade On &#8211; Campinas Mostra Cultural Afrofuturista de arte e cultura de 54 pa\u00edses africanos \u00e9 atra\u00e7\u00e3o no Museu da Cidade Prefeitura Municipal de Campinas Mostra Cultural Afrofuturista de arte e cultura de 54 pa\u00edses africanos \u00e9 atra\u00e7\u00e3o no Museu da Cidade Correio Popular Mostra Cultural Afrofuturista re\u00fane arte e cultura de 54 pa\u00edses africanos<\/p>\n","protected":false},"author":1,"featured_media":0,"parent":0,"menu_order":0,"comment_status":"closed","ping_status":"closed","template":"","meta":{"inline_featured_image":false,"ocean_post_layout":"","ocean_both_sidebars_style":"","ocean_both_sidebars_content_width":0,"ocean_both_sidebars_sidebars_width":0,"ocean_sidebar":"0","ocean_second_sidebar":"0","ocean_disable_margins":"enable","ocean_add_body_class":"","ocean_shortcode_before_top_bar":"","ocean_shortcode_after_top_bar":"","ocean_shortcode_before_header":"","ocean_shortcode_after_header":"","ocean_has_shortcode":"","ocean_shortcode_after_title":"","ocean_shortcode_before_footer_widgets":"","ocean_shortcode_after_footer_widgets":"","ocean_shortcode_before_footer_bottom":"","ocean_shortcode_after_footer_bottom":"","ocean_display_top_bar":"default","ocean_display_header":"default","ocean_header_style":"","ocean_center_header_left_menu":"0","ocean_custom_header_template":"0","ocean_custom_logo":0,"ocean_custom_retina_logo":0,"ocean_custom_logo_max_width":0,"ocean_custom_logo_tablet_max_width":0,"ocean_custom_logo_mobile_max_width":0,"ocean_custom_logo_max_height":0,"ocean_custom_logo_tablet_max_height":0,"ocean_custom_logo_mobile_max_height":0,"ocean_header_custom_menu":"0","ocean_menu_typo_font_family":"0","ocean_menu_typo_font_subset":"","ocean_menu_typo_font_size":0,"ocean_menu_typo_font_size_tablet":0,"ocean_menu_typo_font_size_mobile":0,"ocean_menu_typo_font_size_unit":"px","ocean_menu_typo_font_weight":"","ocean_menu_typo_font_weight_tablet":"","ocean_menu_typo_font_weight_mobile":"","ocean_menu_typo_transform":"","ocean_menu_typo_transform_tablet":"","ocean_menu_typo_transform_mobile":"","ocean_menu_typo_line_height":0,"ocean_menu_typo_line_height_tablet":0,"ocean_menu_typo_line_height_mobile":0,"ocean_menu_typo_line_height_unit":"","ocean_menu_typo_spacing":0,"ocean_menu_typo_spacing_tablet":0,"ocean_menu_typo_spacing_mobile":0,"ocean_menu_typo_spacing_unit":"","ocean_menu_link_color":"","ocean_menu_link_color_hover":"","ocean_menu_link_color_active":"","ocean_menu_link_background":"","ocean_menu_link_hover_background":"","ocean_menu_link_active_background":"","ocean_menu_social_links_bg":"","ocean_menu_social_hover_links_bg":"","ocean_menu_social_links_color":"","ocean_menu_social_hover_links_color":"","ocean_disable_title":"default","ocean_disable_heading":"default","ocean_post_title":"","ocean_post_subheading":"","ocean_post_title_style":"","ocean_post_title_background_color":"","ocean_post_title_background":0,"ocean_post_title_bg_image_position":"","ocean_post_title_bg_image_attachment":"","ocean_post_title_bg_image_repeat":"","ocean_post_title_bg_image_size":"","ocean_post_title_height":0,"ocean_post_title_bg_overlay":0.5,"ocean_post_title_bg_overlay_color":"","ocean_disable_breadcrumbs":"default","ocean_breadcrumbs_color":"","ocean_breadcrumbs_separator_color":"","ocean_breadcrumbs_links_color":"","ocean_breadcrumbs_links_hover_color":"","ocean_display_footer_widgets":"default","ocean_display_footer_bottom":"default","ocean_custom_footer_template":"0","omw_enable_modal_window":"enable","footnotes":""},"palavra-chave":[],"class_list":["post-9298","page","type-page","status-publish","hentry","entry","has-media"],"yoast_head":"<!-- This site is optimized with the Yoast SEO plugin v27.3 - https:\/\/yoast.com\/product\/yoast-seo-wordpress\/ -->\n<title>Clipping - africaatual.com.br<\/title>\n<meta name=\"robots\" content=\"index, follow, max-snippet:-1, max-image-preview:large, max-video-preview:-1\" \/>\n<link rel=\"canonical\" href=\"https:\/\/africaatual.com.br\/index.php\/clipping\/\" \/>\n<meta property=\"og:locale\" content=\"pt_BR\" \/>\n<meta property=\"og:type\" content=\"article\" \/>\n<meta property=\"og:title\" content=\"Clipping - africaatual.com.br\" \/>\n<meta property=\"og:description\" content=\"Clipping Not\u00edcias Not\u00edcias Africanas # 14 Not\u00edcias Africanas #13 Not\u00edcias Africanas #12 Livro A \u00c1frica que ningu\u00e9m te conta Not\u00edcias Africanas #11 Site do Senado Especialistas pedem cumprimento da lei sobre ensino da cultura afro-brasileira Site UNIVAS.EDU Aula Inaugural da p\u00f3s-gradua\u00e7\u00e3o da UNIVAS (Universidade do Vale do Sapuca\u00ed) tem a \u00c1frica Contempor\u00e2nea como tema central. Site da cassiarocha.com Livro \u201cA Arquitetura de Cada Um\u201d e homenagem a Filipe Sisson marcam o 1\u00ba dia do iGUi Festival 2024 Correio Paulista Prefeitura De Osasco Abre Programa\u00e7\u00e3o Do 19\u00ba Novembro Negro ESPN H\u00e1 um m\u00eas, Senegal perdia Papa Bouba Diop, o seu pr\u00f3prio Maradona Portal Geled\u00e9s Mapa Brasil Afrotech destaca a\u00e7\u00f5es de empreendedorismo negro no Brasil C\u00e2mara Municipal de Vila Velha Novembro Negro: C\u00e2mara de vereadores realiza 1\u00ba Semin\u00e1rio de Promo\u00e7\u00e3o da Igualdade Racial nesta quinta-feira (9) Com Ci\u00eancia MAPA BRASIL AFROTECH DESTACA A\u00c7\u00d5ES DE EMPREENDEDORISMO NEGRO NO BRASIL Senado Federal Audi\u00eancia P\u00fablica sobre &#8220;A Lei 10.639\/03: Diversidade e Equidade na Educa\u00e7\u00e3o&#8221;. Not\u00edcias de Impacto Exposi\u00e7\u00e3o Pioneiros, Sebrae, Inova Unicamp e Faculdade Zumbi dos Palmares promovem evento sobre afroempreendedorismo Prefeitura Municipal de Araraquara Educa\u00e7\u00e3o realiza a\u00e7\u00f5es permanentes no \u00e2mbito da educa\u00e7\u00e3o antirracista Revista Di\u00e1logos OS MOVIMENTOS SOCIAIS NAS TRAMAS DAS REDES SOCIAIS C\u00e2mara dos Deputados KALIMBA 6 ANOS NO AR &#8211; Atlas Geocultural da \u00c1frica Prefeitura de Osasco OSASCO ABRE PROGRAMA\u00c7\u00c3O DO 19\u00ba NOVEMBRO NEGRO Todo Dia \u2018Di\u00e1logos\u2019: professor Dr. Odair Marques estreia programa hoje, \u00e0s 17h30, pela TV Todo Dia 14.1 P\u00e9 de Moleque Livros Odair Marques da Silva lan\u00e7a o Atlas Geocultural da \u00c1frica Prefeitura de Amparo Semin\u00e1rio em Amparo fortalece compromisso com a Igualdade Racial e Antirracismo: di\u00e1logo, conscientiza\u00e7\u00e3o e projetos educacionais Prefeitura de Amparo Prefeitura de Amparo promove semin\u00e1rio sobre Promo\u00e7\u00e3o da Igualdade Racial: Direitos Humanos e Antirracismo A Cidade On &#8211; Campinas Mostra Cultural Afrofuturista de arte e cultura de 54 pa\u00edses africanos \u00e9 atra\u00e7\u00e3o no Museu da Cidade Prefeitura Municipal de Campinas Mostra Cultural Afrofuturista de arte e cultura de 54 pa\u00edses africanos \u00e9 atra\u00e7\u00e3o no Museu da Cidade Correio Popular Mostra Cultural Afrofuturista re\u00fane arte e cultura de 54 pa\u00edses africanos\" \/>\n<meta property=\"og:url\" content=\"https:\/\/africaatual.com.br\/index.php\/clipping\/\" \/>\n<meta property=\"og:site_name\" content=\"africaatual.com.br\" \/>\n<meta property=\"article:modified_time\" content=\"2024-05-10T12:42:38+00:00\" \/>\n<meta name=\"twitter:card\" content=\"summary_large_image\" \/>\n<meta name=\"twitter:label1\" content=\"Est. tempo de leitura\" \/>\n\t<meta name=\"twitter:data1\" content=\"2 minutos\" \/>\n<script type=\"application\/ld+json\" class=\"yoast-schema-graph\">{\"@context\":\"https:\\\/\\\/schema.org\",\"@graph\":[{\"@type\":\"WebPage\",\"@id\":\"https:\\\/\\\/africaatual.com.br\\\/index.php\\\/clipping\\\/\",\"url\":\"https:\\\/\\\/africaatual.com.br\\\/index.php\\\/clipping\\\/\",\"name\":\"Clipping - africaatual.com.br\",\"isPartOf\":{\"@id\":\"https:\\\/\\\/africaatual.com.br\\\/#website\"},\"datePublished\":\"2023-10-04T10:18:49+00:00\",\"dateModified\":\"2024-05-10T12:42:38+00:00\",\"breadcrumb\":{\"@id\":\"https:\\\/\\\/africaatual.com.br\\\/index.php\\\/clipping\\\/#breadcrumb\"},\"inLanguage\":\"pt-BR\",\"potentialAction\":[{\"@type\":\"ReadAction\",\"target\":[\"https:\\\/\\\/africaatual.com.br\\\/index.php\\\/clipping\\\/\"]}]},{\"@type\":\"BreadcrumbList\",\"@id\":\"https:\\\/\\\/africaatual.com.br\\\/index.php\\\/clipping\\\/#breadcrumb\",\"itemListElement\":[{\"@type\":\"ListItem\",\"position\":1,\"name\":\"In\u00edcio\",\"item\":\"https:\\\/\\\/africaatual.com.br\\\/\"},{\"@type\":\"ListItem\",\"position\":2,\"name\":\"Clipping\"}]},{\"@type\":\"WebSite\",\"@id\":\"https:\\\/\\\/africaatual.com.br\\\/#website\",\"url\":\"https:\\\/\\\/africaatual.com.br\\\/\",\"name\":\"africaatual.com.br\",\"description\":\"O Atlas Geocultural da \u00c1frica \u00e9 um rico material de leitura e pesquisa, que visa apresentar de forma atual os pa\u00edses africanos, ainda t\u00e3o pouco conhecidos.\",\"publisher\":{\"@id\":\"https:\\\/\\\/africaatual.com.br\\\/#organization\"},\"potentialAction\":[{\"@type\":\"SearchAction\",\"target\":{\"@type\":\"EntryPoint\",\"urlTemplate\":\"https:\\\/\\\/africaatual.com.br\\\/?s={search_term_string}\"},\"query-input\":{\"@type\":\"PropertyValueSpecification\",\"valueRequired\":true,\"valueName\":\"search_term_string\"}}],\"inLanguage\":\"pt-BR\"},{\"@type\":\"Organization\",\"@id\":\"https:\\\/\\\/africaatual.com.br\\\/#organization\",\"name\":\"africaatual.com.br\",\"url\":\"https:\\\/\\\/africaatual.com.br\\\/\",\"logo\":{\"@type\":\"ImageObject\",\"inLanguage\":\"pt-BR\",\"@id\":\"https:\\\/\\\/africaatual.com.br\\\/#\\\/schema\\\/logo\\\/image\\\/\",\"url\":\"http:\\\/\\\/africaatual.com.br\\\/wp-content\\\/uploads\\\/2023\\\/06\\\/LOGOEIROS_Prancheta-1-tipo-preto.png\",\"contentUrl\":\"http:\\\/\\\/africaatual.com.br\\\/wp-content\\\/uploads\\\/2023\\\/06\\\/LOGOEIROS_Prancheta-1-tipo-preto.png\",\"width\":1667,\"height\":730,\"caption\":\"africaatual.com.br\"},\"image\":{\"@id\":\"https:\\\/\\\/africaatual.com.br\\\/#\\\/schema\\\/logo\\\/image\\\/\"}}]}<\/script>\n<!-- \/ Yoast SEO plugin. -->","yoast_head_json":{"title":"Clipping - africaatual.com.br","robots":{"index":"index","follow":"follow","max-snippet":"max-snippet:-1","max-image-preview":"max-image-preview:large","max-video-preview":"max-video-preview:-1"},"canonical":"https:\/\/africaatual.com.br\/index.php\/clipping\/","og_locale":"pt_BR","og_type":"article","og_title":"Clipping - africaatual.com.br","og_description":"Clipping Not\u00edcias Not\u00edcias Africanas # 14 Not\u00edcias Africanas #13 Not\u00edcias Africanas #12 Livro A \u00c1frica que ningu\u00e9m te conta Not\u00edcias Africanas #11 Site do Senado Especialistas pedem cumprimento da lei sobre ensino da cultura afro-brasileira Site UNIVAS.EDU Aula Inaugural da p\u00f3s-gradua\u00e7\u00e3o da UNIVAS (Universidade do Vale do Sapuca\u00ed) tem a \u00c1frica Contempor\u00e2nea como tema central. Site da cassiarocha.com Livro \u201cA Arquitetura de Cada Um\u201d e homenagem a Filipe Sisson marcam o 1\u00ba dia do iGUi Festival 2024 Correio Paulista Prefeitura De Osasco Abre Programa\u00e7\u00e3o Do 19\u00ba Novembro Negro ESPN H\u00e1 um m\u00eas, Senegal perdia Papa Bouba Diop, o seu pr\u00f3prio Maradona Portal Geled\u00e9s Mapa Brasil Afrotech destaca a\u00e7\u00f5es de empreendedorismo negro no Brasil C\u00e2mara Municipal de Vila Velha Novembro Negro: C\u00e2mara de vereadores realiza 1\u00ba Semin\u00e1rio de Promo\u00e7\u00e3o da Igualdade Racial nesta quinta-feira (9) Com Ci\u00eancia MAPA BRASIL AFROTECH DESTACA A\u00c7\u00d5ES DE EMPREENDEDORISMO NEGRO NO BRASIL Senado Federal Audi\u00eancia P\u00fablica sobre &#8220;A Lei 10.639\/03: Diversidade e Equidade na Educa\u00e7\u00e3o&#8221;. Not\u00edcias de Impacto Exposi\u00e7\u00e3o Pioneiros, Sebrae, Inova Unicamp e Faculdade Zumbi dos Palmares promovem evento sobre afroempreendedorismo Prefeitura Municipal de Araraquara Educa\u00e7\u00e3o realiza a\u00e7\u00f5es permanentes no \u00e2mbito da educa\u00e7\u00e3o antirracista Revista Di\u00e1logos OS MOVIMENTOS SOCIAIS NAS TRAMAS DAS REDES SOCIAIS C\u00e2mara dos Deputados KALIMBA 6 ANOS NO AR &#8211; Atlas Geocultural da \u00c1frica Prefeitura de Osasco OSASCO ABRE PROGRAMA\u00c7\u00c3O DO 19\u00ba NOVEMBRO NEGRO Todo Dia \u2018Di\u00e1logos\u2019: professor Dr. Odair Marques estreia programa hoje, \u00e0s 17h30, pela TV Todo Dia 14.1 P\u00e9 de Moleque Livros Odair Marques da Silva lan\u00e7a o Atlas Geocultural da \u00c1frica Prefeitura de Amparo Semin\u00e1rio em Amparo fortalece compromisso com a Igualdade Racial e Antirracismo: di\u00e1logo, conscientiza\u00e7\u00e3o e projetos educacionais Prefeitura de Amparo Prefeitura de Amparo promove semin\u00e1rio sobre Promo\u00e7\u00e3o da Igualdade Racial: Direitos Humanos e Antirracismo A Cidade On &#8211; Campinas Mostra Cultural Afrofuturista de arte e cultura de 54 pa\u00edses africanos \u00e9 atra\u00e7\u00e3o no Museu da Cidade Prefeitura Municipal de Campinas Mostra Cultural Afrofuturista de arte e cultura de 54 pa\u00edses africanos \u00e9 atra\u00e7\u00e3o no Museu da Cidade Correio Popular Mostra Cultural Afrofuturista re\u00fane arte e cultura de 54 pa\u00edses africanos","og_url":"https:\/\/africaatual.com.br\/index.php\/clipping\/","og_site_name":"africaatual.com.br","article_modified_time":"2024-05-10T12:42:38+00:00","twitter_card":"summary_large_image","twitter_misc":{"Est. tempo de leitura":"2 minutos"},"schema":{"@context":"https:\/\/schema.org","@graph":[{"@type":"WebPage","@id":"https:\/\/africaatual.com.br\/index.php\/clipping\/","url":"https:\/\/africaatual.com.br\/index.php\/clipping\/","name":"Clipping - africaatual.com.br","isPartOf":{"@id":"https:\/\/africaatual.com.br\/#website"},"datePublished":"2023-10-04T10:18:49+00:00","dateModified":"2024-05-10T12:42:38+00:00","breadcrumb":{"@id":"https:\/\/africaatual.com.br\/index.php\/clipping\/#breadcrumb"},"inLanguage":"pt-BR","potentialAction":[{"@type":"ReadAction","target":["https:\/\/africaatual.com.br\/index.php\/clipping\/"]}]},{"@type":"BreadcrumbList","@id":"https:\/\/africaatual.com.br\/index.php\/clipping\/#breadcrumb","itemListElement":[{"@type":"ListItem","position":1,"name":"In\u00edcio","item":"https:\/\/africaatual.com.br\/"},{"@type":"ListItem","position":2,"name":"Clipping"}]},{"@type":"WebSite","@id":"https:\/\/africaatual.com.br\/#website","url":"https:\/\/africaatual.com.br\/","name":"africaatual.com.br","description":"O Atlas Geocultural da \u00c1frica \u00e9 um rico material de leitura e pesquisa, que visa apresentar de forma atual os pa\u00edses africanos, ainda t\u00e3o pouco conhecidos.","publisher":{"@id":"https:\/\/africaatual.com.br\/#organization"},"potentialAction":[{"@type":"SearchAction","target":{"@type":"EntryPoint","urlTemplate":"https:\/\/africaatual.com.br\/?s={search_term_string}"},"query-input":{"@type":"PropertyValueSpecification","valueRequired":true,"valueName":"search_term_string"}}],"inLanguage":"pt-BR"},{"@type":"Organization","@id":"https:\/\/africaatual.com.br\/#organization","name":"africaatual.com.br","url":"https:\/\/africaatual.com.br\/","logo":{"@type":"ImageObject","inLanguage":"pt-BR","@id":"https:\/\/africaatual.com.br\/#\/schema\/logo\/image\/","url":"http:\/\/africaatual.com.br\/wp-content\/uploads\/2023\/06\/LOGOEIROS_Prancheta-1-tipo-preto.png","contentUrl":"http:\/\/africaatual.com.br\/wp-content\/uploads\/2023\/06\/LOGOEIROS_Prancheta-1-tipo-preto.png","width":1667,"height":730,"caption":"africaatual.com.br"},"image":{"@id":"https:\/\/africaatual.com.br\/#\/schema\/logo\/image\/"}}]}},"_links":{"self":[{"href":"https:\/\/africaatual.com.br\/index.php\/wp-json\/wp\/v2\/pages\/9298","targetHints":{"allow":["GET"]}}],"collection":[{"href":"https:\/\/africaatual.com.br\/index.php\/wp-json\/wp\/v2\/pages"}],"about":[{"href":"https:\/\/africaatual.com.br\/index.php\/wp-json\/wp\/v2\/types\/page"}],"author":[{"embeddable":true,"href":"https:\/\/africaatual.com.br\/index.php\/wp-json\/wp\/v2\/users\/1"}],"replies":[{"embeddable":true,"href":"https:\/\/africaatual.com.br\/index.php\/wp-json\/wp\/v2\/comments?post=9298"}],"version-history":[{"count":106,"href":"https:\/\/africaatual.com.br\/index.php\/wp-json\/wp\/v2\/pages\/9298\/revisions"}],"predecessor-version":[{"id":11213,"href":"https:\/\/africaatual.com.br\/index.php\/wp-json\/wp\/v2\/pages\/9298\/revisions\/11213"}],"wp:attachment":[{"href":"https:\/\/africaatual.com.br\/index.php\/wp-json\/wp\/v2\/media?parent=9298"}],"wp:term":[{"taxonomy":"palavra-chave","embeddable":true,"href":"https:\/\/africaatual.com.br\/index.php\/wp-json\/wp\/v2\/palavra-chave?post=9298"}],"curies":[{"name":"wp","href":"https:\/\/api.w.org\/{rel}","templated":true}]}}