
{"id":11909,"date":"2024-08-22T12:03:01","date_gmt":"2024-08-22T15:03:01","guid":{"rendered":"https:\/\/africaatual.com.br\/?post_type=tribe_events&#038;p=11909"},"modified":"2024-08-22T12:51:28","modified_gmt":"2024-08-22T15:51:28","slug":"1-seminario-interestadual-de-culturas-populares-sem-fronteiras","status":"publish","type":"tribe_events","link":"https:\/\/africaatual.com.br\/index.php\/event\/1-seminario-interestadual-de-culturas-populares-sem-fronteiras\/","title":{"rendered":"1\u00ba SEMIN\u00c1RIO INTERESTADUAL DE CULTURAS POPULARES: SEM FRONTEIRAS"},"content":{"rendered":"<p>O 1\u2070 Semin\u00e1rio Interestadual de Culturas Populares: Sem Fronteiras\u00a0 tem o intuito de propor, de maneira te\u00f3rica e pr\u00e1tica, conex\u00f5es a respeito dos fazeres e saberes, das produ\u00e7\u00f5es art\u00edsticas culturais, das manifesta\u00e7\u00f5es populares em suas m\u00faltiplas dimens\u00f5es globais e em suas especificidades locais, e como estas conversam e se distinguem em diferentes territ\u00f3rios e constroem diferentes territorialidades a partir de experi\u00eancias individuais e coletivas de atores sociais diversos.<\/p>\n<p>O semin\u00e1rio conta com a participa\u00e7\u00e3o de mestres, brincantes, pesquisadores e estudiosos das culturas populares que, com o compartilhamento de suas experi\u00eancias podem trazer a luz novos olhares para as pr\u00e1ticas e para a constru\u00e7\u00e3o das identidades culturais populares do Brasil.<\/p>\n<p>Confira a Programa\u00e7\u00e3o abaixo:<\/p>\n<p>*Dia 24\/08\/2024 &#8211; S\u00e1bado*<\/p>\n<p>8h00 Abertura oficial do Semin\u00e1rio<\/p>\n<p>Moderadora: Prof.\u00aa Stael Moura<\/p>\n<p>Escritora, Articulista, Psicanalista, Gestora social, Mestre em Estudos Fronteiri\u00e7os: L\u00edngua, Cultura e Identidade; Especializa\u00e7\u00e3o em Hist\u00f3ria e Cultura Afro-brasileira; em Doc\u00eancia do Ensino Superior e em Poder, Express\u00e3o e Discurso; Graduada em Letras; Membro Dirigente do Centro de Forma\u00e7\u00e3o e Pesquisa em Culturas Populares; Membro Dirigente da Expoafro- Feira de Cultura Afro de SE; Membro do Conselho da Enafro- Escola Nacional de Neg\u00f3cios; Membro da Reafro &#8211; Rede de Afroempreendedorismo e Coordenadora do Neafro-N\u00facleo de Pesquisa Afro de Sergipe.<\/p>\n<p>*8h10 Mesa de Abertura &#8211;<\/p>\n<p>Painel 1* &#8220;Experi\u00eancias Sem Fronteiras atrav\u00e9s das artes populares\u201d.<\/p>\n<p>08h10 \u00e0s 08:50<\/p>\n<p>&#8220;A arte que transforma, profissionaliza e aquilomba atrav\u00e9s das culturas e suas fronteiras.&#8221;<\/p>\n<p>Gera Jorge<\/p>\n<p>Educador Social<\/p>\n<p>Bailarino e core\u00f3grafo de dan\u00e7a popular, projetista art\u00edstico , aderecista, professor e membro da Cia Fam\u00edlia Pernambuco.<\/p>\n<p>(Pernambuco)<\/p>\n<p>08h:50 \u00e0s 09:30<\/p>\n<p>&#8220;Dan\u00e7a Popular: Metodologias e Instrumento Social al\u00e9m fronteiras&#8221;<\/p>\n<p>Pedro Pernambuco<\/p>\n<p>Core\u00f3grafo, bailarino, diretor c\u00eanico, roteirista, figurinista,<\/p>\n<p>Mestre em Cultura Popular<\/p>\n<p>(Pernambuco)<\/p>\n<p>*09h:30- Painel 2*<\/p>\n<p>O corpo fala: contribui\u00e7\u00f5es sociais nas culturas populares&#8221;<\/p>\n<p>09h30- 10h:10<\/p>\n<p>\u201dBonecas de pano e a constru\u00e7\u00e3o de um patrim\u00f4nio imaterial&#8221;. Prof. Iberon Macena<\/p>\n<p>Mestre em Culturas Populares. Graduado em Letras Portugu\u00eas\/Ingl\u00eas. Bacharel em Administra\u00e7\u00e3o P\u00fablica e Graduado em Letras Espanhol.<\/p>\n<p>(Sergipe)<\/p>\n<p>10h:10 &#8211; 10h50<\/p>\n<p>&#8220;A multiplicidade da cidade-artista: lugares como express\u00f5es de vidas&#8221;<\/p>\n<p>Bianca Machado<\/p>\n<p>Atriz, Dramaturga, Produtora e Diretora da Cia. de Teatro Maria Mole, Idealizadora da Boemia Cultural, Cineclubista, Festeira de S\u00e3o Jo\u00e3o e Diretora do Bloco dos Palha\u00e7os de Corumb\u00e1- MS<\/p>\n<p>(Mato Grosso do Sul)<\/p>\n<p>10h50- 11h:05<\/p>\n<p>Participa\u00e7\u00e3o<\/p>\n<p>&#8220;Atividade Integradora de Linguagens: Express\u00f5es culturais sergipanas&#8221;.<\/p>\n<p>Prof\u00aa. Me Mayara Feitosa<\/p>\n<p>Mestre em Estudos Lingu\u00edsticos.<\/p>\n<p>Doutoranda em Estudos Lingu\u00edsticos, Pesquisadora em An\u00e1lise do Discurso.<\/p>\n<p>(Sergipe)<\/p>\n<p>11h:05 \u00e0s 11:20-<\/p>\n<p>&#8220;A vida e Sobrevida dos Fazedores de Cultura&#8221;<\/p>\n<p>Jorge Lins<\/p>\n<p>Graduado em Ci\u00eancias Jur\u00eddicas e Sociais pela UFS, 50 anos de Produ\u00e7\u00e3o Cultural, autor de 2 livros, e de m\u00fasicas gravadas por v\u00e1rios artistas, autor de 140 pe\u00e7as de Teatro,<\/p>\n<p>Diretor do Grupi Ra\u00edzes, Diretor da Olho M\u00e1gico Produ\u00e7\u00f5es e Oficinas do Ator.<\/p>\n<p>11:20 \u00e0s 12h<\/p>\n<p>Reflex\u00f5es importantes &#8211; Mariane Rocha<\/p>\n<p>Mestre em Culturas Populares. Membro Gestor do Centro de Forma\u00e7\u00e3o e Pesquisa em Culturas Populares.<\/p>\n<p>(Alagoas)<\/p>\n<p>Debate<\/p>\n<p>12h \u00e0s 13h Intervalo<\/p>\n<p>*13h:00 &#8211; Painel 3*<\/p>\n<p>Narrativas \u00c9tnico Raciais, Decolonidades e Pluraversalidades: Viv\u00eancias Locais\u201d.<\/p>\n<p>13h:00 \u00e0s 13:40<\/p>\n<p>&#8220;Travessias experi\u00eancias: saberes, exist\u00eancias e resist\u00eancias populares.&#8221;<\/p>\n<p>Prof. Andr\u00e9 Valen\u00e7a<\/p>\n<p>Mestre em Culturas Populares, Especialista em Arte Educa\u00e7\u00e3o, Graduado em Artes Visuais, pesquisa sociologia da educa\u00e7\u00e3o, antropologia da educa\u00e7\u00e3o, culturas populares, viv\u00eancias e educa\u00e7\u00e3o \u00e9tnico racial.Membro Gestor do Centro de Forma\u00e7\u00e3o e Pesquisa em Culturas Populares.<\/p>\n<p>(Sergipe)<\/p>\n<p>13h:40 \u00e0s 14h:20<\/p>\n<p>&#8220;Oficina da Palavra: A oralidade dos\/as nossos\/as mestres como fontes de saberes&#8221;<\/p>\n<p>Prof. Dr. Valter Odar\u00e1<\/p>\n<p>Doutor em Filosofia, Mestre em Filosofia,<\/p>\n<p>Graduado em Filosofia, Especialista em Filosofia Cl\u00e1ssica Africana e Filosofia Helen\u00edstica,<\/p>\n<p>Membro Gestor do Centro de Forma\u00e7\u00e3o e Pesquisa em Culturas Populares, Fil\u00f3sofo, pesquisador, afric\u00f3logo, professor e educador social.<\/p>\n<p>(Sergipe)<\/p>\n<p>14h:20 \u00e0s 14h:35<\/p>\n<p>Participa\u00e7\u00e3o:<\/p>\n<p>Mulheres Negras protagonistas na literatura: partilha de viv\u00eancias e escritas.&#8221;<\/p>\n<p>Prof\u00aa Maria Jos\u00e9 L. dos Santos. Especialista em Gest\u00e3o de Pol\u00edticas P\u00fablicas em G\u00eanero e Ra\u00e7a UFS, Mestranda do Profhist\u00f3ria UFS e<\/p>\n<p>Graduada em Hist\u00f3ria UFS,<\/p>\n<p>(Sergipe)<\/p>\n<p>*14h:35 &#8211; Painel 4*<\/p>\n<p>&#8220;Manifesta\u00e7\u00f5es populares como elementos formadores de Culturas&#8221;.<\/p>\n<p>14h:35 \u00e0s 15:15<\/p>\n<p>&#8220;Po\u00e9ticas e epopeias do cotidiano local: entre as atualiza\u00e7\u00f5es, mem\u00f3rias e as reinven\u00e7\u00f5es do (eu) lugar&#8221;<\/p>\n<p>Prof. Ayrton Nascimento<\/p>\n<p>Mestre em Hist\u00f3ria, Doutorando em Ecologia Humana e Gest\u00e3o Socioambiental,<\/p>\n<p>Gradua\u00e7\u00e3o em Hist\u00f3ria, Especializa\u00e7\u00e3o em Hist\u00f3ria e Cultura Ind\u00edgena e Afro-Brasileira.<\/p>\n<p>(Alagoas)<\/p>\n<p>15h:15 \u00e0s 15h:55<\/p>\n<p>&#8220;A _Festa do Dois de Julho_ como Musa Inspiradora do Teatro-Monumento\u201d<\/p>\n<p>Fabricio Brito.<\/p>\n<p>Poeta, Fil\u00f3sofo, Mestre em Cultura e Sociedade pela UFBA. Idealizador do Coletivo Arte Marginal Salvador e do Grupo de Arte Popular A Pombagem. Membro do Coletivo de Pol\u00edticas Culturais do Centro de Estudos Multidisciplinares em Cultura (CULT) da UFBA e articulador da Rede Periferia Brasileira de Letras (PBL).<\/p>\n<p>(Bahia)<\/p>\n<p>15h:55 \u00e0s 16:10 Participa\u00e7\u00e3o:<\/p>\n<p>&#8221; Experi\u00eancias do Reisado da Miss\u00e3o de Japaratuba &#8211; SE&#8221;<\/p>\n<p>Prof\u00aa Fl\u00e1via Lima<\/p>\n<p>Licenciatura em Hist\u00f3ria e Filosofia (UFS), Mestranda do PROFHIST\u00d3RIA\/UFS<\/p>\n<p>(Sergipe)<\/p>\n<p>*16:10 &#8211; Painel 5*<\/p>\n<p>&#8220;Cultura Gri\u00f4: A Heran\u00e7a do Povo&#8221;<\/p>\n<p>16:10 -16h:50<\/p>\n<p>A Cultura dos Povos Origin\u00e1rios<\/p>\n<p>Prof. Roberto Sousa<\/p>\n<p>Mestre em Ci\u00eancias Sociais, com \u00eanfase em Din\u00e2micas Sociais, Pr\u00e1ticas Culturais e Representa\u00e7\u00f5es. Especializa\u00e7\u00e3o em Educa\u00e7\u00e3o e Patrim\u00f4nio Cultural, Especializa\u00e7\u00e3o em Tutoria e Doc\u00eancia em EAD. Graduado em Hist\u00f3ria. Pesquisador de hist\u00f3ria da Religi\u00e3o de Sergipe, do Brasil e Mundo. Graduando em Arqueologia. Membro Gestor do Centro de Forma\u00e7\u00e3o e Pesquisa em Culturas Populares.<\/p>\n<p>(Sergipe)<\/p>\n<p>16h50 &#8211; 17h:30<\/p>\n<p>Debates e perguntas<\/p>\n<p>*Dia 25\/08\/2024 &#8211; Domingo*<\/p>\n<p>9h00 &#8211; Roda de Conversa<\/p>\n<p>09h:00- 09:40<\/p>\n<p>&#8220;Cultura Viva: A Interse\u00e7\u00e3o da Tradi\u00e7\u00e3o e a Modernidade&#8221;<\/p>\n<p>Petrel<\/p>\n<p>Cantor, Compositor, Poeta, Produtor, Multi-Instrumentista, Ativista Ambiental e Membro do Centro de Forma\u00e7\u00e3o e Pesquisa em Culturas Populares.<\/p>\n<p>(Sergipe)<\/p>\n<p>09:40- Di\u00e1logos<\/p>\n<p>Ana de Paula Torres Pedagoga, Especialista em Educa\u00e7\u00e3o Inclusiva, atriz, dan\u00e7arina, musicista, compositora, capoeirista e contadora de Hist\u00f3rias; Membro do F\u00f3rum do Reggae Sergipe e do Coletivo Mulheres do Reggae Sergipe; Especializando em musicoterapia e AEE. Mulher preta e m\u00e3e at\u00edpica.<\/p>\n<p>(Natal\/Sergipe)<\/p>\n<p>Yara Mercedes<\/p>\n<p>Mestre em Enfermagem pela UFS; Membro do Centro de Forma\u00e7\u00e3o e Pesquisa em Cultura Populares de Sergipe; Membro fundadora do grupo de dan\u00e7a independente \u201cCorpo e Movimento de Sergipe\u201d; Bailarina.<\/p>\n<p>(Sergipe)<\/p>\n<p>Bibi Cabrall<\/p>\n<p>Licenciatura em dan\u00e7a (UFS), Membro do corpo coreogr\u00e1fico afro Adup\u00e9 Descid\u00e3o, Core\u00f3grafa da Banda Percussiva Descid\u00e3o dos Quilombolas, L\u00edder do NightLight<\/p>\n<p>no K- cover de Aracaju, grupo de dan\u00e7a independente, Pesquisadora do no Centro de Forma\u00e7\u00e3o e Pesquisa em Culturas Populares de Sergipe, com \u00eanfase em quadrilhas juninas, dan\u00e7as urbanas, floorwook e waaking.<\/p>\n<p>(Sergipe)<\/p>\n<p>Encerramento<\/p>\n","protected":false},"excerpt":{"rendered":"<p>O 1\u2070 Semin\u00e1rio Interestadual de Culturas Populares: Sem Fronteiras\u00a0 tem o intuito de propor, de maneira te\u00f3rica e pr\u00e1tica, conex\u00f5es a respeito dos fazeres e saberes, das produ\u00e7\u00f5es art\u00edsticas culturais, das manifesta\u00e7\u00f5es populares em suas m\u00faltiplas dimens\u00f5es globais e em suas especificidades locais, e como estas conversam e se distinguem em diferentes territ\u00f3rios e constroem diferentes territorialidades a partir de experi\u00eancias individuais e coletivas de atores sociais diversos. O semin\u00e1rio conta com a participa\u00e7\u00e3o de mestres, brincantes, pesquisadores e estudiosos das culturas populares que, com o compartilhamento de suas experi\u00eancias podem trazer a luz novos olhares para as pr\u00e1ticas e para a constru\u00e7\u00e3o das identidades culturais populares do Brasil. Confira a Programa\u00e7\u00e3o abaixo: *Dia 24\/08\/2024 &#8211; S\u00e1bado* 8h00 Abertura oficial do Semin\u00e1rio Moderadora: Prof.\u00aa Stael Moura Escritora, Articulista, Psicanalista, Gestora social, Mestre em Estudos Fronteiri\u00e7os: L\u00edngua, Cultura e Identidade; Especializa\u00e7\u00e3o em Hist\u00f3ria e Cultura Afro-brasileira; em Doc\u00eancia do Ensino Superior e em Poder, Express\u00e3o e Discurso; Graduada em Letras; Membro Dirigente do Centro de Forma\u00e7\u00e3o e Pesquisa em Culturas Populares; Membro Dirigente da Expoafro- Feira de Cultura Afro de SE; Membro do Conselho da Enafro- Escola Nacional de Neg\u00f3cios; Membro da Reafro &#8211; Rede de Afroempreendedorismo e Coordenadora do Neafro-N\u00facleo de Pesquisa Afro de Sergipe. *8h10 Mesa de Abertura &#8211; Painel 1* &#8220;Experi\u00eancias Sem Fronteiras atrav\u00e9s das artes populares\u201d. 08h10 \u00e0s 08:50 &#8220;A arte que transforma, profissionaliza e aquilomba atrav\u00e9s das culturas e suas fronteiras.&#8221; Gera Jorge Educador Social Bailarino e core\u00f3grafo de dan\u00e7a popular, projetista art\u00edstico , aderecista, professor e membro da Cia Fam\u00edlia Pernambuco. (Pernambuco) 08h:50 \u00e0s 09:30 &#8220;Dan\u00e7a Popular: Metodologias e Instrumento Social al\u00e9m fronteiras&#8221; Pedro Pernambuco Core\u00f3grafo, bailarino, diretor c\u00eanico, roteirista, figurinista, Mestre em Cultura Popular (Pernambuco) *09h:30- Painel 2* O corpo fala: contribui\u00e7\u00f5es sociais nas culturas populares&#8221; 09h30- 10h:10 \u201dBonecas de pano e a constru\u00e7\u00e3o de um patrim\u00f4nio imaterial&#8221;. Prof. Iberon Macena Mestre em Culturas Populares. Graduado em Letras Portugu\u00eas\/Ingl\u00eas. Bacharel em Administra\u00e7\u00e3o P\u00fablica e Graduado em Letras Espanhol. (Sergipe) 10h:10 &#8211; 10h50 &#8220;A multiplicidade da cidade-artista: lugares como express\u00f5es de vidas&#8221; Bianca Machado Atriz, Dramaturga, Produtora e Diretora da Cia. de Teatro Maria Mole, Idealizadora da Boemia Cultural, Cineclubista, Festeira de S\u00e3o Jo\u00e3o e Diretora do Bloco dos Palha\u00e7os de Corumb\u00e1- MS (Mato Grosso do Sul) 10h50- 11h:05 Participa\u00e7\u00e3o &#8220;Atividade Integradora de Linguagens: Express\u00f5es culturais sergipanas&#8221;. Prof\u00aa. Me Mayara Feitosa Mestre em Estudos Lingu\u00edsticos. Doutoranda em Estudos Lingu\u00edsticos, Pesquisadora em An\u00e1lise do Discurso. (Sergipe) 11h:05 \u00e0s 11:20- &#8220;A vida e Sobrevida dos Fazedores de Cultura&#8221; Jorge Lins Graduado em Ci\u00eancias Jur\u00eddicas e Sociais pela UFS, 50 anos de Produ\u00e7\u00e3o Cultural, autor de 2 livros, e de m\u00fasicas gravadas por v\u00e1rios artistas, autor de 140 pe\u00e7as de Teatro, Diretor do Grupi Ra\u00edzes, Diretor da Olho M\u00e1gico Produ\u00e7\u00f5es e Oficinas do Ator. 11:20 \u00e0s 12h Reflex\u00f5es importantes &#8211; Mariane Rocha Mestre em Culturas Populares. Membro Gestor do Centro de Forma\u00e7\u00e3o e Pesquisa em Culturas Populares. (Alagoas) Debate 12h \u00e0s 13h Intervalo *13h:00 &#8211; Painel 3* Narrativas \u00c9tnico Raciais, Decolonidades e Pluraversalidades: Viv\u00eancias Locais\u201d. 13h:00 \u00e0s 13:40 &#8220;Travessias experi\u00eancias: saberes, exist\u00eancias e resist\u00eancias populares.&#8221; Prof. Andr\u00e9 Valen\u00e7a Mestre em Culturas Populares, Especialista em Arte Educa\u00e7\u00e3o, Graduado em Artes Visuais, pesquisa sociologia da educa\u00e7\u00e3o, antropologia da educa\u00e7\u00e3o, culturas populares, viv\u00eancias e educa\u00e7\u00e3o \u00e9tnico racial.Membro Gestor do Centro de Forma\u00e7\u00e3o e Pesquisa em Culturas Populares. (Sergipe) 13h:40 \u00e0s 14h:20 &#8220;Oficina da Palavra: A oralidade dos\/as nossos\/as mestres como fontes de saberes&#8221; Prof. Dr. Valter Odar\u00e1 Doutor em Filosofia, Mestre em Filosofia, Graduado em Filosofia, Especialista em Filosofia Cl\u00e1ssica Africana e Filosofia Helen\u00edstica, Membro Gestor do Centro de Forma\u00e7\u00e3o e Pesquisa em Culturas Populares, Fil\u00f3sofo, pesquisador, afric\u00f3logo, professor e educador social. (Sergipe) 14h:20 \u00e0s 14h:35 Participa\u00e7\u00e3o: Mulheres Negras protagonistas na literatura: partilha de viv\u00eancias e escritas.&#8221; Prof\u00aa Maria Jos\u00e9 L. dos Santos. Especialista em Gest\u00e3o de Pol\u00edticas P\u00fablicas em G\u00eanero e Ra\u00e7a UFS, Mestranda do Profhist\u00f3ria UFS e Graduada em Hist\u00f3ria UFS, (Sergipe) *14h:35 &#8211; Painel 4* &#8220;Manifesta\u00e7\u00f5es populares como elementos formadores de Culturas&#8221;. 14h:35 \u00e0s 15:15 &#8220;Po\u00e9ticas e epopeias do cotidiano local: entre as atualiza\u00e7\u00f5es, mem\u00f3rias e as reinven\u00e7\u00f5es do (eu) lugar&#8221; Prof. Ayrton Nascimento Mestre em Hist\u00f3ria, Doutorando em Ecologia Humana e Gest\u00e3o Socioambiental, Gradua\u00e7\u00e3o em Hist\u00f3ria, Especializa\u00e7\u00e3o em Hist\u00f3ria e Cultura Ind\u00edgena e Afro-Brasileira. (Alagoas) 15h:15 \u00e0s 15h:55 &#8220;A _Festa do Dois de Julho_ como Musa Inspiradora do Teatro-Monumento\u201d Fabricio Brito. Poeta, Fil\u00f3sofo, Mestre em Cultura e Sociedade pela UFBA. Idealizador do Coletivo Arte Marginal Salvador e do Grupo de Arte Popular A Pombagem. Membro do Coletivo de Pol\u00edticas Culturais do Centro de Estudos Multidisciplinares em Cultura (CULT) da UFBA e articulador da Rede Periferia Brasileira de Letras (PBL). (Bahia) 15h:55 \u00e0s 16:10 Participa\u00e7\u00e3o: &#8221; Experi\u00eancias do Reisado da Miss\u00e3o de Japaratuba &#8211; SE&#8221; Prof\u00aa Fl\u00e1via Lima Licenciatura em Hist\u00f3ria e Filosofia (UFS), Mestranda do PROFHIST\u00d3RIA\/UFS (Sergipe) *16:10 &#8211; Painel 5* &#8220;Cultura Gri\u00f4: A Heran\u00e7a do Povo&#8221; 16:10 -16h:50 A Cultura dos Povos Origin\u00e1rios Prof. Roberto Sousa Mestre em Ci\u00eancias Sociais, com \u00eanfase em Din\u00e2micas Sociais, Pr\u00e1ticas Culturais e Representa\u00e7\u00f5es. Especializa\u00e7\u00e3o em Educa\u00e7\u00e3o e Patrim\u00f4nio Cultural, Especializa\u00e7\u00e3o em Tutoria e Doc\u00eancia em EAD. Graduado em Hist\u00f3ria. Pesquisador de hist\u00f3ria da Religi\u00e3o de Sergipe, do Brasil e Mundo. Graduando em Arqueologia. Membro Gestor do Centro de Forma\u00e7\u00e3o e Pesquisa em Culturas Populares. (Sergipe) 16h50 &#8211; 17h:30 Debates e perguntas *Dia 25\/08\/2024 &#8211; Domingo* 9h00 &#8211; Roda de Conversa 09h:00- 09:40 &#8220;Cultura Viva: A Interse\u00e7\u00e3o da Tradi\u00e7\u00e3o e a Modernidade&#8221; Petrel Cantor, Compositor, Poeta, Produtor, Multi-Instrumentista, Ativista Ambiental e Membro do Centro de Forma\u00e7\u00e3o e Pesquisa em Culturas Populares. (Sergipe) 09:40- Di\u00e1logos Ana de Paula Torres Pedagoga, Especialista em Educa\u00e7\u00e3o Inclusiva, atriz, dan\u00e7arina, musicista, compositora, capoeirista e contadora de Hist\u00f3rias; Membro do F\u00f3rum do Reggae Sergipe e do Coletivo Mulheres do Reggae Sergipe; Especializando em musicoterapia e AEE. Mulher preta e m\u00e3e at\u00edpica. (Natal\/Sergipe) Yara Mercedes Mestre em Enfermagem pela UFS; Membro do Centro de Forma\u00e7\u00e3o e Pesquisa em Cultura Populares de Sergipe; Membro fundadora do grupo de dan\u00e7a independente \u201cCorpo e Movimento de Sergipe\u201d; Bailarina. (Sergipe) Bibi Cabrall Licenciatura em dan\u00e7a (UFS), Membro do corpo coreogr\u00e1fico afro<\/p>\n","protected":false},"author":2,"featured_media":11913,"template":"","meta":{"inline_featured_image":false,"ocean_post_layout":"","ocean_both_sidebars_style":"","ocean_both_sidebars_content_width":0,"ocean_both_sidebars_sidebars_width":0,"ocean_sidebar":"","ocean_second_sidebar":"","ocean_disable_margins":"enable","ocean_add_body_class":"","ocean_shortcode_before_top_bar":"","ocean_shortcode_after_top_bar":"","ocean_shortcode_before_header":"","ocean_shortcode_after_header":"","ocean_has_shortcode":"","ocean_shortcode_after_title":"","ocean_shortcode_before_footer_widgets":"","ocean_shortcode_after_footer_widgets":"","ocean_shortcode_before_footer_bottom":"","ocean_shortcode_after_footer_bottom":"","ocean_display_top_bar":"default","ocean_display_header":"default","ocean_header_style":"","ocean_center_header_left_menu":"","ocean_custom_header_template":"","ocean_custom_logo":0,"ocean_custom_retina_logo":0,"ocean_custom_logo_max_width":0,"ocean_custom_logo_tablet_max_width":0,"ocean_custom_logo_mobile_max_width":0,"ocean_custom_logo_max_height":0,"ocean_custom_logo_tablet_max_height":0,"ocean_custom_logo_mobile_max_height":0,"ocean_header_custom_menu":"","ocean_menu_typo_font_family":"","ocean_menu_typo_font_subset":"","ocean_menu_typo_font_size":0,"ocean_menu_typo_font_size_tablet":0,"ocean_menu_typo_font_size_mobile":0,"ocean_menu_typo_font_size_unit":"px","ocean_menu_typo_font_weight":"","ocean_menu_typo_font_weight_tablet":"","ocean_menu_typo_font_weight_mobile":"","ocean_menu_typo_transform":"","ocean_menu_typo_transform_tablet":"","ocean_menu_typo_transform_mobile":"","ocean_menu_typo_line_height":0,"ocean_menu_typo_line_height_tablet":0,"ocean_menu_typo_line_height_mobile":0,"ocean_menu_typo_line_height_unit":"","ocean_menu_typo_spacing":0,"ocean_menu_typo_spacing_tablet":0,"ocean_menu_typo_spacing_mobile":0,"ocean_menu_typo_spacing_unit":"","ocean_menu_link_color":"","ocean_menu_link_color_hover":"","ocean_menu_link_color_active":"","ocean_menu_link_background":"","ocean_menu_link_hover_background":"","ocean_menu_link_active_background":"","ocean_menu_social_links_bg":"","ocean_menu_social_hover_links_bg":"","ocean_menu_social_links_color":"","ocean_menu_social_hover_links_color":"","ocean_disable_title":"default","ocean_disable_heading":"default","ocean_post_title":"","ocean_post_subheading":"","ocean_post_title_style":"","ocean_post_title_background_color":"","ocean_post_title_background":0,"ocean_post_title_bg_image_position":"","ocean_post_title_bg_image_attachment":"","ocean_post_title_bg_image_repeat":"","ocean_post_title_bg_image_size":"","ocean_post_title_height":0,"ocean_post_title_bg_overlay":0.5,"ocean_post_title_bg_overlay_color":"","ocean_disable_breadcrumbs":"default","ocean_breadcrumbs_color":"","ocean_breadcrumbs_separator_color":"","ocean_breadcrumbs_links_color":"","ocean_breadcrumbs_links_hover_color":"","ocean_display_footer_widgets":"default","ocean_display_footer_bottom":"default","ocean_custom_footer_template":"","omw_enable_modal_window":"enable","_tribe_events_status":"","_tribe_events_status_reason":"","footnotes":""},"tags":[],"tribe_events_cat":[182],"class_list":["post-11909","tribe_events","type-tribe_events","status-publish","has-post-thumbnail","hentry","tribe_events_cat-eventos","cat_eventos","entry","has-media"],"yoast_head":"<!-- This site is optimized with the Yoast SEO plugin v27.3 - https:\/\/yoast.com\/product\/yoast-seo-wordpress\/ -->\n<title>1\u00ba SEMIN\u00c1RIO INTERESTADUAL DE CULTURAS POPULARES: SEM FRONTEIRAS - africaatual.com.br<\/title>\n<meta name=\"robots\" content=\"index, follow, max-snippet:-1, max-image-preview:large, max-video-preview:-1\" \/>\n<link rel=\"canonical\" href=\"https:\/\/africaatual.com.br\/index.php\/event\/1-seminario-interestadual-de-culturas-populares-sem-fronteiras\/\" \/>\n<meta property=\"og:locale\" content=\"pt_BR\" \/>\n<meta property=\"og:type\" content=\"article\" \/>\n<meta property=\"og:title\" content=\"1\u00ba SEMIN\u00c1RIO INTERESTADUAL DE CULTURAS POPULARES: SEM FRONTEIRAS - africaatual.com.br\" \/>\n<meta property=\"og:description\" content=\"O 1\u2070 Semin\u00e1rio Interestadual de Culturas Populares: Sem Fronteiras\u00a0 tem o intuito de propor, de maneira te\u00f3rica e pr\u00e1tica, conex\u00f5es a respeito dos fazeres e saberes, das produ\u00e7\u00f5es art\u00edsticas culturais, das manifesta\u00e7\u00f5es populares em suas m\u00faltiplas dimens\u00f5es globais e em suas especificidades locais, e como estas conversam e se distinguem em diferentes territ\u00f3rios e constroem diferentes territorialidades a partir de experi\u00eancias individuais e coletivas de atores sociais diversos. O semin\u00e1rio conta com a participa\u00e7\u00e3o de mestres, brincantes, pesquisadores e estudiosos das culturas populares que, com o compartilhamento de suas experi\u00eancias podem trazer a luz novos olhares para as pr\u00e1ticas e para a constru\u00e7\u00e3o das identidades culturais populares do Brasil. Confira a Programa\u00e7\u00e3o abaixo: *Dia 24\/08\/2024 &#8211; S\u00e1bado* 8h00 Abertura oficial do Semin\u00e1rio Moderadora: Prof.\u00aa Stael Moura Escritora, Articulista, Psicanalista, Gestora social, Mestre em Estudos Fronteiri\u00e7os: L\u00edngua, Cultura e Identidade; Especializa\u00e7\u00e3o em Hist\u00f3ria e Cultura Afro-brasileira; em Doc\u00eancia do Ensino Superior e em Poder, Express\u00e3o e Discurso; Graduada em Letras; Membro Dirigente do Centro de Forma\u00e7\u00e3o e Pesquisa em Culturas Populares; Membro Dirigente da Expoafro- Feira de Cultura Afro de SE; Membro do Conselho da Enafro- Escola Nacional de Neg\u00f3cios; Membro da Reafro &#8211; Rede de Afroempreendedorismo e Coordenadora do Neafro-N\u00facleo de Pesquisa Afro de Sergipe. *8h10 Mesa de Abertura &#8211; Painel 1* &#8220;Experi\u00eancias Sem Fronteiras atrav\u00e9s das artes populares\u201d. 08h10 \u00e0s 08:50 &#8220;A arte que transforma, profissionaliza e aquilomba atrav\u00e9s das culturas e suas fronteiras.&#8221; Gera Jorge Educador Social Bailarino e core\u00f3grafo de dan\u00e7a popular, projetista art\u00edstico , aderecista, professor e membro da Cia Fam\u00edlia Pernambuco. (Pernambuco) 08h:50 \u00e0s 09:30 &#8220;Dan\u00e7a Popular: Metodologias e Instrumento Social al\u00e9m fronteiras&#8221; Pedro Pernambuco Core\u00f3grafo, bailarino, diretor c\u00eanico, roteirista, figurinista, Mestre em Cultura Popular (Pernambuco) *09h:30- Painel 2* O corpo fala: contribui\u00e7\u00f5es sociais nas culturas populares&#8221; 09h30- 10h:10 \u201dBonecas de pano e a constru\u00e7\u00e3o de um patrim\u00f4nio imaterial&#8221;. Prof. Iberon Macena Mestre em Culturas Populares. Graduado em Letras Portugu\u00eas\/Ingl\u00eas. Bacharel em Administra\u00e7\u00e3o P\u00fablica e Graduado em Letras Espanhol. (Sergipe) 10h:10 &#8211; 10h50 &#8220;A multiplicidade da cidade-artista: lugares como express\u00f5es de vidas&#8221; Bianca Machado Atriz, Dramaturga, Produtora e Diretora da Cia. de Teatro Maria Mole, Idealizadora da Boemia Cultural, Cineclubista, Festeira de S\u00e3o Jo\u00e3o e Diretora do Bloco dos Palha\u00e7os de Corumb\u00e1- MS (Mato Grosso do Sul) 10h50- 11h:05 Participa\u00e7\u00e3o &#8220;Atividade Integradora de Linguagens: Express\u00f5es culturais sergipanas&#8221;. Prof\u00aa. Me Mayara Feitosa Mestre em Estudos Lingu\u00edsticos. Doutoranda em Estudos Lingu\u00edsticos, Pesquisadora em An\u00e1lise do Discurso. (Sergipe) 11h:05 \u00e0s 11:20- &#8220;A vida e Sobrevida dos Fazedores de Cultura&#8221; Jorge Lins Graduado em Ci\u00eancias Jur\u00eddicas e Sociais pela UFS, 50 anos de Produ\u00e7\u00e3o Cultural, autor de 2 livros, e de m\u00fasicas gravadas por v\u00e1rios artistas, autor de 140 pe\u00e7as de Teatro, Diretor do Grupi Ra\u00edzes, Diretor da Olho M\u00e1gico Produ\u00e7\u00f5es e Oficinas do Ator. 11:20 \u00e0s 12h Reflex\u00f5es importantes &#8211; Mariane Rocha Mestre em Culturas Populares. Membro Gestor do Centro de Forma\u00e7\u00e3o e Pesquisa em Culturas Populares. (Alagoas) Debate 12h \u00e0s 13h Intervalo *13h:00 &#8211; Painel 3* Narrativas \u00c9tnico Raciais, Decolonidades e Pluraversalidades: Viv\u00eancias Locais\u201d. 13h:00 \u00e0s 13:40 &#8220;Travessias experi\u00eancias: saberes, exist\u00eancias e resist\u00eancias populares.&#8221; Prof. Andr\u00e9 Valen\u00e7a Mestre em Culturas Populares, Especialista em Arte Educa\u00e7\u00e3o, Graduado em Artes Visuais, pesquisa sociologia da educa\u00e7\u00e3o, antropologia da educa\u00e7\u00e3o, culturas populares, viv\u00eancias e educa\u00e7\u00e3o \u00e9tnico racial.Membro Gestor do Centro de Forma\u00e7\u00e3o e Pesquisa em Culturas Populares. (Sergipe) 13h:40 \u00e0s 14h:20 &#8220;Oficina da Palavra: A oralidade dos\/as nossos\/as mestres como fontes de saberes&#8221; Prof. Dr. Valter Odar\u00e1 Doutor em Filosofia, Mestre em Filosofia, Graduado em Filosofia, Especialista em Filosofia Cl\u00e1ssica Africana e Filosofia Helen\u00edstica, Membro Gestor do Centro de Forma\u00e7\u00e3o e Pesquisa em Culturas Populares, Fil\u00f3sofo, pesquisador, afric\u00f3logo, professor e educador social. (Sergipe) 14h:20 \u00e0s 14h:35 Participa\u00e7\u00e3o: Mulheres Negras protagonistas na literatura: partilha de viv\u00eancias e escritas.&#8221; Prof\u00aa Maria Jos\u00e9 L. dos Santos. Especialista em Gest\u00e3o de Pol\u00edticas P\u00fablicas em G\u00eanero e Ra\u00e7a UFS, Mestranda do Profhist\u00f3ria UFS e Graduada em Hist\u00f3ria UFS, (Sergipe) *14h:35 &#8211; Painel 4* &#8220;Manifesta\u00e7\u00f5es populares como elementos formadores de Culturas&#8221;. 14h:35 \u00e0s 15:15 &#8220;Po\u00e9ticas e epopeias do cotidiano local: entre as atualiza\u00e7\u00f5es, mem\u00f3rias e as reinven\u00e7\u00f5es do (eu) lugar&#8221; Prof. Ayrton Nascimento Mestre em Hist\u00f3ria, Doutorando em Ecologia Humana e Gest\u00e3o Socioambiental, Gradua\u00e7\u00e3o em Hist\u00f3ria, Especializa\u00e7\u00e3o em Hist\u00f3ria e Cultura Ind\u00edgena e Afro-Brasileira. (Alagoas) 15h:15 \u00e0s 15h:55 &#8220;A _Festa do Dois de Julho_ como Musa Inspiradora do Teatro-Monumento\u201d Fabricio Brito. Poeta, Fil\u00f3sofo, Mestre em Cultura e Sociedade pela UFBA. Idealizador do Coletivo Arte Marginal Salvador e do Grupo de Arte Popular A Pombagem. Membro do Coletivo de Pol\u00edticas Culturais do Centro de Estudos Multidisciplinares em Cultura (CULT) da UFBA e articulador da Rede Periferia Brasileira de Letras (PBL). (Bahia) 15h:55 \u00e0s 16:10 Participa\u00e7\u00e3o: &#8221; Experi\u00eancias do Reisado da Miss\u00e3o de Japaratuba &#8211; SE&#8221; Prof\u00aa Fl\u00e1via Lima Licenciatura em Hist\u00f3ria e Filosofia (UFS), Mestranda do PROFHIST\u00d3RIA\/UFS (Sergipe) *16:10 &#8211; Painel 5* &#8220;Cultura Gri\u00f4: A Heran\u00e7a do Povo&#8221; 16:10 -16h:50 A Cultura dos Povos Origin\u00e1rios Prof. Roberto Sousa Mestre em Ci\u00eancias Sociais, com \u00eanfase em Din\u00e2micas Sociais, Pr\u00e1ticas Culturais e Representa\u00e7\u00f5es. Especializa\u00e7\u00e3o em Educa\u00e7\u00e3o e Patrim\u00f4nio Cultural, Especializa\u00e7\u00e3o em Tutoria e Doc\u00eancia em EAD. Graduado em Hist\u00f3ria. Pesquisador de hist\u00f3ria da Religi\u00e3o de Sergipe, do Brasil e Mundo. Graduando em Arqueologia. Membro Gestor do Centro de Forma\u00e7\u00e3o e Pesquisa em Culturas Populares. (Sergipe) 16h50 &#8211; 17h:30 Debates e perguntas *Dia 25\/08\/2024 &#8211; Domingo* 9h00 &#8211; Roda de Conversa 09h:00- 09:40 &#8220;Cultura Viva: A Interse\u00e7\u00e3o da Tradi\u00e7\u00e3o e a Modernidade&#8221; Petrel Cantor, Compositor, Poeta, Produtor, Multi-Instrumentista, Ativista Ambiental e Membro do Centro de Forma\u00e7\u00e3o e Pesquisa em Culturas Populares. (Sergipe) 09:40- Di\u00e1logos Ana de Paula Torres Pedagoga, Especialista em Educa\u00e7\u00e3o Inclusiva, atriz, dan\u00e7arina, musicista, compositora, capoeirista e contadora de Hist\u00f3rias; Membro do F\u00f3rum do Reggae Sergipe e do Coletivo Mulheres do Reggae Sergipe; Especializando em musicoterapia e AEE. Mulher preta e m\u00e3e at\u00edpica. (Natal\/Sergipe) Yara Mercedes Mestre em Enfermagem pela UFS; Membro do Centro de Forma\u00e7\u00e3o e Pesquisa em Cultura Populares de Sergipe; Membro fundadora do grupo de dan\u00e7a independente \u201cCorpo e Movimento de Sergipe\u201d; Bailarina. (Sergipe) Bibi Cabrall Licenciatura em dan\u00e7a (UFS), Membro do corpo coreogr\u00e1fico afro\" \/>\n<meta property=\"og:url\" content=\"https:\/\/africaatual.com.br\/index.php\/event\/1-seminario-interestadual-de-culturas-populares-sem-fronteiras\/\" \/>\n<meta property=\"og:site_name\" content=\"africaatual.com.br\" \/>\n<meta property=\"article:modified_time\" content=\"2024-08-22T15:51:28+00:00\" \/>\n<meta property=\"og:image\" content=\"http:\/\/africaatual.com.br\/wp-content\/uploads\/2024\/08\/O-BNDES-Garagem-e-o-programa-do-Banco-Nacional-de-Desenvolvimento-Economico-e-Social-BNDES-de-incentivo-a-startups-que-promove-e-incentiva-acoes-empreendedoras-em-todo-o-Brasil.-A-iniciativa-e-u.jpg\" \/>\n\t<meta property=\"og:image:width\" content=\"1080\" \/>\n\t<meta property=\"og:image:height\" content=\"1080\" \/>\n\t<meta property=\"og:image:type\" content=\"image\/jpeg\" \/>\n<meta name=\"twitter:card\" content=\"summary_large_image\" \/>\n<meta name=\"twitter:label1\" content=\"Est. tempo de leitura\" \/>\n\t<meta name=\"twitter:data1\" content=\"6 minutos\" \/>\n<script type=\"application\/ld+json\" class=\"yoast-schema-graph\">{\"@context\":\"https:\\\/\\\/schema.org\",\"@graph\":[{\"@type\":\"WebPage\",\"@id\":\"https:\\\/\\\/africaatual.com.br\\\/index.php\\\/event\\\/1-seminario-interestadual-de-culturas-populares-sem-fronteiras\\\/\",\"url\":\"https:\\\/\\\/africaatual.com.br\\\/index.php\\\/event\\\/1-seminario-interestadual-de-culturas-populares-sem-fronteiras\\\/\",\"name\":\"1\u00ba SEMIN\u00c1RIO INTERESTADUAL DE CULTURAS POPULARES: SEM FRONTEIRAS - africaatual.com.br\",\"isPartOf\":{\"@id\":\"https:\\\/\\\/africaatual.com.br\\\/#website\"},\"primaryImageOfPage\":{\"@id\":\"https:\\\/\\\/africaatual.com.br\\\/index.php\\\/event\\\/1-seminario-interestadual-de-culturas-populares-sem-fronteiras\\\/#primaryimage\"},\"image\":{\"@id\":\"https:\\\/\\\/africaatual.com.br\\\/index.php\\\/event\\\/1-seminario-interestadual-de-culturas-populares-sem-fronteiras\\\/#primaryimage\"},\"thumbnailUrl\":\"https:\\\/\\\/africaatual.com.br\\\/wp-content\\\/uploads\\\/2024\\\/08\\\/O-BNDES-Garagem-e-o-programa-do-Banco-Nacional-de-Desenvolvimento-Economico-e-Social-BNDES-de-incentivo-a-startups-que-promove-e-incentiva-acoes-empreendedoras-em-todo-o-Brasil.-A-iniciativa-e-u.jpg\",\"datePublished\":\"2024-08-22T15:03:01+00:00\",\"dateModified\":\"2024-08-22T15:51:28+00:00\",\"breadcrumb\":{\"@id\":\"https:\\\/\\\/africaatual.com.br\\\/index.php\\\/event\\\/1-seminario-interestadual-de-culturas-populares-sem-fronteiras\\\/#breadcrumb\"},\"inLanguage\":\"pt-BR\",\"potentialAction\":[{\"@type\":\"ReadAction\",\"target\":[\"https:\\\/\\\/africaatual.com.br\\\/index.php\\\/event\\\/1-seminario-interestadual-de-culturas-populares-sem-fronteiras\\\/\"]}]},{\"@type\":\"ImageObject\",\"inLanguage\":\"pt-BR\",\"@id\":\"https:\\\/\\\/africaatual.com.br\\\/index.php\\\/event\\\/1-seminario-interestadual-de-culturas-populares-sem-fronteiras\\\/#primaryimage\",\"url\":\"https:\\\/\\\/africaatual.com.br\\\/wp-content\\\/uploads\\\/2024\\\/08\\\/O-BNDES-Garagem-e-o-programa-do-Banco-Nacional-de-Desenvolvimento-Economico-e-Social-BNDES-de-incentivo-a-startups-que-promove-e-incentiva-acoes-empreendedoras-em-todo-o-Brasil.-A-iniciativa-e-u.jpg\",\"contentUrl\":\"https:\\\/\\\/africaatual.com.br\\\/wp-content\\\/uploads\\\/2024\\\/08\\\/O-BNDES-Garagem-e-o-programa-do-Banco-Nacional-de-Desenvolvimento-Economico-e-Social-BNDES-de-incentivo-a-startups-que-promove-e-incentiva-acoes-empreendedoras-em-todo-o-Brasil.-A-iniciativa-e-u.jpg\",\"width\":1080,\"height\":1080},{\"@type\":\"BreadcrumbList\",\"@id\":\"https:\\\/\\\/africaatual.com.br\\\/index.php\\\/event\\\/1-seminario-interestadual-de-culturas-populares-sem-fronteiras\\\/#breadcrumb\",\"itemListElement\":[{\"@type\":\"ListItem\",\"position\":1,\"name\":\"In\u00edcio\",\"item\":\"https:\\\/\\\/africaatual.com.br\\\/\"},{\"@type\":\"ListItem\",\"position\":2,\"name\":\"Eventos\",\"item\":\"https:\\\/\\\/africaatual.com.br\\\/index.php\\\/events\\\/\"},{\"@type\":\"ListItem\",\"position\":3,\"name\":\"1\u00ba SEMIN\u00c1RIO INTERESTADUAL DE CULTURAS POPULARES: SEM FRONTEIRAS\"}]},{\"@type\":\"WebSite\",\"@id\":\"https:\\\/\\\/africaatual.com.br\\\/#website\",\"url\":\"https:\\\/\\\/africaatual.com.br\\\/\",\"name\":\"africaatual.com.br\",\"description\":\"O Atlas Geocultural da \u00c1frica \u00e9 um rico material de leitura e pesquisa, que visa apresentar de forma atual os pa\u00edses africanos, ainda t\u00e3o pouco conhecidos.\",\"publisher\":{\"@id\":\"https:\\\/\\\/africaatual.com.br\\\/#organization\"},\"potentialAction\":[{\"@type\":\"SearchAction\",\"target\":{\"@type\":\"EntryPoint\",\"urlTemplate\":\"https:\\\/\\\/africaatual.com.br\\\/?s={search_term_string}\"},\"query-input\":{\"@type\":\"PropertyValueSpecification\",\"valueRequired\":true,\"valueName\":\"search_term_string\"}}],\"inLanguage\":\"pt-BR\"},{\"@type\":\"Organization\",\"@id\":\"https:\\\/\\\/africaatual.com.br\\\/#organization\",\"name\":\"africaatual.com.br\",\"url\":\"https:\\\/\\\/africaatual.com.br\\\/\",\"logo\":{\"@type\":\"ImageObject\",\"inLanguage\":\"pt-BR\",\"@id\":\"https:\\\/\\\/africaatual.com.br\\\/#\\\/schema\\\/logo\\\/image\\\/\",\"url\":\"http:\\\/\\\/africaatual.com.br\\\/wp-content\\\/uploads\\\/2023\\\/06\\\/LOGOEIROS_Prancheta-1-tipo-preto.png\",\"contentUrl\":\"http:\\\/\\\/africaatual.com.br\\\/wp-content\\\/uploads\\\/2023\\\/06\\\/LOGOEIROS_Prancheta-1-tipo-preto.png\",\"width\":1667,\"height\":730,\"caption\":\"africaatual.com.br\"},\"image\":{\"@id\":\"https:\\\/\\\/africaatual.com.br\\\/#\\\/schema\\\/logo\\\/image\\\/\"}}]}<\/script>\n<!-- \/ Yoast SEO plugin. -->","yoast_head_json":{"title":"1\u00ba SEMIN\u00c1RIO INTERESTADUAL DE CULTURAS POPULARES: SEM FRONTEIRAS - africaatual.com.br","robots":{"index":"index","follow":"follow","max-snippet":"max-snippet:-1","max-image-preview":"max-image-preview:large","max-video-preview":"max-video-preview:-1"},"canonical":"https:\/\/africaatual.com.br\/index.php\/event\/1-seminario-interestadual-de-culturas-populares-sem-fronteiras\/","og_locale":"pt_BR","og_type":"article","og_title":"1\u00ba SEMIN\u00c1RIO INTERESTADUAL DE CULTURAS POPULARES: SEM FRONTEIRAS - africaatual.com.br","og_description":"O 1\u2070 Semin\u00e1rio Interestadual de Culturas Populares: Sem Fronteiras\u00a0 tem o intuito de propor, de maneira te\u00f3rica e pr\u00e1tica, conex\u00f5es a respeito dos fazeres e saberes, das produ\u00e7\u00f5es art\u00edsticas culturais, das manifesta\u00e7\u00f5es populares em suas m\u00faltiplas dimens\u00f5es globais e em suas especificidades locais, e como estas conversam e se distinguem em diferentes territ\u00f3rios e constroem diferentes territorialidades a partir de experi\u00eancias individuais e coletivas de atores sociais diversos. O semin\u00e1rio conta com a participa\u00e7\u00e3o de mestres, brincantes, pesquisadores e estudiosos das culturas populares que, com o compartilhamento de suas experi\u00eancias podem trazer a luz novos olhares para as pr\u00e1ticas e para a constru\u00e7\u00e3o das identidades culturais populares do Brasil. Confira a Programa\u00e7\u00e3o abaixo: *Dia 24\/08\/2024 &#8211; S\u00e1bado* 8h00 Abertura oficial do Semin\u00e1rio Moderadora: Prof.\u00aa Stael Moura Escritora, Articulista, Psicanalista, Gestora social, Mestre em Estudos Fronteiri\u00e7os: L\u00edngua, Cultura e Identidade; Especializa\u00e7\u00e3o em Hist\u00f3ria e Cultura Afro-brasileira; em Doc\u00eancia do Ensino Superior e em Poder, Express\u00e3o e Discurso; Graduada em Letras; Membro Dirigente do Centro de Forma\u00e7\u00e3o e Pesquisa em Culturas Populares; Membro Dirigente da Expoafro- Feira de Cultura Afro de SE; Membro do Conselho da Enafro- Escola Nacional de Neg\u00f3cios; Membro da Reafro &#8211; Rede de Afroempreendedorismo e Coordenadora do Neafro-N\u00facleo de Pesquisa Afro de Sergipe. *8h10 Mesa de Abertura &#8211; Painel 1* &#8220;Experi\u00eancias Sem Fronteiras atrav\u00e9s das artes populares\u201d. 08h10 \u00e0s 08:50 &#8220;A arte que transforma, profissionaliza e aquilomba atrav\u00e9s das culturas e suas fronteiras.&#8221; Gera Jorge Educador Social Bailarino e core\u00f3grafo de dan\u00e7a popular, projetista art\u00edstico , aderecista, professor e membro da Cia Fam\u00edlia Pernambuco. (Pernambuco) 08h:50 \u00e0s 09:30 &#8220;Dan\u00e7a Popular: Metodologias e Instrumento Social al\u00e9m fronteiras&#8221; Pedro Pernambuco Core\u00f3grafo, bailarino, diretor c\u00eanico, roteirista, figurinista, Mestre em Cultura Popular (Pernambuco) *09h:30- Painel 2* O corpo fala: contribui\u00e7\u00f5es sociais nas culturas populares&#8221; 09h30- 10h:10 \u201dBonecas de pano e a constru\u00e7\u00e3o de um patrim\u00f4nio imaterial&#8221;. Prof. Iberon Macena Mestre em Culturas Populares. Graduado em Letras Portugu\u00eas\/Ingl\u00eas. Bacharel em Administra\u00e7\u00e3o P\u00fablica e Graduado em Letras Espanhol. (Sergipe) 10h:10 &#8211; 10h50 &#8220;A multiplicidade da cidade-artista: lugares como express\u00f5es de vidas&#8221; Bianca Machado Atriz, Dramaturga, Produtora e Diretora da Cia. de Teatro Maria Mole, Idealizadora da Boemia Cultural, Cineclubista, Festeira de S\u00e3o Jo\u00e3o e Diretora do Bloco dos Palha\u00e7os de Corumb\u00e1- MS (Mato Grosso do Sul) 10h50- 11h:05 Participa\u00e7\u00e3o &#8220;Atividade Integradora de Linguagens: Express\u00f5es culturais sergipanas&#8221;. Prof\u00aa. Me Mayara Feitosa Mestre em Estudos Lingu\u00edsticos. Doutoranda em Estudos Lingu\u00edsticos, Pesquisadora em An\u00e1lise do Discurso. (Sergipe) 11h:05 \u00e0s 11:20- &#8220;A vida e Sobrevida dos Fazedores de Cultura&#8221; Jorge Lins Graduado em Ci\u00eancias Jur\u00eddicas e Sociais pela UFS, 50 anos de Produ\u00e7\u00e3o Cultural, autor de 2 livros, e de m\u00fasicas gravadas por v\u00e1rios artistas, autor de 140 pe\u00e7as de Teatro, Diretor do Grupi Ra\u00edzes, Diretor da Olho M\u00e1gico Produ\u00e7\u00f5es e Oficinas do Ator. 11:20 \u00e0s 12h Reflex\u00f5es importantes &#8211; Mariane Rocha Mestre em Culturas Populares. Membro Gestor do Centro de Forma\u00e7\u00e3o e Pesquisa em Culturas Populares. (Alagoas) Debate 12h \u00e0s 13h Intervalo *13h:00 &#8211; Painel 3* Narrativas \u00c9tnico Raciais, Decolonidades e Pluraversalidades: Viv\u00eancias Locais\u201d. 13h:00 \u00e0s 13:40 &#8220;Travessias experi\u00eancias: saberes, exist\u00eancias e resist\u00eancias populares.&#8221; Prof. Andr\u00e9 Valen\u00e7a Mestre em Culturas Populares, Especialista em Arte Educa\u00e7\u00e3o, Graduado em Artes Visuais, pesquisa sociologia da educa\u00e7\u00e3o, antropologia da educa\u00e7\u00e3o, culturas populares, viv\u00eancias e educa\u00e7\u00e3o \u00e9tnico racial.Membro Gestor do Centro de Forma\u00e7\u00e3o e Pesquisa em Culturas Populares. (Sergipe) 13h:40 \u00e0s 14h:20 &#8220;Oficina da Palavra: A oralidade dos\/as nossos\/as mestres como fontes de saberes&#8221; Prof. Dr. Valter Odar\u00e1 Doutor em Filosofia, Mestre em Filosofia, Graduado em Filosofia, Especialista em Filosofia Cl\u00e1ssica Africana e Filosofia Helen\u00edstica, Membro Gestor do Centro de Forma\u00e7\u00e3o e Pesquisa em Culturas Populares, Fil\u00f3sofo, pesquisador, afric\u00f3logo, professor e educador social. (Sergipe) 14h:20 \u00e0s 14h:35 Participa\u00e7\u00e3o: Mulheres Negras protagonistas na literatura: partilha de viv\u00eancias e escritas.&#8221; Prof\u00aa Maria Jos\u00e9 L. dos Santos. Especialista em Gest\u00e3o de Pol\u00edticas P\u00fablicas em G\u00eanero e Ra\u00e7a UFS, Mestranda do Profhist\u00f3ria UFS e Graduada em Hist\u00f3ria UFS, (Sergipe) *14h:35 &#8211; Painel 4* &#8220;Manifesta\u00e7\u00f5es populares como elementos formadores de Culturas&#8221;. 14h:35 \u00e0s 15:15 &#8220;Po\u00e9ticas e epopeias do cotidiano local: entre as atualiza\u00e7\u00f5es, mem\u00f3rias e as reinven\u00e7\u00f5es do (eu) lugar&#8221; Prof. Ayrton Nascimento Mestre em Hist\u00f3ria, Doutorando em Ecologia Humana e Gest\u00e3o Socioambiental, Gradua\u00e7\u00e3o em Hist\u00f3ria, Especializa\u00e7\u00e3o em Hist\u00f3ria e Cultura Ind\u00edgena e Afro-Brasileira. (Alagoas) 15h:15 \u00e0s 15h:55 &#8220;A _Festa do Dois de Julho_ como Musa Inspiradora do Teatro-Monumento\u201d Fabricio Brito. Poeta, Fil\u00f3sofo, Mestre em Cultura e Sociedade pela UFBA. Idealizador do Coletivo Arte Marginal Salvador e do Grupo de Arte Popular A Pombagem. Membro do Coletivo de Pol\u00edticas Culturais do Centro de Estudos Multidisciplinares em Cultura (CULT) da UFBA e articulador da Rede Periferia Brasileira de Letras (PBL). (Bahia) 15h:55 \u00e0s 16:10 Participa\u00e7\u00e3o: &#8221; Experi\u00eancias do Reisado da Miss\u00e3o de Japaratuba &#8211; SE&#8221; Prof\u00aa Fl\u00e1via Lima Licenciatura em Hist\u00f3ria e Filosofia (UFS), Mestranda do PROFHIST\u00d3RIA\/UFS (Sergipe) *16:10 &#8211; Painel 5* &#8220;Cultura Gri\u00f4: A Heran\u00e7a do Povo&#8221; 16:10 -16h:50 A Cultura dos Povos Origin\u00e1rios Prof. Roberto Sousa Mestre em Ci\u00eancias Sociais, com \u00eanfase em Din\u00e2micas Sociais, Pr\u00e1ticas Culturais e Representa\u00e7\u00f5es. Especializa\u00e7\u00e3o em Educa\u00e7\u00e3o e Patrim\u00f4nio Cultural, Especializa\u00e7\u00e3o em Tutoria e Doc\u00eancia em EAD. Graduado em Hist\u00f3ria. Pesquisador de hist\u00f3ria da Religi\u00e3o de Sergipe, do Brasil e Mundo. Graduando em Arqueologia. Membro Gestor do Centro de Forma\u00e7\u00e3o e Pesquisa em Culturas Populares. (Sergipe) 16h50 &#8211; 17h:30 Debates e perguntas *Dia 25\/08\/2024 &#8211; Domingo* 9h00 &#8211; Roda de Conversa 09h:00- 09:40 &#8220;Cultura Viva: A Interse\u00e7\u00e3o da Tradi\u00e7\u00e3o e a Modernidade&#8221; Petrel Cantor, Compositor, Poeta, Produtor, Multi-Instrumentista, Ativista Ambiental e Membro do Centro de Forma\u00e7\u00e3o e Pesquisa em Culturas Populares. (Sergipe) 09:40- Di\u00e1logos Ana de Paula Torres Pedagoga, Especialista em Educa\u00e7\u00e3o Inclusiva, atriz, dan\u00e7arina, musicista, compositora, capoeirista e contadora de Hist\u00f3rias; Membro do F\u00f3rum do Reggae Sergipe e do Coletivo Mulheres do Reggae Sergipe; Especializando em musicoterapia e AEE. Mulher preta e m\u00e3e at\u00edpica. (Natal\/Sergipe) Yara Mercedes Mestre em Enfermagem pela UFS; Membro do Centro de Forma\u00e7\u00e3o e Pesquisa em Cultura Populares de Sergipe; Membro fundadora do grupo de dan\u00e7a independente \u201cCorpo e Movimento de Sergipe\u201d; Bailarina. (Sergipe) Bibi Cabrall Licenciatura em dan\u00e7a (UFS), Membro do corpo coreogr\u00e1fico afro","og_url":"https:\/\/africaatual.com.br\/index.php\/event\/1-seminario-interestadual-de-culturas-populares-sem-fronteiras\/","og_site_name":"africaatual.com.br","article_modified_time":"2024-08-22T15:51:28+00:00","og_image":[{"width":1080,"height":1080,"url":"http:\/\/africaatual.com.br\/wp-content\/uploads\/2024\/08\/O-BNDES-Garagem-e-o-programa-do-Banco-Nacional-de-Desenvolvimento-Economico-e-Social-BNDES-de-incentivo-a-startups-que-promove-e-incentiva-acoes-empreendedoras-em-todo-o-Brasil.-A-iniciativa-e-u.jpg","type":"image\/jpeg"}],"twitter_card":"summary_large_image","twitter_misc":{"Est. tempo de leitura":"6 minutos"},"schema":{"@context":"https:\/\/schema.org","@graph":[{"@type":"WebPage","@id":"https:\/\/africaatual.com.br\/index.php\/event\/1-seminario-interestadual-de-culturas-populares-sem-fronteiras\/","url":"https:\/\/africaatual.com.br\/index.php\/event\/1-seminario-interestadual-de-culturas-populares-sem-fronteiras\/","name":"1\u00ba SEMIN\u00c1RIO INTERESTADUAL DE CULTURAS POPULARES: SEM FRONTEIRAS - africaatual.com.br","isPartOf":{"@id":"https:\/\/africaatual.com.br\/#website"},"primaryImageOfPage":{"@id":"https:\/\/africaatual.com.br\/index.php\/event\/1-seminario-interestadual-de-culturas-populares-sem-fronteiras\/#primaryimage"},"image":{"@id":"https:\/\/africaatual.com.br\/index.php\/event\/1-seminario-interestadual-de-culturas-populares-sem-fronteiras\/#primaryimage"},"thumbnailUrl":"https:\/\/africaatual.com.br\/wp-content\/uploads\/2024\/08\/O-BNDES-Garagem-e-o-programa-do-Banco-Nacional-de-Desenvolvimento-Economico-e-Social-BNDES-de-incentivo-a-startups-que-promove-e-incentiva-acoes-empreendedoras-em-todo-o-Brasil.-A-iniciativa-e-u.jpg","datePublished":"2024-08-22T15:03:01+00:00","dateModified":"2024-08-22T15:51:28+00:00","breadcrumb":{"@id":"https:\/\/africaatual.com.br\/index.php\/event\/1-seminario-interestadual-de-culturas-populares-sem-fronteiras\/#breadcrumb"},"inLanguage":"pt-BR","potentialAction":[{"@type":"ReadAction","target":["https:\/\/africaatual.com.br\/index.php\/event\/1-seminario-interestadual-de-culturas-populares-sem-fronteiras\/"]}]},{"@type":"ImageObject","inLanguage":"pt-BR","@id":"https:\/\/africaatual.com.br\/index.php\/event\/1-seminario-interestadual-de-culturas-populares-sem-fronteiras\/#primaryimage","url":"https:\/\/africaatual.com.br\/wp-content\/uploads\/2024\/08\/O-BNDES-Garagem-e-o-programa-do-Banco-Nacional-de-Desenvolvimento-Economico-e-Social-BNDES-de-incentivo-a-startups-que-promove-e-incentiva-acoes-empreendedoras-em-todo-o-Brasil.-A-iniciativa-e-u.jpg","contentUrl":"https:\/\/africaatual.com.br\/wp-content\/uploads\/2024\/08\/O-BNDES-Garagem-e-o-programa-do-Banco-Nacional-de-Desenvolvimento-Economico-e-Social-BNDES-de-incentivo-a-startups-que-promove-e-incentiva-acoes-empreendedoras-em-todo-o-Brasil.-A-iniciativa-e-u.jpg","width":1080,"height":1080},{"@type":"BreadcrumbList","@id":"https:\/\/africaatual.com.br\/index.php\/event\/1-seminario-interestadual-de-culturas-populares-sem-fronteiras\/#breadcrumb","itemListElement":[{"@type":"ListItem","position":1,"name":"In\u00edcio","item":"https:\/\/africaatual.com.br\/"},{"@type":"ListItem","position":2,"name":"Eventos","item":"https:\/\/africaatual.com.br\/index.php\/events\/"},{"@type":"ListItem","position":3,"name":"1\u00ba SEMIN\u00c1RIO INTERESTADUAL DE CULTURAS POPULARES: SEM FRONTEIRAS"}]},{"@type":"WebSite","@id":"https:\/\/africaatual.com.br\/#website","url":"https:\/\/africaatual.com.br\/","name":"africaatual.com.br","description":"O Atlas Geocultural da \u00c1frica \u00e9 um rico material de leitura e pesquisa, que visa apresentar de forma atual os pa\u00edses africanos, ainda t\u00e3o pouco conhecidos.","publisher":{"@id":"https:\/\/africaatual.com.br\/#organization"},"potentialAction":[{"@type":"SearchAction","target":{"@type":"EntryPoint","urlTemplate":"https:\/\/africaatual.com.br\/?s={search_term_string}"},"query-input":{"@type":"PropertyValueSpecification","valueRequired":true,"valueName":"search_term_string"}}],"inLanguage":"pt-BR"},{"@type":"Organization","@id":"https:\/\/africaatual.com.br\/#organization","name":"africaatual.com.br","url":"https:\/\/africaatual.com.br\/","logo":{"@type":"ImageObject","inLanguage":"pt-BR","@id":"https:\/\/africaatual.com.br\/#\/schema\/logo\/image\/","url":"http:\/\/africaatual.com.br\/wp-content\/uploads\/2023\/06\/LOGOEIROS_Prancheta-1-tipo-preto.png","contentUrl":"http:\/\/africaatual.com.br\/wp-content\/uploads\/2023\/06\/LOGOEIROS_Prancheta-1-tipo-preto.png","width":1667,"height":730,"caption":"africaatual.com.br"},"image":{"@id":"https:\/\/africaatual.com.br\/#\/schema\/logo\/image\/"}}]}},"_links":{"self":[{"href":"https:\/\/africaatual.com.br\/index.php\/wp-json\/wp\/v2\/tribe_events\/11909","targetHints":{"allow":["GET"]}}],"collection":[{"href":"https:\/\/africaatual.com.br\/index.php\/wp-json\/wp\/v2\/tribe_events"}],"about":[{"href":"https:\/\/africaatual.com.br\/index.php\/wp-json\/wp\/v2\/types\/tribe_events"}],"author":[{"embeddable":true,"href":"https:\/\/africaatual.com.br\/index.php\/wp-json\/wp\/v2\/users\/2"}],"version-history":[{"count":3,"href":"https:\/\/africaatual.com.br\/index.php\/wp-json\/wp\/v2\/tribe_events\/11909\/revisions"}],"predecessor-version":[{"id":11914,"href":"https:\/\/africaatual.com.br\/index.php\/wp-json\/wp\/v2\/tribe_events\/11909\/revisions\/11914"}],"wp:featuredmedia":[{"embeddable":true,"href":"https:\/\/africaatual.com.br\/index.php\/wp-json\/wp\/v2\/media\/11913"}],"wp:attachment":[{"href":"https:\/\/africaatual.com.br\/index.php\/wp-json\/wp\/v2\/media?parent=11909"}],"wp:term":[{"taxonomy":"post_tag","embeddable":true,"href":"https:\/\/africaatual.com.br\/index.php\/wp-json\/wp\/v2\/tags?post=11909"},{"taxonomy":"tribe_events_cat","embeddable":true,"href":"https:\/\/africaatual.com.br\/index.php\/wp-json\/wp\/v2\/tribe_events_cat?post=11909"}],"curies":[{"name":"wp","href":"https:\/\/api.w.org\/{rel}","templated":true}]}}