
{"id":11977,"date":"2024-09-25T17:42:34","date_gmt":"2024-09-25T20:42:34","guid":{"rendered":"https:\/\/africaatual.com.br\/?post_type=tribe_events&#038;p=11977"},"modified":"2024-09-25T18:10:16","modified_gmt":"2024-09-25T21:10:16","slug":"seminario-pesquisador-e-cientista-a-profissao-de-futuro","status":"publish","type":"tribe_events","link":"https:\/\/africaatual.com.br\/index.php\/event\/seminario-pesquisador-e-cientista-a-profissao-de-futuro\/","title":{"rendered":"Semin\u00e1rio &#8220;Pesquisador e cientista: a profiss\u00e3o de futuro&#8221;"},"content":{"rendered":"<p>CIAL\ud83d\udea8 <em>Evento Imperd\u00edvel!<\/em> \ud83d\udea8<\/p>\n<p>No dia <strong>02 de outubro de 2024<\/strong>, \u00e0s <strong>17h<\/strong>, a <strong>Universidade Zumbi dos Palmares<\/strong> e o <strong>CEPRACIAL<\/strong> (Centro de Estudos e Pesquisas em Justi\u00e7a Racial, Ambiental e Mudan\u00e7as Clim\u00e1ticas) promovem o semin\u00e1rio <em>&#8220;Pesquisador e cientista: a profiss\u00e3o de futuro&#8221;<\/em>. \ud83c\udf0d\ud83d\udd2c<\/p>\n<p>Com a participa\u00e7\u00e3o de grandes nomes da ci\u00eancia e tecnologia, o evento ser\u00e1 presencial e online, com certificado para os inscritos. \ud83d\udca1 N\u00e3o perca essa oportunidade de discutir o futuro das carreiras cient\u00edficas e tecnol\u00f3gicas! \ud83d\ude80<\/p>\n<p>\ud83d\udd17 <strong>Inscri\u00e7\u00f5es e mais informa\u00e7\u00f5es no site<\/strong>: <a href=\"https:\/\/segurancadofuturo.org.br\" target=\"_new\" rel=\"noopener\">segurancadofuturo.org.br<\/a><\/p>\n<p>Compartilhe e participe! \ud83d\udcda\u270a\ud83c\udffd<\/p>\n<p><img fetchpriority=\"high\" decoding=\"async\" class=\"alignnone size-medium wp-image-11974\" src=\"http:\/\/africaatual.com.br\/wp-content\/uploads\/2024\/09\/CARD-UNIV-ZUMBI-CEPRACIAL-300x300.jpg\" alt=\"A imagem apresenta as informa\u00e7\u00f5es sobre o evento que ser\u00e1 realizado no dia 02 de outubro de 2024, \u00e0s 17h, de forma presencial e online, no audit\u00f3rio da Universidade Zumbi dos Palmares. O evento contar\u00e1 com a participa\u00e7\u00e3o de tr\u00eas palestrantes e ser\u00e1 mediado pelo Prof. Dr. Odair Marques da Silva, Diretor de P\u00f3s-gradua\u00e7\u00e3o e Pesquisa da universidade. Abertura: Prof. Dr. Jos\u00e9 Vicente, Reitor da Universidade Zumbi dos Palmares. Palestrantes: Leonardo da Cruz, engenheiro el\u00e9trico do Centro de Pesquisas Avan\u00e7adas Wernher Von Braun. Lissa Pesci, cientista da computa\u00e7\u00e3o do Instituto de Pesquisas Eldorado. Fabiana Ramos, t\u00e9cnica em bioqu\u00edmica e bi\u00f3loga da Funda\u00e7\u00e3o de Desenvolvimento da Pesquisa do Agroneg\u00f3cio (FUNDEPAG). O evento \u00e9 realizado pela Universidade Zumbi dos Palmares e o CEPRACIAL (Centro de Estudos e Pesquisas em Justi\u00e7a Racial, Ambiental e Mudan\u00e7as Clim\u00e1ticas), com parceria do SINTPq (Sindicato dos Trabalhadores em Pesquisa, Ci\u00eancia e Tecnologia de S\u00e3o Paulo). No rodap\u00e9 da imagem, consta o site de acesso para mais informa\u00e7\u00f5es e inscri\u00e7\u00f5es: segurancadofuturo.org.br.\" width=\"300\" height=\"300\" srcset=\"https:\/\/africaatual.com.br\/wp-content\/uploads\/2024\/09\/CARD-UNIV-ZUMBI-CEPRACIAL-300x300.jpg 300w, https:\/\/africaatual.com.br\/wp-content\/uploads\/2024\/09\/CARD-UNIV-ZUMBI-CEPRACIAL-150x150.jpg 150w, https:\/\/africaatual.com.br\/wp-content\/uploads\/2024\/09\/CARD-UNIV-ZUMBI-CEPRACIAL-768x768.jpg 768w, https:\/\/africaatual.com.br\/wp-content\/uploads\/2024\/09\/CARD-UNIV-ZUMBI-CEPRACIAL-600x600.jpg 600w, https:\/\/africaatual.com.br\/wp-content\/uploads\/2024\/09\/CARD-UNIV-ZUMBI-CEPRACIAL.jpg 1000w\" sizes=\"(max-width: 300px) 100vw, 300px\" \/><\/p>\n","protected":false},"excerpt":{"rendered":"<p>CIAL\ud83d\udea8 Evento Imperd\u00edvel! \ud83d\udea8 No dia 02 de outubro de 2024, \u00e0s 17h, a Universidade Zumbi dos Palmares e o CEPRACIAL (Centro de Estudos e Pesquisas em Justi\u00e7a Racial, Ambiental e Mudan\u00e7as Clim\u00e1ticas) promovem o semin\u00e1rio &#8220;Pesquisador e cientista: a profiss\u00e3o de futuro&#8221;. \ud83c\udf0d\ud83d\udd2c Com a participa\u00e7\u00e3o de grandes nomes da ci\u00eancia e tecnologia, o evento ser\u00e1 presencial e online, com certificado para os inscritos. \ud83d\udca1 N\u00e3o perca essa oportunidade de discutir o futuro das carreiras cient\u00edficas e tecnol\u00f3gicas! \ud83d\ude80 \ud83d\udd17 Inscri\u00e7\u00f5es e mais informa\u00e7\u00f5es no site: segurancadofuturo.org.br Compartilhe e participe! \ud83d\udcda\u270a\ud83c\udffd<\/p>\n","protected":false},"author":2,"featured_media":11974,"template":"","meta":{"inline_featured_image":false,"ocean_post_layout":"","ocean_both_sidebars_style":"","ocean_both_sidebars_content_width":0,"ocean_both_sidebars_sidebars_width":0,"ocean_sidebar":"","ocean_second_sidebar":"","ocean_disable_margins":"enable","ocean_add_body_class":"","ocean_shortcode_before_top_bar":"","ocean_shortcode_after_top_bar":"","ocean_shortcode_before_header":"","ocean_shortcode_after_header":"","ocean_has_shortcode":"","ocean_shortcode_after_title":"","ocean_shortcode_before_footer_widgets":"","ocean_shortcode_after_footer_widgets":"","ocean_shortcode_before_footer_bottom":"","ocean_shortcode_after_footer_bottom":"","ocean_display_top_bar":"default","ocean_display_header":"default","ocean_header_style":"","ocean_center_header_left_menu":"","ocean_custom_header_template":"","ocean_custom_logo":0,"ocean_custom_retina_logo":0,"ocean_custom_logo_max_width":0,"ocean_custom_logo_tablet_max_width":0,"ocean_custom_logo_mobile_max_width":0,"ocean_custom_logo_max_height":0,"ocean_custom_logo_tablet_max_height":0,"ocean_custom_logo_mobile_max_height":0,"ocean_header_custom_menu":"","ocean_menu_typo_font_family":"","ocean_menu_typo_font_subset":"","ocean_menu_typo_font_size":0,"ocean_menu_typo_font_size_tablet":0,"ocean_menu_typo_font_size_mobile":0,"ocean_menu_typo_font_size_unit":"px","ocean_menu_typo_font_weight":"","ocean_menu_typo_font_weight_tablet":"","ocean_menu_typo_font_weight_mobile":"","ocean_menu_typo_transform":"","ocean_menu_typo_transform_tablet":"","ocean_menu_typo_transform_mobile":"","ocean_menu_typo_line_height":0,"ocean_menu_typo_line_height_tablet":0,"ocean_menu_typo_line_height_mobile":0,"ocean_menu_typo_line_height_unit":"","ocean_menu_typo_spacing":0,"ocean_menu_typo_spacing_tablet":0,"ocean_menu_typo_spacing_mobile":0,"ocean_menu_typo_spacing_unit":"","ocean_menu_link_color":"","ocean_menu_link_color_hover":"","ocean_menu_link_color_active":"","ocean_menu_link_background":"","ocean_menu_link_hover_background":"","ocean_menu_link_active_background":"","ocean_menu_social_links_bg":"","ocean_menu_social_hover_links_bg":"","ocean_menu_social_links_color":"","ocean_menu_social_hover_links_color":"","ocean_disable_title":"default","ocean_disable_heading":"default","ocean_post_title":"","ocean_post_subheading":"","ocean_post_title_style":"","ocean_post_title_background_color":"","ocean_post_title_background":0,"ocean_post_title_bg_image_position":"","ocean_post_title_bg_image_attachment":"","ocean_post_title_bg_image_repeat":"","ocean_post_title_bg_image_size":"","ocean_post_title_height":0,"ocean_post_title_bg_overlay":0.5,"ocean_post_title_bg_overlay_color":"","ocean_disable_breadcrumbs":"default","ocean_breadcrumbs_color":"","ocean_breadcrumbs_separator_color":"","ocean_breadcrumbs_links_color":"","ocean_breadcrumbs_links_hover_color":"","ocean_display_footer_widgets":"default","ocean_display_footer_bottom":"default","ocean_custom_footer_template":"","omw_enable_modal_window":"enable","_tribe_events_status":"","_tribe_events_status_reason":"","footnotes":""},"tags":[228,229],"tribe_events_cat":[],"class_list":["post-11977","tribe_events","type-tribe_events","status-publish","has-post-thumbnail","hentry","tag-cepracial","tag-universidade-zumbi-dos-palmares","entry","has-media"],"yoast_head":"<!-- This site is optimized with the Yoast SEO plugin v27.3 - https:\/\/yoast.com\/product\/yoast-seo-wordpress\/ -->\n<title>Semin\u00e1rio &quot;Pesquisador e cientista: a profiss\u00e3o de futuro&quot; - africaatual.com.br<\/title>\n<meta name=\"robots\" content=\"index, follow, max-snippet:-1, max-image-preview:large, max-video-preview:-1\" \/>\n<link rel=\"canonical\" href=\"https:\/\/africaatual.com.br\/index.php\/event\/seminario-pesquisador-e-cientista-a-profissao-de-futuro\/\" \/>\n<meta property=\"og:locale\" content=\"pt_BR\" \/>\n<meta property=\"og:type\" content=\"article\" \/>\n<meta property=\"og:title\" content=\"Semin\u00e1rio &quot;Pesquisador e cientista: a profiss\u00e3o de futuro&quot; - africaatual.com.br\" \/>\n<meta property=\"og:description\" content=\"CIAL\ud83d\udea8 Evento Imperd\u00edvel! \ud83d\udea8 No dia 02 de outubro de 2024, \u00e0s 17h, a Universidade Zumbi dos Palmares e o CEPRACIAL (Centro de Estudos e Pesquisas em Justi\u00e7a Racial, Ambiental e Mudan\u00e7as Clim\u00e1ticas) promovem o semin\u00e1rio &#8220;Pesquisador e cientista: a profiss\u00e3o de futuro&#8221;. \ud83c\udf0d\ud83d\udd2c Com a participa\u00e7\u00e3o de grandes nomes da ci\u00eancia e tecnologia, o evento ser\u00e1 presencial e online, com certificado para os inscritos. \ud83d\udca1 N\u00e3o perca essa oportunidade de discutir o futuro das carreiras cient\u00edficas e tecnol\u00f3gicas! \ud83d\ude80 \ud83d\udd17 Inscri\u00e7\u00f5es e mais informa\u00e7\u00f5es no site: segurancadofuturo.org.br Compartilhe e participe! \ud83d\udcda\u270a\ud83c\udffd\" \/>\n<meta property=\"og:url\" content=\"https:\/\/africaatual.com.br\/index.php\/event\/seminario-pesquisador-e-cientista-a-profissao-de-futuro\/\" \/>\n<meta property=\"og:site_name\" content=\"africaatual.com.br\" \/>\n<meta property=\"article:modified_time\" content=\"2024-09-25T21:10:16+00:00\" \/>\n<meta property=\"og:image\" content=\"http:\/\/africaatual.com.br\/wp-content\/uploads\/2024\/09\/CARD-UNIV-ZUMBI-CEPRACIAL.jpg\" \/>\n\t<meta property=\"og:image:width\" content=\"1000\" \/>\n\t<meta property=\"og:image:height\" content=\"1000\" \/>\n\t<meta property=\"og:image:type\" content=\"image\/jpeg\" \/>\n<meta name=\"twitter:card\" content=\"summary_large_image\" \/>\n<meta name=\"twitter:label1\" content=\"Est. tempo de leitura\" \/>\n\t<meta name=\"twitter:data1\" content=\"1 minuto\" \/>\n<script type=\"application\/ld+json\" class=\"yoast-schema-graph\">{\"@context\":\"https:\\\/\\\/schema.org\",\"@graph\":[{\"@type\":\"WebPage\",\"@id\":\"https:\\\/\\\/africaatual.com.br\\\/index.php\\\/event\\\/seminario-pesquisador-e-cientista-a-profissao-de-futuro\\\/\",\"url\":\"https:\\\/\\\/africaatual.com.br\\\/index.php\\\/event\\\/seminario-pesquisador-e-cientista-a-profissao-de-futuro\\\/\",\"name\":\"Semin\u00e1rio \\\"Pesquisador e cientista: a profiss\u00e3o de futuro\\\" - africaatual.com.br\",\"isPartOf\":{\"@id\":\"https:\\\/\\\/africaatual.com.br\\\/#website\"},\"primaryImageOfPage\":{\"@id\":\"https:\\\/\\\/africaatual.com.br\\\/index.php\\\/event\\\/seminario-pesquisador-e-cientista-a-profissao-de-futuro\\\/#primaryimage\"},\"image\":{\"@id\":\"https:\\\/\\\/africaatual.com.br\\\/index.php\\\/event\\\/seminario-pesquisador-e-cientista-a-profissao-de-futuro\\\/#primaryimage\"},\"thumbnailUrl\":\"https:\\\/\\\/africaatual.com.br\\\/wp-content\\\/uploads\\\/2024\\\/09\\\/CARD-UNIV-ZUMBI-CEPRACIAL.jpg\",\"datePublished\":\"2024-09-25T20:42:34+00:00\",\"dateModified\":\"2024-09-25T21:10:16+00:00\",\"breadcrumb\":{\"@id\":\"https:\\\/\\\/africaatual.com.br\\\/index.php\\\/event\\\/seminario-pesquisador-e-cientista-a-profissao-de-futuro\\\/#breadcrumb\"},\"inLanguage\":\"pt-BR\",\"potentialAction\":[{\"@type\":\"ReadAction\",\"target\":[\"https:\\\/\\\/africaatual.com.br\\\/index.php\\\/event\\\/seminario-pesquisador-e-cientista-a-profissao-de-futuro\\\/\"]}]},{\"@type\":\"ImageObject\",\"inLanguage\":\"pt-BR\",\"@id\":\"https:\\\/\\\/africaatual.com.br\\\/index.php\\\/event\\\/seminario-pesquisador-e-cientista-a-profissao-de-futuro\\\/#primaryimage\",\"url\":\"https:\\\/\\\/africaatual.com.br\\\/wp-content\\\/uploads\\\/2024\\\/09\\\/CARD-UNIV-ZUMBI-CEPRACIAL.jpg\",\"contentUrl\":\"https:\\\/\\\/africaatual.com.br\\\/wp-content\\\/uploads\\\/2024\\\/09\\\/CARD-UNIV-ZUMBI-CEPRACIAL.jpg\",\"width\":1000,\"height\":1000,\"caption\":\"A imagem apresenta as informa\u00e7\u00f5es sobre o evento que ser\u00e1 realizado no dia 02 de outubro de 2024, \u00e0s 17h, de forma presencial e online, no audit\u00f3rio da Universidade Zumbi dos Palmares. O evento contar\u00e1 com a participa\u00e7\u00e3o de tr\u00eas palestrantes e ser\u00e1 mediado pelo Prof. Dr. Odair Marques da Silva, Diretor de P\u00f3s-gradua\u00e7\u00e3o e Pesquisa da universidade. Abertura: Prof. Dr. Jos\u00e9 Vicente, Reitor da Universidade Zumbi dos Palmares. Palestrantes: Leonardo da Cruz, engenheiro el\u00e9trico do Centro de Pesquisas Avan\u00e7adas Wernher Von Braun. Lissa Pesci, cientista da computa\u00e7\u00e3o do Instituto de Pesquisas Eldorado. Fabiana Ramos, t\u00e9cnica em bioqu\u00edmica e bi\u00f3loga da Funda\u00e7\u00e3o de Desenvolvimento da Pesquisa do Agroneg\u00f3cio (FUNDEPAG). O evento \u00e9 realizado pela Universidade Zumbi dos Palmares e o CEPRACIAL (Centro de Estudos e Pesquisas em Justi\u00e7a Racial, Ambiental e Mudan\u00e7as Clim\u00e1ticas), com parceria do SINTPq (Sindicato dos Trabalhadores em Pesquisa, Ci\u00eancia e Tecnologia de S\u00e3o Paulo). No rodap\u00e9 da imagem, consta o site de acesso para mais informa\u00e7\u00f5es e inscri\u00e7\u00f5es: segurancadofuturo.org.br.\"},{\"@type\":\"BreadcrumbList\",\"@id\":\"https:\\\/\\\/africaatual.com.br\\\/index.php\\\/event\\\/seminario-pesquisador-e-cientista-a-profissao-de-futuro\\\/#breadcrumb\",\"itemListElement\":[{\"@type\":\"ListItem\",\"position\":1,\"name\":\"In\u00edcio\",\"item\":\"https:\\\/\\\/africaatual.com.br\\\/\"},{\"@type\":\"ListItem\",\"position\":2,\"name\":\"Eventos\",\"item\":\"https:\\\/\\\/africaatual.com.br\\\/index.php\\\/events\\\/\"},{\"@type\":\"ListItem\",\"position\":3,\"name\":\"Semin\u00e1rio &#8220;Pesquisador e cientista: a profiss\u00e3o de futuro&#8221;\"}]},{\"@type\":\"WebSite\",\"@id\":\"https:\\\/\\\/africaatual.com.br\\\/#website\",\"url\":\"https:\\\/\\\/africaatual.com.br\\\/\",\"name\":\"africaatual.com.br\",\"description\":\"O Atlas Geocultural da \u00c1frica \u00e9 um rico material de leitura e pesquisa, que visa apresentar de forma atual os pa\u00edses africanos, ainda t\u00e3o pouco conhecidos.\",\"publisher\":{\"@id\":\"https:\\\/\\\/africaatual.com.br\\\/#organization\"},\"potentialAction\":[{\"@type\":\"SearchAction\",\"target\":{\"@type\":\"EntryPoint\",\"urlTemplate\":\"https:\\\/\\\/africaatual.com.br\\\/?s={search_term_string}\"},\"query-input\":{\"@type\":\"PropertyValueSpecification\",\"valueRequired\":true,\"valueName\":\"search_term_string\"}}],\"inLanguage\":\"pt-BR\"},{\"@type\":\"Organization\",\"@id\":\"https:\\\/\\\/africaatual.com.br\\\/#organization\",\"name\":\"africaatual.com.br\",\"url\":\"https:\\\/\\\/africaatual.com.br\\\/\",\"logo\":{\"@type\":\"ImageObject\",\"inLanguage\":\"pt-BR\",\"@id\":\"https:\\\/\\\/africaatual.com.br\\\/#\\\/schema\\\/logo\\\/image\\\/\",\"url\":\"http:\\\/\\\/africaatual.com.br\\\/wp-content\\\/uploads\\\/2023\\\/06\\\/LOGOEIROS_Prancheta-1-tipo-preto.png\",\"contentUrl\":\"http:\\\/\\\/africaatual.com.br\\\/wp-content\\\/uploads\\\/2023\\\/06\\\/LOGOEIROS_Prancheta-1-tipo-preto.png\",\"width\":1667,\"height\":730,\"caption\":\"africaatual.com.br\"},\"image\":{\"@id\":\"https:\\\/\\\/africaatual.com.br\\\/#\\\/schema\\\/logo\\\/image\\\/\"}}]}<\/script>\n<!-- \/ Yoast SEO plugin. -->","yoast_head_json":{"title":"Semin\u00e1rio \"Pesquisador e cientista: a profiss\u00e3o de futuro\" - africaatual.com.br","robots":{"index":"index","follow":"follow","max-snippet":"max-snippet:-1","max-image-preview":"max-image-preview:large","max-video-preview":"max-video-preview:-1"},"canonical":"https:\/\/africaatual.com.br\/index.php\/event\/seminario-pesquisador-e-cientista-a-profissao-de-futuro\/","og_locale":"pt_BR","og_type":"article","og_title":"Semin\u00e1rio \"Pesquisador e cientista: a profiss\u00e3o de futuro\" - africaatual.com.br","og_description":"CIAL\ud83d\udea8 Evento Imperd\u00edvel! \ud83d\udea8 No dia 02 de outubro de 2024, \u00e0s 17h, a Universidade Zumbi dos Palmares e o CEPRACIAL (Centro de Estudos e Pesquisas em Justi\u00e7a Racial, Ambiental e Mudan\u00e7as Clim\u00e1ticas) promovem o semin\u00e1rio &#8220;Pesquisador e cientista: a profiss\u00e3o de futuro&#8221;. \ud83c\udf0d\ud83d\udd2c Com a participa\u00e7\u00e3o de grandes nomes da ci\u00eancia e tecnologia, o evento ser\u00e1 presencial e online, com certificado para os inscritos. \ud83d\udca1 N\u00e3o perca essa oportunidade de discutir o futuro das carreiras cient\u00edficas e tecnol\u00f3gicas! \ud83d\ude80 \ud83d\udd17 Inscri\u00e7\u00f5es e mais informa\u00e7\u00f5es no site: segurancadofuturo.org.br Compartilhe e participe! \ud83d\udcda\u270a\ud83c\udffd","og_url":"https:\/\/africaatual.com.br\/index.php\/event\/seminario-pesquisador-e-cientista-a-profissao-de-futuro\/","og_site_name":"africaatual.com.br","article_modified_time":"2024-09-25T21:10:16+00:00","og_image":[{"width":1000,"height":1000,"url":"http:\/\/africaatual.com.br\/wp-content\/uploads\/2024\/09\/CARD-UNIV-ZUMBI-CEPRACIAL.jpg","type":"image\/jpeg"}],"twitter_card":"summary_large_image","twitter_misc":{"Est. tempo de leitura":"1 minuto"},"schema":{"@context":"https:\/\/schema.org","@graph":[{"@type":"WebPage","@id":"https:\/\/africaatual.com.br\/index.php\/event\/seminario-pesquisador-e-cientista-a-profissao-de-futuro\/","url":"https:\/\/africaatual.com.br\/index.php\/event\/seminario-pesquisador-e-cientista-a-profissao-de-futuro\/","name":"Semin\u00e1rio \"Pesquisador e cientista: a profiss\u00e3o de futuro\" - africaatual.com.br","isPartOf":{"@id":"https:\/\/africaatual.com.br\/#website"},"primaryImageOfPage":{"@id":"https:\/\/africaatual.com.br\/index.php\/event\/seminario-pesquisador-e-cientista-a-profissao-de-futuro\/#primaryimage"},"image":{"@id":"https:\/\/africaatual.com.br\/index.php\/event\/seminario-pesquisador-e-cientista-a-profissao-de-futuro\/#primaryimage"},"thumbnailUrl":"https:\/\/africaatual.com.br\/wp-content\/uploads\/2024\/09\/CARD-UNIV-ZUMBI-CEPRACIAL.jpg","datePublished":"2024-09-25T20:42:34+00:00","dateModified":"2024-09-25T21:10:16+00:00","breadcrumb":{"@id":"https:\/\/africaatual.com.br\/index.php\/event\/seminario-pesquisador-e-cientista-a-profissao-de-futuro\/#breadcrumb"},"inLanguage":"pt-BR","potentialAction":[{"@type":"ReadAction","target":["https:\/\/africaatual.com.br\/index.php\/event\/seminario-pesquisador-e-cientista-a-profissao-de-futuro\/"]}]},{"@type":"ImageObject","inLanguage":"pt-BR","@id":"https:\/\/africaatual.com.br\/index.php\/event\/seminario-pesquisador-e-cientista-a-profissao-de-futuro\/#primaryimage","url":"https:\/\/africaatual.com.br\/wp-content\/uploads\/2024\/09\/CARD-UNIV-ZUMBI-CEPRACIAL.jpg","contentUrl":"https:\/\/africaatual.com.br\/wp-content\/uploads\/2024\/09\/CARD-UNIV-ZUMBI-CEPRACIAL.jpg","width":1000,"height":1000,"caption":"A imagem apresenta as informa\u00e7\u00f5es sobre o evento que ser\u00e1 realizado no dia 02 de outubro de 2024, \u00e0s 17h, de forma presencial e online, no audit\u00f3rio da Universidade Zumbi dos Palmares. O evento contar\u00e1 com a participa\u00e7\u00e3o de tr\u00eas palestrantes e ser\u00e1 mediado pelo Prof. Dr. Odair Marques da Silva, Diretor de P\u00f3s-gradua\u00e7\u00e3o e Pesquisa da universidade. Abertura: Prof. Dr. Jos\u00e9 Vicente, Reitor da Universidade Zumbi dos Palmares. Palestrantes: Leonardo da Cruz, engenheiro el\u00e9trico do Centro de Pesquisas Avan\u00e7adas Wernher Von Braun. Lissa Pesci, cientista da computa\u00e7\u00e3o do Instituto de Pesquisas Eldorado. Fabiana Ramos, t\u00e9cnica em bioqu\u00edmica e bi\u00f3loga da Funda\u00e7\u00e3o de Desenvolvimento da Pesquisa do Agroneg\u00f3cio (FUNDEPAG). O evento \u00e9 realizado pela Universidade Zumbi dos Palmares e o CEPRACIAL (Centro de Estudos e Pesquisas em Justi\u00e7a Racial, Ambiental e Mudan\u00e7as Clim\u00e1ticas), com parceria do SINTPq (Sindicato dos Trabalhadores em Pesquisa, Ci\u00eancia e Tecnologia de S\u00e3o Paulo). No rodap\u00e9 da imagem, consta o site de acesso para mais informa\u00e7\u00f5es e inscri\u00e7\u00f5es: segurancadofuturo.org.br."},{"@type":"BreadcrumbList","@id":"https:\/\/africaatual.com.br\/index.php\/event\/seminario-pesquisador-e-cientista-a-profissao-de-futuro\/#breadcrumb","itemListElement":[{"@type":"ListItem","position":1,"name":"In\u00edcio","item":"https:\/\/africaatual.com.br\/"},{"@type":"ListItem","position":2,"name":"Eventos","item":"https:\/\/africaatual.com.br\/index.php\/events\/"},{"@type":"ListItem","position":3,"name":"Semin\u00e1rio &#8220;Pesquisador e cientista: a profiss\u00e3o de futuro&#8221;"}]},{"@type":"WebSite","@id":"https:\/\/africaatual.com.br\/#website","url":"https:\/\/africaatual.com.br\/","name":"africaatual.com.br","description":"O Atlas Geocultural da \u00c1frica \u00e9 um rico material de leitura e pesquisa, que visa apresentar de forma atual os pa\u00edses africanos, ainda t\u00e3o pouco conhecidos.","publisher":{"@id":"https:\/\/africaatual.com.br\/#organization"},"potentialAction":[{"@type":"SearchAction","target":{"@type":"EntryPoint","urlTemplate":"https:\/\/africaatual.com.br\/?s={search_term_string}"},"query-input":{"@type":"PropertyValueSpecification","valueRequired":true,"valueName":"search_term_string"}}],"inLanguage":"pt-BR"},{"@type":"Organization","@id":"https:\/\/africaatual.com.br\/#organization","name":"africaatual.com.br","url":"https:\/\/africaatual.com.br\/","logo":{"@type":"ImageObject","inLanguage":"pt-BR","@id":"https:\/\/africaatual.com.br\/#\/schema\/logo\/image\/","url":"http:\/\/africaatual.com.br\/wp-content\/uploads\/2023\/06\/LOGOEIROS_Prancheta-1-tipo-preto.png","contentUrl":"http:\/\/africaatual.com.br\/wp-content\/uploads\/2023\/06\/LOGOEIROS_Prancheta-1-tipo-preto.png","width":1667,"height":730,"caption":"africaatual.com.br"},"image":{"@id":"https:\/\/africaatual.com.br\/#\/schema\/logo\/image\/"}}]}},"_links":{"self":[{"href":"https:\/\/africaatual.com.br\/index.php\/wp-json\/wp\/v2\/tribe_events\/11977","targetHints":{"allow":["GET"]}}],"collection":[{"href":"https:\/\/africaatual.com.br\/index.php\/wp-json\/wp\/v2\/tribe_events"}],"about":[{"href":"https:\/\/africaatual.com.br\/index.php\/wp-json\/wp\/v2\/types\/tribe_events"}],"author":[{"embeddable":true,"href":"https:\/\/africaatual.com.br\/index.php\/wp-json\/wp\/v2\/users\/2"}],"version-history":[{"count":3,"href":"https:\/\/africaatual.com.br\/index.php\/wp-json\/wp\/v2\/tribe_events\/11977\/revisions"}],"predecessor-version":[{"id":11980,"href":"https:\/\/africaatual.com.br\/index.php\/wp-json\/wp\/v2\/tribe_events\/11977\/revisions\/11980"}],"wp:featuredmedia":[{"embeddable":true,"href":"https:\/\/africaatual.com.br\/index.php\/wp-json\/wp\/v2\/media\/11974"}],"wp:attachment":[{"href":"https:\/\/africaatual.com.br\/index.php\/wp-json\/wp\/v2\/media?parent=11977"}],"wp:term":[{"taxonomy":"post_tag","embeddable":true,"href":"https:\/\/africaatual.com.br\/index.php\/wp-json\/wp\/v2\/tags?post=11977"},{"taxonomy":"tribe_events_cat","embeddable":true,"href":"https:\/\/africaatual.com.br\/index.php\/wp-json\/wp\/v2\/tribe_events_cat?post=11977"}],"curies":[{"name":"wp","href":"https:\/\/api.w.org\/{rel}","templated":true}]}}