
{"id":12568,"date":"2025-03-24T14:28:48","date_gmt":"2025-03-24T17:28:48","guid":{"rendered":"https:\/\/africaatual.com.br\/?post_type=tribe_events&#038;p=12568"},"modified":"2025-03-24T21:00:48","modified_gmt":"2025-03-25T00:00:48","slug":"abertura-da-jornada-lelia-gonzalez","status":"publish","type":"tribe_events","link":"https:\/\/africaatual.com.br\/index.php\/event\/abertura-da-jornada-lelia-gonzalez\/","title":{"rendered":"ABERTURA DA JORNADA L\u00c9LIA GONZALEZ"},"content":{"rendered":"<p><img fetchpriority=\"high\" decoding=\"async\" class=\"alignnone size-medium\" src=\"https:\/\/africaatual.com.br\/wp-content\/uploads\/2025\/03\/lelia%20Gonzalez.jpg\" alt=\"Convite para a abertura da \" width=\"1063\" height=\"827\" \/><\/p>\n<p>Com palestra inaugural<\/p>\n<p>Palestrante: Luiza Mandela<\/p>\n<p>Professora, pedagoga, p\u00f3s-graduada em Gest\u00e3o Educacional Integrada e Psicopedagogia pela Universidade C\u00e2ndido Mendes, com mestrado em Rela\u00e7\u00f5es \u00c9tnico-Raciais pelo CEFET e doutoranda em Educa\u00e7\u00e3o pela UERJ &#8211; Programa Processos Formativos e Desigualdades Sociais. \u00c9 uma das idealizadoras do Curso On\u00e3 Inf\u00e2ncias e Rela\u00e7\u00f5es \u00c9tnico-raciais, voltado \u00e0 forma\u00e7\u00e3o para a educa\u00e7\u00e3o \u00e9tnico-racial de profissionais da Educa\u00e7\u00e3o. \u00c9 membro da Associa\u00e7\u00e3o Brasileira de Pesquisadores Negros, escritora e coautora de seis livros, entre eles &#8221;Sa\u00fade Mental da Popula\u00e7\u00e3o Preta Importa&#8221;, e Coordenadora Editorial do livro &#8221;Seja Pot\u00eancia Negra&#8221;. Atua principalmente nos temas: rela\u00e7\u00f5es raciais e educa\u00e7\u00e3o antirracista.<\/p>\n<p>Data: 24 de Mar\u00e7o de 2025.<\/p>\n<p>Local: Sal\u00e3o Vermelho, 14h \u00e0s 17h<\/p>\n","protected":false},"excerpt":{"rendered":"<p>Com palestra inaugural Palestrante: Luiza Mandela Professora, pedagoga, p\u00f3s-graduada em Gest\u00e3o Educacional Integrada e Psicopedagogia pela Universidade C\u00e2ndido Mendes, com mestrado em Rela\u00e7\u00f5es \u00c9tnico-Raciais pelo CEFET e doutoranda em Educa\u00e7\u00e3o pela UERJ &#8211; Programa Processos Formativos e Desigualdades Sociais. \u00c9 uma das idealizadoras do Curso On\u00e3 Inf\u00e2ncias e Rela\u00e7\u00f5es \u00c9tnico-raciais, voltado \u00e0 forma\u00e7\u00e3o para a educa\u00e7\u00e3o \u00e9tnico-racial de profissionais da Educa\u00e7\u00e3o. \u00c9 membro da Associa\u00e7\u00e3o Brasileira de Pesquisadores Negros, escritora e coautora de seis livros, entre eles &#8221;Sa\u00fade Mental da Popula\u00e7\u00e3o Preta Importa&#8221;, e Coordenadora Editorial do livro &#8221;Seja Pot\u00eancia Negra&#8221;. Atua principalmente nos temas: rela\u00e7\u00f5es raciais e educa\u00e7\u00e3o antirracista. Data: 24 de Mar\u00e7o de 2025. Local: Sal\u00e3o Vermelho, 14h \u00e0s 17h<\/p>\n","protected":false},"author":2,"featured_media":12569,"template":"","meta":{"inline_featured_image":false,"ocean_post_layout":"","ocean_both_sidebars_style":"","ocean_both_sidebars_content_width":0,"ocean_both_sidebars_sidebars_width":0,"ocean_sidebar":"","ocean_second_sidebar":"","ocean_disable_margins":"enable","ocean_add_body_class":"","ocean_shortcode_before_top_bar":"","ocean_shortcode_after_top_bar":"","ocean_shortcode_before_header":"","ocean_shortcode_after_header":"","ocean_has_shortcode":"","ocean_shortcode_after_title":"","ocean_shortcode_before_footer_widgets":"","ocean_shortcode_after_footer_widgets":"","ocean_shortcode_before_footer_bottom":"","ocean_shortcode_after_footer_bottom":"","ocean_display_top_bar":"default","ocean_display_header":"default","ocean_header_style":"","ocean_center_header_left_menu":"","ocean_custom_header_template":"","ocean_custom_logo":0,"ocean_custom_retina_logo":0,"ocean_custom_logo_max_width":0,"ocean_custom_logo_tablet_max_width":0,"ocean_custom_logo_mobile_max_width":0,"ocean_custom_logo_max_height":0,"ocean_custom_logo_tablet_max_height":0,"ocean_custom_logo_mobile_max_height":0,"ocean_header_custom_menu":"","ocean_menu_typo_font_family":"","ocean_menu_typo_font_subset":"","ocean_menu_typo_font_size":0,"ocean_menu_typo_font_size_tablet":0,"ocean_menu_typo_font_size_mobile":0,"ocean_menu_typo_font_size_unit":"px","ocean_menu_typo_font_weight":"","ocean_menu_typo_font_weight_tablet":"","ocean_menu_typo_font_weight_mobile":"","ocean_menu_typo_transform":"","ocean_menu_typo_transform_tablet":"","ocean_menu_typo_transform_mobile":"","ocean_menu_typo_line_height":0,"ocean_menu_typo_line_height_tablet":0,"ocean_menu_typo_line_height_mobile":0,"ocean_menu_typo_line_height_unit":"","ocean_menu_typo_spacing":0,"ocean_menu_typo_spacing_tablet":0,"ocean_menu_typo_spacing_mobile":0,"ocean_menu_typo_spacing_unit":"","ocean_menu_link_color":"","ocean_menu_link_color_hover":"","ocean_menu_link_color_active":"","ocean_menu_link_background":"","ocean_menu_link_hover_background":"","ocean_menu_link_active_background":"","ocean_menu_social_links_bg":"","ocean_menu_social_hover_links_bg":"","ocean_menu_social_links_color":"","ocean_menu_social_hover_links_color":"","ocean_disable_title":"default","ocean_disable_heading":"default","ocean_post_title":"","ocean_post_subheading":"","ocean_post_title_style":"","ocean_post_title_background_color":"","ocean_post_title_background":0,"ocean_post_title_bg_image_position":"","ocean_post_title_bg_image_attachment":"","ocean_post_title_bg_image_repeat":"","ocean_post_title_bg_image_size":"","ocean_post_title_height":0,"ocean_post_title_bg_overlay":0.5,"ocean_post_title_bg_overlay_color":"","ocean_disable_breadcrumbs":"default","ocean_breadcrumbs_color":"","ocean_breadcrumbs_separator_color":"","ocean_breadcrumbs_links_color":"","ocean_breadcrumbs_links_hover_color":"","ocean_display_footer_widgets":"default","ocean_display_footer_bottom":"default","ocean_custom_footer_template":"","omw_enable_modal_window":"enable","_tribe_events_status":"","_tribe_events_status_reason":"","footnotes":""},"tags":[249,248,255],"tribe_events_cat":[183,181,212],"class_list":["post-12568","tribe_events","type-tribe_events","status-publish","has-post-thumbnail","hentry","tag-campinas","tag-lelia-gonzalez","tag-luiza-mandela","tribe_events_cat-noticias","tribe_events_cat-publicacoes","tribe_events_cat-seminario","cat_noticias","cat_publicacoes","cat_seminario","entry","has-media"],"yoast_head":"<!-- This site is optimized with the Yoast SEO plugin v27.3 - https:\/\/yoast.com\/product\/yoast-seo-wordpress\/ -->\n<title>ABERTURA DA JORNADA L\u00c9LIA GONZALEZ - africaatual.com.br<\/title>\n<meta name=\"robots\" content=\"index, follow, max-snippet:-1, max-image-preview:large, max-video-preview:-1\" \/>\n<link rel=\"canonical\" href=\"https:\/\/africaatual.com.br\/index.php\/event\/abertura-da-jornada-lelia-gonzalez\/\" \/>\n<meta property=\"og:locale\" content=\"pt_BR\" \/>\n<meta property=\"og:type\" content=\"article\" \/>\n<meta property=\"og:title\" content=\"ABERTURA DA JORNADA L\u00c9LIA GONZALEZ - africaatual.com.br\" \/>\n<meta property=\"og:description\" content=\"Com palestra inaugural Palestrante: Luiza Mandela Professora, pedagoga, p\u00f3s-graduada em Gest\u00e3o Educacional Integrada e Psicopedagogia pela Universidade C\u00e2ndido Mendes, com mestrado em Rela\u00e7\u00f5es \u00c9tnico-Raciais pelo CEFET e doutoranda em Educa\u00e7\u00e3o pela UERJ &#8211; Programa Processos Formativos e Desigualdades Sociais. \u00c9 uma das idealizadoras do Curso On\u00e3 Inf\u00e2ncias e Rela\u00e7\u00f5es \u00c9tnico-raciais, voltado \u00e0 forma\u00e7\u00e3o para a educa\u00e7\u00e3o \u00e9tnico-racial de profissionais da Educa\u00e7\u00e3o. \u00c9 membro da Associa\u00e7\u00e3o Brasileira de Pesquisadores Negros, escritora e coautora de seis livros, entre eles &#8221;Sa\u00fade Mental da Popula\u00e7\u00e3o Preta Importa&#8221;, e Coordenadora Editorial do livro &#8221;Seja Pot\u00eancia Negra&#8221;. Atua principalmente nos temas: rela\u00e7\u00f5es raciais e educa\u00e7\u00e3o antirracista. Data: 24 de Mar\u00e7o de 2025. Local: Sal\u00e3o Vermelho, 14h \u00e0s 17h\" \/>\n<meta property=\"og:url\" content=\"https:\/\/africaatual.com.br\/index.php\/event\/abertura-da-jornada-lelia-gonzalez\/\" \/>\n<meta property=\"og:site_name\" content=\"africaatual.com.br\" \/>\n<meta property=\"article:modified_time\" content=\"2025-03-25T00:00:48+00:00\" \/>\n<meta property=\"og:image\" content=\"http:\/\/africaatual.com.br\/wp-content\/uploads\/2025\/03\/lelia-Gonzalez.jpg\" \/>\n\t<meta property=\"og:image:width\" content=\"1063\" \/>\n\t<meta property=\"og:image:height\" content=\"827\" \/>\n\t<meta property=\"og:image:type\" content=\"image\/jpeg\" \/>\n<meta name=\"twitter:card\" content=\"summary_large_image\" \/>\n<meta name=\"twitter:label1\" content=\"Est. tempo de leitura\" \/>\n\t<meta name=\"twitter:data1\" content=\"2 minutos\" \/>\n<script type=\"application\/ld+json\" class=\"yoast-schema-graph\">{\"@context\":\"https:\\\/\\\/schema.org\",\"@graph\":[{\"@type\":\"WebPage\",\"@id\":\"https:\\\/\\\/africaatual.com.br\\\/index.php\\\/event\\\/abertura-da-jornada-lelia-gonzalez\\\/\",\"url\":\"https:\\\/\\\/africaatual.com.br\\\/index.php\\\/event\\\/abertura-da-jornada-lelia-gonzalez\\\/\",\"name\":\"ABERTURA DA JORNADA L\u00c9LIA GONZALEZ - africaatual.com.br\",\"isPartOf\":{\"@id\":\"https:\\\/\\\/africaatual.com.br\\\/#website\"},\"primaryImageOfPage\":{\"@id\":\"https:\\\/\\\/africaatual.com.br\\\/index.php\\\/event\\\/abertura-da-jornada-lelia-gonzalez\\\/#primaryimage\"},\"image\":{\"@id\":\"https:\\\/\\\/africaatual.com.br\\\/index.php\\\/event\\\/abertura-da-jornada-lelia-gonzalez\\\/#primaryimage\"},\"thumbnailUrl\":\"https:\\\/\\\/africaatual.com.br\\\/wp-content\\\/uploads\\\/2025\\\/03\\\/lelia-Gonzalez.jpg\",\"datePublished\":\"2025-03-24T17:28:48+00:00\",\"dateModified\":\"2025-03-25T00:00:48+00:00\",\"breadcrumb\":{\"@id\":\"https:\\\/\\\/africaatual.com.br\\\/index.php\\\/event\\\/abertura-da-jornada-lelia-gonzalez\\\/#breadcrumb\"},\"inLanguage\":\"pt-BR\",\"potentialAction\":[{\"@type\":\"ReadAction\",\"target\":[\"https:\\\/\\\/africaatual.com.br\\\/index.php\\\/event\\\/abertura-da-jornada-lelia-gonzalez\\\/\"]}]},{\"@type\":\"ImageObject\",\"inLanguage\":\"pt-BR\",\"@id\":\"https:\\\/\\\/africaatual.com.br\\\/index.php\\\/event\\\/abertura-da-jornada-lelia-gonzalez\\\/#primaryimage\",\"url\":\"https:\\\/\\\/africaatual.com.br\\\/wp-content\\\/uploads\\\/2025\\\/03\\\/lelia-Gonzalez.jpg\",\"contentUrl\":\"https:\\\/\\\/africaatual.com.br\\\/wp-content\\\/uploads\\\/2025\\\/03\\\/lelia-Gonzalez.jpg\",\"width\":1063,\"height\":827},{\"@type\":\"BreadcrumbList\",\"@id\":\"https:\\\/\\\/africaatual.com.br\\\/index.php\\\/event\\\/abertura-da-jornada-lelia-gonzalez\\\/#breadcrumb\",\"itemListElement\":[{\"@type\":\"ListItem\",\"position\":1,\"name\":\"In\u00edcio\",\"item\":\"https:\\\/\\\/africaatual.com.br\\\/\"},{\"@type\":\"ListItem\",\"position\":2,\"name\":\"Eventos\",\"item\":\"https:\\\/\\\/africaatual.com.br\\\/index.php\\\/events\\\/\"},{\"@type\":\"ListItem\",\"position\":3,\"name\":\"ABERTURA DA JORNADA L\u00c9LIA GONZALEZ\"}]},{\"@type\":\"WebSite\",\"@id\":\"https:\\\/\\\/africaatual.com.br\\\/#website\",\"url\":\"https:\\\/\\\/africaatual.com.br\\\/\",\"name\":\"africaatual.com.br\",\"description\":\"O Atlas Geocultural da \u00c1frica \u00e9 um rico material de leitura e pesquisa, que visa apresentar de forma atual os pa\u00edses africanos, ainda t\u00e3o pouco conhecidos.\",\"publisher\":{\"@id\":\"https:\\\/\\\/africaatual.com.br\\\/#organization\"},\"potentialAction\":[{\"@type\":\"SearchAction\",\"target\":{\"@type\":\"EntryPoint\",\"urlTemplate\":\"https:\\\/\\\/africaatual.com.br\\\/?s={search_term_string}\"},\"query-input\":{\"@type\":\"PropertyValueSpecification\",\"valueRequired\":true,\"valueName\":\"search_term_string\"}}],\"inLanguage\":\"pt-BR\"},{\"@type\":\"Organization\",\"@id\":\"https:\\\/\\\/africaatual.com.br\\\/#organization\",\"name\":\"africaatual.com.br\",\"url\":\"https:\\\/\\\/africaatual.com.br\\\/\",\"logo\":{\"@type\":\"ImageObject\",\"inLanguage\":\"pt-BR\",\"@id\":\"https:\\\/\\\/africaatual.com.br\\\/#\\\/schema\\\/logo\\\/image\\\/\",\"url\":\"http:\\\/\\\/africaatual.com.br\\\/wp-content\\\/uploads\\\/2023\\\/06\\\/LOGOEIROS_Prancheta-1-tipo-preto.png\",\"contentUrl\":\"http:\\\/\\\/africaatual.com.br\\\/wp-content\\\/uploads\\\/2023\\\/06\\\/LOGOEIROS_Prancheta-1-tipo-preto.png\",\"width\":1667,\"height\":730,\"caption\":\"africaatual.com.br\"},\"image\":{\"@id\":\"https:\\\/\\\/africaatual.com.br\\\/#\\\/schema\\\/logo\\\/image\\\/\"}}]}<\/script>\n<!-- \/ Yoast SEO plugin. -->","yoast_head_json":{"title":"ABERTURA DA JORNADA L\u00c9LIA GONZALEZ - africaatual.com.br","robots":{"index":"index","follow":"follow","max-snippet":"max-snippet:-1","max-image-preview":"max-image-preview:large","max-video-preview":"max-video-preview:-1"},"canonical":"https:\/\/africaatual.com.br\/index.php\/event\/abertura-da-jornada-lelia-gonzalez\/","og_locale":"pt_BR","og_type":"article","og_title":"ABERTURA DA JORNADA L\u00c9LIA GONZALEZ - africaatual.com.br","og_description":"Com palestra inaugural Palestrante: Luiza Mandela Professora, pedagoga, p\u00f3s-graduada em Gest\u00e3o Educacional Integrada e Psicopedagogia pela Universidade C\u00e2ndido Mendes, com mestrado em Rela\u00e7\u00f5es \u00c9tnico-Raciais pelo CEFET e doutoranda em Educa\u00e7\u00e3o pela UERJ &#8211; Programa Processos Formativos e Desigualdades Sociais. \u00c9 uma das idealizadoras do Curso On\u00e3 Inf\u00e2ncias e Rela\u00e7\u00f5es \u00c9tnico-raciais, voltado \u00e0 forma\u00e7\u00e3o para a educa\u00e7\u00e3o \u00e9tnico-racial de profissionais da Educa\u00e7\u00e3o. \u00c9 membro da Associa\u00e7\u00e3o Brasileira de Pesquisadores Negros, escritora e coautora de seis livros, entre eles &#8221;Sa\u00fade Mental da Popula\u00e7\u00e3o Preta Importa&#8221;, e Coordenadora Editorial do livro &#8221;Seja Pot\u00eancia Negra&#8221;. Atua principalmente nos temas: rela\u00e7\u00f5es raciais e educa\u00e7\u00e3o antirracista. Data: 24 de Mar\u00e7o de 2025. Local: Sal\u00e3o Vermelho, 14h \u00e0s 17h","og_url":"https:\/\/africaatual.com.br\/index.php\/event\/abertura-da-jornada-lelia-gonzalez\/","og_site_name":"africaatual.com.br","article_modified_time":"2025-03-25T00:00:48+00:00","og_image":[{"width":1063,"height":827,"url":"http:\/\/africaatual.com.br\/wp-content\/uploads\/2025\/03\/lelia-Gonzalez.jpg","type":"image\/jpeg"}],"twitter_card":"summary_large_image","twitter_misc":{"Est. tempo de leitura":"2 minutos"},"schema":{"@context":"https:\/\/schema.org","@graph":[{"@type":"WebPage","@id":"https:\/\/africaatual.com.br\/index.php\/event\/abertura-da-jornada-lelia-gonzalez\/","url":"https:\/\/africaatual.com.br\/index.php\/event\/abertura-da-jornada-lelia-gonzalez\/","name":"ABERTURA DA JORNADA L\u00c9LIA GONZALEZ - africaatual.com.br","isPartOf":{"@id":"https:\/\/africaatual.com.br\/#website"},"primaryImageOfPage":{"@id":"https:\/\/africaatual.com.br\/index.php\/event\/abertura-da-jornada-lelia-gonzalez\/#primaryimage"},"image":{"@id":"https:\/\/africaatual.com.br\/index.php\/event\/abertura-da-jornada-lelia-gonzalez\/#primaryimage"},"thumbnailUrl":"https:\/\/africaatual.com.br\/wp-content\/uploads\/2025\/03\/lelia-Gonzalez.jpg","datePublished":"2025-03-24T17:28:48+00:00","dateModified":"2025-03-25T00:00:48+00:00","breadcrumb":{"@id":"https:\/\/africaatual.com.br\/index.php\/event\/abertura-da-jornada-lelia-gonzalez\/#breadcrumb"},"inLanguage":"pt-BR","potentialAction":[{"@type":"ReadAction","target":["https:\/\/africaatual.com.br\/index.php\/event\/abertura-da-jornada-lelia-gonzalez\/"]}]},{"@type":"ImageObject","inLanguage":"pt-BR","@id":"https:\/\/africaatual.com.br\/index.php\/event\/abertura-da-jornada-lelia-gonzalez\/#primaryimage","url":"https:\/\/africaatual.com.br\/wp-content\/uploads\/2025\/03\/lelia-Gonzalez.jpg","contentUrl":"https:\/\/africaatual.com.br\/wp-content\/uploads\/2025\/03\/lelia-Gonzalez.jpg","width":1063,"height":827},{"@type":"BreadcrumbList","@id":"https:\/\/africaatual.com.br\/index.php\/event\/abertura-da-jornada-lelia-gonzalez\/#breadcrumb","itemListElement":[{"@type":"ListItem","position":1,"name":"In\u00edcio","item":"https:\/\/africaatual.com.br\/"},{"@type":"ListItem","position":2,"name":"Eventos","item":"https:\/\/africaatual.com.br\/index.php\/events\/"},{"@type":"ListItem","position":3,"name":"ABERTURA DA JORNADA L\u00c9LIA GONZALEZ"}]},{"@type":"WebSite","@id":"https:\/\/africaatual.com.br\/#website","url":"https:\/\/africaatual.com.br\/","name":"africaatual.com.br","description":"O Atlas Geocultural da \u00c1frica \u00e9 um rico material de leitura e pesquisa, que visa apresentar de forma atual os pa\u00edses africanos, ainda t\u00e3o pouco conhecidos.","publisher":{"@id":"https:\/\/africaatual.com.br\/#organization"},"potentialAction":[{"@type":"SearchAction","target":{"@type":"EntryPoint","urlTemplate":"https:\/\/africaatual.com.br\/?s={search_term_string}"},"query-input":{"@type":"PropertyValueSpecification","valueRequired":true,"valueName":"search_term_string"}}],"inLanguage":"pt-BR"},{"@type":"Organization","@id":"https:\/\/africaatual.com.br\/#organization","name":"africaatual.com.br","url":"https:\/\/africaatual.com.br\/","logo":{"@type":"ImageObject","inLanguage":"pt-BR","@id":"https:\/\/africaatual.com.br\/#\/schema\/logo\/image\/","url":"http:\/\/africaatual.com.br\/wp-content\/uploads\/2023\/06\/LOGOEIROS_Prancheta-1-tipo-preto.png","contentUrl":"http:\/\/africaatual.com.br\/wp-content\/uploads\/2023\/06\/LOGOEIROS_Prancheta-1-tipo-preto.png","width":1667,"height":730,"caption":"africaatual.com.br"},"image":{"@id":"https:\/\/africaatual.com.br\/#\/schema\/logo\/image\/"}}]}},"_links":{"self":[{"href":"https:\/\/africaatual.com.br\/index.php\/wp-json\/wp\/v2\/tribe_events\/12568","targetHints":{"allow":["GET"]}}],"collection":[{"href":"https:\/\/africaatual.com.br\/index.php\/wp-json\/wp\/v2\/tribe_events"}],"about":[{"href":"https:\/\/africaatual.com.br\/index.php\/wp-json\/wp\/v2\/types\/tribe_events"}],"author":[{"embeddable":true,"href":"https:\/\/africaatual.com.br\/index.php\/wp-json\/wp\/v2\/users\/2"}],"version-history":[{"count":1,"href":"https:\/\/africaatual.com.br\/index.php\/wp-json\/wp\/v2\/tribe_events\/12568\/revisions"}],"predecessor-version":[{"id":12571,"href":"https:\/\/africaatual.com.br\/index.php\/wp-json\/wp\/v2\/tribe_events\/12568\/revisions\/12571"}],"wp:featuredmedia":[{"embeddable":true,"href":"https:\/\/africaatual.com.br\/index.php\/wp-json\/wp\/v2\/media\/12569"}],"wp:attachment":[{"href":"https:\/\/africaatual.com.br\/index.php\/wp-json\/wp\/v2\/media?parent=12568"}],"wp:term":[{"taxonomy":"post_tag","embeddable":true,"href":"https:\/\/africaatual.com.br\/index.php\/wp-json\/wp\/v2\/tags?post=12568"},{"taxonomy":"tribe_events_cat","embeddable":true,"href":"https:\/\/africaatual.com.br\/index.php\/wp-json\/wp\/v2\/tribe_events_cat?post=12568"}],"curies":[{"name":"wp","href":"https:\/\/api.w.org\/{rel}","templated":true}]}}