
{"id":13757,"date":"2026-08-31T08:24:17","date_gmt":"2026-08-31T11:24:17","guid":{"rendered":"https:\/\/africaatual.com.br\/?post_type=tribe_events&#038;p=13757"},"modified":"2026-08-31T08:48:14","modified_gmt":"2026-08-31T11:48:14","slug":"afrofuturismo-afriotimismo-odair-marques-bienal-livro-sp","status":"publish","type":"tribe_events","link":"https:\/\/africaatual.com.br\/index.php\/event\/afrofuturismo-afriotimismo-odair-marques-bienal-livro-sp\/","title":{"rendered":"Afrofuturismo e Afriotimismo: Odair Marques lan\u00e7a livro na Bienal de S\u00e3o Paulo"},"content":{"rendered":"<p>O escritor Odair Marques da Silva participa da 28\u00aa Bienal Internacional do Livro de S\u00e3o Paulo com o lan\u00e7amento de Afrofuturismo e Afriotimismo. A sess\u00e3o de aut\u00f3grafos est\u00e1 marcada para 8 de setembro, \u00e0s 15h, no estande CC26, segundo material de divulga\u00e7\u00e3o do lan\u00e7amento.<\/p>\n<p>A participa\u00e7\u00e3o ocorre em uma edi\u00e7\u00e3o de grandes dimens\u00f5es da Bienal. Realizado entre 4 e 13 de setembro de 2026, no Distrito Anhembi, em S\u00e3o Paulo,<a href=\"https:\/\/www.bienaldolivrosp.com.br\/pt-br\/imprensa\/releases-do-evento\/-bienal-do-livro-de-sao-paulo-apresenta-programacao-oficial-da-m.html?utm_source=chatgpt.com\"> o evento ter\u00e1 269 expositores, 11 espa\u00e7os culturais e cerca de 350 autores nacionais e internacionais.<\/a> A organiza\u00e7\u00e3o estima receber mais de 700 mil visitantes.<\/p>\n<p>A presen\u00e7a de uma obra dedicada ao afrofuturismo e ao afriotimismo insere na programa\u00e7\u00e3o editorial um debate que ultrapassa a literatura e alcan\u00e7a quest\u00f5es sobre \u00c1frica, di\u00e1spora, produ\u00e7\u00e3o de conhecimento e constru\u00e7\u00e3o de futuros.<\/p>\n<h2>Afrofuturismo e a disputa pelas imagens do futuro<\/h2>\n<p>O afrofuturismo tornou-se uma importante chave de leitura para manifesta\u00e7\u00f5es culturais que articulam experi\u00eancias negras, tecnologia, imagina\u00e7\u00e3o, ancestralidade e proje\u00e7\u00f5es de futuro.<\/p>\n<p>Nesse sentido, falar de futuro a partir de sujeitos africanos e afro-diasp\u00f3ricos tamb\u00e9m significa trazer olhares afirmativos sobre o continente africano.<\/p>\n<h3>Bienal re\u00fane centenas de autores em S\u00e3o Paulo<\/h3>\n<p>A 28\u00aa Bienal Internacional do Livro de S\u00e3o Paulo ser\u00e1 realizada no Distrito Anhembi, na Avenida Olavo Fontoura, 1209, em Santana. A organiza\u00e7\u00e3o apresenta a edi\u00e7\u00e3o de 2026 como a maior da hist\u00f3ria do evento, com investimento de R$ 36,5 milh\u00f5es, 86 mil metros quadrados de \u00e1rea ocupada e aproximadamente 3.450 horas de programa\u00e7\u00e3o.<\/p>\n<p>A programa\u00e7\u00e3o est\u00e1 distribu\u00edda por espa\u00e7os dedicados a diferentes formatos e p\u00fablicos, incluindo Arena Cultural, Espa\u00e7o Educa\u00e7\u00e3o, Espa\u00e7o Podcast e Pra\u00e7a da Palavra. Esta \u00faltima re\u00fane, entre outras atividades, conversas com autores, saraus, slams e manifesta\u00e7\u00f5es art\u00edsticas voltadas \u00e0 diversidade de vozes e territ\u00f3rios.<\/p>\n<p>Segundo o material de divulga\u00e7\u00e3o encaminhado ao \u00c1frica Atual, o lan\u00e7amento de Afrofuturismo e Afriotimismo ter\u00e1 participa\u00e7\u00e3o da Editora Zumbi dos Palmares e da Universidade Zumbi dos Palmares.<\/p>\n<p>&nbsp;<\/p>\n<h4>Servi\u00e7o:<\/h4>\n<p>Lan\u00e7amento: Afrofuturismo e Afriotimismo<br \/>\nAutor: Odair Marques da Silva<br \/>\nData: 8 de setembro de 2026<br \/>\nHor\u00e1rio: 15h<br \/>\nLocal: estande CC26 \u2014 28\u00aa Bienal Internacional do Livro de S\u00e3o Paulo<br \/>\nEndere\u00e7o: Distrito Anhembi \u2014 Av. Olavo Fontoura, 1209, Santana, S\u00e3o Paulo (SP)<br \/>\nBienal: 4 a 13 de setembro de 2026<\/p>\n<p>O endere\u00e7o e o per\u00edodo de realiza\u00e7\u00e3o tamb\u00e9m est\u00e3o confirmados pela organiza\u00e7\u00e3o da Bienal.<br \/>\nhttps:\/\/www.bienaldolivrosp.com.br\/pt-br\/programacao-cultural.html?utm_source=chatgpt.com<\/p>\n<p>&nbsp;<\/p>\n","protected":false},"excerpt":{"rendered":"<p>O escritor Odair Marques da Silva participa da 28\u00aa Bienal Internacional do Livro de S\u00e3o Paulo com o lan\u00e7amento de Afrofuturismo e Afriotimismo. A sess\u00e3o de aut\u00f3grafos est\u00e1 marcada para 8 de setembro, \u00e0s 15h, no estande CC26, segundo material de divulga\u00e7\u00e3o do lan\u00e7amento. A participa\u00e7\u00e3o ocorre em uma edi\u00e7\u00e3o de grandes dimens\u00f5es da Bienal. Realizado entre 4 e 13 de setembro de 2026, no Distrito Anhembi, em S\u00e3o Paulo, o evento ter\u00e1 269 expositores, 11 espa\u00e7os culturais e cerca de 350 autores nacionais e internacionais. A organiza\u00e7\u00e3o estima receber mais de 700 mil visitantes. A presen\u00e7a de uma obra dedicada ao afrofuturismo e ao afriotimismo insere na programa\u00e7\u00e3o editorial um debate que ultrapassa a literatura e alcan\u00e7a quest\u00f5es sobre \u00c1frica, di\u00e1spora, produ\u00e7\u00e3o de conhecimento e constru\u00e7\u00e3o de futuros. Afrofuturismo e a disputa pelas imagens do futuro O afrofuturismo tornou-se uma importante chave de leitura para manifesta\u00e7\u00f5es culturais que articulam experi\u00eancias negras, tecnologia, imagina\u00e7\u00e3o, ancestralidade e proje\u00e7\u00f5es de futuro. Nesse sentido, falar de futuro a partir de sujeitos africanos e afro-diasp\u00f3ricos tamb\u00e9m significa trazer olhares afirmativos sobre o continente africano. Bienal re\u00fane centenas de autores em S\u00e3o Paulo A 28\u00aa Bienal Internacional do Livro de S\u00e3o Paulo ser\u00e1 realizada no Distrito Anhembi, na Avenida Olavo Fontoura, 1209, em Santana. A organiza\u00e7\u00e3o apresenta a edi\u00e7\u00e3o de 2026 como a maior da hist\u00f3ria do evento, com investimento de R$ 36,5 milh\u00f5es, 86 mil metros quadrados de \u00e1rea ocupada e aproximadamente 3.450 horas de programa\u00e7\u00e3o. A programa\u00e7\u00e3o est\u00e1 distribu\u00edda por espa\u00e7os dedicados a diferentes formatos e p\u00fablicos, incluindo Arena Cultural, Espa\u00e7o Educa\u00e7\u00e3o, Espa\u00e7o Podcast e Pra\u00e7a da Palavra. Esta \u00faltima re\u00fane, entre outras atividades, conversas com autores, saraus, slams e manifesta\u00e7\u00f5es art\u00edsticas voltadas \u00e0 diversidade de vozes e territ\u00f3rios. Segundo o material de divulga\u00e7\u00e3o encaminhado ao \u00c1frica Atual, o lan\u00e7amento de Afrofuturismo e Afriotimismo ter\u00e1 participa\u00e7\u00e3o da Editora Zumbi dos Palmares e da Universidade Zumbi dos Palmares. &nbsp; Servi\u00e7o: Lan\u00e7amento: Afrofuturismo e Afriotimismo Autor: Odair Marques da Silva Data: 8 de setembro de 2026 Hor\u00e1rio: 15h Local: estande CC26 \u2014 28\u00aa Bienal Internacional do Livro de S\u00e3o Paulo Endere\u00e7o: Distrito Anhembi \u2014 Av. Olavo Fontoura, 1209, Santana, S\u00e3o Paulo (SP) Bienal: 4 a 13 de setembro de 2026 O endere\u00e7o e o per\u00edodo de realiza\u00e7\u00e3o tamb\u00e9m est\u00e3o confirmados pela organiza\u00e7\u00e3o da Bienal. https:\/\/www.bienaldolivrosp.com.br\/pt-br\/programacao-cultural.html?utm_source=chatgpt.com &nbsp;<\/p>\n","protected":false},"author":2,"featured_media":13758,"template":"","meta":{"inline_featured_image":false,"ocean_front_end_style_editor":"no","ocean_post_layout":"","ocean_both_sidebars_style":"","ocean_both_sidebars_content_width":0,"ocean_both_sidebars_sidebars_width":0,"ocean_sidebar":"","ocean_second_sidebar":"","ocean_disable_margins":"enable","ocean_add_body_class":"","ocean_shortcode_before_top_bar":"","ocean_shortcode_after_top_bar":"","ocean_shortcode_before_header":"","ocean_shortcode_after_header":"","ocean_has_shortcode":"","ocean_shortcode_after_title":"","ocean_shortcode_before_footer_widgets":"","ocean_shortcode_after_footer_widgets":"","ocean_shortcode_before_footer_bottom":"","ocean_shortcode_after_footer_bottom":"","ocean_display_top_bar":"default","ocean_display_header":"default","ocean_header_style":"","ocean_center_header_left_menu":"","ocean_custom_header_template":"","ocean_custom_logo":0,"ocean_custom_retina_logo":0,"ocean_custom_logo_max_width":0,"ocean_custom_logo_tablet_max_width":0,"ocean_custom_logo_mobile_max_width":0,"ocean_custom_logo_max_height":0,"ocean_custom_logo_tablet_max_height":0,"ocean_custom_logo_mobile_max_height":0,"ocean_header_custom_menu":"","ocean_menu_typo_font_family":"","ocean_menu_typo_font_subset":"","ocean_menu_typo_font_size":0,"ocean_menu_typo_font_size_tablet":0,"ocean_menu_typo_font_size_mobile":0,"ocean_menu_typo_font_size_unit":"px","ocean_menu_typo_font_weight":"","ocean_menu_typo_font_weight_tablet":"","ocean_menu_typo_font_weight_mobile":"","ocean_menu_typo_transform":"","ocean_menu_typo_transform_tablet":"","ocean_menu_typo_transform_mobile":"","ocean_menu_typo_line_height":0,"ocean_menu_typo_line_height_tablet":0,"ocean_menu_typo_line_height_mobile":0,"ocean_menu_typo_line_height_unit":"","ocean_menu_typo_spacing":0,"ocean_menu_typo_spacing_tablet":0,"ocean_menu_typo_spacing_mobile":0,"ocean_menu_typo_spacing_unit":"","ocean_menu_link_color":"","ocean_menu_link_color_hover":"","ocean_menu_link_color_active":"","ocean_menu_link_background":"","ocean_menu_link_hover_background":"","ocean_menu_link_active_background":"","ocean_menu_social_links_bg":"","ocean_menu_social_hover_links_bg":"","ocean_menu_social_links_color":"","ocean_menu_social_hover_links_color":"","ocean_disable_title":"default","ocean_disable_heading":"default","ocean_post_title":"","ocean_post_subheading":"","ocean_post_title_style":"","ocean_post_title_background_color":"","ocean_post_title_background":0,"ocean_post_title_bg_image_position":"","ocean_post_title_bg_image_attachment":"","ocean_post_title_bg_image_repeat":"","ocean_post_title_bg_image_size":"","ocean_post_title_height":0,"ocean_post_title_bg_overlay":0.5,"ocean_post_title_bg_overlay_color":"","ocean_disable_breadcrumbs":"default","ocean_breadcrumbs_color":"","ocean_breadcrumbs_separator_color":"","ocean_breadcrumbs_links_color":"","ocean_breadcrumbs_links_hover_color":"","ocean_display_footer_widgets":"default","ocean_display_footer_bottom":"default","ocean_custom_footer_template":"","omw_enable_modal_window":"enable","h5ap_radio_sources":[],"_tribe_events_status":"","_tribe_events_status_reason":"","footnotes":""},"tags":[395,392,391,390,394,393,389],"tribe_events_cat":[182,250],"class_list":["post-13757","tribe_events","type-tribe_events","status-publish","has-post-thumbnail","hentry","tag-28a-bienal-do-livro-de-sao-paulo","tag-afriotimismo","tag-afrofuturismo","tag-bienal-do-livro-de-sao-paulo-2026","tag-literatura-africana","tag-literatura-negra","tag-odair-marques-da-silva","tribe_events_cat-eventos","tribe_events_cat-exposicao","cat_eventos","cat_exposicao","entry","has-media"],"yoast_head":"<!-- This site is optimized with the Yoast SEO plugin v28.2 - https:\/\/yoast.com\/product\/yoast-seo-wordpress\/ -->\n<title>Afrofuturismo e Afriotimismo: Odair Marques lan\u00e7a livro na Bienal de S\u00e3o Paulo - africaatual.com.br<\/title>\n<meta name=\"description\" content=\"Odair Marques da Silva lan\u00e7a \u201cAfrofuturismo e Afriotimismo\u201d em 8 de setembro, durante a 28\u00aa Bienal Internacional do Livro de S\u00e3o Paulo.\" \/>\n<meta name=\"robots\" content=\"index, follow, max-snippet:-1, max-image-preview:large, max-video-preview:-1\" \/>\n<link rel=\"canonical\" href=\"https:\/\/africaatual.com.br\/index.php\/event\/afrofuturismo-afriotimismo-odair-marques-bienal-livro-sp\/\" \/>\n<meta property=\"og:locale\" content=\"pt_BR\" \/>\n<meta property=\"og:type\" content=\"article\" \/>\n<meta property=\"og:title\" content=\"Afrofuturismo e Afriotimismo: Odair Marques lan\u00e7a livro na Bienal de S\u00e3o Paulo - africaatual.com.br\" \/>\n<meta property=\"og:description\" content=\"Odair Marques da Silva lan\u00e7a \u201cAfrofuturismo e Afriotimismo\u201d em 8 de setembro, durante a 28\u00aa Bienal Internacional do Livro de S\u00e3o Paulo.\" \/>\n<meta property=\"og:url\" content=\"https:\/\/africaatual.com.br\/index.php\/event\/afrofuturismo-afriotimismo-odair-marques-bienal-livro-sp\/\" \/>\n<meta property=\"og:site_name\" content=\"africaatual.com.br\" \/>\n<meta property=\"article:modified_time\" content=\"2026-08-31T11:48:14+00:00\" \/>\n<meta property=\"og:image\" content=\"http:\/\/africaatual.com.br\/wp-content\/uploads\/2026\/08\/WhatsApp-Image-2026-08-25-at-08.12.47.jpeg\" \/>\n\t<meta property=\"og:image:width\" content=\"1080\" \/>\n\t<meta property=\"og:image:height\" content=\"1350\" \/>\n\t<meta property=\"og:image:type\" content=\"image\/jpeg\" \/>\n<meta name=\"twitter:card\" content=\"summary_large_image\" \/>\n<meta name=\"twitter:label1\" content=\"Est. tempo de leitura\" \/>\n\t<meta name=\"twitter:data1\" content=\"3 minutos\" \/>\n<script type=\"application\/ld+json\" class=\"yoast-schema-graph\">{\"@context\":\"https:\\\/\\\/schema.org\",\"@graph\":[{\"@type\":\"WebPage\",\"@id\":\"https:\\\/\\\/africaatual.com.br\\\/index.php\\\/event\\\/afrofuturismo-afriotimismo-odair-marques-bienal-livro-sp\\\/\",\"url\":\"https:\\\/\\\/africaatual.com.br\\\/index.php\\\/event\\\/afrofuturismo-afriotimismo-odair-marques-bienal-livro-sp\\\/\",\"name\":\"Afrofuturismo e Afriotimismo: Odair Marques lan\u00e7a livro na Bienal de S\u00e3o Paulo - africaatual.com.br\",\"isPartOf\":{\"@id\":\"https:\\\/\\\/africaatual.com.br\\\/#website\"},\"primaryImageOfPage\":{\"@id\":\"https:\\\/\\\/africaatual.com.br\\\/index.php\\\/event\\\/afrofuturismo-afriotimismo-odair-marques-bienal-livro-sp\\\/#primaryimage\"},\"image\":{\"@id\":\"https:\\\/\\\/africaatual.com.br\\\/index.php\\\/event\\\/afrofuturismo-afriotimismo-odair-marques-bienal-livro-sp\\\/#primaryimage\"},\"thumbnailUrl\":\"https:\\\/\\\/africaatual.com.br\\\/wp-content\\\/uploads\\\/2026\\\/08\\\/WhatsApp-Image-2026-08-25-at-08.12.47.jpeg\",\"datePublished\":\"2026-08-31T11:24:17+00:00\",\"dateModified\":\"2026-08-31T11:48:14+00:00\",\"description\":\"Odair Marques da Silva lan\u00e7a \u201cAfrofuturismo e Afriotimismo\u201d em 8 de setembro, durante a 28\u00aa Bienal Internacional do Livro de S\u00e3o Paulo.\",\"breadcrumb\":{\"@id\":\"https:\\\/\\\/africaatual.com.br\\\/index.php\\\/event\\\/afrofuturismo-afriotimismo-odair-marques-bienal-livro-sp\\\/#breadcrumb\"},\"inLanguage\":\"pt-BR\",\"potentialAction\":[{\"@type\":\"ReadAction\",\"target\":[\"https:\\\/\\\/africaatual.com.br\\\/index.php\\\/event\\\/afrofuturismo-afriotimismo-odair-marques-bienal-livro-sp\\\/\"]}]},{\"@type\":\"ImageObject\",\"inLanguage\":\"pt-BR\",\"@id\":\"https:\\\/\\\/africaatual.com.br\\\/index.php\\\/event\\\/afrofuturismo-afriotimismo-odair-marques-bienal-livro-sp\\\/#primaryimage\",\"url\":\"https:\\\/\\\/africaatual.com.br\\\/wp-content\\\/uploads\\\/2026\\\/08\\\/WhatsApp-Image-2026-08-25-at-08.12.47.jpeg\",\"contentUrl\":\"https:\\\/\\\/africaatual.com.br\\\/wp-content\\\/uploads\\\/2026\\\/08\\\/WhatsApp-Image-2026-08-25-at-08.12.47.jpeg\",\"width\":1080,\"height\":1350},{\"@type\":\"BreadcrumbList\",\"@id\":\"https:\\\/\\\/africaatual.com.br\\\/index.php\\\/event\\\/afrofuturismo-afriotimismo-odair-marques-bienal-livro-sp\\\/#breadcrumb\",\"itemListElement\":[{\"@type\":\"ListItem\",\"position\":1,\"name\":\"In\u00edcio\",\"item\":\"https:\\\/\\\/africaatual.com.br\\\/\"},{\"@type\":\"ListItem\",\"position\":2,\"name\":\"Eventos\",\"item\":\"https:\\\/\\\/africaatual.com.br\\\/index.php\\\/events\\\/\"},{\"@type\":\"ListItem\",\"position\":3,\"name\":\"Afrofuturismo e Afriotimismo: Odair Marques lan\u00e7a livro na Bienal de S\u00e3o Paulo\"}]},{\"@type\":\"WebSite\",\"@id\":\"https:\\\/\\\/africaatual.com.br\\\/#website\",\"url\":\"https:\\\/\\\/africaatual.com.br\\\/\",\"name\":\"africaatual.com.br\",\"description\":\"O Atlas Geocultural da \u00c1frica \u00e9 um rico material de leitura e pesquisa, que visa apresentar de forma atual os pa\u00edses africanos, ainda t\u00e3o pouco conhecidos.\",\"publisher\":{\"@id\":\"https:\\\/\\\/africaatual.com.br\\\/#organization\"},\"potentialAction\":[{\"@type\":\"SearchAction\",\"target\":{\"@type\":\"EntryPoint\",\"urlTemplate\":\"https:\\\/\\\/africaatual.com.br\\\/?s={search_term_string}\"},\"query-input\":{\"@type\":\"PropertyValueSpecification\",\"valueRequired\":true,\"valueName\":\"search_term_string\"}}],\"inLanguage\":\"pt-BR\"},{\"@type\":\"Organization\",\"@id\":\"https:\\\/\\\/africaatual.com.br\\\/#organization\",\"name\":\"africaatual.com.br\",\"url\":\"https:\\\/\\\/africaatual.com.br\\\/\",\"logo\":{\"@type\":\"ImageObject\",\"inLanguage\":\"pt-BR\",\"@id\":\"https:\\\/\\\/africaatual.com.br\\\/#\\\/schema\\\/logo\\\/image\\\/\",\"url\":\"http:\\\/\\\/africaatual.com.br\\\/wp-content\\\/uploads\\\/2023\\\/06\\\/LOGOEIROS_Prancheta-1-tipo-preto.png\",\"contentUrl\":\"http:\\\/\\\/africaatual.com.br\\\/wp-content\\\/uploads\\\/2023\\\/06\\\/LOGOEIROS_Prancheta-1-tipo-preto.png\",\"width\":1667,\"height\":730,\"caption\":\"africaatual.com.br\"},\"image\":{\"@id\":\"https:\\\/\\\/africaatual.com.br\\\/#\\\/schema\\\/logo\\\/image\\\/\"}}]}<\/script>\n<!-- \/ Yoast SEO plugin. -->","yoast_head_json":{"title":"Afrofuturismo e Afriotimismo: Odair Marques lan\u00e7a livro na Bienal de S\u00e3o Paulo - africaatual.com.br","description":"Odair Marques da Silva lan\u00e7a \u201cAfrofuturismo e Afriotimismo\u201d em 8 de setembro, durante a 28\u00aa Bienal Internacional do Livro de S\u00e3o Paulo.","robots":{"index":"index","follow":"follow","max-snippet":"max-snippet:-1","max-image-preview":"max-image-preview:large","max-video-preview":"max-video-preview:-1"},"canonical":"https:\/\/africaatual.com.br\/index.php\/event\/afrofuturismo-afriotimismo-odair-marques-bienal-livro-sp\/","og_locale":"pt_BR","og_type":"article","og_title":"Afrofuturismo e Afriotimismo: Odair Marques lan\u00e7a livro na Bienal de S\u00e3o Paulo - africaatual.com.br","og_description":"Odair Marques da Silva lan\u00e7a \u201cAfrofuturismo e Afriotimismo\u201d em 8 de setembro, durante a 28\u00aa Bienal Internacional do Livro de S\u00e3o Paulo.","og_url":"https:\/\/africaatual.com.br\/index.php\/event\/afrofuturismo-afriotimismo-odair-marques-bienal-livro-sp\/","og_site_name":"africaatual.com.br","article_modified_time":"2026-08-31T11:48:14+00:00","og_image":[{"width":1080,"height":1350,"url":"http:\/\/africaatual.com.br\/wp-content\/uploads\/2026\/08\/WhatsApp-Image-2026-08-25-at-08.12.47.jpeg","type":"image\/jpeg"}],"twitter_card":"summary_large_image","twitter_misc":{"Est. tempo de leitura":"3 minutos"},"schema":{"@context":"https:\/\/schema.org","@graph":[{"@type":"WebPage","@id":"https:\/\/africaatual.com.br\/index.php\/event\/afrofuturismo-afriotimismo-odair-marques-bienal-livro-sp\/","url":"https:\/\/africaatual.com.br\/index.php\/event\/afrofuturismo-afriotimismo-odair-marques-bienal-livro-sp\/","name":"Afrofuturismo e Afriotimismo: Odair Marques lan\u00e7a livro na Bienal de S\u00e3o Paulo - africaatual.com.br","isPartOf":{"@id":"https:\/\/africaatual.com.br\/#website"},"primaryImageOfPage":{"@id":"https:\/\/africaatual.com.br\/index.php\/event\/afrofuturismo-afriotimismo-odair-marques-bienal-livro-sp\/#primaryimage"},"image":{"@id":"https:\/\/africaatual.com.br\/index.php\/event\/afrofuturismo-afriotimismo-odair-marques-bienal-livro-sp\/#primaryimage"},"thumbnailUrl":"https:\/\/africaatual.com.br\/wp-content\/uploads\/2026\/08\/WhatsApp-Image-2026-08-25-at-08.12.47.jpeg","datePublished":"2026-08-31T11:24:17+00:00","dateModified":"2026-08-31T11:48:14+00:00","description":"Odair Marques da Silva lan\u00e7a \u201cAfrofuturismo e Afriotimismo\u201d em 8 de setembro, durante a 28\u00aa Bienal Internacional do Livro de S\u00e3o Paulo.","breadcrumb":{"@id":"https:\/\/africaatual.com.br\/index.php\/event\/afrofuturismo-afriotimismo-odair-marques-bienal-livro-sp\/#breadcrumb"},"inLanguage":"pt-BR","potentialAction":[{"@type":"ReadAction","target":["https:\/\/africaatual.com.br\/index.php\/event\/afrofuturismo-afriotimismo-odair-marques-bienal-livro-sp\/"]}]},{"@type":"ImageObject","inLanguage":"pt-BR","@id":"https:\/\/africaatual.com.br\/index.php\/event\/afrofuturismo-afriotimismo-odair-marques-bienal-livro-sp\/#primaryimage","url":"https:\/\/africaatual.com.br\/wp-content\/uploads\/2026\/08\/WhatsApp-Image-2026-08-25-at-08.12.47.jpeg","contentUrl":"https:\/\/africaatual.com.br\/wp-content\/uploads\/2026\/08\/WhatsApp-Image-2026-08-25-at-08.12.47.jpeg","width":1080,"height":1350},{"@type":"BreadcrumbList","@id":"https:\/\/africaatual.com.br\/index.php\/event\/afrofuturismo-afriotimismo-odair-marques-bienal-livro-sp\/#breadcrumb","itemListElement":[{"@type":"ListItem","position":1,"name":"In\u00edcio","item":"https:\/\/africaatual.com.br\/"},{"@type":"ListItem","position":2,"name":"Eventos","item":"https:\/\/africaatual.com.br\/index.php\/events\/"},{"@type":"ListItem","position":3,"name":"Afrofuturismo e Afriotimismo: Odair Marques lan\u00e7a livro na Bienal de S\u00e3o Paulo"}]},{"@type":"WebSite","@id":"https:\/\/africaatual.com.br\/#website","url":"https:\/\/africaatual.com.br\/","name":"africaatual.com.br","description":"O Atlas Geocultural da \u00c1frica \u00e9 um rico material de leitura e pesquisa, que visa apresentar de forma atual os pa\u00edses africanos, ainda t\u00e3o pouco conhecidos.","publisher":{"@id":"https:\/\/africaatual.com.br\/#organization"},"potentialAction":[{"@type":"SearchAction","target":{"@type":"EntryPoint","urlTemplate":"https:\/\/africaatual.com.br\/?s={search_term_string}"},"query-input":{"@type":"PropertyValueSpecification","valueRequired":true,"valueName":"search_term_string"}}],"inLanguage":"pt-BR"},{"@type":"Organization","@id":"https:\/\/africaatual.com.br\/#organization","name":"africaatual.com.br","url":"https:\/\/africaatual.com.br\/","logo":{"@type":"ImageObject","inLanguage":"pt-BR","@id":"https:\/\/africaatual.com.br\/#\/schema\/logo\/image\/","url":"http:\/\/africaatual.com.br\/wp-content\/uploads\/2023\/06\/LOGOEIROS_Prancheta-1-tipo-preto.png","contentUrl":"http:\/\/africaatual.com.br\/wp-content\/uploads\/2023\/06\/LOGOEIROS_Prancheta-1-tipo-preto.png","width":1667,"height":730,"caption":"africaatual.com.br"},"image":{"@id":"https:\/\/africaatual.com.br\/#\/schema\/logo\/image\/"}}]}},"_links":{"self":[{"href":"https:\/\/africaatual.com.br\/index.php\/wp-json\/wp\/v2\/tribe_events\/13757","targetHints":{"allow":["GET"]}}],"collection":[{"href":"https:\/\/africaatual.com.br\/index.php\/wp-json\/wp\/v2\/tribe_events"}],"about":[{"href":"https:\/\/africaatual.com.br\/index.php\/wp-json\/wp\/v2\/types\/tribe_events"}],"author":[{"embeddable":true,"href":"https:\/\/africaatual.com.br\/index.php\/wp-json\/wp\/v2\/users\/2"}],"version-history":[{"count":1,"href":"https:\/\/africaatual.com.br\/index.php\/wp-json\/wp\/v2\/tribe_events\/13757\/revisions"}],"predecessor-version":[{"id":13760,"href":"https:\/\/africaatual.com.br\/index.php\/wp-json\/wp\/v2\/tribe_events\/13757\/revisions\/13760"}],"wp:featuredmedia":[{"embeddable":true,"href":"https:\/\/africaatual.com.br\/index.php\/wp-json\/wp\/v2\/media\/13758"}],"wp:attachment":[{"href":"https:\/\/africaatual.com.br\/index.php\/wp-json\/wp\/v2\/media?parent=13757"}],"wp:term":[{"taxonomy":"post_tag","embeddable":true,"href":"https:\/\/africaatual.com.br\/index.php\/wp-json\/wp\/v2\/tags?post=13757"},{"taxonomy":"tribe_events_cat","embeddable":true,"href":"https:\/\/africaatual.com.br\/index.php\/wp-json\/wp\/v2\/tribe_events_cat?post=13757"}],"curies":[{"name":"wp","href":"https:\/\/api.w.org\/{rel}","templated":true}]}}