
{"id":9846,"date":"2023-11-16T11:26:30","date_gmt":"2023-11-16T14:26:30","guid":{"rendered":"https:\/\/africaatual.com.br\/?post_type=tribe_events&#038;p=9846"},"modified":"2023-11-16T11:26:32","modified_gmt":"2023-11-16T14:26:32","slug":"coordenadoria-municipal-das-politicas-de-promocao-da-igualdade-racial-divulga-continuidade-da-programacao-do-novembro-negro-em-rio-grande","status":"publish","type":"tribe_events","link":"https:\/\/africaatual.com.br\/index.php\/event\/coordenadoria-municipal-das-politicas-de-promocao-da-igualdade-racial-divulga-continuidade-da-programacao-do-novembro-negro-em-rio-grande\/","title":{"rendered":"Coordenadoria Municipal Das Pol\u00edticas De Promo\u00e7\u00e3o Da Igualdade Racial Divulga Continuidade Da Programa\u00e7\u00e3o Do Novembro Negro Em Rio Grande"},"content":{"rendered":"<p>Publicado Originalmente na\u00a0<a href=\"https:\/\/riogrande.atende.net\/cidadao\/noticia\/coordenadoria-municipal-das-politicas-de-promocao-da-igualdade-racial-divulga-continuidade-da-programacao-do-novembro-negro-em-rio-grande\">Prefeitura de Rio Grande<\/a><\/p>\n<p>&nbsp;<\/p>\n<p>&nbsp;<\/p>\n<p>A Coordenadoria Municipal das Pol\u00edticas de Promo\u00e7\u00e3o da Igualdade Racial convida a comunidade rio-grandina em geral para participar da continuidade das celebra\u00e7\u00f5es pelo Novembro Negro, organizado pela Coordenadoria e parceiros do \u00f3rg\u00e3o. Neste ano o tema escolhido para permear as atividades do calend\u00e1rio em Rio Grande foi \u201cJuventude Negra Tamb\u00e9m Sonha\u201d. As atividades do Novembro Negro iniciaram ainda em outubro, dentro da programa\u00e7\u00e3o da Semana da Intoler\u00e2ncia Religiosa, como forma de interligar as duas programa\u00e7\u00f5es no munic\u00edpio.<\/p>\n<p>&nbsp;<\/p>\n<p>&nbsp;<\/p>\n<p>A coordenadora das Pol\u00edticas de Promo\u00e7\u00e3o da Igualdade Racial, Ingrid Costa, conta que a escolha pelo tema, neste ano, surgiu a partir do encontro da Caravana Juventude Negra Viva realizado em agosto em Porto Alegre. \u201cFoi a partir dessa valoriza\u00e7\u00e3o e import\u00e2ncia da participa\u00e7\u00e3o do jovem na constru\u00e7\u00e3o da sociedade. Percebendo a invisibilidade da juventude negra nos espa\u00e7os de constru\u00e7\u00e3o, tornou-se urgente trazer \u00e0 pauta o que a nossa juventude negra pensa e quer. Iniciamos com a Caravana e dando continuidade trouxemos a tem\u00e1tica para dentro do Novembro Negro. Na data em si da Consci\u00eancia Negra, dia 20\/11, vamos promover dentro da Biblioteca Rio-Grandense um espa\u00e7o de debate e reflex\u00e3o junto \u00e0 juventude negra rio-grandina a respeito dos seus sonhos e anseios\u201d , adianta Ingrid.<\/p>\n<p>A gestora tamb\u00e9m anuncia que a meta da Gest\u00e3o 2023\/2024 da Coordenadoria \u00e9 a de abra\u00e7ar a tem\u00e1tica a fim de acompanhar e estimular a participa\u00e7\u00e3o desses jovens nas diversas \u00e1reas em que podem atuar.<\/p>\n<p>A programa\u00e7\u00e3o unificada do m\u00eas, que envolve movimentos negros, movimentos sociais de Rio Grande, entidades civis e entidades p\u00fablicas prossegue neste s\u00e1bado (11\/11), com a realiza\u00e7\u00e3o da 1\u00aa Feira de Empreendedorismo Afro e Ind\u00edgena, das 9h \u00e0s 18h no Largo Dr. Pio (Cal\u00e7ad\u00e3o). O evento foi organizada pelo Conselho Municipal de Desenvolvimento Social e Cultural da Comunidade Negra (COMDESCCON) para celebrar os seus 20 anos de funda\u00e7\u00e3o. Em caso de mau tempo, a organiza\u00e7\u00e3o explica que a atividade poder\u00e1 ser transferida para uma nova data. Mas at\u00e9 o momento o evento est\u00e1 mantido.<\/p>\n<p>Al\u00e9m da Feira, no s\u00e1bado, \u00e0s 9h, tamb\u00e9m acontecer\u00e1 uma visita guiada pelo roteiro \u201cCaminhos Negros\u201d \u2013 locais hist\u00f3ricos do munic\u00edpio para o pertencimento e hist\u00f3ria do povo negro que ajudou a construir Rio Grande \u2013 saindo do Cal\u00e7ad\u00e3o central. \u00c0s 11h, no mesmo local, um ato solene com a presen\u00e7a de representantes da pauta racial no munic\u00edpio marcar\u00e1 a abertura do m\u00eas e a sua import\u00e2ncia para constru\u00e7\u00e3o de uma sociedade igualit\u00e1ria e promo\u00e7\u00e3o de justi\u00e7a racial.<\/p>\n<p>Confira a programa\u00e7\u00e3o completa do m\u00eas nos anexos abaixo:<br \/>\n<img fetchpriority=\"high\" decoding=\"async\" class=\"alignnone size-medium wp-image-9833\" src=\"http:\/\/africaatual.com.br\/wp-content\/uploads\/2023\/11\/img_9B9C29E68CEA9FD03CD504ED9553B739F8924370-240x300.jpeg\" alt=\"\" width=\"240\" height=\"300\" srcset=\"https:\/\/africaatual.com.br\/wp-content\/uploads\/2023\/11\/img_9B9C29E68CEA9FD03CD504ED9553B739F8924370-240x300.jpeg 240w, https:\/\/africaatual.com.br\/wp-content\/uploads\/2023\/11\/img_9B9C29E68CEA9FD03CD504ED9553B739F8924370-819x1024.jpeg 819w, https:\/\/africaatual.com.br\/wp-content\/uploads\/2023\/11\/img_9B9C29E68CEA9FD03CD504ED9553B739F8924370-768x960.jpeg 768w, https:\/\/africaatual.com.br\/wp-content\/uploads\/2023\/11\/img_9B9C29E68CEA9FD03CD504ED9553B739F8924370.jpeg 1080w\" sizes=\"(max-width: 240px) 100vw, 240px\" \/> <img decoding=\"async\" class=\"alignnone size-medium wp-image-9838\" src=\"http:\/\/africaatual.com.br\/wp-content\/uploads\/2023\/11\/img_B51EA6190DF5C05097E5058105CA9DD15079FF9A-240x300.jpeg\" alt=\"\" width=\"240\" height=\"300\" srcset=\"https:\/\/africaatual.com.br\/wp-content\/uploads\/2023\/11\/img_B51EA6190DF5C05097E5058105CA9DD15079FF9A-240x300.jpeg 240w, https:\/\/africaatual.com.br\/wp-content\/uploads\/2023\/11\/img_B51EA6190DF5C05097E5058105CA9DD15079FF9A-819x1024.jpeg 819w, https:\/\/africaatual.com.br\/wp-content\/uploads\/2023\/11\/img_B51EA6190DF5C05097E5058105CA9DD15079FF9A-768x960.jpeg 768w, https:\/\/africaatual.com.br\/wp-content\/uploads\/2023\/11\/img_B51EA6190DF5C05097E5058105CA9DD15079FF9A.jpeg 1080w\" sizes=\"(max-width: 240px) 100vw, 240px\" \/> <img decoding=\"async\" class=\"alignnone size-medium wp-image-9837\" src=\"http:\/\/africaatual.com.br\/wp-content\/uploads\/2023\/11\/img_5BF758EFBFD578B54B79659837B4CF754113173D-240x300.jpeg\" alt=\"\" width=\"240\" height=\"300\" srcset=\"https:\/\/africaatual.com.br\/wp-content\/uploads\/2023\/11\/img_5BF758EFBFD578B54B79659837B4CF754113173D-240x300.jpeg 240w, https:\/\/africaatual.com.br\/wp-content\/uploads\/2023\/11\/img_5BF758EFBFD578B54B79659837B4CF754113173D-819x1024.jpeg 819w, https:\/\/africaatual.com.br\/wp-content\/uploads\/2023\/11\/img_5BF758EFBFD578B54B79659837B4CF754113173D-768x960.jpeg 768w, https:\/\/africaatual.com.br\/wp-content\/uploads\/2023\/11\/img_5BF758EFBFD578B54B79659837B4CF754113173D.jpeg 1080w\" sizes=\"(max-width: 240px) 100vw, 240px\" \/> <img loading=\"lazy\" decoding=\"async\" class=\"alignnone size-medium wp-image-9836\" src=\"http:\/\/africaatual.com.br\/wp-content\/uploads\/2023\/11\/img_4F604716D90CEDA8206703557EDB5E413E6AA121-240x300.jpeg\" alt=\"\" width=\"240\" height=\"300\" srcset=\"https:\/\/africaatual.com.br\/wp-content\/uploads\/2023\/11\/img_4F604716D90CEDA8206703557EDB5E413E6AA121-240x300.jpeg 240w, https:\/\/africaatual.com.br\/wp-content\/uploads\/2023\/11\/img_4F604716D90CEDA8206703557EDB5E413E6AA121-819x1024.jpeg 819w, https:\/\/africaatual.com.br\/wp-content\/uploads\/2023\/11\/img_4F604716D90CEDA8206703557EDB5E413E6AA121-768x960.jpeg 768w, https:\/\/africaatual.com.br\/wp-content\/uploads\/2023\/11\/img_4F604716D90CEDA8206703557EDB5E413E6AA121.jpeg 1080w\" sizes=\"(max-width: 240px) 100vw, 240px\" \/> <img loading=\"lazy\" decoding=\"async\" class=\"alignnone size-medium wp-image-9835\" src=\"http:\/\/africaatual.com.br\/wp-content\/uploads\/2023\/11\/img_36BE79EC13035E5CD32278630F2081DBDCE2B744-240x300.jpeg\" alt=\"\" width=\"240\" height=\"300\" srcset=\"https:\/\/africaatual.com.br\/wp-content\/uploads\/2023\/11\/img_36BE79EC13035E5CD32278630F2081DBDCE2B744-240x300.jpeg 240w, https:\/\/africaatual.com.br\/wp-content\/uploads\/2023\/11\/img_36BE79EC13035E5CD32278630F2081DBDCE2B744-819x1024.jpeg 819w, https:\/\/africaatual.com.br\/wp-content\/uploads\/2023\/11\/img_36BE79EC13035E5CD32278630F2081DBDCE2B744-768x960.jpeg 768w, https:\/\/africaatual.com.br\/wp-content\/uploads\/2023\/11\/img_36BE79EC13035E5CD32278630F2081DBDCE2B744.jpeg 1080w\" sizes=\"(max-width: 240px) 100vw, 240px\" \/><\/p>\n","protected":false},"excerpt":{"rendered":"<p>Publicado Originalmente na\u00a0Prefeitura de Rio Grande &nbsp; &nbsp; A Coordenadoria Municipal das Pol\u00edticas de Promo\u00e7\u00e3o da Igualdade Racial convida a comunidade rio-grandina em geral para participar da continuidade das celebra\u00e7\u00f5es pelo Novembro Negro, organizado pela Coordenadoria e parceiros do \u00f3rg\u00e3o. Neste ano o tema escolhido para permear as atividades do calend\u00e1rio em Rio Grande foi \u201cJuventude Negra Tamb\u00e9m Sonha\u201d. As atividades do Novembro Negro iniciaram ainda em outubro, dentro da programa\u00e7\u00e3o da Semana da Intoler\u00e2ncia Religiosa, como forma de interligar as duas programa\u00e7\u00f5es no munic\u00edpio. &nbsp; &nbsp; A coordenadora das Pol\u00edticas de Promo\u00e7\u00e3o da Igualdade Racial, Ingrid Costa, conta que a escolha pelo tema, neste ano, surgiu a partir do encontro da Caravana Juventude Negra Viva realizado em agosto em Porto Alegre. \u201cFoi a partir dessa valoriza\u00e7\u00e3o e import\u00e2ncia da participa\u00e7\u00e3o do jovem na constru\u00e7\u00e3o da sociedade. Percebendo a invisibilidade da juventude negra nos espa\u00e7os de constru\u00e7\u00e3o, tornou-se urgente trazer \u00e0 pauta o que a nossa juventude negra pensa e quer. Iniciamos com a Caravana e dando continuidade trouxemos a tem\u00e1tica para dentro do Novembro Negro. Na data em si da Consci\u00eancia Negra, dia 20\/11, vamos promover dentro da Biblioteca Rio-Grandense um espa\u00e7o de debate e reflex\u00e3o junto \u00e0 juventude negra rio-grandina a respeito dos seus sonhos e anseios\u201d , adianta Ingrid. A gestora tamb\u00e9m anuncia que a meta da Gest\u00e3o 2023\/2024 da Coordenadoria \u00e9 a de abra\u00e7ar a tem\u00e1tica a fim de acompanhar e estimular a participa\u00e7\u00e3o desses jovens nas diversas \u00e1reas em que podem atuar. A programa\u00e7\u00e3o unificada do m\u00eas, que envolve movimentos negros, movimentos sociais de Rio Grande, entidades civis e entidades p\u00fablicas prossegue neste s\u00e1bado (11\/11), com a realiza\u00e7\u00e3o da 1\u00aa Feira de Empreendedorismo Afro e Ind\u00edgena, das 9h \u00e0s 18h no Largo Dr. Pio (Cal\u00e7ad\u00e3o). O evento foi organizada pelo Conselho Municipal de Desenvolvimento Social e Cultural da Comunidade Negra (COMDESCCON) para celebrar os seus 20 anos de funda\u00e7\u00e3o. Em caso de mau tempo, a organiza\u00e7\u00e3o explica que a atividade poder\u00e1 ser transferida para uma nova data. Mas at\u00e9 o momento o evento est\u00e1 mantido. Al\u00e9m da Feira, no s\u00e1bado, \u00e0s 9h, tamb\u00e9m acontecer\u00e1 uma visita guiada pelo roteiro \u201cCaminhos Negros\u201d \u2013 locais hist\u00f3ricos do munic\u00edpio para o pertencimento e hist\u00f3ria do povo negro que ajudou a construir Rio Grande \u2013 saindo do Cal\u00e7ad\u00e3o central. \u00c0s 11h, no mesmo local, um ato solene com a presen\u00e7a de representantes da pauta racial no munic\u00edpio marcar\u00e1 a abertura do m\u00eas e a sua import\u00e2ncia para constru\u00e7\u00e3o de uma sociedade igualit\u00e1ria e promo\u00e7\u00e3o de justi\u00e7a racial. Confira a programa\u00e7\u00e3o completa do m\u00eas nos anexos abaixo:<\/p>\n","protected":false},"author":1,"featured_media":9834,"template":"","meta":{"inline_featured_image":false,"ocean_post_layout":"","ocean_both_sidebars_style":"","ocean_both_sidebars_content_width":0,"ocean_both_sidebars_sidebars_width":0,"ocean_sidebar":"","ocean_second_sidebar":"","ocean_disable_margins":"enable","ocean_add_body_class":"","ocean_shortcode_before_top_bar":"","ocean_shortcode_after_top_bar":"","ocean_shortcode_before_header":"","ocean_shortcode_after_header":"","ocean_has_shortcode":"","ocean_shortcode_after_title":"","ocean_shortcode_before_footer_widgets":"","ocean_shortcode_after_footer_widgets":"","ocean_shortcode_before_footer_bottom":"","ocean_shortcode_after_footer_bottom":"","ocean_display_top_bar":"default","ocean_display_header":"default","ocean_header_style":"","ocean_center_header_left_menu":"","ocean_custom_header_template":"","ocean_custom_logo":0,"ocean_custom_retina_logo":0,"ocean_custom_logo_max_width":0,"ocean_custom_logo_tablet_max_width":0,"ocean_custom_logo_mobile_max_width":0,"ocean_custom_logo_max_height":0,"ocean_custom_logo_tablet_max_height":0,"ocean_custom_logo_mobile_max_height":0,"ocean_header_custom_menu":"","ocean_menu_typo_font_family":"","ocean_menu_typo_font_subset":"","ocean_menu_typo_font_size":0,"ocean_menu_typo_font_size_tablet":0,"ocean_menu_typo_font_size_mobile":0,"ocean_menu_typo_font_size_unit":"px","ocean_menu_typo_font_weight":"","ocean_menu_typo_font_weight_tablet":"","ocean_menu_typo_font_weight_mobile":"","ocean_menu_typo_transform":"","ocean_menu_typo_transform_tablet":"","ocean_menu_typo_transform_mobile":"","ocean_menu_typo_line_height":0,"ocean_menu_typo_line_height_tablet":0,"ocean_menu_typo_line_height_mobile":0,"ocean_menu_typo_line_height_unit":"","ocean_menu_typo_spacing":0,"ocean_menu_typo_spacing_tablet":0,"ocean_menu_typo_spacing_mobile":0,"ocean_menu_typo_spacing_unit":"","ocean_menu_link_color":"","ocean_menu_link_color_hover":"","ocean_menu_link_color_active":"","ocean_menu_link_background":"","ocean_menu_link_hover_background":"","ocean_menu_link_active_background":"","ocean_menu_social_links_bg":"","ocean_menu_social_hover_links_bg":"","ocean_menu_social_links_color":"","ocean_menu_social_hover_links_color":"","ocean_disable_title":"default","ocean_disable_heading":"default","ocean_post_title":"","ocean_post_subheading":"","ocean_post_title_style":"","ocean_post_title_background_color":"","ocean_post_title_background":0,"ocean_post_title_bg_image_position":"","ocean_post_title_bg_image_attachment":"","ocean_post_title_bg_image_repeat":"","ocean_post_title_bg_image_size":"","ocean_post_title_height":0,"ocean_post_title_bg_overlay":0.5,"ocean_post_title_bg_overlay_color":"","ocean_disable_breadcrumbs":"default","ocean_breadcrumbs_color":"","ocean_breadcrumbs_separator_color":"","ocean_breadcrumbs_links_color":"","ocean_breadcrumbs_links_hover_color":"","ocean_display_footer_widgets":"default","ocean_display_footer_bottom":"default","ocean_custom_footer_template":"","omw_enable_modal_window":"enable","_tribe_events_status":"","_tribe_events_status_reason":"","footnotes":""},"tags":[],"tribe_events_cat":[],"class_list":["post-9846","tribe_events","type-tribe_events","status-publish","has-post-thumbnail","hentry","entry","has-media"],"yoast_head":"<!-- This site is optimized with the Yoast SEO plugin v27.3 - https:\/\/yoast.com\/product\/yoast-seo-wordpress\/ -->\n<title>Coordenadoria Municipal Das Pol\u00edticas De Promo\u00e7\u00e3o Da Igualdade Racial Divulga Continuidade Da Programa\u00e7\u00e3o Do Novembro Negro Em Rio Grande - africaatual.com.br<\/title>\n<meta name=\"robots\" content=\"index, follow, max-snippet:-1, max-image-preview:large, max-video-preview:-1\" \/>\n<link rel=\"canonical\" href=\"https:\/\/africaatual.com.br\/index.php\/event\/coordenadoria-municipal-das-politicas-de-promocao-da-igualdade-racial-divulga-continuidade-da-programacao-do-novembro-negro-em-rio-grande\/\" \/>\n<meta property=\"og:locale\" content=\"pt_BR\" \/>\n<meta property=\"og:type\" content=\"article\" \/>\n<meta property=\"og:title\" content=\"Coordenadoria Municipal Das Pol\u00edticas De Promo\u00e7\u00e3o Da Igualdade Racial Divulga Continuidade Da Programa\u00e7\u00e3o Do Novembro Negro Em Rio Grande - africaatual.com.br\" \/>\n<meta property=\"og:description\" content=\"Publicado Originalmente na\u00a0Prefeitura de Rio Grande &nbsp; &nbsp; A Coordenadoria Municipal das Pol\u00edticas de Promo\u00e7\u00e3o da Igualdade Racial convida a comunidade rio-grandina em geral para participar da continuidade das celebra\u00e7\u00f5es pelo Novembro Negro, organizado pela Coordenadoria e parceiros do \u00f3rg\u00e3o. Neste ano o tema escolhido para permear as atividades do calend\u00e1rio em Rio Grande foi \u201cJuventude Negra Tamb\u00e9m Sonha\u201d. As atividades do Novembro Negro iniciaram ainda em outubro, dentro da programa\u00e7\u00e3o da Semana da Intoler\u00e2ncia Religiosa, como forma de interligar as duas programa\u00e7\u00f5es no munic\u00edpio. &nbsp; &nbsp; A coordenadora das Pol\u00edticas de Promo\u00e7\u00e3o da Igualdade Racial, Ingrid Costa, conta que a escolha pelo tema, neste ano, surgiu a partir do encontro da Caravana Juventude Negra Viva realizado em agosto em Porto Alegre. \u201cFoi a partir dessa valoriza\u00e7\u00e3o e import\u00e2ncia da participa\u00e7\u00e3o do jovem na constru\u00e7\u00e3o da sociedade. Percebendo a invisibilidade da juventude negra nos espa\u00e7os de constru\u00e7\u00e3o, tornou-se urgente trazer \u00e0 pauta o que a nossa juventude negra pensa e quer. Iniciamos com a Caravana e dando continuidade trouxemos a tem\u00e1tica para dentro do Novembro Negro. Na data em si da Consci\u00eancia Negra, dia 20\/11, vamos promover dentro da Biblioteca Rio-Grandense um espa\u00e7o de debate e reflex\u00e3o junto \u00e0 juventude negra rio-grandina a respeito dos seus sonhos e anseios\u201d , adianta Ingrid. A gestora tamb\u00e9m anuncia que a meta da Gest\u00e3o 2023\/2024 da Coordenadoria \u00e9 a de abra\u00e7ar a tem\u00e1tica a fim de acompanhar e estimular a participa\u00e7\u00e3o desses jovens nas diversas \u00e1reas em que podem atuar. A programa\u00e7\u00e3o unificada do m\u00eas, que envolve movimentos negros, movimentos sociais de Rio Grande, entidades civis e entidades p\u00fablicas prossegue neste s\u00e1bado (11\/11), com a realiza\u00e7\u00e3o da 1\u00aa Feira de Empreendedorismo Afro e Ind\u00edgena, das 9h \u00e0s 18h no Largo Dr. Pio (Cal\u00e7ad\u00e3o). O evento foi organizada pelo Conselho Municipal de Desenvolvimento Social e Cultural da Comunidade Negra (COMDESCCON) para celebrar os seus 20 anos de funda\u00e7\u00e3o. Em caso de mau tempo, a organiza\u00e7\u00e3o explica que a atividade poder\u00e1 ser transferida para uma nova data. Mas at\u00e9 o momento o evento est\u00e1 mantido. Al\u00e9m da Feira, no s\u00e1bado, \u00e0s 9h, tamb\u00e9m acontecer\u00e1 uma visita guiada pelo roteiro \u201cCaminhos Negros\u201d \u2013 locais hist\u00f3ricos do munic\u00edpio para o pertencimento e hist\u00f3ria do povo negro que ajudou a construir Rio Grande \u2013 saindo do Cal\u00e7ad\u00e3o central. \u00c0s 11h, no mesmo local, um ato solene com a presen\u00e7a de representantes da pauta racial no munic\u00edpio marcar\u00e1 a abertura do m\u00eas e a sua import\u00e2ncia para constru\u00e7\u00e3o de uma sociedade igualit\u00e1ria e promo\u00e7\u00e3o de justi\u00e7a racial. Confira a programa\u00e7\u00e3o completa do m\u00eas nos anexos abaixo:\" \/>\n<meta property=\"og:url\" content=\"https:\/\/africaatual.com.br\/index.php\/event\/coordenadoria-municipal-das-politicas-de-promocao-da-igualdade-racial-divulga-continuidade-da-programacao-do-novembro-negro-em-rio-grande\/\" \/>\n<meta property=\"og:site_name\" content=\"africaatual.com.br\" \/>\n<meta property=\"article:modified_time\" content=\"2023-11-16T14:26:32+00:00\" \/>\n<meta property=\"og:image\" content=\"http:\/\/africaatual.com.br\/wp-content\/uploads\/2023\/11\/img_9B9C29E68CEA9FD03CD504ED9553B739F8924370-1.jpeg\" \/>\n\t<meta property=\"og:image:width\" content=\"1080\" \/>\n\t<meta property=\"og:image:height\" content=\"1350\" \/>\n\t<meta property=\"og:image:type\" content=\"image\/jpeg\" \/>\n<meta name=\"twitter:card\" content=\"summary_large_image\" \/>\n<meta name=\"twitter:label1\" content=\"Est. tempo de leitura\" \/>\n\t<meta name=\"twitter:data1\" content=\"4 minutos\" \/>\n<script type=\"application\/ld+json\" class=\"yoast-schema-graph\">{\"@context\":\"https:\\\/\\\/schema.org\",\"@graph\":[{\"@type\":\"WebPage\",\"@id\":\"https:\\\/\\\/africaatual.com.br\\\/index.php\\\/event\\\/coordenadoria-municipal-das-politicas-de-promocao-da-igualdade-racial-divulga-continuidade-da-programacao-do-novembro-negro-em-rio-grande\\\/\",\"url\":\"https:\\\/\\\/africaatual.com.br\\\/index.php\\\/event\\\/coordenadoria-municipal-das-politicas-de-promocao-da-igualdade-racial-divulga-continuidade-da-programacao-do-novembro-negro-em-rio-grande\\\/\",\"name\":\"Coordenadoria Municipal Das Pol\u00edticas De Promo\u00e7\u00e3o Da Igualdade Racial Divulga Continuidade Da Programa\u00e7\u00e3o Do Novembro Negro Em Rio Grande - africaatual.com.br\",\"isPartOf\":{\"@id\":\"https:\\\/\\\/africaatual.com.br\\\/#website\"},\"primaryImageOfPage\":{\"@id\":\"https:\\\/\\\/africaatual.com.br\\\/index.php\\\/event\\\/coordenadoria-municipal-das-politicas-de-promocao-da-igualdade-racial-divulga-continuidade-da-programacao-do-novembro-negro-em-rio-grande\\\/#primaryimage\"},\"image\":{\"@id\":\"https:\\\/\\\/africaatual.com.br\\\/index.php\\\/event\\\/coordenadoria-municipal-das-politicas-de-promocao-da-igualdade-racial-divulga-continuidade-da-programacao-do-novembro-negro-em-rio-grande\\\/#primaryimage\"},\"thumbnailUrl\":\"https:\\\/\\\/africaatual.com.br\\\/wp-content\\\/uploads\\\/2023\\\/11\\\/img_9B9C29E68CEA9FD03CD504ED9553B739F8924370-1.jpeg\",\"datePublished\":\"2023-11-16T14:26:30+00:00\",\"dateModified\":\"2023-11-16T14:26:32+00:00\",\"breadcrumb\":{\"@id\":\"https:\\\/\\\/africaatual.com.br\\\/index.php\\\/event\\\/coordenadoria-municipal-das-politicas-de-promocao-da-igualdade-racial-divulga-continuidade-da-programacao-do-novembro-negro-em-rio-grande\\\/#breadcrumb\"},\"inLanguage\":\"pt-BR\",\"potentialAction\":[{\"@type\":\"ReadAction\",\"target\":[\"https:\\\/\\\/africaatual.com.br\\\/index.php\\\/event\\\/coordenadoria-municipal-das-politicas-de-promocao-da-igualdade-racial-divulga-continuidade-da-programacao-do-novembro-negro-em-rio-grande\\\/\"]}]},{\"@type\":\"ImageObject\",\"inLanguage\":\"pt-BR\",\"@id\":\"https:\\\/\\\/africaatual.com.br\\\/index.php\\\/event\\\/coordenadoria-municipal-das-politicas-de-promocao-da-igualdade-racial-divulga-continuidade-da-programacao-do-novembro-negro-em-rio-grande\\\/#primaryimage\",\"url\":\"https:\\\/\\\/africaatual.com.br\\\/wp-content\\\/uploads\\\/2023\\\/11\\\/img_9B9C29E68CEA9FD03CD504ED9553B739F8924370-1.jpeg\",\"contentUrl\":\"https:\\\/\\\/africaatual.com.br\\\/wp-content\\\/uploads\\\/2023\\\/11\\\/img_9B9C29E68CEA9FD03CD504ED9553B739F8924370-1.jpeg\",\"width\":1080,\"height\":1350},{\"@type\":\"BreadcrumbList\",\"@id\":\"https:\\\/\\\/africaatual.com.br\\\/index.php\\\/event\\\/coordenadoria-municipal-das-politicas-de-promocao-da-igualdade-racial-divulga-continuidade-da-programacao-do-novembro-negro-em-rio-grande\\\/#breadcrumb\",\"itemListElement\":[{\"@type\":\"ListItem\",\"position\":1,\"name\":\"In\u00edcio\",\"item\":\"https:\\\/\\\/africaatual.com.br\\\/\"},{\"@type\":\"ListItem\",\"position\":2,\"name\":\"Eventos\",\"item\":\"https:\\\/\\\/africaatual.com.br\\\/index.php\\\/events\\\/\"},{\"@type\":\"ListItem\",\"position\":3,\"name\":\"Coordenadoria Municipal Das Pol\u00edticas De Promo\u00e7\u00e3o Da Igualdade Racial Divulga Continuidade Da Programa\u00e7\u00e3o Do Novembro Negro Em Rio Grande\"}]},{\"@type\":\"WebSite\",\"@id\":\"https:\\\/\\\/africaatual.com.br\\\/#website\",\"url\":\"https:\\\/\\\/africaatual.com.br\\\/\",\"name\":\"africaatual.com.br\",\"description\":\"O Atlas Geocultural da \u00c1frica \u00e9 um rico material de leitura e pesquisa, que visa apresentar de forma atual os pa\u00edses africanos, ainda t\u00e3o pouco conhecidos.\",\"publisher\":{\"@id\":\"https:\\\/\\\/africaatual.com.br\\\/#organization\"},\"potentialAction\":[{\"@type\":\"SearchAction\",\"target\":{\"@type\":\"EntryPoint\",\"urlTemplate\":\"https:\\\/\\\/africaatual.com.br\\\/?s={search_term_string}\"},\"query-input\":{\"@type\":\"PropertyValueSpecification\",\"valueRequired\":true,\"valueName\":\"search_term_string\"}}],\"inLanguage\":\"pt-BR\"},{\"@type\":\"Organization\",\"@id\":\"https:\\\/\\\/africaatual.com.br\\\/#organization\",\"name\":\"africaatual.com.br\",\"url\":\"https:\\\/\\\/africaatual.com.br\\\/\",\"logo\":{\"@type\":\"ImageObject\",\"inLanguage\":\"pt-BR\",\"@id\":\"https:\\\/\\\/africaatual.com.br\\\/#\\\/schema\\\/logo\\\/image\\\/\",\"url\":\"http:\\\/\\\/africaatual.com.br\\\/wp-content\\\/uploads\\\/2023\\\/06\\\/LOGOEIROS_Prancheta-1-tipo-preto.png\",\"contentUrl\":\"http:\\\/\\\/africaatual.com.br\\\/wp-content\\\/uploads\\\/2023\\\/06\\\/LOGOEIROS_Prancheta-1-tipo-preto.png\",\"width\":1667,\"height\":730,\"caption\":\"africaatual.com.br\"},\"image\":{\"@id\":\"https:\\\/\\\/africaatual.com.br\\\/#\\\/schema\\\/logo\\\/image\\\/\"}}]}<\/script>\n<!-- \/ Yoast SEO plugin. -->","yoast_head_json":{"title":"Coordenadoria Municipal Das Pol\u00edticas De Promo\u00e7\u00e3o Da Igualdade Racial Divulga Continuidade Da Programa\u00e7\u00e3o Do Novembro Negro Em Rio Grande - africaatual.com.br","robots":{"index":"index","follow":"follow","max-snippet":"max-snippet:-1","max-image-preview":"max-image-preview:large","max-video-preview":"max-video-preview:-1"},"canonical":"https:\/\/africaatual.com.br\/index.php\/event\/coordenadoria-municipal-das-politicas-de-promocao-da-igualdade-racial-divulga-continuidade-da-programacao-do-novembro-negro-em-rio-grande\/","og_locale":"pt_BR","og_type":"article","og_title":"Coordenadoria Municipal Das Pol\u00edticas De Promo\u00e7\u00e3o Da Igualdade Racial Divulga Continuidade Da Programa\u00e7\u00e3o Do Novembro Negro Em Rio Grande - africaatual.com.br","og_description":"Publicado Originalmente na\u00a0Prefeitura de Rio Grande &nbsp; &nbsp; A Coordenadoria Municipal das Pol\u00edticas de Promo\u00e7\u00e3o da Igualdade Racial convida a comunidade rio-grandina em geral para participar da continuidade das celebra\u00e7\u00f5es pelo Novembro Negro, organizado pela Coordenadoria e parceiros do \u00f3rg\u00e3o. Neste ano o tema escolhido para permear as atividades do calend\u00e1rio em Rio Grande foi \u201cJuventude Negra Tamb\u00e9m Sonha\u201d. As atividades do Novembro Negro iniciaram ainda em outubro, dentro da programa\u00e7\u00e3o da Semana da Intoler\u00e2ncia Religiosa, como forma de interligar as duas programa\u00e7\u00f5es no munic\u00edpio. &nbsp; &nbsp; A coordenadora das Pol\u00edticas de Promo\u00e7\u00e3o da Igualdade Racial, Ingrid Costa, conta que a escolha pelo tema, neste ano, surgiu a partir do encontro da Caravana Juventude Negra Viva realizado em agosto em Porto Alegre. \u201cFoi a partir dessa valoriza\u00e7\u00e3o e import\u00e2ncia da participa\u00e7\u00e3o do jovem na constru\u00e7\u00e3o da sociedade. Percebendo a invisibilidade da juventude negra nos espa\u00e7os de constru\u00e7\u00e3o, tornou-se urgente trazer \u00e0 pauta o que a nossa juventude negra pensa e quer. Iniciamos com a Caravana e dando continuidade trouxemos a tem\u00e1tica para dentro do Novembro Negro. Na data em si da Consci\u00eancia Negra, dia 20\/11, vamos promover dentro da Biblioteca Rio-Grandense um espa\u00e7o de debate e reflex\u00e3o junto \u00e0 juventude negra rio-grandina a respeito dos seus sonhos e anseios\u201d , adianta Ingrid. A gestora tamb\u00e9m anuncia que a meta da Gest\u00e3o 2023\/2024 da Coordenadoria \u00e9 a de abra\u00e7ar a tem\u00e1tica a fim de acompanhar e estimular a participa\u00e7\u00e3o desses jovens nas diversas \u00e1reas em que podem atuar. A programa\u00e7\u00e3o unificada do m\u00eas, que envolve movimentos negros, movimentos sociais de Rio Grande, entidades civis e entidades p\u00fablicas prossegue neste s\u00e1bado (11\/11), com a realiza\u00e7\u00e3o da 1\u00aa Feira de Empreendedorismo Afro e Ind\u00edgena, das 9h \u00e0s 18h no Largo Dr. Pio (Cal\u00e7ad\u00e3o). O evento foi organizada pelo Conselho Municipal de Desenvolvimento Social e Cultural da Comunidade Negra (COMDESCCON) para celebrar os seus 20 anos de funda\u00e7\u00e3o. Em caso de mau tempo, a organiza\u00e7\u00e3o explica que a atividade poder\u00e1 ser transferida para uma nova data. Mas at\u00e9 o momento o evento est\u00e1 mantido. Al\u00e9m da Feira, no s\u00e1bado, \u00e0s 9h, tamb\u00e9m acontecer\u00e1 uma visita guiada pelo roteiro \u201cCaminhos Negros\u201d \u2013 locais hist\u00f3ricos do munic\u00edpio para o pertencimento e hist\u00f3ria do povo negro que ajudou a construir Rio Grande \u2013 saindo do Cal\u00e7ad\u00e3o central. \u00c0s 11h, no mesmo local, um ato solene com a presen\u00e7a de representantes da pauta racial no munic\u00edpio marcar\u00e1 a abertura do m\u00eas e a sua import\u00e2ncia para constru\u00e7\u00e3o de uma sociedade igualit\u00e1ria e promo\u00e7\u00e3o de justi\u00e7a racial. Confira a programa\u00e7\u00e3o completa do m\u00eas nos anexos abaixo:","og_url":"https:\/\/africaatual.com.br\/index.php\/event\/coordenadoria-municipal-das-politicas-de-promocao-da-igualdade-racial-divulga-continuidade-da-programacao-do-novembro-negro-em-rio-grande\/","og_site_name":"africaatual.com.br","article_modified_time":"2023-11-16T14:26:32+00:00","og_image":[{"width":1080,"height":1350,"url":"http:\/\/africaatual.com.br\/wp-content\/uploads\/2023\/11\/img_9B9C29E68CEA9FD03CD504ED9553B739F8924370-1.jpeg","type":"image\/jpeg"}],"twitter_card":"summary_large_image","twitter_misc":{"Est. tempo de leitura":"4 minutos"},"schema":{"@context":"https:\/\/schema.org","@graph":[{"@type":"WebPage","@id":"https:\/\/africaatual.com.br\/index.php\/event\/coordenadoria-municipal-das-politicas-de-promocao-da-igualdade-racial-divulga-continuidade-da-programacao-do-novembro-negro-em-rio-grande\/","url":"https:\/\/africaatual.com.br\/index.php\/event\/coordenadoria-municipal-das-politicas-de-promocao-da-igualdade-racial-divulga-continuidade-da-programacao-do-novembro-negro-em-rio-grande\/","name":"Coordenadoria Municipal Das Pol\u00edticas De Promo\u00e7\u00e3o Da Igualdade Racial Divulga Continuidade Da Programa\u00e7\u00e3o Do Novembro Negro Em Rio Grande - africaatual.com.br","isPartOf":{"@id":"https:\/\/africaatual.com.br\/#website"},"primaryImageOfPage":{"@id":"https:\/\/africaatual.com.br\/index.php\/event\/coordenadoria-municipal-das-politicas-de-promocao-da-igualdade-racial-divulga-continuidade-da-programacao-do-novembro-negro-em-rio-grande\/#primaryimage"},"image":{"@id":"https:\/\/africaatual.com.br\/index.php\/event\/coordenadoria-municipal-das-politicas-de-promocao-da-igualdade-racial-divulga-continuidade-da-programacao-do-novembro-negro-em-rio-grande\/#primaryimage"},"thumbnailUrl":"https:\/\/africaatual.com.br\/wp-content\/uploads\/2023\/11\/img_9B9C29E68CEA9FD03CD504ED9553B739F8924370-1.jpeg","datePublished":"2023-11-16T14:26:30+00:00","dateModified":"2023-11-16T14:26:32+00:00","breadcrumb":{"@id":"https:\/\/africaatual.com.br\/index.php\/event\/coordenadoria-municipal-das-politicas-de-promocao-da-igualdade-racial-divulga-continuidade-da-programacao-do-novembro-negro-em-rio-grande\/#breadcrumb"},"inLanguage":"pt-BR","potentialAction":[{"@type":"ReadAction","target":["https:\/\/africaatual.com.br\/index.php\/event\/coordenadoria-municipal-das-politicas-de-promocao-da-igualdade-racial-divulga-continuidade-da-programacao-do-novembro-negro-em-rio-grande\/"]}]},{"@type":"ImageObject","inLanguage":"pt-BR","@id":"https:\/\/africaatual.com.br\/index.php\/event\/coordenadoria-municipal-das-politicas-de-promocao-da-igualdade-racial-divulga-continuidade-da-programacao-do-novembro-negro-em-rio-grande\/#primaryimage","url":"https:\/\/africaatual.com.br\/wp-content\/uploads\/2023\/11\/img_9B9C29E68CEA9FD03CD504ED9553B739F8924370-1.jpeg","contentUrl":"https:\/\/africaatual.com.br\/wp-content\/uploads\/2023\/11\/img_9B9C29E68CEA9FD03CD504ED9553B739F8924370-1.jpeg","width":1080,"height":1350},{"@type":"BreadcrumbList","@id":"https:\/\/africaatual.com.br\/index.php\/event\/coordenadoria-municipal-das-politicas-de-promocao-da-igualdade-racial-divulga-continuidade-da-programacao-do-novembro-negro-em-rio-grande\/#breadcrumb","itemListElement":[{"@type":"ListItem","position":1,"name":"In\u00edcio","item":"https:\/\/africaatual.com.br\/"},{"@type":"ListItem","position":2,"name":"Eventos","item":"https:\/\/africaatual.com.br\/index.php\/events\/"},{"@type":"ListItem","position":3,"name":"Coordenadoria Municipal Das Pol\u00edticas De Promo\u00e7\u00e3o Da Igualdade Racial Divulga Continuidade Da Programa\u00e7\u00e3o Do Novembro Negro Em Rio Grande"}]},{"@type":"WebSite","@id":"https:\/\/africaatual.com.br\/#website","url":"https:\/\/africaatual.com.br\/","name":"africaatual.com.br","description":"O Atlas Geocultural da \u00c1frica \u00e9 um rico material de leitura e pesquisa, que visa apresentar de forma atual os pa\u00edses africanos, ainda t\u00e3o pouco conhecidos.","publisher":{"@id":"https:\/\/africaatual.com.br\/#organization"},"potentialAction":[{"@type":"SearchAction","target":{"@type":"EntryPoint","urlTemplate":"https:\/\/africaatual.com.br\/?s={search_term_string}"},"query-input":{"@type":"PropertyValueSpecification","valueRequired":true,"valueName":"search_term_string"}}],"inLanguage":"pt-BR"},{"@type":"Organization","@id":"https:\/\/africaatual.com.br\/#organization","name":"africaatual.com.br","url":"https:\/\/africaatual.com.br\/","logo":{"@type":"ImageObject","inLanguage":"pt-BR","@id":"https:\/\/africaatual.com.br\/#\/schema\/logo\/image\/","url":"http:\/\/africaatual.com.br\/wp-content\/uploads\/2023\/06\/LOGOEIROS_Prancheta-1-tipo-preto.png","contentUrl":"http:\/\/africaatual.com.br\/wp-content\/uploads\/2023\/06\/LOGOEIROS_Prancheta-1-tipo-preto.png","width":1667,"height":730,"caption":"africaatual.com.br"},"image":{"@id":"https:\/\/africaatual.com.br\/#\/schema\/logo\/image\/"}}]}},"_links":{"self":[{"href":"https:\/\/africaatual.com.br\/index.php\/wp-json\/wp\/v2\/tribe_events\/9846","targetHints":{"allow":["GET"]}}],"collection":[{"href":"https:\/\/africaatual.com.br\/index.php\/wp-json\/wp\/v2\/tribe_events"}],"about":[{"href":"https:\/\/africaatual.com.br\/index.php\/wp-json\/wp\/v2\/types\/tribe_events"}],"author":[{"embeddable":true,"href":"https:\/\/africaatual.com.br\/index.php\/wp-json\/wp\/v2\/users\/1"}],"version-history":[{"count":1,"href":"https:\/\/africaatual.com.br\/index.php\/wp-json\/wp\/v2\/tribe_events\/9846\/revisions"}],"predecessor-version":[{"id":9847,"href":"https:\/\/africaatual.com.br\/index.php\/wp-json\/wp\/v2\/tribe_events\/9846\/revisions\/9847"}],"wp:featuredmedia":[{"embeddable":true,"href":"https:\/\/africaatual.com.br\/index.php\/wp-json\/wp\/v2\/media\/9834"}],"wp:attachment":[{"href":"https:\/\/africaatual.com.br\/index.php\/wp-json\/wp\/v2\/media?parent=9846"}],"wp:term":[{"taxonomy":"post_tag","embeddable":true,"href":"https:\/\/africaatual.com.br\/index.php\/wp-json\/wp\/v2\/tags?post=9846"},{"taxonomy":"tribe_events_cat","embeddable":true,"href":"https:\/\/africaatual.com.br\/index.php\/wp-json\/wp\/v2\/tribe_events_cat?post=9846"}],"curies":[{"name":"wp","href":"https:\/\/api.w.org\/{rel}","templated":true}]}}