
{"id":9869,"date":"2023-11-27T10:43:41","date_gmt":"2023-11-27T13:43:41","guid":{"rendered":"https:\/\/africaatual.com.br\/?post_type=tribe_events&#038;p=9869"},"modified":"2023-11-27T11:16:08","modified_gmt":"2023-11-27T14:16:08","slug":"9869","status":"publish","type":"tribe_events","link":"https:\/\/africaatual.com.br\/index.php\/event\/9869\/","title":{"rendered":"Semin\u00e1rio Municipal pela Promo\u00e7\u00e3o da Igualdade Racial: Direitos Humanos e Antirracismo"},"content":{"rendered":"<p>No dia 28 de novembro, ter\u00e7a-feira, \u00e0s 19h, o Pa\u00e7o Municipal de Amparo receber\u00e1 o segundo dia do Semin\u00e1rio Municipal pela Promo\u00e7\u00e3o da Igualdade Racial: Direitos Humanos e Antirracismo. Desta vez, a palestra &#8220;AMPARO: Cuidando da Igualdade e Promovendo Equidade&#8221; ser\u00e1 conduzida pelos renomados palestrantes Marcelo Rezende Bento e Douglas Martins, representantes da empresa Produ\u00e7\u00e3o Preta. A entrada \u00e9 gratuita, fortalecendo o compromisso da cidade com o di\u00e1logo, a conscientiza\u00e7\u00e3o e projetos educacionais.<\/p>\n<p>Em celebra\u00e7\u00e3o ao M\u00eas da Consci\u00eancia Negra, a Exposi\u00e7\u00e3o do Projeto \u00c1frica estar\u00e1 em exibi\u00e7\u00e3o no Pa\u00e7o Municipal at\u00e9 o dia 28 de novembro, das 8h \u00e0s 17h. Uma iniciativa que destaca a import\u00e2ncia da cultura africana e afro-brasileira, a exposi\u00e7\u00e3o apresenta pe\u00e7as, artesanatos e desenhos produzidos por alunos das 27 escolas da rede de ensino de Amparo.<\/p>\n<p>Durante todo o ano de 2023, professoras, coordenadoras e diretoras das institui\u00e7\u00f5es educacionais lideraram a\u00e7\u00f5es informativas, conscientizadoras e inclusivas. Os alunos participaram ativamente, envolvendo-se em pesquisas, rodas de conversa, brincadeiras e dan\u00e7as, recebendo informa\u00e7\u00f5es valiosas sobre o continente africano. O foco \u00e9 promover a redu\u00e7\u00e3o do preconceito e das desigualdades sociais, ressaltando aspectos positivos da modernidade, tecnologia, diversidade e beleza.<\/p>\n<p>A Prefeitura da Est\u00e2ncia de Amparo convida a comunidade a participar desses eventos que visam construir uma sociedade mais justa, igualit\u00e1ria e consciente da import\u00e2ncia da diversidade.<\/p>\n","protected":false},"excerpt":{"rendered":"<p>No dia 28 de novembro, ter\u00e7a-feira, \u00e0s 19h, o Pa\u00e7o Municipal de Amparo receber\u00e1 o segundo dia do Semin\u00e1rio Municipal pela Promo\u00e7\u00e3o da Igualdade Racial: Direitos Humanos e Antirracismo. Desta vez, a palestra &#8220;AMPARO: Cuidando da Igualdade e Promovendo Equidade&#8221; ser\u00e1 conduzida pelos renomados palestrantes Marcelo Rezende Bento e Douglas Martins, representantes da empresa Produ\u00e7\u00e3o Preta. A entrada \u00e9 gratuita, fortalecendo o compromisso da cidade com o di\u00e1logo, a conscientiza\u00e7\u00e3o e projetos educacionais. Em celebra\u00e7\u00e3o ao M\u00eas da Consci\u00eancia Negra, a Exposi\u00e7\u00e3o do Projeto \u00c1frica estar\u00e1 em exibi\u00e7\u00e3o no Pa\u00e7o Municipal at\u00e9 o dia 28 de novembro, das 8h \u00e0s 17h. Uma iniciativa que destaca a import\u00e2ncia da cultura africana e afro-brasileira, a exposi\u00e7\u00e3o apresenta pe\u00e7as, artesanatos e desenhos produzidos por alunos das 27 escolas da rede de ensino de Amparo. Durante todo o ano de 2023, professoras, coordenadoras e diretoras das institui\u00e7\u00f5es educacionais lideraram a\u00e7\u00f5es informativas, conscientizadoras e inclusivas. Os alunos participaram ativamente, envolvendo-se em pesquisas, rodas de conversa, brincadeiras e dan\u00e7as, recebendo informa\u00e7\u00f5es valiosas sobre o continente africano. O foco \u00e9 promover a redu\u00e7\u00e3o do preconceito e das desigualdades sociais, ressaltando aspectos positivos da modernidade, tecnologia, diversidade e beleza. A Prefeitura da Est\u00e2ncia de Amparo convida a comunidade a participar desses eventos que visam construir uma sociedade mais justa, igualit\u00e1ria e consciente da import\u00e2ncia da diversidade.<\/p>\n","protected":false},"author":1,"featured_media":9867,"template":"","meta":{"inline_featured_image":false,"ocean_post_layout":"","ocean_both_sidebars_style":"","ocean_both_sidebars_content_width":0,"ocean_both_sidebars_sidebars_width":0,"ocean_sidebar":"","ocean_second_sidebar":"","ocean_disable_margins":"enable","ocean_add_body_class":"","ocean_shortcode_before_top_bar":"","ocean_shortcode_after_top_bar":"","ocean_shortcode_before_header":"","ocean_shortcode_after_header":"","ocean_has_shortcode":"","ocean_shortcode_after_title":"","ocean_shortcode_before_footer_widgets":"","ocean_shortcode_after_footer_widgets":"","ocean_shortcode_before_footer_bottom":"","ocean_shortcode_after_footer_bottom":"","ocean_display_top_bar":"default","ocean_display_header":"default","ocean_header_style":"","ocean_center_header_left_menu":"","ocean_custom_header_template":"","ocean_custom_logo":0,"ocean_custom_retina_logo":0,"ocean_custom_logo_max_width":0,"ocean_custom_logo_tablet_max_width":0,"ocean_custom_logo_mobile_max_width":0,"ocean_custom_logo_max_height":0,"ocean_custom_logo_tablet_max_height":0,"ocean_custom_logo_mobile_max_height":0,"ocean_header_custom_menu":"","ocean_menu_typo_font_family":"","ocean_menu_typo_font_subset":"","ocean_menu_typo_font_size":0,"ocean_menu_typo_font_size_tablet":0,"ocean_menu_typo_font_size_mobile":0,"ocean_menu_typo_font_size_unit":"px","ocean_menu_typo_font_weight":"","ocean_menu_typo_font_weight_tablet":"","ocean_menu_typo_font_weight_mobile":"","ocean_menu_typo_transform":"","ocean_menu_typo_transform_tablet":"","ocean_menu_typo_transform_mobile":"","ocean_menu_typo_line_height":0,"ocean_menu_typo_line_height_tablet":0,"ocean_menu_typo_line_height_mobile":0,"ocean_menu_typo_line_height_unit":"","ocean_menu_typo_spacing":0,"ocean_menu_typo_spacing_tablet":0,"ocean_menu_typo_spacing_mobile":0,"ocean_menu_typo_spacing_unit":"","ocean_menu_link_color":"","ocean_menu_link_color_hover":"","ocean_menu_link_color_active":"","ocean_menu_link_background":"","ocean_menu_link_hover_background":"","ocean_menu_link_active_background":"","ocean_menu_social_links_bg":"","ocean_menu_social_hover_links_bg":"","ocean_menu_social_links_color":"","ocean_menu_social_hover_links_color":"","ocean_disable_title":"default","ocean_disable_heading":"default","ocean_post_title":"","ocean_post_subheading":"","ocean_post_title_style":"","ocean_post_title_background_color":"","ocean_post_title_background":0,"ocean_post_title_bg_image_position":"","ocean_post_title_bg_image_attachment":"","ocean_post_title_bg_image_repeat":"","ocean_post_title_bg_image_size":"","ocean_post_title_height":0,"ocean_post_title_bg_overlay":0.5,"ocean_post_title_bg_overlay_color":"","ocean_disable_breadcrumbs":"default","ocean_breadcrumbs_color":"","ocean_breadcrumbs_separator_color":"","ocean_breadcrumbs_links_color":"","ocean_breadcrumbs_links_hover_color":"","ocean_display_footer_widgets":"default","ocean_display_footer_bottom":"default","ocean_custom_footer_template":"","omw_enable_modal_window":"enable","_tribe_events_status":"","_tribe_events_status_reason":"","footnotes":""},"tags":[],"tribe_events_cat":[],"class_list":["post-9869","tribe_events","type-tribe_events","status-publish","has-post-thumbnail","hentry","entry","has-media"],"yoast_head":"<!-- This site is optimized with the Yoast SEO plugin v27.3 - https:\/\/yoast.com\/product\/yoast-seo-wordpress\/ -->\n<title>Semin\u00e1rio Municipal pela Promo\u00e7\u00e3o da Igualdade Racial: Direitos Humanos e Antirracismo - africaatual.com.br<\/title>\n<meta name=\"robots\" content=\"index, follow, max-snippet:-1, max-image-preview:large, max-video-preview:-1\" \/>\n<link rel=\"canonical\" href=\"https:\/\/africaatual.com.br\/index.php\/event\/9869\/\" \/>\n<meta property=\"og:locale\" content=\"pt_BR\" \/>\n<meta property=\"og:type\" content=\"article\" \/>\n<meta property=\"og:title\" content=\"Semin\u00e1rio Municipal pela Promo\u00e7\u00e3o da Igualdade Racial: Direitos Humanos e Antirracismo - africaatual.com.br\" \/>\n<meta property=\"og:description\" content=\"No dia 28 de novembro, ter\u00e7a-feira, \u00e0s 19h, o Pa\u00e7o Municipal de Amparo receber\u00e1 o segundo dia do Semin\u00e1rio Municipal pela Promo\u00e7\u00e3o da Igualdade Racial: Direitos Humanos e Antirracismo. Desta vez, a palestra &#8220;AMPARO: Cuidando da Igualdade e Promovendo Equidade&#8221; ser\u00e1 conduzida pelos renomados palestrantes Marcelo Rezende Bento e Douglas Martins, representantes da empresa Produ\u00e7\u00e3o Preta. A entrada \u00e9 gratuita, fortalecendo o compromisso da cidade com o di\u00e1logo, a conscientiza\u00e7\u00e3o e projetos educacionais. Em celebra\u00e7\u00e3o ao M\u00eas da Consci\u00eancia Negra, a Exposi\u00e7\u00e3o do Projeto \u00c1frica estar\u00e1 em exibi\u00e7\u00e3o no Pa\u00e7o Municipal at\u00e9 o dia 28 de novembro, das 8h \u00e0s 17h. Uma iniciativa que destaca a import\u00e2ncia da cultura africana e afro-brasileira, a exposi\u00e7\u00e3o apresenta pe\u00e7as, artesanatos e desenhos produzidos por alunos das 27 escolas da rede de ensino de Amparo. Durante todo o ano de 2023, professoras, coordenadoras e diretoras das institui\u00e7\u00f5es educacionais lideraram a\u00e7\u00f5es informativas, conscientizadoras e inclusivas. Os alunos participaram ativamente, envolvendo-se em pesquisas, rodas de conversa, brincadeiras e dan\u00e7as, recebendo informa\u00e7\u00f5es valiosas sobre o continente africano. O foco \u00e9 promover a redu\u00e7\u00e3o do preconceito e das desigualdades sociais, ressaltando aspectos positivos da modernidade, tecnologia, diversidade e beleza. A Prefeitura da Est\u00e2ncia de Amparo convida a comunidade a participar desses eventos que visam construir uma sociedade mais justa, igualit\u00e1ria e consciente da import\u00e2ncia da diversidade.\" \/>\n<meta property=\"og:url\" content=\"https:\/\/africaatual.com.br\/index.php\/event\/9869\/\" \/>\n<meta property=\"og:site_name\" content=\"africaatual.com.br\" \/>\n<meta property=\"article:modified_time\" content=\"2023-11-27T14:16:08+00:00\" \/>\n<meta property=\"og:image\" content=\"http:\/\/africaatual.com.br\/wp-content\/uploads\/2023\/11\/m_47_0_1_24112023151320.jpeg\" \/>\n\t<meta property=\"og:image:width\" content=\"899\" \/>\n\t<meta property=\"og:image:height\" content=\"899\" \/>\n\t<meta property=\"og:image:type\" content=\"image\/jpeg\" \/>\n<meta name=\"twitter:card\" content=\"summary_large_image\" \/>\n<meta name=\"twitter:label1\" content=\"Est. tempo de leitura\" \/>\n\t<meta name=\"twitter:data1\" content=\"2 minutos\" \/>\n<script type=\"application\/ld+json\" class=\"yoast-schema-graph\">{\"@context\":\"https:\\\/\\\/schema.org\",\"@graph\":[{\"@type\":\"WebPage\",\"@id\":\"https:\\\/\\\/africaatual.com.br\\\/index.php\\\/event\\\/9869\\\/\",\"url\":\"https:\\\/\\\/africaatual.com.br\\\/index.php\\\/event\\\/9869\\\/\",\"name\":\"Semin\u00e1rio Municipal pela Promo\u00e7\u00e3o da Igualdade Racial: Direitos Humanos e Antirracismo - africaatual.com.br\",\"isPartOf\":{\"@id\":\"https:\\\/\\\/africaatual.com.br\\\/#website\"},\"primaryImageOfPage\":{\"@id\":\"https:\\\/\\\/africaatual.com.br\\\/index.php\\\/event\\\/9869\\\/#primaryimage\"},\"image\":{\"@id\":\"https:\\\/\\\/africaatual.com.br\\\/index.php\\\/event\\\/9869\\\/#primaryimage\"},\"thumbnailUrl\":\"https:\\\/\\\/africaatual.com.br\\\/wp-content\\\/uploads\\\/2023\\\/11\\\/m_47_0_1_24112023151320.jpeg\",\"datePublished\":\"2023-11-27T13:43:41+00:00\",\"dateModified\":\"2023-11-27T14:16:08+00:00\",\"breadcrumb\":{\"@id\":\"https:\\\/\\\/africaatual.com.br\\\/index.php\\\/event\\\/9869\\\/#breadcrumb\"},\"inLanguage\":\"pt-BR\",\"potentialAction\":[{\"@type\":\"ReadAction\",\"target\":[\"https:\\\/\\\/africaatual.com.br\\\/index.php\\\/event\\\/9869\\\/\"]}]},{\"@type\":\"ImageObject\",\"inLanguage\":\"pt-BR\",\"@id\":\"https:\\\/\\\/africaatual.com.br\\\/index.php\\\/event\\\/9869\\\/#primaryimage\",\"url\":\"https:\\\/\\\/africaatual.com.br\\\/wp-content\\\/uploads\\\/2023\\\/11\\\/m_47_0_1_24112023151320.jpeg\",\"contentUrl\":\"https:\\\/\\\/africaatual.com.br\\\/wp-content\\\/uploads\\\/2023\\\/11\\\/m_47_0_1_24112023151320.jpeg\",\"width\":899,\"height\":899},{\"@type\":\"BreadcrumbList\",\"@id\":\"https:\\\/\\\/africaatual.com.br\\\/index.php\\\/event\\\/9869\\\/#breadcrumb\",\"itemListElement\":[{\"@type\":\"ListItem\",\"position\":1,\"name\":\"In\u00edcio\",\"item\":\"https:\\\/\\\/africaatual.com.br\\\/\"},{\"@type\":\"ListItem\",\"position\":2,\"name\":\"Eventos\",\"item\":\"https:\\\/\\\/africaatual.com.br\\\/index.php\\\/events\\\/\"},{\"@type\":\"ListItem\",\"position\":3,\"name\":\"Semin\u00e1rio Municipal pela Promo\u00e7\u00e3o da Igualdade Racial: Direitos Humanos e Antirracismo\"}]},{\"@type\":\"WebSite\",\"@id\":\"https:\\\/\\\/africaatual.com.br\\\/#website\",\"url\":\"https:\\\/\\\/africaatual.com.br\\\/\",\"name\":\"africaatual.com.br\",\"description\":\"O Atlas Geocultural da \u00c1frica \u00e9 um rico material de leitura e pesquisa, que visa apresentar de forma atual os pa\u00edses africanos, ainda t\u00e3o pouco conhecidos.\",\"publisher\":{\"@id\":\"https:\\\/\\\/africaatual.com.br\\\/#organization\"},\"potentialAction\":[{\"@type\":\"SearchAction\",\"target\":{\"@type\":\"EntryPoint\",\"urlTemplate\":\"https:\\\/\\\/africaatual.com.br\\\/?s={search_term_string}\"},\"query-input\":{\"@type\":\"PropertyValueSpecification\",\"valueRequired\":true,\"valueName\":\"search_term_string\"}}],\"inLanguage\":\"pt-BR\"},{\"@type\":\"Organization\",\"@id\":\"https:\\\/\\\/africaatual.com.br\\\/#organization\",\"name\":\"africaatual.com.br\",\"url\":\"https:\\\/\\\/africaatual.com.br\\\/\",\"logo\":{\"@type\":\"ImageObject\",\"inLanguage\":\"pt-BR\",\"@id\":\"https:\\\/\\\/africaatual.com.br\\\/#\\\/schema\\\/logo\\\/image\\\/\",\"url\":\"http:\\\/\\\/africaatual.com.br\\\/wp-content\\\/uploads\\\/2023\\\/06\\\/LOGOEIROS_Prancheta-1-tipo-preto.png\",\"contentUrl\":\"http:\\\/\\\/africaatual.com.br\\\/wp-content\\\/uploads\\\/2023\\\/06\\\/LOGOEIROS_Prancheta-1-tipo-preto.png\",\"width\":1667,\"height\":730,\"caption\":\"africaatual.com.br\"},\"image\":{\"@id\":\"https:\\\/\\\/africaatual.com.br\\\/#\\\/schema\\\/logo\\\/image\\\/\"}}]}<\/script>\n<!-- \/ Yoast SEO plugin. -->","yoast_head_json":{"title":"Semin\u00e1rio Municipal pela Promo\u00e7\u00e3o da Igualdade Racial: Direitos Humanos e Antirracismo - africaatual.com.br","robots":{"index":"index","follow":"follow","max-snippet":"max-snippet:-1","max-image-preview":"max-image-preview:large","max-video-preview":"max-video-preview:-1"},"canonical":"https:\/\/africaatual.com.br\/index.php\/event\/9869\/","og_locale":"pt_BR","og_type":"article","og_title":"Semin\u00e1rio Municipal pela Promo\u00e7\u00e3o da Igualdade Racial: Direitos Humanos e Antirracismo - africaatual.com.br","og_description":"No dia 28 de novembro, ter\u00e7a-feira, \u00e0s 19h, o Pa\u00e7o Municipal de Amparo receber\u00e1 o segundo dia do Semin\u00e1rio Municipal pela Promo\u00e7\u00e3o da Igualdade Racial: Direitos Humanos e Antirracismo. Desta vez, a palestra &#8220;AMPARO: Cuidando da Igualdade e Promovendo Equidade&#8221; ser\u00e1 conduzida pelos renomados palestrantes Marcelo Rezende Bento e Douglas Martins, representantes da empresa Produ\u00e7\u00e3o Preta. A entrada \u00e9 gratuita, fortalecendo o compromisso da cidade com o di\u00e1logo, a conscientiza\u00e7\u00e3o e projetos educacionais. Em celebra\u00e7\u00e3o ao M\u00eas da Consci\u00eancia Negra, a Exposi\u00e7\u00e3o do Projeto \u00c1frica estar\u00e1 em exibi\u00e7\u00e3o no Pa\u00e7o Municipal at\u00e9 o dia 28 de novembro, das 8h \u00e0s 17h. Uma iniciativa que destaca a import\u00e2ncia da cultura africana e afro-brasileira, a exposi\u00e7\u00e3o apresenta pe\u00e7as, artesanatos e desenhos produzidos por alunos das 27 escolas da rede de ensino de Amparo. Durante todo o ano de 2023, professoras, coordenadoras e diretoras das institui\u00e7\u00f5es educacionais lideraram a\u00e7\u00f5es informativas, conscientizadoras e inclusivas. Os alunos participaram ativamente, envolvendo-se em pesquisas, rodas de conversa, brincadeiras e dan\u00e7as, recebendo informa\u00e7\u00f5es valiosas sobre o continente africano. O foco \u00e9 promover a redu\u00e7\u00e3o do preconceito e das desigualdades sociais, ressaltando aspectos positivos da modernidade, tecnologia, diversidade e beleza. A Prefeitura da Est\u00e2ncia de Amparo convida a comunidade a participar desses eventos que visam construir uma sociedade mais justa, igualit\u00e1ria e consciente da import\u00e2ncia da diversidade.","og_url":"https:\/\/africaatual.com.br\/index.php\/event\/9869\/","og_site_name":"africaatual.com.br","article_modified_time":"2023-11-27T14:16:08+00:00","og_image":[{"width":899,"height":899,"url":"http:\/\/africaatual.com.br\/wp-content\/uploads\/2023\/11\/m_47_0_1_24112023151320.jpeg","type":"image\/jpeg"}],"twitter_card":"summary_large_image","twitter_misc":{"Est. tempo de leitura":"2 minutos"},"schema":{"@context":"https:\/\/schema.org","@graph":[{"@type":"WebPage","@id":"https:\/\/africaatual.com.br\/index.php\/event\/9869\/","url":"https:\/\/africaatual.com.br\/index.php\/event\/9869\/","name":"Semin\u00e1rio Municipal pela Promo\u00e7\u00e3o da Igualdade Racial: Direitos Humanos e Antirracismo - africaatual.com.br","isPartOf":{"@id":"https:\/\/africaatual.com.br\/#website"},"primaryImageOfPage":{"@id":"https:\/\/africaatual.com.br\/index.php\/event\/9869\/#primaryimage"},"image":{"@id":"https:\/\/africaatual.com.br\/index.php\/event\/9869\/#primaryimage"},"thumbnailUrl":"https:\/\/africaatual.com.br\/wp-content\/uploads\/2023\/11\/m_47_0_1_24112023151320.jpeg","datePublished":"2023-11-27T13:43:41+00:00","dateModified":"2023-11-27T14:16:08+00:00","breadcrumb":{"@id":"https:\/\/africaatual.com.br\/index.php\/event\/9869\/#breadcrumb"},"inLanguage":"pt-BR","potentialAction":[{"@type":"ReadAction","target":["https:\/\/africaatual.com.br\/index.php\/event\/9869\/"]}]},{"@type":"ImageObject","inLanguage":"pt-BR","@id":"https:\/\/africaatual.com.br\/index.php\/event\/9869\/#primaryimage","url":"https:\/\/africaatual.com.br\/wp-content\/uploads\/2023\/11\/m_47_0_1_24112023151320.jpeg","contentUrl":"https:\/\/africaatual.com.br\/wp-content\/uploads\/2023\/11\/m_47_0_1_24112023151320.jpeg","width":899,"height":899},{"@type":"BreadcrumbList","@id":"https:\/\/africaatual.com.br\/index.php\/event\/9869\/#breadcrumb","itemListElement":[{"@type":"ListItem","position":1,"name":"In\u00edcio","item":"https:\/\/africaatual.com.br\/"},{"@type":"ListItem","position":2,"name":"Eventos","item":"https:\/\/africaatual.com.br\/index.php\/events\/"},{"@type":"ListItem","position":3,"name":"Semin\u00e1rio Municipal pela Promo\u00e7\u00e3o da Igualdade Racial: Direitos Humanos e Antirracismo"}]},{"@type":"WebSite","@id":"https:\/\/africaatual.com.br\/#website","url":"https:\/\/africaatual.com.br\/","name":"africaatual.com.br","description":"O Atlas Geocultural da \u00c1frica \u00e9 um rico material de leitura e pesquisa, que visa apresentar de forma atual os pa\u00edses africanos, ainda t\u00e3o pouco conhecidos.","publisher":{"@id":"https:\/\/africaatual.com.br\/#organization"},"potentialAction":[{"@type":"SearchAction","target":{"@type":"EntryPoint","urlTemplate":"https:\/\/africaatual.com.br\/?s={search_term_string}"},"query-input":{"@type":"PropertyValueSpecification","valueRequired":true,"valueName":"search_term_string"}}],"inLanguage":"pt-BR"},{"@type":"Organization","@id":"https:\/\/africaatual.com.br\/#organization","name":"africaatual.com.br","url":"https:\/\/africaatual.com.br\/","logo":{"@type":"ImageObject","inLanguage":"pt-BR","@id":"https:\/\/africaatual.com.br\/#\/schema\/logo\/image\/","url":"http:\/\/africaatual.com.br\/wp-content\/uploads\/2023\/06\/LOGOEIROS_Prancheta-1-tipo-preto.png","contentUrl":"http:\/\/africaatual.com.br\/wp-content\/uploads\/2023\/06\/LOGOEIROS_Prancheta-1-tipo-preto.png","width":1667,"height":730,"caption":"africaatual.com.br"},"image":{"@id":"https:\/\/africaatual.com.br\/#\/schema\/logo\/image\/"}}]}},"_links":{"self":[{"href":"https:\/\/africaatual.com.br\/index.php\/wp-json\/wp\/v2\/tribe_events\/9869","targetHints":{"allow":["GET"]}}],"collection":[{"href":"https:\/\/africaatual.com.br\/index.php\/wp-json\/wp\/v2\/tribe_events"}],"about":[{"href":"https:\/\/africaatual.com.br\/index.php\/wp-json\/wp\/v2\/types\/tribe_events"}],"author":[{"embeddable":true,"href":"https:\/\/africaatual.com.br\/index.php\/wp-json\/wp\/v2\/users\/1"}],"version-history":[{"count":2,"href":"https:\/\/africaatual.com.br\/index.php\/wp-json\/wp\/v2\/tribe_events\/9869\/revisions"}],"predecessor-version":[{"id":9878,"href":"https:\/\/africaatual.com.br\/index.php\/wp-json\/wp\/v2\/tribe_events\/9869\/revisions\/9878"}],"wp:featuredmedia":[{"embeddable":true,"href":"https:\/\/africaatual.com.br\/index.php\/wp-json\/wp\/v2\/media\/9867"}],"wp:attachment":[{"href":"https:\/\/africaatual.com.br\/index.php\/wp-json\/wp\/v2\/media?parent=9869"}],"wp:term":[{"taxonomy":"post_tag","embeddable":true,"href":"https:\/\/africaatual.com.br\/index.php\/wp-json\/wp\/v2\/tags?post=9869"},{"taxonomy":"tribe_events_cat","embeddable":true,"href":"https:\/\/africaatual.com.br\/index.php\/wp-json\/wp\/v2\/tribe_events_cat?post=9869"}],"curies":[{"name":"wp","href":"https:\/\/api.w.org\/{rel}","templated":true}]}}